{"id":898,"date":"2022-03-01T22:26:40","date_gmt":"2022-03-01T21:26:40","guid":{"rendered":"https:\/\/2024.budapestritmo.hu\/filmek\/"},"modified":"2024-03-01T12:49:49","modified_gmt":"2024-03-01T11:49:49","slug":"films","status":"publish","type":"page","link":"https:\/\/2024.budapestritmo.hu\/en\/films\/","title":{"rendered":"Films"},"content":{"rendered":"\n<section class=\"wp-block-group alignfull movies text-white\"><div class=\"wp-block-group__inner-container is-layout-flow wp-block-group-is-layout-flow\">\n<h1 class=\"wp-block-heading\">Films<\/h1>\n\n\n\n<h5 class=\"wp-block-heading\"><strong>Female singers, Roma music and the boundless power of music are the themes of Ritmo\u2019s filmprogram this year. The figures and unforgettable voices of V\u011bra B\u00edl\u00e1, Ida Kelarova, Omara Portoundo, M\u00f3nika Lakatos and Elis Regina emerge against a background of rural Roma communities in Central Europe, the Afro-Cuban music scene or a studio in L.A. in the seventies. A unique live cinema session by Vincent Moon accompanies Dalinda\u2019s folk a cappella concert, in Ritmo\u2019s 2024 production. Ritmo films of past years: Again and Again by \u00c1bel Reg\u0151s and Veronika Sz\u00e1sz, and Mordai by G\u00e1bor Reisz and B\u00e1lint Szimler will also be screened.<\/strong><\/h5>\n\n\n\n\n\n\t\t\t<div class=\"col-12\">\n\t\t\t\t<h2>Ritmo Films<\/h2>\n<p>&nbsp;<\/p>\n\t\t\t<\/div>\n            <div class=\"col-12\">\n\t\t\t\t<div class=\"row\">\n\t\t\t\t\t\t\t\t\t        <div class=\"col-md-4 artist-small\">\n\t<a href=\"https:\/\/2024.budapestritmo.hu\/en\/movie\/vincent-moon-filmperformansza-a-dalindaval\/\" title=\"Vincent Moon\u2019s Live cinema in collaboration with Dalinda\">\n\t\t<div class=\"thumbnail\">\n\t\t\t\t\t\t\t<img loading=\"lazy\" decoding=\"async\" width=\"640\" height=\"240\" src=\"https:\/\/2024.budapestritmo.hu\/wp-content\/uploads\/2024\/02\/vincent-dalinda-3-640x240.jpg\" class=\"attachment-performer_small size-performer_small wp-post-image\" alt=\"\" srcset=\"https:\/\/2024.budapestritmo.hu\/wp-content\/uploads\/2024\/02\/vincent-dalinda-3-640x240.jpg 640w, https:\/\/2024.budapestritmo.hu\/wp-content\/uploads\/2024\/02\/vincent-dalinda-3-300x113.jpg 300w, https:\/\/2024.budapestritmo.hu\/wp-content\/uploads\/2024\/02\/vincent-dalinda-3-1024x384.jpg 1024w, https:\/\/2024.budapestritmo.hu\/wp-content\/uploads\/2024\/02\/vincent-dalinda-3-768x288.jpg 768w, https:\/\/2024.budapestritmo.hu\/wp-content\/uploads\/2024\/02\/vincent-dalinda-3-1536x576.jpg 1536w, https:\/\/2024.budapestritmo.hu\/wp-content\/uploads\/2024\/02\/vincent-dalinda-3.jpg 1600w\" sizes=\"auto, (max-width: 640px) 100vw, 640px\" \/>\t\t\t\t\t\t<div class=\"hover\"><\/div>\n\t\t<\/div>\n\t<\/a>\n\t<a href=\"https:\/\/2024.budapestritmo.hu\/en\/movie\/vincent-moon-filmperformansza-a-dalindaval\/\" title=\"Vincent Moon\u2019s Live cinema in collaboration with Dalinda\">\n\t\t<div class=\"name\">\n\t\t\tVincent Moon\u2019s Live cinema in collaboration with Dalinda<br>\n\t\t\t\n\t\t<\/div>\n\t<\/a>\n<\/div>\t\t\t\t\t\t\t\n\t\t\t\t\t        \t\t\t\t\t        <div class=\"col-md-4 artist-small\">\n\t<a href=\"https:\/\/2024.budapestritmo.hu\/en\/movie\/ritmo-films-2-again-and-again-mordai\/\" title=\"Ritmo films (2): Again and again + Mord\u00e1i\">\n\t\t<div class=\"thumbnail\">\n\t\t\t\t\t\t\t<img loading=\"lazy\" decoding=\"async\" width=\"640\" height=\"240\" src=\"https:\/\/2024.budapestritmo.hu\/wp-content\/uploads\/2024\/02\/Nevtelen-terv-18-640x240.png\" class=\"attachment-performer_small size-performer_small wp-post-image\" alt=\"\" srcset=\"https:\/\/2024.budapestritmo.hu\/wp-content\/uploads\/2024\/02\/Nevtelen-terv-18-640x240.png 640w, https:\/\/2024.budapestritmo.hu\/wp-content\/uploads\/2024\/02\/Nevtelen-terv-18-300x113.png 300w, https:\/\/2024.budapestritmo.hu\/wp-content\/uploads\/2024\/02\/Nevtelen-terv-18-1024x384.png 1024w, https:\/\/2024.budapestritmo.hu\/wp-content\/uploads\/2024\/02\/Nevtelen-terv-18-768x288.png 768w, https:\/\/2024.budapestritmo.hu\/wp-content\/uploads\/2024\/02\/Nevtelen-terv-18-1536x576.png 1536w, https:\/\/2024.budapestritmo.hu\/wp-content\/uploads\/2024\/02\/Nevtelen-terv-18.png 1600w\" sizes=\"auto, (max-width: 640px) 100vw, 640px\" \/>\t\t\t\t\t\t<div class=\"hover\"><\/div>\n\t\t<\/div>\n\t<\/a>\n\t<a href=\"https:\/\/2024.budapestritmo.hu\/en\/movie\/ritmo-films-2-again-and-again-mordai\/\" title=\"Ritmo films (2): Again and again + Mord\u00e1i\">\n\t\t<div class=\"name\">\n\t\t\tRitmo films (2): Again and again + Mord\u00e1i<br>\n\t\t\t\n\t\t<\/div>\n\t<\/a>\n<\/div>\t\t\t\t\t\t\t\n\t\t\t\t\t        \t\t<\/div>\n\t\t<div class=\"col-12\">\n\t\t\t\t\t\t\t<\/div>\n\t\t\t<\/div>\n\n\n\n\n\n\t\t\t<div class=\"col-12\">\n\t\t\t\t<h2>Music documentaries<\/h2>\n\t\t\t<\/div>\n            <div class=\"col-12\">\n\t\t\t\t<div class=\"row\">\n\t\t\t\t\t\t\t\t\t        <div class=\"col-md-4 artist-small\">\n\t<a href=\"https:\/\/2024.budapestritmo.hu\/en\/movie\/the-sounds-that-made-us-hallgato\/\" title=\"The Sounds that Made Us &#8211; Hallgat\u00f3\">\n\t\t<div class=\"thumbnail\">\n\t\t\t\t\t\t\t<img loading=\"lazy\" decoding=\"async\" width=\"640\" height=\"240\" src=\"https:\/\/2024.budapestritmo.hu\/wp-content\/uploads\/2024\/02\/AF059481-4ED6-4906-9BDE-1DD224F8F0D4-640x240.jpeg\" class=\"attachment-performer_small size-performer_small wp-post-image\" alt=\"\" srcset=\"https:\/\/2024.budapestritmo.hu\/wp-content\/uploads\/2024\/02\/AF059481-4ED6-4906-9BDE-1DD224F8F0D4-640x240.jpeg 640w, https:\/\/2024.budapestritmo.hu\/wp-content\/uploads\/2024\/02\/AF059481-4ED6-4906-9BDE-1DD224F8F0D4-1600x600.jpeg 1600w\" sizes=\"auto, (max-width: 640px) 100vw, 640px\" \/>\t\t\t\t\t\t<div class=\"hover\"><\/div>\n\t\t<\/div>\n\t<\/a>\n\t<a href=\"https:\/\/2024.budapestritmo.hu\/en\/movie\/the-sounds-that-made-us-hallgato\/\" title=\"The Sounds that Made Us &#8211; Hallgat\u00f3\">\n\t\t<div class=\"name\">\n\t\t\tThe Sounds that Made Us &#8211; Hallgat\u00f3<br>\n\t\t\t\n\t\t<\/div>\n\t<\/a>\n<\/div>\t\t\t\t\t\t\t\n\t\t\t\t\t        \t\t\t\t\t        <div class=\"col-md-4 artist-small\">\n\t<a href=\"https:\/\/2024.budapestritmo.hu\/en\/movie\/idas-idea\/\" title=\"Ida&#8217;s Idea\">\n\t\t<div class=\"thumbnail\">\n\t\t\t\t\t\t\t<img loading=\"lazy\" decoding=\"async\" width=\"640\" height=\"240\" src=\"https:\/\/2024.budapestritmo.hu\/wp-content\/uploads\/2024\/02\/Nevtelen-terv-19-640x240.png\" class=\"attachment-performer_small size-performer_small wp-post-image\" alt=\"\" srcset=\"https:\/\/2024.budapestritmo.hu\/wp-content\/uploads\/2024\/02\/Nevtelen-terv-19-640x240.png 640w, https:\/\/2024.budapestritmo.hu\/wp-content\/uploads\/2024\/02\/Nevtelen-terv-19-300x113.png 300w, https:\/\/2024.budapestritmo.hu\/wp-content\/uploads\/2024\/02\/Nevtelen-terv-19-1024x384.png 1024w, https:\/\/2024.budapestritmo.hu\/wp-content\/uploads\/2024\/02\/Nevtelen-terv-19-768x288.png 768w, https:\/\/2024.budapestritmo.hu\/wp-content\/uploads\/2024\/02\/Nevtelen-terv-19-1536x576.png 1536w, https:\/\/2024.budapestritmo.hu\/wp-content\/uploads\/2024\/02\/Nevtelen-terv-19.png 1600w\" sizes=\"auto, (max-width: 640px) 100vw, 640px\" \/>\t\t\t\t\t\t<div class=\"hover\"><\/div>\n\t\t<\/div>\n\t<\/a>\n\t<a href=\"https:\/\/2024.budapestritmo.hu\/en\/movie\/idas-idea\/\" title=\"Ida&#8217;s Idea\">\n\t\t<div class=\"name\">\n\t\t\tIda&#8217;s Idea<br>\n\t\t\t\n\t\t<\/div>\n\t<\/a>\n<\/div>\t\t\t\t\t\t\t\n\t\t\t\t\t        \t\t\t\t\t        <div class=\"col-md-4 artist-small\">\n\t<a href=\"https:\/\/2024.budapestritmo.hu\/en\/movie\/elis-tom\/\" title=\"Elis &amp; Tom\">\n\t\t<div class=\"thumbnail\">\n\t\t\t\t\t\t\t<img loading=\"lazy\" decoding=\"async\" width=\"640\" height=\"240\" src=\"https:\/\/2024.budapestritmo.hu\/wp-content\/uploads\/2024\/02\/Nevtelen-terv-16-640x240.png\" class=\"attachment-performer_small size-performer_small wp-post-image\" alt=\"\" srcset=\"https:\/\/2024.budapestritmo.hu\/wp-content\/uploads\/2024\/02\/Nevtelen-terv-16-640x240.png 640w, https:\/\/2024.budapestritmo.hu\/wp-content\/uploads\/2024\/02\/Nevtelen-terv-16-300x113.png 300w, https:\/\/2024.budapestritmo.hu\/wp-content\/uploads\/2024\/02\/Nevtelen-terv-16-1024x384.png 1024w, https:\/\/2024.budapestritmo.hu\/wp-content\/uploads\/2024\/02\/Nevtelen-terv-16-768x288.png 768w, https:\/\/2024.budapestritmo.hu\/wp-content\/uploads\/2024\/02\/Nevtelen-terv-16-1536x576.png 1536w, https:\/\/2024.budapestritmo.hu\/wp-content\/uploads\/2024\/02\/Nevtelen-terv-16.png 1600w\" sizes=\"auto, (max-width: 640px) 100vw, 640px\" \/>\t\t\t\t\t\t<div class=\"hover\"><\/div>\n\t\t<\/div>\n\t<\/a>\n\t<a href=\"https:\/\/2024.budapestritmo.hu\/en\/movie\/elis-tom\/\" title=\"Elis &amp; Tom\">\n\t\t<div class=\"name\">\n\t\t\tElis &amp; Tom<br>\n\t\t\t\n\t\t<\/div>\n\t<\/a>\n<\/div>\t\t\t\t\t\t\t\n\t\t\t\t\t        \t\t\t\t\t        <div class=\"col-md-4 artist-small\">\n\t<a href=\"https:\/\/2024.budapestritmo.hu\/en\/movie\/omara\/\" title=\"Omara\">\n\t\t<div class=\"thumbnail\">\n\t\t\t\t\t\t\t<img loading=\"lazy\" decoding=\"async\" width=\"640\" height=\"240\" src=\"https:\/\/2024.budapestritmo.hu\/wp-content\/uploads\/2024\/02\/Nevtelen-terv-15-640x240.png\" class=\"attachment-performer_small size-performer_small wp-post-image\" alt=\"\" srcset=\"https:\/\/2024.budapestritmo.hu\/wp-content\/uploads\/2024\/02\/Nevtelen-terv-15-640x240.png 640w, https:\/\/2024.budapestritmo.hu\/wp-content\/uploads\/2024\/02\/Nevtelen-terv-15-300x113.png 300w, https:\/\/2024.budapestritmo.hu\/wp-content\/uploads\/2024\/02\/Nevtelen-terv-15-1024x384.png 1024w, https:\/\/2024.budapestritmo.hu\/wp-content\/uploads\/2024\/02\/Nevtelen-terv-15-768x288.png 768w, https:\/\/2024.budapestritmo.hu\/wp-content\/uploads\/2024\/02\/Nevtelen-terv-15-1536x576.png 1536w, https:\/\/2024.budapestritmo.hu\/wp-content\/uploads\/2024\/02\/Nevtelen-terv-15.png 1600w\" sizes=\"auto, (max-width: 640px) 100vw, 640px\" \/>\t\t\t\t\t\t<div class=\"hover\"><\/div>\n\t\t<\/div>\n\t<\/a>\n\t<a href=\"https:\/\/2024.budapestritmo.hu\/en\/movie\/omara\/\" title=\"Omara\">\n\t\t<div class=\"name\">\n\t\t\tOmara<br>\n\t\t\t\n\t\t<\/div>\n\t<\/a>\n<\/div>\t\t\t\t\t\t\t\n\t\t\t\t\t        \t\t\t\t\t        <div class=\"col-md-4 artist-small\">\n\t<a href=\"https:\/\/2024.budapestritmo.hu\/en\/movie\/the-last-hope-of-vera-bila\/\" title=\"The Last Hope of V\u011bra B\u00edl\u00e1\">\n\t\t<div class=\"thumbnail\">\n\t\t\t\t\t\t\t<img loading=\"lazy\" decoding=\"async\" width=\"640\" height=\"240\" src=\"https:\/\/2024.budapestritmo.hu\/wp-content\/uploads\/2024\/02\/Nevtelen-terv-17-640x240.png\" class=\"attachment-performer_small size-performer_small wp-post-image\" alt=\"\" srcset=\"https:\/\/2024.budapestritmo.hu\/wp-content\/uploads\/2024\/02\/Nevtelen-terv-17-640x240.png 640w, https:\/\/2024.budapestritmo.hu\/wp-content\/uploads\/2024\/02\/Nevtelen-terv-17-300x113.png 300w, https:\/\/2024.budapestritmo.hu\/wp-content\/uploads\/2024\/02\/Nevtelen-terv-17-1024x384.png 1024w, https:\/\/2024.budapestritmo.hu\/wp-content\/uploads\/2024\/02\/Nevtelen-terv-17-768x288.png 768w, https:\/\/2024.budapestritmo.hu\/wp-content\/uploads\/2024\/02\/Nevtelen-terv-17-1536x576.png 1536w, https:\/\/2024.budapestritmo.hu\/wp-content\/uploads\/2024\/02\/Nevtelen-terv-17.png 1600w\" sizes=\"auto, (max-width: 640px) 100vw, 640px\" \/>\t\t\t\t\t\t<div class=\"hover\"><\/div>\n\t\t<\/div>\n\t<\/a>\n\t<a href=\"https:\/\/2024.budapestritmo.hu\/en\/movie\/the-last-hope-of-vera-bila\/\" title=\"The Last Hope of V\u011bra B\u00edl\u00e1\">\n\t\t<div class=\"name\">\n\t\t\tThe Last Hope of V\u011bra B\u00edl\u00e1<br>\n\t\t\t\n\t\t<\/div>\n\t<\/a>\n<\/div>\t\t\t\t\t\t\t\n\t\t\t\t\t        \t\t<\/div>\n\t\t<div class=\"col-12\">\n\t\t\t\t\t\t\t<\/div>\n\t\t\t<\/div>\n<\/div><\/section>\n\n\n<a name=\"timetable\"><\/a>\n<section class=\"timetable text-white\">\n\t\n\t<div class=\"container-fluid\">\n\t\t<div class=\"row\">\n\t\t\t<div class=\"col-12\">\n\t\t\t\t<h2>Films<\/h2> \n\t\t\t<\/div>\n\t\t<\/div>\n\t<\/div>\n\n\n\t\n\t<div class=\"container-fluid dates\">\n\t\t<div class=\"row\">\n\t\t\t\t\t\t\t<div class=\"col-6 col-sm\" id=\"tab-day1\">\n\t\t\t\t\t<a class=\"day-select current-day\" href=\"#day1\">\n\t\t\t\t\t\tFriday 12.04.\t\t\t\t\t<\/a>\n\t\t\t\t\t\n\t\t\t\t<\/div>\n\t\t\t\t\t\t\t<div class=\"col-6 col-sm\" id=\"tab-day2\">\n\t\t\t\t\t<a class=\"day-select \" href=\"#day2\">\n\t\t\t\t\t\tSaturday 13.04.\t\t\t\t\t<\/a>\n\t\t\t\t\t\n\t\t\t\t<\/div>\n\t\t\t\t\t\t\t\t\n\t\t<\/div>\n\t<\/div>\n\t \n\n\n\t\n\t\t\t\n\t\t<div class=\"container-fluid day  current-day\" id=\"day1\">\n\t\t\n\t\t\t<div class=\"row\">\n\n\n\t\t\t\t<div class=\"col-1 timetable-timeslots d-none d-md-flex\">\n\t\t\t\t\t<ul>\n\t\t\t\t\t\t<li class=\"full-hour\">15:00<\/li><li>15:15<\/li><li>15:30<\/li><li>15:45<\/li><li class=\"full-hour\">16:00<\/li><li>16:15<\/li><li>16:30<\/li><li>16:45<\/li><li class=\"full-hour\">17:00<\/li><li>17:15<\/li><li>17:30<\/li><li>17:45<\/li><li class=\"full-hour\">18:00<\/li><li>18:15<\/li><li>18:30<\/li><li>18:45<\/li><li class=\"full-hour\">19:00<\/li><li>19:15<\/li><li>19:30<\/li><li>19:45<\/li><li class=\"full-hour\">20:00<\/li><li>20:15<\/li><li>20:30<\/li><li>20:45<\/li>\t\t\t\t\t<\/ul>\n\t\t\t\t<\/div>\n\n\n\t\t\t\t\n\t\t\t\t\n\t\t\t\t\n\n\t\t\t\t\t\t\t<div class=\"col-12 col-sm timetable-column\">\n\t\t\t\t\t\t\t\t<div class=\"timetable-venue\">\n\t\t\t\t\t\t\t\t\tToldi mozi, Kisterem\t\t\t\t\t\t\t\t<\/div>\n\n\n\t\t\t\t\t\t\t\t\n\t\t\t\t\t\t\t\t\t\t\t\t\t\t\t\t\t\t\t\t\t\t\t\t\n\t\t\n\n\t\t\t\t\t\t\t\t\t\t\t\t\n\t\t\t\t\t\t\t\t\t\t\t\t<a href=\"https:\/\/2024.budapestritmo.hu\/en\/movie\/elis-tom\/\">\t\t\t\t\t\t\t\t\t\t\t\t\t<div class=\"timetable-event \" style=\"top:40px; min-height:158px;\">\n\t\t\t\t\t\t\t\t\t\t\t\t\t\t<div class=\"timetable-event-time\">15:30-17:30<\/div>\n\t\t\t\t\t\t\t\t\t\t\t\t\t\t<div class=\"timetable-event-performer\">Elis &#038; Tom<\/div>\n\t\t\t\t\t\t\t\t\t\t\t\t\t\t<span class=\"timetable-event-country\"><p><span data-sheets-root=\"1\" data-sheets-value=\"{&quot;1&quot;:2,&quot;2&quot;:&quot;Brazilian documentary, sub. eng (100')&quot;}\" data-sheets-userformat=\"{&quot;2&quot;:707,&quot;3&quot;:{&quot;1&quot;:0},&quot;4&quot;:{&quot;1&quot;:2,&quot;2&quot;:15987699},&quot;9&quot;:0,&quot;10&quot;:1,&quot;12&quot;:0}\">Brazilian documentary, sub. eng (100&#8242;)<\/span><\/p>\n <\/span>\n\t\t\t\t\t\t\t\t\t\t\t\t\t<\/div>\n\t\t\t\t\t\t\t\t\t\t\t\t<\/a>\t\t\t\t\t\t\t\t\t\t\t\n\n\n\t\t\t\t\t\t\t\t\t\t\t\n\t\t\t\t\t\t\t\t\t\t\t\t\t\t\t\t\t\t\t\t\t\t\t\t\n\t\t\n\n\t\t\t\t\t\t\t\t\t\t\t\t\n\t\t\t\t\t\t\t\t\t\t\t\t<a href=\"https:\/\/2024.budapestritmo.hu\/en\/movie\/ritmo-films-2-again-and-again-mordai\/\">\t\t\t\t\t\t\t\t\t\t\t\t\t<div class=\"timetable-event \" style=\"top:240px; min-height:78px;\">\n\t\t\t\t\t\t\t\t\t\t\t\t\t\t<div class=\"timetable-event-time\">18:00-19:00<\/div>\n\t\t\t\t\t\t\t\t\t\t\t\t\t\t<div class=\"timetable-event-performer\">Ritmo films (2): Again and again + Mord\u00e1i<\/div>\n\t\t\t\t\t\t\t\t\t\t\t\t\t\t<span class=\"timetable-event-country\"><p><span data-sheets-root=\"1\" data-sheets-value=\"{&quot;1&quot;:2,&quot;2&quot;:&quot;Hungarian music short (22\\&quot;)&quot;}\" data-sheets-userformat=\"{&quot;2&quot;:707,&quot;3&quot;:{&quot;1&quot;:0},&quot;4&quot;:{&quot;1&quot;:2,&quot;2&quot;:15987699},&quot;9&quot;:0,&quot;10&quot;:1,&quot;12&quot;:0}\">Hungarian music short (22&#8243;)<\/span><\/p>\n<p>&nbsp;<\/p>\n <\/span>\n\t\t\t\t\t\t\t\t\t\t\t\t\t<\/div>\n\t\t\t\t\t\t\t\t\t\t\t\t<\/a>\t\t\t\t\t\t\t\t\t\t\t\n\n\n\t\t\t\t\t\t\t\t\t\t\t\n\t\t\t\t\t\t\t\t\t\t\t\t\t\t\t\t\t\t\t\t\t\t\t\t\n\t\t\n\n\t\t\t\t\t\t\t\t\t\t\t\t\n\t\t\t\t\t\t\t\t\t\t\t\t<a href=\"https:\/\/2024.budapestritmo.hu\/en\/movie\/idas-idea\/\">\t\t\t\t\t\t\t\t\t\t\t\t\t<div class=\"timetable-event \" style=\"top:340px; min-height:98px;\">\n\t\t\t\t\t\t\t\t\t\t\t\t\t\t<div class=\"timetable-event-time\">19:15-20:30<\/div>\n\t\t\t\t\t\t\t\t\t\t\t\t\t\t<div class=\"timetable-event-performer\">Ida&#8217;s Idea<\/div>\n\t\t\t\t\t\t\t\t\t\t\t\t\t\t<span class=\"timetable-event-country\"><p><span data-sheets-root=\"1\" data-sheets-value=\"{&quot;1&quot;:2,&quot;2&quot;:&quot;Czech - Slovak documentary, sub. eng (67')&quot;}\" data-sheets-userformat=\"{&quot;2&quot;:707,&quot;3&quot;:{&quot;1&quot;:0},&quot;4&quot;:{&quot;1&quot;:2,&quot;2&quot;:15987699},&quot;9&quot;:0,&quot;10&quot;:1,&quot;12&quot;:0}\">Czech &#8211; Slovak documentary, sub. eng (67&#8242;)<\/span><\/p>\n <\/span>\n\t\t\t\t\t\t\t\t\t\t\t\t\t<\/div>\n\t\t\t\t\t\t\t\t\t\t\t\t<\/a>\t\t\t\t\t\t\t\t\t\t\t\n\n\n\t\t\t\t\t\t\t\t\t\t\t\t\t\t\t\t\t\t\t\t\t    \n\n\t\t\t\t\t\t\t\t\t\t\t\n\n\t\t\t\t\t\t\t\t\t\t\t\t\t\t\n\n\t\t\t\t\t\t\t<\/div>\n\n\t\t\t\t\n\n\t\t\t\t\t\t\t<div class=\"col-12 col-sm timetable-column\">\n\t\t\t\t\t\t\t\t<div class=\"timetable-venue\">\n\t\t\t\t\t\t\t\t\tToldi mozi, Nagyterem\t\t\t\t\t\t\t\t<\/div>\n\n\n\t\t\t\t\t\t\t\t\n\t\t\t\t\t\t\t\t\t\t\t\t\t\t\t\t\t\t\t\t\t\t\t\t\n\t\t\n\n\t\t\t\t\t\t\t\t\t\t\t\t\n\t\t\t\t\t\t\t\t\t\t\t\t<a href=\"https:\/\/2024.budapestritmo.hu\/en\/movie\/omara\/\">\t\t\t\t\t\t\t\t\t\t\t\t\t<div class=\"timetable-event \" style=\"top:160px; min-height:118px;\">\n\t\t\t\t\t\t\t\t\t\t\t\t\t\t<div class=\"timetable-event-time\">17:00-18:30<\/div>\n\t\t\t\t\t\t\t\t\t\t\t\t\t\t<div class=\"timetable-event-performer\">Omara<\/div>\n\t\t\t\t\t\t\t\t\t\t\t\t\t\t<span class=\"timetable-event-country\"><p><span data-sheets-root=\"1\" data-sheets-value=\"{&quot;1&quot;:2,&quot;2&quot;:&quot;Cuban documentary, sub. eng (76')&quot;}\" data-sheets-userformat=\"{&quot;2&quot;:707,&quot;3&quot;:{&quot;1&quot;:0},&quot;4&quot;:{&quot;1&quot;:2,&quot;2&quot;:15987699},&quot;9&quot;:0,&quot;10&quot;:1,&quot;12&quot;:0}\">Cuban documentary, sub. eng (76&#8242;)<\/span><\/p>\n <\/span>\n\t\t\t\t\t\t\t\t\t\t\t\t\t<\/div>\n\t\t\t\t\t\t\t\t\t\t\t\t<\/a>\t\t\t\t\t\t\t\t\t\t\t\n\n\n\t\t\t\t\t\t\t\t\t\t\t\n\t\t\t\t\t\t\t\t\t\t\t\t\t\t\t\t\t\t\t\t\t\t\t\t\n\t\t\n\n\t\t\t\t\t\t\t\t\t\t\t\t\n\t\t\t\t\t\t\t\t\t\t\t\t<a href=\"https:\/\/2024.budapestritmo.hu\/en\/movie\/the-last-hope-of-vera-bila\/\">\t\t\t\t\t\t\t\t\t\t\t\t\t<div class=\"timetable-event \" style=\"top:300px; min-height:84.6666666667px;\">\n\t\t\t\t\t\t\t\t\t\t\t\t\t\t<div class=\"timetable-event-time\">18:45-19:50<\/div>\n\t\t\t\t\t\t\t\t\t\t\t\t\t\t<div class=\"timetable-event-performer\">The Last Hope of V\u011bra B\u00edl\u00e1<\/div>\n\t\t\t\t\t\t\t\t\t\t\t\t\t\t<span class=\"timetable-event-country\"><p><span data-sheets-root=\"1\" data-sheets-value=\"{&quot;1&quot;:2,&quot;2&quot;:&quot;Czech documentary, sub. eng (52')&quot;}\" data-sheets-userformat=\"{&quot;2&quot;:707,&quot;3&quot;:{&quot;1&quot;:0},&quot;4&quot;:{&quot;1&quot;:2,&quot;2&quot;:15987699},&quot;9&quot;:0,&quot;10&quot;:1,&quot;12&quot;:0}\">Czech documentary, sub. eng (52&#8242;)<\/span><\/p>\n <\/span>\n\t\t\t\t\t\t\t\t\t\t\t\t\t<\/div>\n\t\t\t\t\t\t\t\t\t\t\t\t<\/a>\t\t\t\t\t\t\t\t\t\t\t\n\n\n\t\t\t\t\t\t\t\t\t\t\t\t\t\t\t\t\t\t\t\t\t    \n\n\t\t\t\t\t\t\t\t\t\t\t\n\n\t\t\t\t\t\t\t\t\t\t\t\t\t\t\n\n\t\t\t\t\t\t\t<\/div>\n\n\t\t\t\t\t\t\t\n\n\t\t\t\t\n\n\t\t\t\t\n\t\t\t\n\t\t\t<\/div> <!-- \/row -->\n\t\t<\/div>  <!-- \/container.day -->\n\t\t\n\t\t\t\n\t\t<div class=\"container-fluid day  \" id=\"day2\">\n\t\t\n\t\t\t<div class=\"row\">\n\n\n\t\t\t\t<div class=\"col-1 timetable-timeslots d-none d-md-flex\">\n\t\t\t\t\t<ul>\n\t\t\t\t\t\t<li class=\"full-hour\">15:00<\/li><li>15:15<\/li><li>15:30<\/li><li>15:45<\/li><li class=\"full-hour\">16:00<\/li><li>16:15<\/li><li>16:30<\/li><li>16:45<\/li><li class=\"full-hour\">17:00<\/li><li>17:15<\/li><li>17:30<\/li><li>17:45<\/li><li class=\"full-hour\">18:00<\/li><li>18:15<\/li><li>18:30<\/li><li>18:45<\/li><li class=\"full-hour\">19:00<\/li><li>19:15<\/li><li>19:30<\/li><li>19:45<\/li><li class=\"full-hour\">20:00<\/li><li>20:15<\/li><li>20:30<\/li><li>20:45<\/li>\t\t\t\t\t<\/ul>\n\t\t\t\t<\/div>\n\n\n\t\t\t\t\n\t\t\t\t\n\t\t\t\t\n\n\t\t\t\t\t\t\t<div class=\"col-12 col-sm timetable-column\">\n\t\t\t\t\t\t\t\t<div class=\"timetable-venue\">\n\t\t\t\t\t\t\t\t\tToldi mozi, Kisterem\t\t\t\t\t\t\t\t<\/div>\n\n\n\t\t\t\t\t\t\t\t\n\t\t\t\t\t\t\t\t\t\t\t\t\t\t\t\t\t\t\t\t\t\t\t\t\n\t\t\n\n\t\t\t\t\t\t\t\t\t\t\t\t\n\t\t\t\t\t\t\t\t\t\t\t\t<a href=\"https:\/\/2024.budapestritmo.hu\/en\/movie\/the-last-hope-of-vera-bila\/\">\t\t\t\t\t\t\t\t\t\t\t\t\t<div class=\"timetable-event \" style=\"top:40px; min-height:78px;\">\n\t\t\t\t\t\t\t\t\t\t\t\t\t\t<div class=\"timetable-event-time\">15:30-16:30<\/div>\n\t\t\t\t\t\t\t\t\t\t\t\t\t\t<div class=\"timetable-event-performer\">The Last Hope of V\u011bra B\u00edl\u00e1<\/div>\n\t\t\t\t\t\t\t\t\t\t\t\t\t\t<span class=\"timetable-event-country\"><p><span data-sheets-root=\"1\" data-sheets-value=\"{&quot;1&quot;:2,&quot;2&quot;:&quot;Czech documentary, sub. eng (52')&quot;}\" data-sheets-userformat=\"{&quot;2&quot;:707,&quot;3&quot;:{&quot;1&quot;:0},&quot;4&quot;:{&quot;1&quot;:2,&quot;2&quot;:15987699},&quot;9&quot;:0,&quot;10&quot;:1,&quot;12&quot;:0}\">Czech documentary, sub. eng (52&#8242;)<\/span><\/p>\n <\/span>\n\t\t\t\t\t\t\t\t\t\t\t\t\t<\/div>\n\t\t\t\t\t\t\t\t\t\t\t\t<\/a>\t\t\t\t\t\t\t\t\t\t\t\n\n\n\t\t\t\t\t\t\t\t\t\t\t\n\t\t\t\t\t\t\t\t\t\t\t\t\t\t\t\t\t\t\t\t\t\t\t\t\n\t\t\n\n\t\t\t\t\t\t\t\t\t\t\t\t\n\t\t\t\t\t\t\t\t\t\t\t\t<a href=\"https:\/\/2024.budapestritmo.hu\/en\/movie\/the-sounds-that-made-us-hallgato\/\">\t\t\t\t\t\t\t\t\t\t\t\t\t<div class=\"timetable-event \" style=\"top:160px; min-height:38px;\">\n\t\t\t\t\t\t\t\t\t\t\t\t\t\t<div class=\"timetable-event-time\">17:00-17:30<\/div>\n\t\t\t\t\t\t\t\t\t\t\t\t\t\t<div class=\"timetable-event-performer\">The Sounds that Made Us &#8211; Hallgat\u00f3<\/div>\n\t\t\t\t\t\t\t\t\t\t\t\t\t\t<span class=\"timetable-event-country\"><p><span data-sheets-root=\"1\" data-sheets-value=\"{&quot;1&quot;:2,&quot;2&quot;:&quot;Hungarian documentary, sub. eng (25')&quot;}\" data-sheets-userformat=\"{&quot;2&quot;:707,&quot;3&quot;:{&quot;1&quot;:0},&quot;4&quot;:{&quot;1&quot;:2,&quot;2&quot;:15987699},&quot;9&quot;:0,&quot;10&quot;:1,&quot;12&quot;:0}\">Hungarian documentary, sub. eng (25&#8242;)<\/span><\/p>\n<p><strong>Private screening.<\/strong>\u00a0For invited guests only.<\/p>\n <\/span>\n\t\t\t\t\t\t\t\t\t\t\t\t\t<\/div>\n\t\t\t\t\t\t\t\t\t\t\t\t<\/a>\t\t\t\t\t\t\t\t\t\t\t\n\n\n\t\t\t\t\t\t\t\t\t\t\t\n\t\t\t\t\t\t\t\t\t\t\t\t\t\t\t\t\t\t\t\t\t\t\t\t\n\t\t\n\n\t\t\t\t\t\t\t\t\t\t\t\t\n\t\t\t\t\t\t\t\t\t\t\t\t<a href=\"https:\/\/2024.budapestritmo.hu\/en\/movie\/omara\/\">\t\t\t\t\t\t\t\t\t\t\t\t\t<div class=\"timetable-event \" style=\"top:240px; min-height:118px;\">\n\t\t\t\t\t\t\t\t\t\t\t\t\t\t<div class=\"timetable-event-time\">18:00-19:30<\/div>\n\t\t\t\t\t\t\t\t\t\t\t\t\t\t<div class=\"timetable-event-performer\">Omara<\/div>\n\t\t\t\t\t\t\t\t\t\t\t\t\t\t<span class=\"timetable-event-country\"><p><span data-sheets-root=\"1\" data-sheets-value=\"{&quot;1&quot;:2,&quot;2&quot;:&quot;Cuban documentary, sub. eng (76')&quot;}\" data-sheets-userformat=\"{&quot;2&quot;:707,&quot;3&quot;:{&quot;1&quot;:0},&quot;4&quot;:{&quot;1&quot;:2,&quot;2&quot;:15987699},&quot;9&quot;:0,&quot;10&quot;:1,&quot;12&quot;:0}\">Cuban documentary, sub. eng (76&#8242;)<\/span><\/p>\n <\/span>\n\t\t\t\t\t\t\t\t\t\t\t\t\t<\/div>\n\t\t\t\t\t\t\t\t\t\t\t\t<\/a>\t\t\t\t\t\t\t\t\t\t\t\n\n\n\t\t\t\t\t\t\t\t\t\t\t\t\t\t\t\t\t\t\t\t\t    \n\n\t\t\t\t\t\t\t\t\t\t\t\n\n\t\t\t\t\t\t\t\t\t\t\t\t\t\t\n\n\t\t\t\t\t\t\t<\/div>\n\n\t\t\t\t\n\n\t\t\t\t\t\t\t<div class=\"col-12 col-sm timetable-column\">\n\t\t\t\t\t\t\t\t<div class=\"timetable-venue\">\n\t\t\t\t\t\t\t\t\tToldi mozi, Nagyterem\t\t\t\t\t\t\t\t<\/div>\n\n\n\t\t\t\t\t\t\t\t\n\t\t\t\t\t\t\t\t\t\t\t\t\t\t\t\t\t\t\t\t\t\t\t\t\n\t\t\n\n\t\t\t\t\t\t\t\t\t\t\t\t\n\t\t\t\t\t\t\t\t\t\t\t\t<a href=\"https:\/\/2024.budapestritmo.hu\/en\/movie\/idas-idea\/\">\t\t\t\t\t\t\t\t\t\t\t\t\t<div class=\"timetable-event \" style=\"top:120px; min-height:118px;\">\n\t\t\t\t\t\t\t\t\t\t\t\t\t\t<div class=\"timetable-event-time\">16:30-18:00<\/div>\n\t\t\t\t\t\t\t\t\t\t\t\t\t\t<div class=\"timetable-event-performer\">Ida&#8217;s Idea<\/div>\n\t\t\t\t\t\t\t\t\t\t\t\t\t\t<span class=\"timetable-event-country\"><p><span data-sheets-root=\"1\" data-sheets-value=\"{&quot;1&quot;:2,&quot;2&quot;:&quot;Czech - Slovak documentary, sub. eng (67')&quot;}\" data-sheets-userformat=\"{&quot;2&quot;:707,&quot;3&quot;:{&quot;1&quot;:0},&quot;4&quot;:{&quot;1&quot;:2,&quot;2&quot;:15987699},&quot;9&quot;:0,&quot;10&quot;:1,&quot;12&quot;:0}\">Czech &#8211; Slovak documentary, sub. eng (67&#8242;)<\/span><\/p>\n <\/span>\n\t\t\t\t\t\t\t\t\t\t\t\t\t<\/div>\n\t\t\t\t\t\t\t\t\t\t\t\t<\/a>\t\t\t\t\t\t\t\t\t\t\t\n\n\n\t\t\t\t\t\t\t\t\t\t\t\n\t\t\t\t\t\t\t\t\t\t\t\t\t\t\t\t\t\t\t\t\t\t\t\t\n\t\t\n\n\t\t\t\t\t\t\t\t\t\t\t\t\n\t\t\t\t\t\t\t\t\t\t\t\t<a href=\"https:\/\/2024.budapestritmo.hu\/en\/movie\/elis-tom\/\">\t\t\t\t\t\t\t\t\t\t\t\t\t<div class=\"timetable-event \" style=\"top:280px; min-height:158px;\">\n\t\t\t\t\t\t\t\t\t\t\t\t\t\t<div class=\"timetable-event-time\">18:30-20:30<\/div>\n\t\t\t\t\t\t\t\t\t\t\t\t\t\t<div class=\"timetable-event-performer\">Elis &#038; Tom<\/div>\n\t\t\t\t\t\t\t\t\t\t\t\t\t\t<span class=\"timetable-event-country\"><p><span data-sheets-root=\"1\" data-sheets-value=\"{&quot;1&quot;:2,&quot;2&quot;:&quot;Brazilian documentary, sub. eng (100')&quot;}\" data-sheets-userformat=\"{&quot;2&quot;:707,&quot;3&quot;:{&quot;1&quot;:0},&quot;4&quot;:{&quot;1&quot;:2,&quot;2&quot;:15987699},&quot;9&quot;:0,&quot;10&quot;:1,&quot;12&quot;:0}\">Brazilian documentary, sub. eng (100&#8242;)<\/span><\/p>\n <\/span>\n\t\t\t\t\t\t\t\t\t\t\t\t\t<\/div>\n\t\t\t\t\t\t\t\t\t\t\t\t<\/a>\t\t\t\t\t\t\t\t\t\t\t\n\n\n\t\t\t\t\t\t\t\t\t\t\t\t\t\t\t\t\t\t\t\t\t    \n\n\t\t\t\t\t\t\t\t\t\t\t\n\n\t\t\t\t\t\t\t\t\t\t\t\t\t\t\n\n\t\t\t\t\t\t\t<\/div>\n\n\t\t\t\t\t\t\t\n\n\t\t\t\t\n\n\t\t\t\t\n\t\t\t\n\t\t\t<\/div> <!-- \/row -->\n\t\t<\/div>  <!-- \/container.day -->\n\t\t\n\t\t\t\n<\/section> <!-- \/timetable.section -->\n\n\n<section class=\"wp-block-group alignfull text-black bg-white\"><div class=\"wp-block-group__inner-container is-layout-flow wp-block-group-is-layout-flow\">\n<div class=\"wp-block-columns is-layout-flex wp-container-core-columns-is-layout-9d6595d7 wp-block-columns-is-layout-flex\">\n<div class=\"wp-block-column is-layout-flow wp-block-column-is-layout-flow\" style=\"flex-basis:40%\">\n<h2 class=\"wp-block-heading\">Toldi mozi<\/h2>\n\n\n\n<p>Toldi mozi is an eclectic spot of the capital, where the caf\u00e9 transforms into a music club during nights.<\/p>\n\n\n\n<figure class=\"wp-block-image size-full is-resized\"><img loading=\"lazy\" decoding=\"async\" width=\"512\" height=\"512\" src=\"https:\/\/2024.budapestritmo.hu\/wp-content\/uploads\/2023\/02\/image-7.png\" alt=\"\" class=\"wp-image-3460\" style=\"width:34px;height:34px\" srcset=\"https:\/\/2024.budapestritmo.hu\/wp-content\/uploads\/2023\/02\/image-7.png 512w, https:\/\/2024.budapestritmo.hu\/wp-content\/uploads\/2023\/02\/image-7-300x300.png 300w, https:\/\/2024.budapestritmo.hu\/wp-content\/uploads\/2023\/02\/image-7-150x150.png 150w, https:\/\/2024.budapestritmo.hu\/wp-content\/uploads\/2023\/02\/image-7-320x320.png 320w\" sizes=\"auto, (max-width: 512px) 100vw, 512px\" \/><\/figure>\n\n\n\n<p class=\"has-small-font-size\"><a href=\"https:\/\/www.google.com\/maps\/place\/Toldi+Mozi\/data=!4m2!3m1!19sChIJO5yyVBPcQUcRY9prxyZ5Zvo\" target=\"_blank\" rel=\"noopener\">Toldi Mozi<\/a><\/p>\n<\/div>\n\n\n\n<div class=\"wp-block-column is-layout-flow wp-block-column-is-layout-flow\" style=\"flex-basis:60%\">\n<figure class=\"wp-block-image size-full is-style-default\"><img loading=\"lazy\" decoding=\"async\" width=\"960\" height=\"720\" src=\"https:\/\/2024.budapestritmo.hu\/wp-content\/uploads\/2023\/02\/Toldi-mozi.jpg\" alt=\"\" class=\"wp-image-3160\" srcset=\"https:\/\/2024.budapestritmo.hu\/wp-content\/uploads\/2023\/02\/Toldi-mozi.jpg 960w, https:\/\/2024.budapestritmo.hu\/wp-content\/uploads\/2023\/02\/Toldi-mozi-300x225.jpg 300w, https:\/\/2024.budapestritmo.hu\/wp-content\/uploads\/2023\/02\/Toldi-mozi-768x576.jpg 768w\" sizes=\"auto, (max-width: 960px) 100vw, 960px\" \/><\/figure>\n<\/div>\n<\/div>\n<\/div><\/section>\n","protected":false},"excerpt":{"rendered":"<p>Films Female singers, Roma music and the boundless power of music are the themes of Ritmo\u2019s filmprogram this year. The figures and unforgettable voices of V\u011bra B\u00edl\u00e1, Ida Kelarova, Omara Portoundo, M\u00f3nika Lakatos and Elis Regina emerge against a background of rural Roma communities in Central Europe, the Afro-Cuban music scene or a studio in [&hellip;]<\/p>\n","protected":false},"author":1,"featured_media":0,"parent":0,"menu_order":0,"comment_status":"closed","ping_status":"closed","template":"page-templates\/page-fullwidth.php","meta":{"_acf_changed":false,"pgc_sgb_lightbox_settings":"","footnotes":""},"class_list":["post-898","page","type-page","status-publish","hentry"],"acf":[],"_links":{"self":[{"href":"https:\/\/2024.budapestritmo.hu\/en\/wp-json\/wp\/v2\/pages\/898","targetHints":{"allow":["GET"]}}],"collection":[{"href":"https:\/\/2024.budapestritmo.hu\/en\/wp-json\/wp\/v2\/pages"}],"about":[{"href":"https:\/\/2024.budapestritmo.hu\/en\/wp-json\/wp\/v2\/types\/page"}],"author":[{"embeddable":true,"href":"https:\/\/2024.budapestritmo.hu\/en\/wp-json\/wp\/v2\/users\/1"}],"replies":[{"embeddable":true,"href":"https:\/\/2024.budapestritmo.hu\/en\/wp-json\/wp\/v2\/comments?post=898"}],"version-history":[{"count":6,"href":"https:\/\/2024.budapestritmo.hu\/en\/wp-json\/wp\/v2\/pages\/898\/revisions"}],"predecessor-version":[{"id":5406,"href":"https:\/\/2024.budapestritmo.hu\/en\/wp-json\/wp\/v2\/pages\/898\/revisions\/5406"}],"wp:attachment":[{"href":"https:\/\/2024.budapestritmo.hu\/en\/wp-json\/wp\/v2\/media?parent=898"}],"curies":[{"name":"wp","href":"https:\/\/api.w.org\/{rel}","templated":true}]}}