{"id":5431,"date":"2024-03-01T14:01:21","date_gmt":"2024-03-01T13:01:21","guid":{"rendered":"https:\/\/2024.budapestritmo.hu\/cseh-partnerseg\/"},"modified":"2024-03-22T16:41:57","modified_gmt":"2024-03-22T15:41:57","slug":"in-partnership-with-czechs","status":"publish","type":"page","link":"https:\/\/2024.budapestritmo.hu\/en\/in-partnership-with-czechs\/","title":{"rendered":"In partnership with Czechs"},"content":{"rendered":"\n<div class=\"wp-block-group alignfull\"><div class=\"wp-block-group__inner-container is-layout-flow wp-block-group-is-layout-flow\">\n<h1 class=\"wp-block-heading\">Why Czech music this year?<\/h1>\n\n\n\n<div class=\"wp-block-columns is-layout-flex wp-container-core-columns-is-layout-9d6595d7 wp-block-columns-is-layout-flex\">\n<div class=\"wp-block-column is-layout-flow wp-block-column-is-layout-flow\">\n<p>We are partnering with Czech this year, as Ritmo joins the Year of Czech Music, bringing a slice of the quirky, layered musical universe of our block neighbors. In partnership with SoundCzech, we bring you bands, films and professionals, new points of connection and special flavors you\u2019ll be happy to discover.<\/p>\n<\/div>\n\n\n\n<div class=\"wp-block-column is-layout-flow wp-block-column-is-layout-flow\"><\/div>\n<\/div>\n<\/div><\/div>\n\n\n\n\n<section id=\"artists-block_07990e5d8dfae60abc3ed2729340c676\" class=\"artists alignfull\">\n\n\n\t<div class=\"container-fluid\">\n\t\t<div class=\"row\">\n\t\t\t<div class=\"col-12\">\n\t\t\t\t<h2>Czech Bands<\/h2>\n\t\t\t<\/div>\n            <div class=\"col-12\">\n\t\t\t\t<div class=\"row\">\n\t\t\t\t\t\t\t\t\t        <div class=\"col-md-6 col-xl-4 artist-small\">\n\t<a href=\"https:\/\/2024.budapestritmo.hu\/en\/performer\/hruba-hudba\/\" title=\"Hrub\u00e1 Hudba\">\n\t\t<div class=\"thumbnail\">\n\t\t\t\t\t\t\t<img loading=\"lazy\" decoding=\"async\" width=\"640\" height=\"240\" src=\"https:\/\/2024.budapestritmo.hu\/wp-content\/uploads\/2024\/01\/HrubaHudbaSpilberk2021-Hanka-Vojtechova-640x240.jpg\" class=\"attachment-performer_small size-performer_small wp-post-image\" alt=\"\" srcset=\"https:\/\/2024.budapestritmo.hu\/wp-content\/uploads\/2024\/01\/HrubaHudbaSpilberk2021-Hanka-Vojtechova-640x240.jpg 640w, https:\/\/2024.budapestritmo.hu\/wp-content\/uploads\/2024\/01\/HrubaHudbaSpilberk2021-Hanka-Vojtechova-1600x600.jpg 1600w\" sizes=\"auto, (max-width: 640px) 100vw, 640px\" \/>\t\t\t\t\t\t<div class=\"hover\"><\/div>\n\t\t<\/div>\n\t<\/a>\n\t<a href=\"https:\/\/2024.budapestritmo.hu\/en\/performer\/hruba-hudba\/\" title=\"Hrub\u00e1 Hudba\">\n\t\t<div class=\"name\">\n\t\t\tHrub\u00e1 Hudba<br>\n\t\t\t<span class=\"country\">Czech Republic<\/span>\n\t\t<\/div>\n\t<\/a>\n<\/div>\t\t\t\t\t\t\t\n\t\t\t\t\t        \t\t\t\t\t        <div class=\"col-md-6 col-xl-4 artist-small\">\n\t<a href=\"https:\/\/2024.budapestritmo.hu\/en\/performer\/terne-chave-romano-drom\/\" title=\"Terne \u010chave &#038; Romano Drom\">\n\t\t<div class=\"thumbnail\">\n\t\t\t\t\t\t\t<img loading=\"lazy\" decoding=\"async\" width=\"640\" height=\"240\" src=\"https:\/\/2024.budapestritmo.hu\/wp-content\/uploads\/2024\/02\/Untitled-design-13-640x240.png\" class=\"attachment-performer_small size-performer_small wp-post-image\" alt=\"\" srcset=\"https:\/\/2024.budapestritmo.hu\/wp-content\/uploads\/2024\/02\/Untitled-design-13-640x240.png 640w, https:\/\/2024.budapestritmo.hu\/wp-content\/uploads\/2024\/02\/Untitled-design-13-300x113.png 300w, https:\/\/2024.budapestritmo.hu\/wp-content\/uploads\/2024\/02\/Untitled-design-13-1024x384.png 1024w, https:\/\/2024.budapestritmo.hu\/wp-content\/uploads\/2024\/02\/Untitled-design-13-768x288.png 768w, https:\/\/2024.budapestritmo.hu\/wp-content\/uploads\/2024\/02\/Untitled-design-13-1536x576.png 1536w, https:\/\/2024.budapestritmo.hu\/wp-content\/uploads\/2024\/02\/Untitled-design-13.png 1600w\" sizes=\"auto, (max-width: 640px) 100vw, 640px\" \/>\t\t\t\t\t\t<div class=\"hover\"><\/div>\n\t\t<\/div>\n\t<\/a>\n\t<a href=\"https:\/\/2024.budapestritmo.hu\/en\/performer\/terne-chave-romano-drom\/\" title=\"Terne \u010chave &#038; Romano Drom\">\n\t\t<div class=\"name\">\n\t\t\tTerne \u010chave &#038; Romano Drom<br>\n\t\t\t<span class=\"country\">Czech Republic &#8211; Hungary<\/span>\n\t\t<\/div>\n\t<\/a>\n<\/div>\t\t\t\t\t\t\t\n\t\t\t\t\t        \t\t<\/div>\n\t\t<div class=\"col-12\">\n\t\t\t\t\t\t\t<\/div>\n\t\t\t<\/div>\n\t\t<\/div>\n\t<\/div>\n<\/section>\n\n\n\n<section class=\"wp-block-group alignfull movies text-white\"><div class=\"wp-block-group__inner-container is-layout-flow wp-block-group-is-layout-flow\">\n\n\n\t\t\t<div class=\"col-12\">\n\t\t\t\t<h2>Czech Films<\/h2>\n\t\t\t<\/div>\n            <div class=\"col-12\">\n\t\t\t\t<div class=\"row\">\n\t\t\t\t\t\t\t\t\t        <div class=\"col-md-4 artist-small\">\n\t<a href=\"https:\/\/2024.budapestritmo.hu\/en\/movie\/idas-idea\/\" title=\"Ida&#8217;s Idea\">\n\t\t<div class=\"thumbnail\">\n\t\t\t\t\t\t\t<img loading=\"lazy\" decoding=\"async\" width=\"640\" height=\"240\" src=\"https:\/\/2024.budapestritmo.hu\/wp-content\/uploads\/2024\/02\/Nevtelen-terv-19-640x240.png\" class=\"attachment-performer_small size-performer_small wp-post-image\" alt=\"\" srcset=\"https:\/\/2024.budapestritmo.hu\/wp-content\/uploads\/2024\/02\/Nevtelen-terv-19-640x240.png 640w, https:\/\/2024.budapestritmo.hu\/wp-content\/uploads\/2024\/02\/Nevtelen-terv-19-300x113.png 300w, https:\/\/2024.budapestritmo.hu\/wp-content\/uploads\/2024\/02\/Nevtelen-terv-19-1024x384.png 1024w, https:\/\/2024.budapestritmo.hu\/wp-content\/uploads\/2024\/02\/Nevtelen-terv-19-768x288.png 768w, https:\/\/2024.budapestritmo.hu\/wp-content\/uploads\/2024\/02\/Nevtelen-terv-19-1536x576.png 1536w, https:\/\/2024.budapestritmo.hu\/wp-content\/uploads\/2024\/02\/Nevtelen-terv-19.png 1600w\" sizes=\"auto, (max-width: 640px) 100vw, 640px\" \/>\t\t\t\t\t\t<div class=\"hover\"><\/div>\n\t\t<\/div>\n\t<\/a>\n\t<a href=\"https:\/\/2024.budapestritmo.hu\/en\/movie\/idas-idea\/\" title=\"Ida&#8217;s Idea\">\n\t\t<div class=\"name\">\n\t\t\tIda&#8217;s Idea<br>\n\t\t\t\n\t\t<\/div>\n\t<\/a>\n<\/div>\t\t\t\t\t\t\t\n\t\t\t\t\t        \t\t\t\t\t        <div class=\"col-md-4 artist-small\">\n\t<a href=\"https:\/\/2024.budapestritmo.hu\/en\/movie\/the-last-hope-of-vera-bila\/\" title=\"The Last Hope of V\u011bra B\u00edl\u00e1\">\n\t\t<div class=\"thumbnail\">\n\t\t\t\t\t\t\t<img loading=\"lazy\" decoding=\"async\" width=\"640\" height=\"240\" src=\"https:\/\/2024.budapestritmo.hu\/wp-content\/uploads\/2024\/02\/Nevtelen-terv-17-640x240.png\" class=\"attachment-performer_small size-performer_small wp-post-image\" alt=\"\" srcset=\"https:\/\/2024.budapestritmo.hu\/wp-content\/uploads\/2024\/02\/Nevtelen-terv-17-640x240.png 640w, https:\/\/2024.budapestritmo.hu\/wp-content\/uploads\/2024\/02\/Nevtelen-terv-17-300x113.png 300w, https:\/\/2024.budapestritmo.hu\/wp-content\/uploads\/2024\/02\/Nevtelen-terv-17-1024x384.png 1024w, https:\/\/2024.budapestritmo.hu\/wp-content\/uploads\/2024\/02\/Nevtelen-terv-17-768x288.png 768w, https:\/\/2024.budapestritmo.hu\/wp-content\/uploads\/2024\/02\/Nevtelen-terv-17-1536x576.png 1536w, https:\/\/2024.budapestritmo.hu\/wp-content\/uploads\/2024\/02\/Nevtelen-terv-17.png 1600w\" sizes=\"auto, (max-width: 640px) 100vw, 640px\" \/>\t\t\t\t\t\t<div class=\"hover\"><\/div>\n\t\t<\/div>\n\t<\/a>\n\t<a href=\"https:\/\/2024.budapestritmo.hu\/en\/movie\/the-last-hope-of-vera-bila\/\" title=\"The Last Hope of V\u011bra B\u00edl\u00e1\">\n\t\t<div class=\"name\">\n\t\t\tThe Last Hope of V\u011bra B\u00edl\u00e1<br>\n\t\t\t\n\t\t<\/div>\n\t<\/a>\n<\/div>\t\t\t\t\t\t\t\n\t\t\t\t\t        \t\t<\/div>\n\t\t<div class=\"col-12\">\n\t\t\t\t\t\t\t<\/div>\n\t\t\t<\/div>\n<\/div><\/section>\n\n\n\n\n<section id=\"speakers-block_3dfb31120aef9aaa7475c5dc3109ea02\" class=\"speakers alignfull\">\n\n\n\t<div class=\"container-fluid\">\n\t\t<div class=\"row\">\n\t\t\t<div class=\"col-12\">\n\t\t\t\t<h2>Czech Delegates<\/h2>\n\t\t\t<\/div>\n            <div class=\"col-12\">\n\t\t\t\t<div class=\"row\">\n\t\t\t\t\t\t\t\t\t\t\t\t<div class=\"col-6 col-md-3 col-xl-3 speaker-small\">\n\t\t\t\t\t\t\t\t\t<a href=\"https:\/\/2024.budapestritmo.hu\/en\/speaker\/milan-tesar\/\">\n\t\t\t\t\t\t\t\t\t\t<div class=\"thumbnail\">\n\t\t\t\t\t\t\t\t\t\t\t\t\t\t\t\t\t\t\t\t\t\t\t<img loading=\"lazy\" decoding=\"async\" width=\"640\" height=\"640\" src=\"https:\/\/2024.budapestritmo.hu\/wp-content\/uploads\/2023\/03\/MilanTesar2_autor-of-the-picture-PavelSanek-640x640.jpg\" class=\"attachment-speaker_large size-speaker_large wp-post-image\" alt=\"\" srcset=\"https:\/\/2024.budapestritmo.hu\/wp-content\/uploads\/2023\/03\/MilanTesar2_autor-of-the-picture-PavelSanek-640x640.jpg 640w, https:\/\/2024.budapestritmo.hu\/wp-content\/uploads\/2023\/03\/MilanTesar2_autor-of-the-picture-PavelSanek-150x150.jpg 150w, https:\/\/2024.budapestritmo.hu\/wp-content\/uploads\/2023\/03\/MilanTesar2_autor-of-the-picture-PavelSanek-320x320.jpg 320w\" sizes=\"auto, (max-width: 640px) 100vw, 640px\" \/>\t\t\t\t\t\t\t\t\t\t\t\t\t\t\t\t\t\t\t\t\t\t<div class=\"hover\"><\/div>\n\t\t\t\t\t\t\t\t\t\t<\/div>\n\t\t\t\t\t\t\t\t\t<\/a>\n\t\t\t\t\t\t\t\t\t<a href=\"https:\/\/2024.budapestritmo.hu\/en\/speaker\/milan-tesar\/\">\n\t\t\t\t\t\t\t\t\t\t<div class=\"name\">\n\t\t\t\t\t\t\t\t\t\t\tMilan Tesa\u0159<br>\n\t\t\t\t\t\t\t\t\t\t\t<span class=\"country\">\n\t\t\t\t\t\t\t\t\t\t\tMusic director<br>\t\t\t\t\t\t\t\t\t\t\tRadio Proglas<br>\t\t\t\t\t\t\t\t\t\t\tCzech Republic \t\t\t\t\t\t\t\t\t\t\t<\/span>\n\t\t\t\t\t\t\t\t\t\t<\/div>\n\t\t\t\t\t\t\t\t\t<\/a>\n\t\t\t\t\t\t\t\t<\/div>\n\t\t\t\t\t\t\t\t\t\t\t\t\t\t\t\t<div class=\"col-6 col-md-3 col-xl-3 speaker-small\">\n\t\t\t\t\t\t\t\t\t<a href=\"https:\/\/2024.budapestritmo.hu\/en\/speaker\/dusan-sviba\/\">\n\t\t\t\t\t\t\t\t\t\t<div class=\"thumbnail\">\n\t\t\t\t\t\t\t\t\t\t\t\t\t\t\t\t\t\t\t\t\t\t\t<img loading=\"lazy\" decoding=\"async\" width=\"640\" height=\"640\" src=\"https:\/\/2024.budapestritmo.hu\/wp-content\/uploads\/2023\/03\/Dusan-Sviba_TOMS0104_4-3_Foto-Tomas-Moudry-640x640.jpg\" class=\"attachment-speaker_large size-speaker_large wp-post-image\" alt=\"\" srcset=\"https:\/\/2024.budapestritmo.hu\/wp-content\/uploads\/2023\/03\/Dusan-Sviba_TOMS0104_4-3_Foto-Tomas-Moudry-640x640.jpg 640w, https:\/\/2024.budapestritmo.hu\/wp-content\/uploads\/2023\/03\/Dusan-Sviba_TOMS0104_4-3_Foto-Tomas-Moudry-150x150.jpg 150w, https:\/\/2024.budapestritmo.hu\/wp-content\/uploads\/2023\/03\/Dusan-Sviba_TOMS0104_4-3_Foto-Tomas-Moudry-320x320.jpg 320w\" sizes=\"auto, (max-width: 640px) 100vw, 640px\" \/>\t\t\t\t\t\t\t\t\t\t\t\t\t\t\t\t\t\t\t\t\t\t<div class=\"hover\"><\/div>\n\t\t\t\t\t\t\t\t\t\t<\/div>\n\t\t\t\t\t\t\t\t\t<\/a>\n\t\t\t\t\t\t\t\t\t<a href=\"https:\/\/2024.budapestritmo.hu\/en\/speaker\/dusan-sviba\/\">\n\t\t\t\t\t\t\t\t\t\t<div class=\"name\">\n\t\t\t\t\t\t\t\t\t\t\tDu\u0161an Sviba<br>\n\t\t\t\t\t\t\t\t\t\t\t<span class=\"country\">\n\t\t\t\t\t\t\t\t\t\t\tBooking agent, manager<br>\t\t\t\t\t\t\t\t\t\t\tColour meeting, Earth Music<br>\t\t\t\t\t\t\t\t\t\t\tCzech Republic \t\t\t\t\t\t\t\t\t\t\t<\/span>\n\t\t\t\t\t\t\t\t\t\t<\/div>\n\t\t\t\t\t\t\t\t\t<\/a>\n\t\t\t\t\t\t\t\t<\/div>\n\t\t\t\t\t\t\t\t\t\t\t\t\t\t\t\t<div class=\"col-6 col-md-3 col-xl-3 speaker-small\">\n\t\t\t\t\t\t\t\t\t<a href=\"https:\/\/2024.budapestritmo.hu\/en\/speaker\/hanka-podhorska\/\">\n\t\t\t\t\t\t\t\t\t\t<div class=\"thumbnail\">\n\t\t\t\t\t\t\t\t\t\t\t\t\t\t\t\t\t\t\t\t\t\t\t<img loading=\"lazy\" decoding=\"async\" width=\"640\" height=\"578\" src=\"https:\/\/2024.budapestritmo.hu\/wp-content\/uploads\/2023\/03\/HankaPodhorska-640x578.jpg\" class=\"attachment-speaker_large size-speaker_large wp-post-image\" alt=\"\" \/>\t\t\t\t\t\t\t\t\t\t\t\t\t\t\t\t\t\t\t\t\t\t<div class=\"hover\"><\/div>\n\t\t\t\t\t\t\t\t\t\t<\/div>\n\t\t\t\t\t\t\t\t\t<\/a>\n\t\t\t\t\t\t\t\t\t<a href=\"https:\/\/2024.budapestritmo.hu\/en\/speaker\/hanka-podhorska\/\">\n\t\t\t\t\t\t\t\t\t\t<div class=\"name\">\n\t\t\t\t\t\t\t\t\t\t\tHanka Podhorsk\u00e1<br>\n\t\t\t\t\t\t\t\t\t\t\t<span class=\"country\">\n\t\t\t\t\t\t\t\t\t\t\tBooking agent, manager<br>\t\t\t\t\t\t\t\t\t\t\tIndies Production<br>\t\t\t\t\t\t\t\t\t\t\tCzech Republic \t\t\t\t\t\t\t\t\t\t\t<\/span>\n\t\t\t\t\t\t\t\t\t\t<\/div>\n\t\t\t\t\t\t\t\t\t<\/a>\n\t\t\t\t\t\t\t\t<\/div>\n\t\t\t\t\t\t\t\t\t\t\t\t\t\t\t\t<div class=\"col-6 col-md-3 col-xl-3 speaker-small\">\n\t\t\t\t\t\t\t\t\t<a href=\"https:\/\/2024.budapestritmo.hu\/en\/speaker\/petra-burtley\/\">\n\t\t\t\t\t\t\t\t\t\t<div class=\"thumbnail\">\n\t\t\t\t\t\t\t\t\t\t\t\t\t\t\t\t\t\t\t\t\t\t\t<img loading=\"lazy\" decoding=\"async\" width=\"640\" height=\"640\" src=\"https:\/\/2024.budapestritmo.hu\/wp-content\/uploads\/2023\/03\/Petra-Burthey_foto-640x640.jpg\" class=\"attachment-speaker_large size-speaker_large wp-post-image\" alt=\"\" srcset=\"https:\/\/2024.budapestritmo.hu\/wp-content\/uploads\/2023\/03\/Petra-Burthey_foto-640x640.jpg 640w, https:\/\/2024.budapestritmo.hu\/wp-content\/uploads\/2023\/03\/Petra-Burthey_foto-150x150.jpg 150w, https:\/\/2024.budapestritmo.hu\/wp-content\/uploads\/2023\/03\/Petra-Burthey_foto-320x320.jpg 320w\" sizes=\"auto, (max-width: 640px) 100vw, 640px\" \/>\t\t\t\t\t\t\t\t\t\t\t\t\t\t\t\t\t\t\t\t\t\t<div class=\"hover\"><\/div>\n\t\t\t\t\t\t\t\t\t\t<\/div>\n\t\t\t\t\t\t\t\t\t<\/a>\n\t\t\t\t\t\t\t\t\t<a href=\"https:\/\/2024.budapestritmo.hu\/en\/speaker\/petra-burtley\/\">\n\t\t\t\t\t\t\t\t\t\t<div class=\"name\">\n\t\t\t\t\t\t\t\t\t\t\tPetra Burthey<br>\n\t\t\t\t\t\t\t\t\t\t\t<span class=\"country\">\n\t\t\t\t\t\t\t\t\t\t\tBooking agent, manager<br>\t\t\t\t\t\t\t\t\t\t\tClarinet Factory<br>\t\t\t\t\t\t\t\t\t\t\tCzech Republic \t\t\t\t\t\t\t\t\t\t\t<\/span>\n\t\t\t\t\t\t\t\t\t\t<\/div>\n\t\t\t\t\t\t\t\t\t<\/a>\n\t\t\t\t\t\t\t\t<\/div>\n\t\t\t\t\t\t\t\t\t\t\t\t\t\t\t\t<div class=\"col-6 col-md-3 col-xl-3 speaker-small\">\n\t\t\t\t\t\t\t\t\t<a href=\"https:\/\/2024.budapestritmo.hu\/en\/speaker\/michal-schmidt\/\">\n\t\t\t\t\t\t\t\t\t\t<div class=\"thumbnail\">\n\t\t\t\t\t\t\t\t\t\t\t\t\t\t\t\t\t\t\t\t\t\t\t<img loading=\"lazy\" decoding=\"async\" width=\"640\" height=\"640\" src=\"https:\/\/2024.budapestritmo.hu\/wp-content\/uploads\/2024\/02\/DSC09847-2-2.jpg\" class=\"attachment-speaker_large size-speaker_large wp-post-image\" alt=\"\" srcset=\"https:\/\/2024.budapestritmo.hu\/wp-content\/uploads\/2024\/02\/DSC09847-2-2.jpg 640w, https:\/\/2024.budapestritmo.hu\/wp-content\/uploads\/2024\/02\/DSC09847-2-2-300x300.jpg 300w, https:\/\/2024.budapestritmo.hu\/wp-content\/uploads\/2024\/02\/DSC09847-2-2-150x150.jpg 150w, https:\/\/2024.budapestritmo.hu\/wp-content\/uploads\/2024\/02\/DSC09847-2-2-320x320.jpg 320w\" sizes=\"auto, (max-width: 640px) 100vw, 640px\" \/>\t\t\t\t\t\t\t\t\t\t\t\t\t\t\t\t\t\t\t\t\t\t<div class=\"hover\"><\/div>\n\t\t\t\t\t\t\t\t\t\t<\/div>\n\t\t\t\t\t\t\t\t\t<\/a>\n\t\t\t\t\t\t\t\t\t<a href=\"https:\/\/2024.budapestritmo.hu\/en\/speaker\/michal-schmidt\/\">\n\t\t\t\t\t\t\t\t\t\t<div class=\"name\">\n\t\t\t\t\t\t\t\t\t\t\tMichal Schmidt<br>\n\t\t\t\t\t\t\t\t\t\t\t<span class=\"country\">\n\t\t\t\t\t\t\t\t\t\t\tArtistic Director<br>\t\t\t\t\t\t\t\t\t\t\tFolk Holidays Festival<br>\t\t\t\t\t\t\t\t\t\t\tCzech Republic\t\t\t\t\t\t\t\t\t\t\t<\/span>\n\t\t\t\t\t\t\t\t\t\t<\/div>\n\t\t\t\t\t\t\t\t\t<\/a>\n\t\t\t\t\t\t\t\t<\/div>\n\t\t\t\t\t\t\t\t\t\t\t\t\t\t\t\t<div class=\"col-6 col-md-3 col-xl-3 speaker-small\">\n\t\t\t\t\t\t\t\t\t<a href=\"https:\/\/2024.budapestritmo.hu\/en\/speaker\/petra-hradilova\/\">\n\t\t\t\t\t\t\t\t\t\t<div class=\"thumbnail\">\n\t\t\t\t\t\t\t\t\t\t\t\t\t\t\t\t\t\t\t\t\t\t\t<img loading=\"lazy\" decoding=\"async\" width=\"640\" height=\"640\" src=\"https:\/\/2024.budapestritmo.hu\/wp-content\/uploads\/2024\/03\/Petra-H._YFoto.jpg\" class=\"attachment-speaker_large size-speaker_large wp-post-image\" alt=\"\" srcset=\"https:\/\/2024.budapestritmo.hu\/wp-content\/uploads\/2024\/03\/Petra-H._YFoto.jpg 640w, https:\/\/2024.budapestritmo.hu\/wp-content\/uploads\/2024\/03\/Petra-H._YFoto-300x300.jpg 300w, https:\/\/2024.budapestritmo.hu\/wp-content\/uploads\/2024\/03\/Petra-H._YFoto-150x150.jpg 150w, https:\/\/2024.budapestritmo.hu\/wp-content\/uploads\/2024\/03\/Petra-H._YFoto-320x320.jpg 320w\" sizes=\"auto, (max-width: 640px) 100vw, 640px\" \/>\t\t\t\t\t\t\t\t\t\t\t\t\t\t\t\t\t\t\t\t\t\t<div class=\"hover\"><\/div>\n\t\t\t\t\t\t\t\t\t\t<\/div>\n\t\t\t\t\t\t\t\t\t<\/a>\n\t\t\t\t\t\t\t\t\t<a href=\"https:\/\/2024.budapestritmo.hu\/en\/speaker\/petra-hradilova\/\">\n\t\t\t\t\t\t\t\t\t\t<div class=\"name\">\n\t\t\t\t\t\t\t\t\t\t\tPetra Hradilova<br>\n\t\t\t\t\t\t\t\t\t\t\t<span class=\"country\">\n\t\t\t\t\t\t\t\t\t\t\tCOLOUR PRODUCTION, SPOL. S R.O.<br>\t\t\t\t\t\t\t\t\t\t\tDirector Czech Music Crossroads<br>\t\t\t\t\t\t\t\t\t\t\tCzech Republik\t\t\t\t\t\t\t\t\t\t\t<\/span>\n\t\t\t\t\t\t\t\t\t\t<\/div>\n\t\t\t\t\t\t\t\t\t<\/a>\n\t\t\t\t\t\t\t\t<\/div>\n\t\t\t\t\t\t\t\t\t\t\t\t\t\t\t\t<div class=\"col-6 col-md-3 col-xl-3 speaker-small\">\n\t\t\t\t\t\t\t\t\t<a href=\"https:\/\/2024.budapestritmo.hu\/en\/speaker\/matyas-hradil\/\">\n\t\t\t\t\t\t\t\t\t\t<div class=\"thumbnail\">\n\t\t\t\t\t\t\t\t\t\t\t\t\t\t\t\t\t\t\t\t\t\t\t<img loading=\"lazy\" decoding=\"async\" width=\"640\" height=\"640\" src=\"https:\/\/2024.budapestritmo.hu\/wp-content\/uploads\/2024\/03\/atelier_foto_2048-2-of-17.jpg\" class=\"attachment-speaker_large size-speaker_large wp-post-image\" alt=\"\" srcset=\"https:\/\/2024.budapestritmo.hu\/wp-content\/uploads\/2024\/03\/atelier_foto_2048-2-of-17.jpg 640w, https:\/\/2024.budapestritmo.hu\/wp-content\/uploads\/2024\/03\/atelier_foto_2048-2-of-17-300x300.jpg 300w, https:\/\/2024.budapestritmo.hu\/wp-content\/uploads\/2024\/03\/atelier_foto_2048-2-of-17-150x150.jpg 150w, https:\/\/2024.budapestritmo.hu\/wp-content\/uploads\/2024\/03\/atelier_foto_2048-2-of-17-320x320.jpg 320w\" sizes=\"auto, (max-width: 640px) 100vw, 640px\" \/>\t\t\t\t\t\t\t\t\t\t\t\t\t\t\t\t\t\t\t\t\t\t<div class=\"hover\"><\/div>\n\t\t\t\t\t\t\t\t\t\t<\/div>\n\t\t\t\t\t\t\t\t\t<\/a>\n\t\t\t\t\t\t\t\t\t<a href=\"https:\/\/2024.budapestritmo.hu\/en\/speaker\/matyas-hradil\/\">\n\t\t\t\t\t\t\t\t\t\t<div class=\"name\">\n\t\t\t\t\t\t\t\t\t\t\tMatyas Hradil<br>\n\t\t\t\t\t\t\t\t\t\t\t<span class=\"country\">\n\t\t\t\t\t\t\t\t\t\t\tCOLOUR PRODUCTION, SPOL. S R. O.<br>\t\t\t\t\t\t\t\t\t\t\tCzech Music Crossroads Production<br>\t\t\t\t\t\t\t\t\t\t\tCzech Republic\t\t\t\t\t\t\t\t\t\t\t<\/span>\n\t\t\t\t\t\t\t\t\t\t<\/div>\n\t\t\t\t\t\t\t\t\t<\/a>\n\t\t\t\t\t\t\t\t<\/div>\n\t\t\t\t\t\t\t\t\t\t\t\t\t\t\t\t<div class=\"col-6 col-md-3 col-xl-3 speaker-small\">\n\t\t\t\t\t\t\t\t\t<a href=\"https:\/\/2024.budapestritmo.hu\/en\/speaker\/petr-doruzka\/\">\n\t\t\t\t\t\t\t\t\t\t<div class=\"thumbnail\">\n\t\t\t\t\t\t\t\t\t\t\t\t\t\t\t\t\t\t\t\t\t\t\t<img loading=\"lazy\" decoding=\"async\" width=\"640\" height=\"640\" src=\"https:\/\/2024.budapestritmo.hu\/wp-content\/uploads\/2024\/03\/PD-2021.jpg\" class=\"attachment-speaker_large size-speaker_large wp-post-image\" alt=\"\" srcset=\"https:\/\/2024.budapestritmo.hu\/wp-content\/uploads\/2024\/03\/PD-2021.jpg 640w, https:\/\/2024.budapestritmo.hu\/wp-content\/uploads\/2024\/03\/PD-2021-300x300.jpg 300w, https:\/\/2024.budapestritmo.hu\/wp-content\/uploads\/2024\/03\/PD-2021-150x150.jpg 150w, https:\/\/2024.budapestritmo.hu\/wp-content\/uploads\/2024\/03\/PD-2021-320x320.jpg 320w\" sizes=\"auto, (max-width: 640px) 100vw, 640px\" \/>\t\t\t\t\t\t\t\t\t\t\t\t\t\t\t\t\t\t\t\t\t\t<div class=\"hover\"><\/div>\n\t\t\t\t\t\t\t\t\t\t<\/div>\n\t\t\t\t\t\t\t\t\t<\/a>\n\t\t\t\t\t\t\t\t\t<a href=\"https:\/\/2024.budapestritmo.hu\/en\/speaker\/petr-doruzka\/\">\n\t\t\t\t\t\t\t\t\t\t<div class=\"name\">\n\t\t\t\t\t\t\t\t\t\t\tPetr Doruzka<br>\n\t\t\t\t\t\t\t\t\t\t\t<span class=\"country\">\n\t\t\t\t\t\t\t\t\t\t\tCZECH NATIONAL RADIO FREELANCE<br>\t\t\t\t\t\t\t\t\t\t\tMUSIC WRITER AND RADIO PRESENTER<br>\t\t\t\t\t\t\t\t\t\t\tCZECH REPUBLIC\t\t\t\t\t\t\t\t\t\t\t<\/span>\n\t\t\t\t\t\t\t\t\t\t<\/div>\n\t\t\t\t\t\t\t\t\t<\/a>\n\t\t\t\t\t\t\t\t<\/div>\n\t\t\t\t\t\t\t\t\t\t\t\t\t\t\t\t<div class=\"col-6 col-md-3 col-xl-3 speaker-small\">\n\t\t\t\t\t\t\t\t\t<a href=\"https:\/\/2024.budapestritmo.hu\/en\/speaker\/vladimir-batista\/\">\n\t\t\t\t\t\t\t\t\t\t<div class=\"thumbnail\">\n\t\t\t\t\t\t\t\t\t\t\t\t\t\t\t\t\t\t\t\t\t\t\t<img loading=\"lazy\" decoding=\"async\" width=\"640\" height=\"640\" src=\"https:\/\/2024.budapestritmo.hu\/wp-content\/uploads\/2024\/03\/batysta_ritmo_alt.jpg\" class=\"attachment-speaker_large size-speaker_large wp-post-image\" alt=\"\" srcset=\"https:\/\/2024.budapestritmo.hu\/wp-content\/uploads\/2024\/03\/batysta_ritmo_alt.jpg 640w, https:\/\/2024.budapestritmo.hu\/wp-content\/uploads\/2024\/03\/batysta_ritmo_alt-300x300.jpg 300w, https:\/\/2024.budapestritmo.hu\/wp-content\/uploads\/2024\/03\/batysta_ritmo_alt-150x150.jpg 150w, https:\/\/2024.budapestritmo.hu\/wp-content\/uploads\/2024\/03\/batysta_ritmo_alt-320x320.jpg 320w\" sizes=\"auto, (max-width: 640px) 100vw, 640px\" \/>\t\t\t\t\t\t\t\t\t\t\t\t\t\t\t\t\t\t\t\t\t\t<div class=\"hover\"><\/div>\n\t\t\t\t\t\t\t\t\t\t<\/div>\n\t\t\t\t\t\t\t\t\t<\/a>\n\t\t\t\t\t\t\t\t\t<a href=\"https:\/\/2024.budapestritmo.hu\/en\/speaker\/vladimir-batista\/\">\n\t\t\t\t\t\t\t\t\t\t<div class=\"name\">\n\t\t\t\t\t\t\t\t\t\t\tVladimir Batysta<br>\n\t\t\t\t\t\t\t\t\t\t\t<span class=\"country\">\n\t\t\t\t\t\t\t\t\t\t\tTechnical Production and Music Supervisor<br>\t\t\t\t\t\t\t\t\t\t\t\u010cesk\u00e9 Bud\u011bjovice 2028<br>\t\t\t\t\t\t\t\t\t\t\tCzech Republic \t\t\t\t\t\t\t\t\t\t\t<\/span>\n\t\t\t\t\t\t\t\t\t\t<\/div>\n\t\t\t\t\t\t\t\t\t<\/a>\n\t\t\t\t\t\t\t\t<\/div>\n\t\t\t\t\t\t\t\t\t\t<\/div>\n\t\t<div class=\"col-12\">\n\t\t\t\t\t\t\t<\/div>\n\t\t\t<\/div>\n\t\t<\/div>\n\t<\/div>\n<\/section>\n\n\n\n<div class=\"wp-block-group alignfull\"><div class=\"wp-block-group__inner-container is-layout-flow wp-block-group-is-layout-flow\">\n<h2 class=\"wp-block-heading\">Partners<\/h2>\n\n\n\n<div class=\"wp-block-columns is-layout-flex wp-container-core-columns-is-layout-9d6595d7 wp-block-columns-is-layout-flex\">\n<div class=\"wp-block-column is-layout-flow wp-block-column-is-layout-flow\">\n<figure class=\"wp-block-image size-full\"><a href=\"http:\/\/soundczech.cz\/\" target=\"_blank\" rel=\"noopener\"><img loading=\"lazy\" decoding=\"async\" width=\"1324\" height=\"1005\" src=\"https:\/\/2024.budapestritmo.hu\/wp-content\/uploads\/2024\/01\/SoundCzech_Vertical_BW_positive_RGB-e1705408446911.png\" alt=\"\" class=\"wp-image-4623\" srcset=\"https:\/\/2024.budapestritmo.hu\/wp-content\/uploads\/2024\/01\/SoundCzech_Vertical_BW_positive_RGB-e1705408446911.png 1324w, https:\/\/2024.budapestritmo.hu\/wp-content\/uploads\/2024\/01\/SoundCzech_Vertical_BW_positive_RGB-e1705408446911-300x228.png 300w, https:\/\/2024.budapestritmo.hu\/wp-content\/uploads\/2024\/01\/SoundCzech_Vertical_BW_positive_RGB-e1705408446911-1024x777.png 1024w, https:\/\/2024.budapestritmo.hu\/wp-content\/uploads\/2024\/01\/SoundCzech_Vertical_BW_positive_RGB-e1705408446911-768x583.png 768w\" sizes=\"auto, (max-width: 1324px) 100vw, 1324px\" \/><\/a><\/figure>\n<\/div>\n\n\n\n<div class=\"wp-block-column is-layout-flow wp-block-column-is-layout-flow\">\n<figure class=\"wp-block-image size-large\"><a href=\"https:\/\/london.czechcentres.cz\/en\/projects\/the-year-of-czech-music\" target=\"_blank\" rel=\"noopener\"><img loading=\"lazy\" decoding=\"async\" width=\"1024\" height=\"882\" src=\"https:\/\/2024.budapestritmo.hu\/wp-content\/uploads\/2024\/01\/Year_of_Czech_Music_logo_zakladni_cerne_rgb-1024x882.png\" alt=\"\" class=\"wp-image-4729\" srcset=\"https:\/\/2024.budapestritmo.hu\/wp-content\/uploads\/2024\/01\/Year_of_Czech_Music_logo_zakladni_cerne_rgb-1024x882.png 1024w, https:\/\/2024.budapestritmo.hu\/wp-content\/uploads\/2024\/01\/Year_of_Czech_Music_logo_zakladni_cerne_rgb-300x258.png 300w, https:\/\/2024.budapestritmo.hu\/wp-content\/uploads\/2024\/01\/Year_of_Czech_Music_logo_zakladni_cerne_rgb-768x662.png 768w, https:\/\/2024.budapestritmo.hu\/wp-content\/uploads\/2024\/01\/Year_of_Czech_Music_logo_zakladni_cerne_rgb-1536x1323.png 1536w, https:\/\/2024.budapestritmo.hu\/wp-content\/uploads\/2024\/01\/Year_of_Czech_Music_logo_zakladni_cerne_rgb-2048x1765.png 2048w\" sizes=\"auto, (max-width: 1024px) 100vw, 1024px\" \/><\/a><\/figure>\n<\/div>\n\n\n\n<div class=\"wp-block-column is-layout-flow wp-block-column-is-layout-flow\">\n<figure class=\"wp-block-image size-large\"><img loading=\"lazy\" decoding=\"async\" width=\"1024\" height=\"698\" src=\"https:\/\/2024.budapestritmo.hu\/wp-content\/uploads\/2024\/03\/logo-IDU-negativ-1024x698.jpg\" alt=\"\" class=\"wp-image-5620\" srcset=\"https:\/\/2024.budapestritmo.hu\/wp-content\/uploads\/2024\/03\/logo-IDU-negativ-1024x698.jpg 1024w, https:\/\/2024.budapestritmo.hu\/wp-content\/uploads\/2024\/03\/logo-IDU-negativ-300x204.jpg 300w, https:\/\/2024.budapestritmo.hu\/wp-content\/uploads\/2024\/03\/logo-IDU-negativ-768x523.jpg 768w, https:\/\/2024.budapestritmo.hu\/wp-content\/uploads\/2024\/03\/logo-IDU-negativ-1536x1046.jpg 1536w, https:\/\/2024.budapestritmo.hu\/wp-content\/uploads\/2024\/03\/logo-IDU-negativ.jpg 1788w\" sizes=\"auto, (max-width: 1024px) 100vw, 1024px\" \/><\/figure>\n<\/div>\n\n\n\n<div class=\"wp-block-column is-layout-flow wp-block-column-is-layout-flow\"><\/div>\n\n\n\n<div class=\"wp-block-column is-layout-flow wp-block-column-is-layout-flow\"><\/div>\n<\/div>\n<\/div><\/div>\n","protected":false},"excerpt":{"rendered":"<p>Why Czech music this year? We are partnering with Czech this year, as Ritmo joins the Year of Czech Music, bringing a slice of the quirky, layered musical universe of our block neighbors. In partnership with SoundCzech, we bring you bands, films and professionals, new points of connection and special flavors you\u2019ll be happy to [&hellip;]<\/p>\n","protected":false},"author":1,"featured_media":0,"parent":0,"menu_order":0,"comment_status":"closed","ping_status":"closed","template":"page-templates\/page-fullwidth.php","meta":{"_acf_changed":false,"pgc_sgb_lightbox_settings":"","footnotes":""},"class_list":["post-5431","page","type-page","status-publish","hentry"],"acf":[],"_links":{"self":[{"href":"https:\/\/2024.budapestritmo.hu\/en\/wp-json\/wp\/v2\/pages\/5431","targetHints":{"allow":["GET"]}}],"collection":[{"href":"https:\/\/2024.budapestritmo.hu\/en\/wp-json\/wp\/v2\/pages"}],"about":[{"href":"https:\/\/2024.budapestritmo.hu\/en\/wp-json\/wp\/v2\/types\/page"}],"author":[{"embeddable":true,"href":"https:\/\/2024.budapestritmo.hu\/en\/wp-json\/wp\/v2\/users\/1"}],"replies":[{"embeddable":true,"href":"https:\/\/2024.budapestritmo.hu\/en\/wp-json\/wp\/v2\/comments?post=5431"}],"version-history":[{"count":19,"href":"https:\/\/2024.budapestritmo.hu\/en\/wp-json\/wp\/v2\/pages\/5431\/revisions"}],"predecessor-version":[{"id":5696,"href":"https:\/\/2024.budapestritmo.hu\/en\/wp-json\/wp\/v2\/pages\/5431\/revisions\/5696"}],"wp:attachment":[{"href":"https:\/\/2024.budapestritmo.hu\/en\/wp-json\/wp\/v2\/media?parent=5431"}],"curies":[{"name":"wp","href":"https:\/\/api.w.org\/{rel}","templated":true}]}}