{"id":495,"date":"2022-03-01T22:28:08","date_gmt":"2022-03-01T21:28:08","guid":{"rendered":"https:\/\/2024.budapestritmo.hu\/konferencia\/"},"modified":"2024-02-27T10:37:46","modified_gmt":"2024-02-27T09:37:46","slug":"conference","status":"publish","type":"page","link":"https:\/\/2024.budapestritmo.hu\/en\/conference\/","title":{"rendered":"Conference"},"content":{"rendered":"\n<section class=\"wp-block-group alignfull text-black bg-white konferencia\"><div class=\"wp-block-group__inner-container is-layout-flow wp-block-group-is-layout-flow\">\n<div class=\"wp-block-columns is-layout-flex wp-container-core-columns-is-layout-9d6595d7 wp-block-columns-is-layout-flex\">\n<div class=\"wp-block-column is-layout-flow wp-block-column-is-layout-flow\" style=\"flex-basis:40%\">\n<h1 class=\"wp-block-heading\">Budapest Ritmo<br><strong>Conference<\/strong><\/h1>\n\n\n\n<p><\/p>\n\n\n\n<p>Come and connect with artists, music lovers and likeminded professionals at Budapest Ritmo\u2019s professional programme, with PRO passes easing your entry. <\/p>\n\n\n\n<p>This year we are leaning into one of Ritmo\u2019s fortes: connection and cooperation. We will discuss global and regional projects strung together by music, and give delegates a pitching platform to present their own. <\/p>\n\n\n\n<p>Delve deep into the industry\u2019s hot topics, talk shop and strike new friendships and cooperations at our networking events, connect with artists at the concerts and artist talks, all accessible with your PRO pass.<\/p>\n<\/div>\n\n\n\n<div class=\"wp-block-column is-vertically-aligned-center is-layout-flow wp-block-column-is-layout-flow\" style=\"flex-basis:60%\"><div class=\"wp-block-image is-style-default\">\n<figure class=\"alignright size-full is-resized\"><img loading=\"lazy\" decoding=\"async\" width=\"960\" height=\"720\" src=\"https:\/\/2024.budapestritmo.hu\/wp-content\/uploads\/2024\/01\/ritmo24-conference-thumb.png\" alt=\"\" class=\"wp-image-4591\" style=\"width:721px;height:auto\" srcset=\"https:\/\/2024.budapestritmo.hu\/wp-content\/uploads\/2024\/01\/ritmo24-conference-thumb.png 960w, https:\/\/2024.budapestritmo.hu\/wp-content\/uploads\/2024\/01\/ritmo24-conference-thumb-300x225.png 300w, https:\/\/2024.budapestritmo.hu\/wp-content\/uploads\/2024\/01\/ritmo24-conference-thumb-768x576.png 768w\" sizes=\"auto, (max-width: 960px) 100vw, 960px\" \/><\/figure>\n<\/div><\/div>\n<\/div>\n<\/div><\/section>\n\n\n<a name=\"timetable\"><\/a>\n<section class=\"timetable text-white\">\n\t\n\t<div class=\"container-fluid\">\n\t\t<div class=\"row\">\n\t\t\t<div class=\"col-12\">\n\t\t\t\t<h2>Conference<\/h2> \n\t\t\t<\/div>\n\t\t<\/div>\n\t<\/div>\n\n\n\t\n\t<div class=\"container-fluid dates\">\n\t\t<div class=\"row\">\n\t\t\t\t\t\t\t<div class=\"col-6 col-sm\" id=\"tab-day1\">\n\t\t\t\t\t<a class=\"day-select current-day\" href=\"#day1\">\n\t\t\t\t\t\tFriday 12.04.\t\t\t\t\t<\/a>\n\t\t\t\t\t\n\t\t\t\t<\/div>\n\t\t\t\t\t\t\t<div class=\"col-6 col-sm\" id=\"tab-day2\">\n\t\t\t\t\t<a class=\"day-select \" href=\"#day2\">\n\t\t\t\t\t\tSaturday 13.04.\t\t\t\t\t<\/a>\n\t\t\t\t\t\n\t\t\t\t<\/div>\n\t\t\t\t\t\t\t\t\n\t\t<\/div>\n\t<\/div>\n\t \n\n\n\t\n\t\t\t\n\t\t<div class=\"container-fluid day  current-day\" id=\"day1\">\n\t\t\n\t\t\t<div class=\"row\">\n\n\n\t\t\t\t<div class=\"col-1 timetable-timeslots d-none d-md-flex\">\n\t\t\t\t\t<ul>\n\t\t\t\t\t\t<li class=\"full-hour\">10:00<\/li><li>10:15<\/li><li>10:30<\/li><li>10:45<\/li><li class=\"full-hour\">11:00<\/li><li>11:15<\/li><li>11:30<\/li><li>11:45<\/li><li class=\"full-hour\">12:00<\/li><li>12:15<\/li><li>12:30<\/li><li>12:45<\/li><li class=\"full-hour\">13:00<\/li><li>13:15<\/li><li>13:30<\/li><li>13:45<\/li><li class=\"full-hour\">14:00<\/li><li>14:15<\/li><li>14:30<\/li><li>14:45<\/li><li class=\"full-hour\">15:00<\/li><li>15:15<\/li><li>15:30<\/li><li>15:45<\/li><li class=\"full-hour\">16:00<\/li><li>16:15<\/li><li>16:30<\/li><li>16:45<\/li>\t\t\t\t\t<\/ul>\n\t\t\t\t<\/div>\n\n\n\t\t\t\t\n\t\t\t\t\n\t\t\t\t\n\n\t\t\t\t\t\t\t<div class=\"col-12 col-sm timetable-column\">\n\t\t\t\t\t\t\t\t<div class=\"timetable-venue\">\n\t\t\t\t\t\t\t\t\tHouse of Music Hungary, Library\t\t\t\t\t\t\t\t<\/div>\n\n\n\t\t\t\t\t\t\t\t\n\t\t\t\t\t\t\t\t\t\t\t\t\t\t\t\t\t\t\t\t\t\t\t\t\n\t\t\n\n\t\t\t\t\t\t\t\t\t\t\t\t\n\t\t\t\t\t\t\t\t\t\t\t\t<a href=\"https:\/\/2024.budapestritmo.hu\/en\/conference-event\/evolution-and-cooperation-the-role-of-music-in-evolution\/\">\t\t\t\t\t\t\t\t\t\t\t\t\t<div class=\"timetable-event \" style=\"top:0px; min-height:64.6666666667px;\">\n\t\t\t\t\t\t\t\t\t\t\t\t\t\t<div class=\"timetable-event-time\">10:00-10:50<\/div>\n\t\t\t\t\t\t\t\t\t\t\t\t\t\t<div class=\"timetable-event-performer\">Evolution and cooperation \u2013 The crucial role of music in human evolution<\/div>\n\t\t\t\t\t\t\t\t\t\t\t\t\t\t<span class=\"timetable-event-country\"><p><span style=\"font-weight: 400\">Opening speech, keynote address and discussion<br \/>\nLibrary<\/span><\/p>\n <\/span>\n\t\t\t\t\t\t\t\t\t\t\t\t\t<\/div>\n\t\t\t\t\t\t\t\t\t\t\t\t<\/a>\t\t\t\t\t\t\t\t\t\t\t\n\n\n\t\t\t\t\t\t\t\t\t\t\t\n\t\t\t\t\t\t\t\t\t\t\t\t\t\t\t\t\t\t\t\t\t\t\t\t\n\t\t\n\n\t\t\t\t\t\t\t\t\t\t\t\t\n\t\t\t\t\t\t\t\t\t\t\t\t<a href=\"https:\/\/2024.budapestritmo.hu\/en\/conference-event\/feedback-forward-bridging-mosts-results-to-future-strategies\/\">\t\t\t\t\t\t\t\t\t\t\t\t\t<div class=\"timetable-event \" style=\"top:80px; min-height:64.6666666667px;\">\n\t\t\t\t\t\t\t\t\t\t\t\t\t\t<div class=\"timetable-event-time\">11:00-11:50<\/div>\n\t\t\t\t\t\t\t\t\t\t\t\t\t\t<div class=\"timetable-event-performer\">FEEDBACK FORWARD: Bridging MOST\u2019s results to future strategies<\/div>\n\t\t\t\t\t\t\t\t\t\t\t\t\t\t<span class=\"timetable-event-country\"><p><span style=\"font-weight: 400\">Panel discussion<br \/>\n<\/span>Library<\/p>\n <\/span>\n\t\t\t\t\t\t\t\t\t\t\t\t\t<\/div>\n\t\t\t\t\t\t\t\t\t\t\t\t<\/a>\t\t\t\t\t\t\t\t\t\t\t\n\n\n\t\t\t\t\t\t\t\t\t\t\t\n\t\t\t\t\t\t\t\t\t\t\t\t\t\t\t\t\t\t\t\t\t\t\t\t\n\t\t\n\n\t\t\t\t\t\t\t\t\t\t\t\t\n\t\t\t\t\t\t\t\t\t\t\t\t<a href=\"https:\/\/2024.budapestritmo.hu\/en\/conference-event\/ritmo-meets-chris-eckman\/\">\t\t\t\t\t\t\t\t\t\t\t\t\t<div class=\"timetable-event \" style=\"top:160px; min-height:64.6666666667px;\">\n\t\t\t\t\t\t\t\t\t\t\t\t\t\t<div class=\"timetable-event-time\">12:00-12:50<\/div>\n\t\t\t\t\t\t\t\t\t\t\t\t\t\t<div class=\"timetable-event-performer\">RITMO MEETS: Chris Eckman<\/div>\n\t\t\t\t\t\t\t\t\t\t\t\t\t\t<span class=\"timetable-event-country\"><p><span style=\"font-weight: 400\">Interview<br \/>\n<\/span><span style=\"font-weight: 400\">Library<\/span><\/p>\n <\/span>\n\t\t\t\t\t\t\t\t\t\t\t\t\t<\/div>\n\t\t\t\t\t\t\t\t\t\t\t\t<\/a>\t\t\t\t\t\t\t\t\t\t\t\n\n\n\t\t\t\t\t\t\t\t\t\t\t\t\t\t\t\t\t\t\t\t\t    \n\n\t\t\t\t\t\t\t\t\t\t\t\n\n\t\t\t\t\t\t\t\t\t\t\t\t\t\t\n\n\t\t\t\t\t\t\t<\/div>\n\n\t\t\t\t\n\n\t\t\t\t\t\t\t<div class=\"col-12 col-sm timetable-column\">\n\t\t\t\t\t\t\t\t<div class=\"timetable-venue\">\n\t\t\t\t\t\t\t\t\tHouse of Music Hungary, Caf\u00e9\t\t\t\t\t\t\t\t<\/div>\n\n\n\t\t\t\t\t\t\t\t\n\t\t\t\t\t\t\t\t\t\t\t\t\t\t\t\t\t\t\t\t\t\t\t\t\n\t\t\n\n\t\t\t\t\t\t\t\t\t\t\t\t\n\t\t\t\t\t\t\t\t\t\t\t\t<a href=\"https:\/\/2024.budapestritmo.hu\/en\/conference-event\/speedmeeting-session-ritmo-6-on-6\/\">\t\t\t\t\t\t\t\t\t\t\t\t\t<div class=\"timetable-event \" style=\"top:160px; min-height:78px;\">\n\t\t\t\t\t\t\t\t\t\t\t\t\t\t<div class=\"timetable-event-time\">12:00-13:00<\/div>\n\t\t\t\t\t\t\t\t\t\t\t\t\t\t<div class=\"timetable-event-performer\">Speedmeeting session: Ritmo 6 on 6<\/div>\n\t\t\t\t\t\t\t\t\t\t\t\t\t\t<span class=\"timetable-event-country\"><p><span style=\"font-weight: 400\">One on one meeting <\/span><i><span style=\"font-weight: 400\">(invitation only)<br \/>\n<\/span><\/i><span style=\"font-weight: 400\">Caf\u00e9<\/span><\/p>\n <\/span>\n\t\t\t\t\t\t\t\t\t\t\t\t\t<\/div>\n\t\t\t\t\t\t\t\t\t\t\t\t<\/a>\t\t\t\t\t\t\t\t\t\t\t\n\n\n\t\t\t\t\t\t\t\t\t\t\t\n\t\t\t\t\t\t\t\t\t\t\t\t\t\t\t\t\t\t\t\t\t\t\t\t\n\t\t\n\n\t\t\t\t\t\t\t\t\t\t\t\t\n\t\t\t\t\t\t\t\t\t\t\t\t<a href=\"https:\/\/2024.budapestritmo.hu\/en\/conference-event\/ritmo-connects-pitching-session-1\/\">\t\t\t\t\t\t\t\t\t\t\t\t\t<div class=\"timetable-event \" style=\"top:320px; min-height:78px;\">\n\t\t\t\t\t\t\t\t\t\t\t\t\t\t<div class=\"timetable-event-time\">14:00-15:00<\/div>\n\t\t\t\t\t\t\t\t\t\t\t\t\t\t<div class=\"timetable-event-performer\">RITMO CONNECTS: Pitching Session #1<\/div>\n\t\t\t\t\t\t\t\t\t\t\t\t\t\t<span class=\"timetable-event-country\"><p><span style=\"font-weight: 400\">Project pitch session<br \/>\n<\/span>Caf\u00e9<\/p>\n <\/span>\n\t\t\t\t\t\t\t\t\t\t\t\t\t<\/div>\n\t\t\t\t\t\t\t\t\t\t\t\t<\/a>\t\t\t\t\t\t\t\t\t\t\t\n\n\n\t\t\t\t\t\t\t\t\t\t\t\n\t\t\t\t\t\t\t\t\t\t\t\t\t\t\t\t\t\t\t\t\t\t\t\t\n\t\t\n\n\t\t\t\t\t\t\t\t\t\t\t\t\n\t\t\t\t\t\t\t\t\t\t\t\t<a href=\"https:\/\/2024.budapestritmo.hu\/en\/conference-event\/ritmo-cafe-discuss-projects-from-pitching-session-1\/\">\t\t\t\t\t\t\t\t\t\t\t\t\t<div class=\"timetable-event \" style=\"top:440px; min-height:78px;\">\n\t\t\t\t\t\t\t\t\t\t\t\t\t\t<div class=\"timetable-event-time\">15:30-16:30<\/div>\n\t\t\t\t\t\t\t\t\t\t\t\t\t\t<div class=\"timetable-event-performer\">RITMO CAF\u00c9: Discuss projects from pitching session #1<\/div>\n\t\t\t\t\t\t\t\t\t\t\t\t\t\t<span class=\"timetable-event-country\"><p><span style=\"font-weight: 400\">World caf\u00e9<br \/>\nCaf\u00e9<\/span><\/p>\n <\/span>\n\t\t\t\t\t\t\t\t\t\t\t\t\t<\/div>\n\t\t\t\t\t\t\t\t\t\t\t\t<\/a>\t\t\t\t\t\t\t\t\t\t\t\n\n\n\t\t\t\t\t\t\t\t\t\t\t\t\t\t\t\t\t\t\t\t\t    \n\n\t\t\t\t\t\t\t\t\t\t\t\n\n\t\t\t\t\t\t\t\t\t\t\t\t\t\t\n\n\t\t\t\t\t\t\t<\/div>\n\n\t\t\t\t\t\t\t\n\n\t\t\t\t\n\n\t\t\t\t\n\t\t\t\n\t\t\t<\/div> <!-- \/row -->\n\t\t<\/div>  <!-- \/container.day -->\n\t\t\n\t\t\t\n\t\t<div class=\"container-fluid day  \" id=\"day2\">\n\t\t\n\t\t\t<div class=\"row\">\n\n\n\t\t\t\t<div class=\"col-1 timetable-timeslots d-none d-md-flex\">\n\t\t\t\t\t<ul>\n\t\t\t\t\t\t<li class=\"full-hour\">10:00<\/li><li>10:15<\/li><li>10:30<\/li><li>10:45<\/li><li class=\"full-hour\">11:00<\/li><li>11:15<\/li><li>11:30<\/li><li>11:45<\/li><li class=\"full-hour\">12:00<\/li><li>12:15<\/li><li>12:30<\/li><li>12:45<\/li><li class=\"full-hour\">13:00<\/li><li>13:15<\/li><li>13:30<\/li><li>13:45<\/li><li class=\"full-hour\">14:00<\/li><li>14:15<\/li><li>14:30<\/li><li>14:45<\/li><li class=\"full-hour\">15:00<\/li><li>15:15<\/li><li>15:30<\/li><li>15:45<\/li><li class=\"full-hour\">16:00<\/li><li>16:15<\/li><li>16:30<\/li><li>16:45<\/li>\t\t\t\t\t<\/ul>\n\t\t\t\t<\/div>\n\n\n\t\t\t\t\n\t\t\t\t\n\t\t\t\t\n\n\t\t\t\t\t\t\t<div class=\"col-12 col-sm timetable-column\">\n\t\t\t\t\t\t\t\t<div class=\"timetable-venue\">\n\t\t\t\t\t\t\t\t\tHouse of Music Hungary, Library\t\t\t\t\t\t\t\t<\/div>\n\n\n\t\t\t\t\t\t\t\t\n\t\t\t\t\t\t\t\t\t\t\t\t\t\t\t\t\t\t\t\t\t\t\t\t\n\t\t\n\n\t\t\t\t\t\t\t\t\t\t\t\t\n\t\t\t\t\t\t\t\t\t\t\t\t<a href=\"https:\/\/2024.budapestritmo.hu\/en\/conference-event\/ritmo-meets-puuluup\/\">\t\t\t\t\t\t\t\t\t\t\t\t\t<div class=\"timetable-event \" style=\"top:80px; min-height:64.6666666667px;\">\n\t\t\t\t\t\t\t\t\t\t\t\t\t\t<div class=\"timetable-event-time\">11:00-11:50<\/div>\n\t\t\t\t\t\t\t\t\t\t\t\t\t\t<div class=\"timetable-event-performer\">RITMO MEETS: Puuluup<\/div>\n\t\t\t\t\t\t\t\t\t\t\t\t\t\t<span class=\"timetable-event-country\"><p><span style=\"font-weight: 400\">Interview<br \/>\nLibrary<\/span><\/p>\n <\/span>\n\t\t\t\t\t\t\t\t\t\t\t\t\t<\/div>\n\t\t\t\t\t\t\t\t\t\t\t\t<\/a>\t\t\t\t\t\t\t\t\t\t\t\n\n\n\t\t\t\t\t\t\t\t\t\t\t\n\t\t\t\t\t\t\t\t\t\t\t\t\t\t\t\t\t\t\t\t\t\t\t\t\n\t\t\n\n\t\t\t\t\t\t\t\t\t\t\t\t\n\t\t\t\t\t\t\t\t\t\t\t\t<a href=\"https:\/\/2024.budapestritmo.hu\/en\/conference-event\/ritmo-meets-vincent-moon\/\">\t\t\t\t\t\t\t\t\t\t\t\t\t<div class=\"timetable-event \" style=\"top:160px; min-height:64.6666666667px;\">\n\t\t\t\t\t\t\t\t\t\t\t\t\t\t<div class=\"timetable-event-time\">12:00-12:50<\/div>\n\t\t\t\t\t\t\t\t\t\t\t\t\t\t<div class=\"timetable-event-performer\">RITMO MEETS: Vincent Moon<\/div>\n\t\t\t\t\t\t\t\t\t\t\t\t\t\t<span class=\"timetable-event-country\"><p><span style=\"font-weight: 400\">Interview<br \/>\n<\/span>Library<\/p>\n <\/span>\n\t\t\t\t\t\t\t\t\t\t\t\t\t<\/div>\n\t\t\t\t\t\t\t\t\t\t\t\t<\/a>\t\t\t\t\t\t\t\t\t\t\t\n\n\n\t\t\t\t\t\t\t\t\t\t\t\n\t\t\t\t\t\t\t\t\t\t\t\t\t\t\t\t\t\t\t\t\t\t\t\t\n\t\t\n\n\t\t\t\t\t\t\t\t\t\t\t\t\n\t\t\t\t\t\t\t\t\t\t\t\t<a href=\"https:\/\/2024.budapestritmo.hu\/en\/conference-event\/ritmo-listens-to-most-listening-session\/\">\t\t\t\t\t\t\t\t\t\t\t\t\t<div class=\"timetable-event \" style=\"top:240px; min-height:78px;\">\n\t\t\t\t\t\t\t\t\t\t\t\t\t\t<div class=\"timetable-event-time\">13:00-14:00<\/div>\n\t\t\t\t\t\t\t\t\t\t\t\t\t\t<div class=\"timetable-event-performer\">RITMO LISTENS TO MOST: Listening session<\/div>\n\t\t\t\t\t\t\t\t\t\t\t\t\t\t<span class=\"timetable-event-country\"><p><span style=\"font-weight: 400\">Panel discussion<br \/>\n<\/span>Library<\/p>\n <\/span>\n\t\t\t\t\t\t\t\t\t\t\t\t\t<\/div>\n\t\t\t\t\t\t\t\t\t\t\t\t<\/a>\t\t\t\t\t\t\t\t\t\t\t\n\n\n\t\t\t\t\t\t\t\t\t\t\t\t\t\t\t\t\t\t\t\t\t    \n\n\t\t\t\t\t\t\t\t\t\t\t\n\n\t\t\t\t\t\t\t\t\t\t\t\t\t\t\n\n\t\t\t\t\t\t\t<\/div>\n\n\t\t\t\t\n\n\t\t\t\t\t\t\t<div class=\"col-12 col-sm timetable-column\">\n\t\t\t\t\t\t\t\t<div class=\"timetable-venue\">\n\t\t\t\t\t\t\t\t\tHouse of Music Hungary, Caf\u00e9\t\t\t\t\t\t\t\t<\/div>\n\n\n\t\t\t\t\t\t\t\t\n\t\t\t\t\t\t\t\t\t\t\t\t\t\t\t\t\t\t\t\t\t\t\t\t\n\t\t\n\n\t\t\t\t\t\t\t\t\t\t\t\t\n\t\t\t\t\t\t\t\t\t\t\t\t<a href=\"https:\/\/2024.budapestritmo.hu\/en\/conference-event\/speedmeeting-session-meet-the-festival-pros\/\">\t\t\t\t\t\t\t\t\t\t\t\t\t<div class=\"timetable-event \" style=\"top:120px; min-height:118px;\">\n\t\t\t\t\t\t\t\t\t\t\t\t\t\t<div class=\"timetable-event-time\">11:30-13:00<\/div>\n\t\t\t\t\t\t\t\t\t\t\t\t\t\t<div class=\"timetable-event-performer\">Speedmeeting session: Meet the festival Pros!<\/div>\n\t\t\t\t\t\t\t\t\t\t\t\t\t\t<span class=\"timetable-event-country\"><p><span style=\"font-weight: 400\">One on one discussion <em>(for signed-up Pro Members only)<br \/>\n<\/em>Caf\u00e9<\/span><\/p>\n <\/span>\n\t\t\t\t\t\t\t\t\t\t\t\t\t<\/div>\n\t\t\t\t\t\t\t\t\t\t\t\t<\/a>\t\t\t\t\t\t\t\t\t\t\t\n\n\n\t\t\t\t\t\t\t\t\t\t\t\n\t\t\t\t\t\t\t\t\t\t\t\t\t\t\t\t\t\t\t\t\t\t\t\t\n\t\t\n\n\t\t\t\t\t\t\t\t\t\t\t\t\n\t\t\t\t\t\t\t\t\t\t\t\t<a href=\"https:\/\/2024.budapestritmo.hu\/en\/conference-event\/ritmo-connects-pitching-session-2\/\">\t\t\t\t\t\t\t\t\t\t\t\t\t<div class=\"timetable-event \" style=\"top:320px; min-height:78px;\">\n\t\t\t\t\t\t\t\t\t\t\t\t\t\t<div class=\"timetable-event-time\">14:00-15:00<\/div>\n\t\t\t\t\t\t\t\t\t\t\t\t\t\t<div class=\"timetable-event-performer\">RITMO CONNECTS: Pitching Session #2<\/div>\n\t\t\t\t\t\t\t\t\t\t\t\t\t\t<span class=\"timetable-event-country\"><p><span style=\"font-weight: 400\">Project pitch session<br \/>\n<\/span>Caf\u00e9<\/p>\n <\/span>\n\t\t\t\t\t\t\t\t\t\t\t\t\t<\/div>\n\t\t\t\t\t\t\t\t\t\t\t\t<\/a>\t\t\t\t\t\t\t\t\t\t\t\n\n\n\t\t\t\t\t\t\t\t\t\t\t\n\t\t\t\t\t\t\t\t\t\t\t\t\t\t\t\t\t\t\t\t\t\t\t\t\n\t\t\n\n\t\t\t\t\t\t\t\t\t\t\t\t\n\t\t\t\t\t\t\t\t\t\t\t\t<a href=\"https:\/\/2024.budapestritmo.hu\/en\/conference-event\/ritmo-cafe-discuss-projects-from-pitching-session-2\/\">\t\t\t\t\t\t\t\t\t\t\t\t\t<div class=\"timetable-event \" style=\"top:440px; min-height:78px;\">\n\t\t\t\t\t\t\t\t\t\t\t\t\t\t<div class=\"timetable-event-time\">15:30-16:30<\/div>\n\t\t\t\t\t\t\t\t\t\t\t\t\t\t<div class=\"timetable-event-performer\">RITMO CAF\u00c9: Discuss projects from pitching session #2<\/div>\n\t\t\t\t\t\t\t\t\t\t\t\t\t\t<span class=\"timetable-event-country\"><p><span style=\"font-weight: 400\">World Caf\u00e9<br \/>\n<\/span>Caf\u00e9<\/p>\n <\/span>\n\t\t\t\t\t\t\t\t\t\t\t\t\t<\/div>\n\t\t\t\t\t\t\t\t\t\t\t\t<\/a>\t\t\t\t\t\t\t\t\t\t\t\n\n\n\t\t\t\t\t\t\t\t\t\t\t\t\t\t\t\t\t\t\t\t\t    \n\n\t\t\t\t\t\t\t\t\t\t\t\n\n\t\t\t\t\t\t\t\t\t\t\t\t\t\t\n\n\t\t\t\t\t\t\t<\/div>\n\n\t\t\t\t\t\t\t\n\n\t\t\t\t\n\n\t\t\t\t\n\t\t\t\n\t\t\t<\/div> <!-- \/row -->\n\t\t<\/div>  <!-- \/container.day -->\n\t\t\n\t\t\t\n<\/section> <!-- \/timetable.section -->\n\n\n<section class=\"wp-block-group alignfull text-white bg-black wicembed\"><div class=\"wp-block-group__inner-container is-layout-flow wp-block-group-is-layout-flow\">\n<div class=\"wp-block-columns is-layout-flex wp-container-core-columns-is-layout-9d6595d7 wp-block-columns-is-layout-flex\">\n<div class=\"wp-block-column is-layout-flow wp-block-column-is-layout-flow\" style=\"flex-basis:100%\"><div id=\"gv-view-4051-1\"><div class=\"gv-list-container gv-list-multiple-container gv-container gv-container-4051\">\n\t\t\t<div id=\"gv_list_125\" class=\"gv-list-view\">\n\n\t\t\n\t\t\t<div class=\"gv-list-view-title\">\n\t\t\t\t<h3 class=\"gv-field-3-custom\"><div class=\"speaker-small speaker-small-wic\">\r\n\t<a href=\"https:\/\/2024.budapestritmo.hu\/en\/view\/who-is-coming\/entry\/125\/\">\r\n\t\t<div class=\"thumbnail\">\r\n\t\t\t<img decoding=\"async\" src=\"https:\/\/2024.budapestritmo.hu\/index.php?gf-download=2024%2F01%2FIMG_3556.jpeg&amp;form-id=3&amp;field-id=7&amp;hash=ad11902d73f8859be6301120d06691629cc853fee87adb0a21f381e74afc1dbf\">\r\n\t\t\t<div class=\"hover\"><\/div>\r\n\t\t<\/div>\r\n\t<\/a>\r\n\t<a href=\"https:\/\/2024.budapestritmo.hu\/en\/view\/who-is-coming\/entry\/125\/\">\r\n\t\t<div class=\"name\">\r\n\t\t\t Adrian F\u00fcl\u00f6p<br>\r\n\t\t\t<span class=\"country\">\r\n\t\t\tMaraquita<br>\r\n\t\t\tHungary\r\n\t\t\t<\/span>\r\n\t\t<\/div>\r\n\t<\/a>\r\n<\/div><\/h3>\t\t\t<\/div>\n\t\t\t\n\t\t<\/div>\n\n\t\t\t\t<div id=\"gv_list_170\" class=\"gv-list-view\">\n\n\t\t\n\t\t\t<div class=\"gv-list-view-title\">\n\t\t\t\t<h3 class=\"gv-field-3-custom\"><div class=\"speaker-small speaker-small-wic\">\r\n\t<a href=\"https:\/\/2024.budapestritmo.hu\/en\/view\/who-is-coming\/entry\/170\/\">\r\n\t\t<div class=\"thumbnail\">\r\n\t\t\t<img decoding=\"async\" src=\"https:\/\/2024.budapestritmo.hu\/index.php?gf-download=2024%2F03%2FJeunesse_Feier_31009-214-e1507017762138-370x430-1.jpg&amp;form-id=3&amp;field-id=7&amp;hash=fa25d9ffea58296f5cec8ad4d892c5f3660848a2c94339da8ebecf10a3636c23\">\r\n\t\t\t<div class=\"hover\"><\/div>\r\n\t\t<\/div>\r\n\t<\/a>\r\n\t<a href=\"https:\/\/2024.budapestritmo.hu\/en\/view\/who-is-coming\/entry\/170\/\">\r\n\t\t<div class=\"name\">\r\n\t\t\t Albert Hosp<br>\r\n\t\t\t<span class=\"country\">\r\n\t\t\tGLATT&amp;VERKEHRT\/ORF RADIO AUSTRIA<br>\r\n\t\t\tAustria\r\n\t\t\t<\/span>\r\n\t\t<\/div>\r\n\t<\/a>\r\n<\/div><\/h3>\t\t\t<\/div>\n\t\t\t\n\t\t<\/div>\n\n\t\t\t\t<div id=\"gv_list_172\" class=\"gv-list-view\">\n\n\t\t\n\t\t\t<div class=\"gv-list-view-title\">\n\t\t\t\t<h3 class=\"gv-field-3-custom\"><div class=\"speaker-small speaker-small-wic\">\r\n\t<a href=\"https:\/\/2024.budapestritmo.hu\/en\/view\/who-is-coming\/entry\/172\/\">\r\n\t\t<div class=\"thumbnail\">\r\n\t\t\t<img decoding=\"async\" src=\"https:\/\/2024.budapestritmo.hu\/index.php?gf-download=2024%2F03%2FALEJANDRO-FOTOAK.jpg&amp;form-id=3&amp;field-id=7&amp;hash=504e7c5d3819faec07750333ae782428a08339e57d4be097ecce14a5f204c102\">\r\n\t\t\t<div class=\"hover\"><\/div>\r\n\t\t<\/div>\r\n\t<\/a>\r\n\t<a href=\"https:\/\/2024.budapestritmo.hu\/en\/view\/who-is-coming\/entry\/172\/\">\r\n\t\t<div class=\"name\">\r\n\t\t\t Alejandro Garcia<br>\r\n\t\t\t<span class=\"country\">\r\n\t\t\tUNFIT - US\/CAN<br>\r\n\t\t\tCanada\r\n\t\t\t<\/span>\r\n\t\t<\/div>\r\n\t<\/a>\r\n<\/div><\/h3>\t\t\t<\/div>\n\t\t\t\n\t\t<\/div>\n\n\t\t\t\t<div id=\"gv_list_228\" class=\"gv-list-view\">\n\n\t\t\n\t\t\t<div class=\"gv-list-view-title\">\n\t\t\t\t<h3 class=\"gv-field-3-custom\"><div class=\"speaker-small speaker-small-wic\">\r\n\t<a href=\"https:\/\/2024.budapestritmo.hu\/en\/view\/who-is-coming\/entry\/228\/\">\r\n\t\t<div class=\"thumbnail\">\r\n\t\t\t<img decoding=\"async\" src=\"https:\/\/2024.budapestritmo.hu\/index.php?gf-download=2024%2F04%2Fphoto.jpg&amp;form-id=3&amp;field-id=7&amp;hash=3bf1acf80ab092becbff0db66bed8ef1bebe7489aadab3b0d482900fca6c98a3\">\r\n\t\t\t<div class=\"hover\"><\/div>\r\n\t\t<\/div>\r\n\t<\/a>\r\n\t<a href=\"https:\/\/2024.budapestritmo.hu\/en\/view\/who-is-coming\/entry\/228\/\">\r\n\t\t<div class=\"name\">\r\n\t\t\t Alessandro Miglietta<br>\r\n\t\t\t<span class=\"country\">\r\n\t\t\tSud Sonico | The Line of Best Fit<br>\r\n\t\t\tItaly\r\n\t\t\t<\/span>\r\n\t\t<\/div>\r\n\t<\/a>\r\n<\/div><\/h3>\t\t\t<\/div>\n\t\t\t\n\t\t<\/div>\n\n\t\t\t\t<div id=\"gv_list_79\" class=\"gv-list-view\">\n\n\t\t\n\t\t\t<div class=\"gv-list-view-title\">\n\t\t\t\t<h3 class=\"gv-field-3-custom\"><div class=\"speaker-small speaker-small-wic\">\r\n\t<a href=\"https:\/\/2024.budapestritmo.hu\/en\/view\/who-is-coming\/entry\/79\/\">\r\n\t\t<div class=\"thumbnail\">\r\n\t\t\t<img decoding=\"async\" src=\"https:\/\/2024.budapestritmo.hu\/index.php?gf-download=2024%2F02%2FCsak-Aliz-1024x1204.jpg&amp;form-id=3&amp;field-id=7&amp;hash=9d6ff4154d19e948391a2eb0af9de195bb67d9c8b4b0181d1e176307093e654a\">\r\n\t\t\t<div class=\"hover\"><\/div>\r\n\t\t<\/div>\r\n\t<\/a>\r\n\t<a href=\"https:\/\/2024.budapestritmo.hu\/en\/view\/who-is-coming\/entry\/79\/\">\r\n\t\t<div class=\"name\">\r\n\t\t\t Al\u00edz Cs\u00e1k<br>\r\n\t\t\t<span class=\"country\">\r\n\t\t\tHangvet\u0151<br>\r\n\t\t\tHungary\r\n\t\t\t<\/span>\r\n\t\t<\/div>\r\n\t<\/a>\r\n<\/div><\/h3>\t\t\t<\/div>\n\t\t\t\n\t\t<\/div>\n\n\t\t\t\t<div id=\"gv_list_218\" class=\"gv-list-view\">\n\n\t\t\n\t\t\t<div class=\"gv-list-view-title\">\n\t\t\t\t<h3 class=\"gv-field-3-custom\"><div class=\"speaker-small speaker-small-wic\">\r\n\t<a href=\"https:\/\/2024.budapestritmo.hu\/en\/view\/who-is-coming\/entry\/218\/\">\r\n\t\t<div class=\"thumbnail\">\r\n\t\t\t<img decoding=\"async\" src=\"https:\/\/2024.budapestritmo.hu\/index.php?gf-download=2024%2F04%2FAna-Vrbaski-foto-Boris-Radivojkov-2.JPG&amp;form-id=3&amp;field-id=7&amp;hash=c566eca374e97ef4692d9c639e77cc3ba84cf09d5f19c53b80dd198a92898900\">\r\n\t\t\t<div class=\"hover\"><\/div>\r\n\t\t<\/div>\r\n\t<\/a>\r\n\t<a href=\"https:\/\/2024.budapestritmo.hu\/en\/view\/who-is-coming\/entry\/218\/\">\r\n\t\t<div class=\"name\">\r\n\t\t\t Ana Vrba\u0161ki<br>\r\n\t\t\t<span class=\"country\">\r\n\t\t\tAlice in WonderBand<br>\r\n\t\t\tSerbia\r\n\t\t\t<\/span>\r\n\t\t<\/div>\r\n\t<\/a>\r\n<\/div><\/h3>\t\t\t<\/div>\n\t\t\t\n\t\t<\/div>\n\n\t\t\t\t<div id=\"gv_list_220\" class=\"gv-list-view\">\n\n\t\t\n\t\t\t<div class=\"gv-list-view-title\">\n\t\t\t\t<h3 class=\"gv-field-3-custom\"><div class=\"speaker-small speaker-small-wic\">\r\n\t<a href=\"https:\/\/2024.budapestritmo.hu\/en\/view\/who-is-coming\/entry\/220\/\">\r\n\t\t<div class=\"thumbnail\">\r\n\t\t\t<img decoding=\"async\" src=\"https:\/\/2024.budapestritmo.hu\/index.php?gf-download=2024%2F04%2F374505927_3485353421782888_6481250826756592085_n.jpg&amp;form-id=3&amp;field-id=7&amp;hash=58d16727d28dda2236f9ceb515b5ef1dff9518d85a7fa3a8f830e212de87aa09\">\r\n\t\t\t<div class=\"hover\"><\/div>\r\n\t\t<\/div>\r\n\t<\/a>\r\n\t<a href=\"https:\/\/2024.budapestritmo.hu\/en\/view\/who-is-coming\/entry\/220\/\">\r\n\t\t<div class=\"name\">\r\n\t\t\t Ana \u017danko<br>\r\n\t\t\t<span class=\"country\">\r\n\t\t\tKami\u010dak Etno Festival \/ Sikirica City Museum<br>\r\n\t\t\tCroatia\r\n\t\t\t<\/span>\r\n\t\t<\/div>\r\n\t<\/a>\r\n<\/div><\/h3>\t\t\t<\/div>\n\t\t\t\n\t\t<\/div>\n\n\t\t\t\t<div id=\"gv_list_61\" class=\"gv-list-view\">\n\n\t\t\n\t\t\t<div class=\"gv-list-view-title\">\n\t\t\t\t<h3 class=\"gv-field-3-custom\"><div class=\"speaker-small speaker-small-wic\">\r\n\t<a href=\"https:\/\/2024.budapestritmo.hu\/en\/view\/who-is-coming\/entry\/61\/\">\r\n\t\t<div class=\"thumbnail\">\r\n\t\t\t<img decoding=\"async\" src=\"https:\/\/2024.budapestritmo.hu\/index.php?gf-download=2023%2F03%2FMG_2783_jav-1.jpg&amp;form-id=3&amp;field-id=7&amp;hash=2175026ba7c6e7406af689505cdf4f48394cfa293772428a1ca09bf2397cc6f3\">\r\n\t\t\t<div class=\"hover\"><\/div>\r\n\t\t<\/div>\r\n\t<\/a>\r\n\t<a href=\"https:\/\/2024.budapestritmo.hu\/en\/view\/who-is-coming\/entry\/61\/\">\r\n\t\t<div class=\"name\">\r\n\t\t\t Andr\u00e1s S\u0151r\u00e9s<br>\r\n\t\t\t<span class=\"country\">\r\n\t\t\tFreelancer<br>\r\n\t\t\tHungary\r\n\t\t\t<\/span>\r\n\t\t<\/div>\r\n\t<\/a>\r\n<\/div><\/h3>\t\t\t<\/div>\n\t\t\t\n\t\t<\/div>\n\n\t\t\t\t<div id=\"gv_list_149\" class=\"gv-list-view\">\n\n\t\t\n\t\t\t<div class=\"gv-list-view-title\">\n\t\t\t\t<h3 class=\"gv-field-3-custom\"><div class=\"speaker-small speaker-small-wic\">\r\n\t<a href=\"https:\/\/2024.budapestritmo.hu\/en\/view\/who-is-coming\/entry\/149\/\">\r\n\t\t<div class=\"thumbnail\">\r\n\t\t\t<img decoding=\"async\" src=\"https:\/\/2024.budapestritmo.hu\/index.php?gf-download=2024%2F02%2FAndras-Bethlendi-Mera-World-Music-Festival-Director.jpg&amp;form-id=3&amp;field-id=7&amp;hash=55d38b80df16819018b193075600e512796e951343e06ba9402544b5f7a6b1cc\">\r\n\t\t\t<div class=\"hover\"><\/div>\r\n\t\t<\/div>\r\n\t<\/a>\r\n\t<a href=\"https:\/\/2024.budapestritmo.hu\/en\/view\/who-is-coming\/entry\/149\/\">\r\n\t\t<div class=\"name\">\r\n\t\t\t Andr\u00e1s Bethlendi<br>\r\n\t\t\t<span class=\"country\">\r\n\t\t\tM\u00e9ra World Music Festival<br>\r\n\t\t\tRomania\r\n\t\t\t<\/span>\r\n\t\t<\/div>\r\n\t<\/a>\r\n<\/div><\/h3>\t\t\t<\/div>\n\t\t\t\n\t\t<\/div>\n\n\t\t\t\t<div id=\"gv_list_204\" class=\"gv-list-view\">\n\n\t\t\n\t\t\t<div class=\"gv-list-view-title\">\n\t\t\t\t<h3 class=\"gv-field-3-custom\"><div class=\"speaker-small speaker-small-wic\">\r\n\t<a href=\"https:\/\/2024.budapestritmo.hu\/en\/view\/who-is-coming\/entry\/204\/\">\r\n\t\t<div class=\"thumbnail\">\r\n\t\t\t<img decoding=\"async\" src=\"https:\/\/2024.budapestritmo.hu\/index.php?gf-download=2024%2F04%2FHV_LELKES_profile_RGB-Andras-Lelkes.jpg&amp;form-id=3&amp;field-id=7&amp;hash=74809b60271c8279c81b6ceca486fe578afbcb11800a05ce4cfa34a88a1ba881\">\r\n\t\t\t<div class=\"hover\"><\/div>\r\n\t\t<\/div>\r\n\t<\/a>\r\n\t<a href=\"https:\/\/2024.budapestritmo.hu\/en\/view\/who-is-coming\/entry\/204\/\">\r\n\t\t<div class=\"name\">\r\n\t\t\t Andr\u00e1s Lelkes<br>\r\n\t\t\t<span class=\"country\">\r\n\t\t\tHangvet\u0151<br>\r\n\t\t\tIceland\r\n\t\t\t<\/span>\r\n\t\t<\/div>\r\n\t<\/a>\r\n<\/div><\/h3>\t\t\t<\/div>\n\t\t\t\n\t\t<\/div>\n\n\t\t\t\t<div id=\"gv_list_131\" class=\"gv-list-view\">\n\n\t\t\n\t\t\t<div class=\"gv-list-view-title\">\n\t\t\t\t<h3 class=\"gv-field-3-custom\"><div class=\"speaker-small speaker-small-wic\">\r\n\t<a href=\"https:\/\/2024.budapestritmo.hu\/en\/view\/who-is-coming\/entry\/131\/\">\r\n\t\t<div class=\"thumbnail\">\r\n\t\t\t<img decoding=\"async\" src=\"https:\/\/2024.budapestritmo.hu\/index.php?gf-download=2024%2F01%2Fandraz_kajzer_ment18_foto_Kaja-Brezocnik.jpg&amp;form-id=3&amp;field-id=7&amp;hash=528797429b828602ce02969e4bd623b14ef27b20ba445344e306da2abd404d9e\">\r\n\t\t\t<div class=\"hover\"><\/div>\r\n\t\t<\/div>\r\n\t<\/a>\r\n\t<a href=\"https:\/\/2024.budapestritmo.hu\/en\/view\/who-is-coming\/entry\/131\/\">\r\n\t\t<div class=\"name\">\r\n\t\t\t Andra\u017e Kajzer<br>\r\n\t\t\t<span class=\"country\">\r\n\t\t\tMENT Ljubljana<br>\r\n\t\t\tSlovenia\r\n\t\t\t<\/span>\r\n\t\t<\/div>\r\n\t<\/a>\r\n<\/div><\/h3>\t\t\t<\/div>\n\t\t\t\n\t\t<\/div>\n\n\t\t\t\t<div id=\"gv_list_130\" class=\"gv-list-view\">\n\n\t\t\n\t\t\t<div class=\"gv-list-view-title\">\n\t\t\t\t<h3 class=\"gv-field-3-custom\"><div class=\"speaker-small speaker-small-wic\">\r\n\t<a href=\"https:\/\/2024.budapestritmo.hu\/en\/view\/who-is-coming\/entry\/130\/\">\r\n\t\t<div class=\"thumbnail\">\r\n\t\t\t<img decoding=\"async\" src=\"https:\/\/2024.budapestritmo.hu\/index.php?gf-download=2024%2F01%2F5bc8bae3c4e37859aed40d3181676594_28.jpeg&amp;form-id=3&amp;field-id=7&amp;hash=ff3a5b66581bbab0ba4dc846610869654d758c69a0d450e8523794657918a24a\">\r\n\t\t\t<div class=\"hover\"><\/div>\r\n\t\t<\/div>\r\n\t<\/a>\r\n\t<a href=\"https:\/\/2024.budapestritmo.hu\/en\/view\/who-is-coming\/entry\/130\/\">\r\n\t\t<div class=\"name\">\r\n\t\t\t Andrea Bokari\u0107<br>\r\n\t\t\t<span class=\"country\">\r\n\t\t\tKAL BAND<br>\r\n\t\t\tSerbia\r\n\t\t\t<\/span>\r\n\t\t<\/div>\r\n\t<\/a>\r\n<\/div><\/h3>\t\t\t<\/div>\n\t\t\t\n\t\t<\/div>\n\n\t\t\t\t<div id=\"gv_list_17\" class=\"gv-list-view\">\n\n\t\t\n\t\t\t<div class=\"gv-list-view-title\">\n\t\t\t\t<h3 class=\"gv-field-3-custom\"><div class=\"speaker-small speaker-small-wic\">\r\n\t<a href=\"https:\/\/2024.budapestritmo.hu\/en\/view\/who-is-coming\/entry\/17\/\">\r\n\t\t<div class=\"thumbnail\">\r\n\t\t\t<img decoding=\"async\" src=\"https:\/\/2024.budapestritmo.hu\/index.php?gf-download=2023%2F04%2FAAAB1B27-6388-41CE-B7E7-408415B2832C.jpeg&amp;form-id=3&amp;field-id=7&amp;hash=290f9611dcec52092c7be986a08a326f8bfb4049b68918e4875ee475b42f34e0\">\r\n\t\t\t<div class=\"hover\"><\/div>\r\n\t\t<\/div>\r\n\t<\/a>\r\n\t<a href=\"https:\/\/2024.budapestritmo.hu\/en\/view\/who-is-coming\/entry\/17\/\">\r\n\t\t<div class=\"name\">\r\n\t\t\t Anna Fazekas<br>\r\n\t\t\t<span class=\"country\">\r\n\t\t\tHangvet\u0151<br>\r\n\t\t\tHungary\r\n\t\t\t<\/span>\r\n\t\t<\/div>\r\n\t<\/a>\r\n<\/div><\/h3>\t\t\t<\/div>\n\t\t\t\n\t\t<\/div>\n\n\t\t\t\t<div id=\"gv_list_54\" class=\"gv-list-view\">\n\n\t\t\n\t\t\t<div class=\"gv-list-view-title\">\n\t\t\t\t<h3 class=\"gv-field-3-custom\"><div class=\"speaker-small speaker-small-wic\">\r\n\t<a href=\"https:\/\/2024.budapestritmo.hu\/en\/view\/who-is-coming\/entry\/54\/\">\r\n\t\t<div class=\"thumbnail\">\r\n\t\t\t<img decoding=\"async\" src=\"https:\/\/2024.budapestritmo.hu\/index.php?gf-download=2023%2F03%2F322960315_735231687708510_2547682570183775593_n.jpg&amp;form-id=3&amp;field-id=7&amp;hash=ea55c21950b33ad732d38c1138160855ee1b7b10adedaf1b5de5db96ebbb1eee\">\r\n\t\t\t<div class=\"hover\"><\/div>\r\n\t\t<\/div>\r\n\t<\/a>\r\n\t<a href=\"https:\/\/2024.budapestritmo.hu\/en\/view\/who-is-coming\/entry\/54\/\">\r\n\t\t<div class=\"name\">\r\n\t\t\t Anna Isola<br>\r\n\t\t\t<span class=\"country\">\r\n\t\t\tHangvet\u0151<br>\r\n\t\t\tHungary\r\n\t\t\t<\/span>\r\n\t\t<\/div>\r\n\t<\/a>\r\n<\/div><\/h3>\t\t\t<\/div>\n\t\t\t\n\t\t<\/div>\n\n\t\t\t\t<div id=\"gv_list_146\" class=\"gv-list-view\">\n\n\t\t\n\t\t\t<div class=\"gv-list-view-title\">\n\t\t\t\t<h3 class=\"gv-field-3-custom\"><div class=\"speaker-small speaker-small-wic\">\r\n\t<a href=\"https:\/\/2024.budapestritmo.hu\/en\/view\/who-is-coming\/entry\/146\/\">\r\n\t\t<div class=\"thumbnail\">\r\n\t\t\t<img decoding=\"async\" src=\"https:\/\/2024.budapestritmo.hu\/index.php?gf-download=2024%2F02%2FHIGH_ANNA-VILANOVA_TXUS-GARCIA_IMG_7698.jpg&amp;form-id=3&amp;field-id=7&amp;hash=4e70deeba80178a5f1e43be4c0c98033d4c4761d70327eeff7b22f33a9f495c1\">\r\n\t\t\t<div class=\"hover\"><\/div>\r\n\t\t<\/div>\r\n\t<\/a>\r\n\t<a href=\"https:\/\/2024.budapestritmo.hu\/en\/view\/who-is-coming\/entry\/146\/\">\r\n\t\t<div class=\"name\">\r\n\t\t\t Anna Vilanova<br>\r\n\t\t\t<span class=\"country\">\r\n\t\t\tFira Mediterr\u00e0nia Manresa<br>\r\n\t\t\tSpain\r\n\t\t\t<\/span>\r\n\t\t<\/div>\r\n\t<\/a>\r\n<\/div><\/h3>\t\t\t<\/div>\n\t\t\t\n\t\t<\/div>\n\n\t\t\t\t<div id=\"gv_list_155\" class=\"gv-list-view\">\n\n\t\t\n\t\t\t<div class=\"gv-list-view-title\">\n\t\t\t\t<h3 class=\"gv-field-3-custom\"><div class=\"speaker-small speaker-small-wic\">\r\n\t<a href=\"https:\/\/2024.budapestritmo.hu\/en\/view\/who-is-coming\/entry\/155\/\">\r\n\t\t<div class=\"thumbnail\">\r\n\t\t\t<img decoding=\"async\" src=\"https:\/\/2024.budapestritmo.hu\/index.php?gf-download=2024%2F02%2FADZ_20201120_070713.jpg&amp;form-id=3&amp;field-id=7&amp;hash=fc5fe864b869e6d65bd3b7d557d60c746af073d6dccdf9756e0c55a997d1da3a\">\r\n\t\t\t<div class=\"hover\"><\/div>\r\n\t\t<\/div>\r\n\t<\/a>\r\n\t<a href=\"https:\/\/2024.budapestritmo.hu\/en\/view\/who-is-coming\/entry\/155\/\">\r\n\t\t<div class=\"name\">\r\n\t\t\t Anna Dup\u00e1k<br>\r\n\t\t\t<span class=\"country\">\r\n\t\t\tHangvet\u0151<br>\r\n\t\t\tHungary\r\n\t\t\t<\/span>\r\n\t\t<\/div>\r\n\t<\/a>\r\n<\/div><\/h3>\t\t\t<\/div>\n\t\t\t\n\t\t<\/div>\n\n\t\t\t\t<div id=\"gv_list_217\" class=\"gv-list-view\">\n\n\t\t\n\t\t\t<div class=\"gv-list-view-title\">\n\t\t\t\t<h3 class=\"gv-field-3-custom\"><div class=\"speaker-small speaker-small-wic\">\r\n\t<a href=\"https:\/\/2024.budapestritmo.hu\/en\/view\/who-is-coming\/entry\/217\/\">\r\n\t\t<div class=\"thumbnail\">\r\n\t\t\t<img decoding=\"async\" src=\"https:\/\/2024.budapestritmo.hu\/index.php?gf-download=2024%2F04%2FAnna-Masatova-foto-Tomas-Moudry.jpg&amp;form-id=3&amp;field-id=7&amp;hash=803788b6ec1ea815b3d9b6e35db155c67771942ad6930a310f6e66d40eb6ab66\">\r\n\t\t\t<div class=\"hover\"><\/div>\r\n\t\t<\/div>\r\n\t<\/a>\r\n\t<a href=\"https:\/\/2024.budapestritmo.hu\/en\/view\/who-is-coming\/entry\/217\/\">\r\n\t\t<div class=\"name\">\r\n\t\t\t Anna Masatova<br>\r\n\t\t\t<span class=\"country\">\r\n\t\t\tAMPromotions<br>\r\n\t\t\tCzech Republic\r\n\t\t\t<\/span>\r\n\t\t<\/div>\r\n\t<\/a>\r\n<\/div><\/h3>\t\t\t<\/div>\n\t\t\t\n\t\t<\/div>\n\n\t\t\t\t<div id=\"gv_list_178\" class=\"gv-list-view\">\n\n\t\t\n\t\t\t<div class=\"gv-list-view-title\">\n\t\t\t\t<h3 class=\"gv-field-3-custom\"><div class=\"speaker-small speaker-small-wic\">\r\n\t<a href=\"https:\/\/2024.budapestritmo.hu\/en\/view\/who-is-coming\/entry\/178\/\">\r\n\t\t<div class=\"thumbnail\">\r\n\t\t\t<img decoding=\"async\" src=\"https:\/\/2024.budapestritmo.hu\/index.php?gf-download=2024%2F03%2Fannabella.jpg&amp;form-id=3&amp;field-id=7&amp;hash=43ce15c5043d5181533c0aa70b4d43ed7feaea0b26c7a171800e1ac6981b2271\">\r\n\t\t\t<div class=\"hover\"><\/div>\r\n\t\t<\/div>\r\n\t<\/a>\r\n\t<a href=\"https:\/\/2024.budapestritmo.hu\/en\/view\/who-is-coming\/entry\/178\/\">\r\n\t\t<div class=\"name\">\r\n\t\t\t Annabella Supper<br>\r\n\t\t\t<span class=\"country\">\r\n\t\t\tVerein f\u00fcr Integrative Lebensgestaltung<br>\r\n\t\t\tAustria\r\n\t\t\t<\/span>\r\n\t\t<\/div>\r\n\t<\/a>\r\n<\/div><\/h3>\t\t\t<\/div>\n\t\t\t\n\t\t<\/div>\n\n\t\t\t\t<div id=\"gv_list_16\" class=\"gv-list-view\">\n\n\t\t\n\t\t\t<div class=\"gv-list-view-title\">\n\t\t\t\t<h3 class=\"gv-field-3-custom\"><div class=\"speaker-small speaker-small-wic\">\r\n\t<a href=\"https:\/\/2024.budapestritmo.hu\/en\/view\/who-is-coming\/entry\/16\/\">\r\n\t\t<div class=\"thumbnail\">\r\n\t\t\t<img decoding=\"async\" src=\"https:\/\/2024.budapestritmo.hu\/index.php?gf-download=2023%2F03%2FAnnamaria-Bohuniczky.jpg&amp;form-id=3&amp;field-id=7&amp;hash=5529519b6eccdd0346368403171a51d03f270c657471bb22a08e36ff0e8f251f\">\r\n\t\t\t<div class=\"hover\"><\/div>\r\n\t\t<\/div>\r\n\t<\/a>\r\n\t<a href=\"https:\/\/2024.budapestritmo.hu\/en\/view\/who-is-coming\/entry\/16\/\">\r\n\t\t<div class=\"name\">\r\n\t\t\t Annam\u00e1ria Bohuniczky<br>\r\n\t\t\t<span class=\"country\">\r\n\t\t\tHangvet\u0151<br>\r\n\t\t\tHungary\r\n\t\t\t<\/span>\r\n\t\t<\/div>\r\n\t<\/a>\r\n<\/div><\/h3>\t\t\t<\/div>\n\t\t\t\n\t\t<\/div>\n\n\t\t\t\t<div id=\"gv_list_179\" class=\"gv-list-view\">\n\n\t\t\n\t\t\t<div class=\"gv-list-view-title\">\n\t\t\t\t<h3 class=\"gv-field-3-custom\"><div class=\"speaker-small speaker-small-wic\">\r\n\t<a href=\"https:\/\/2024.budapestritmo.hu\/en\/view\/who-is-coming\/entry\/179\/\">\r\n\t\t<div class=\"thumbnail\">\r\n\t\t\t<img decoding=\"async\" src=\"https:\/\/2024.budapestritmo.hu\/index.php?gf-download=2024%2F03%2FAnne_Portrat_2021.jpg&amp;form-id=3&amp;field-id=7&amp;hash=c835bd82b1c7647c123b1b6c1b2dfee35b16f83470c10869262de6f1e8c39fcd\">\r\n\t\t\t<div class=\"hover\"><\/div>\r\n\t\t<\/div>\r\n\t<\/a>\r\n\t<a href=\"https:\/\/2024.budapestritmo.hu\/en\/view\/who-is-coming\/entry\/179\/\">\r\n\t\t<div class=\"name\">\r\n\t\t\t Annemarie Hofstadler<br>\r\n\t\t\t<span class=\"country\">\r\n\t\t\ttriart<br>\r\n\t\t\tAustria\r\n\t\t\t<\/span>\r\n\t\t<\/div>\r\n\t<\/a>\r\n<\/div><\/h3>\t\t\t<\/div>\n\t\t\t\n\t\t<\/div>\n\n\t\t\t\t<div id=\"gv_list_212\" class=\"gv-list-view\">\n\n\t\t\n\t\t\t<div class=\"gv-list-view-title\">\n\t\t\t\t<h3 class=\"gv-field-3-custom\"><div class=\"speaker-small speaker-small-wic\">\r\n\t<a href=\"https:\/\/2024.budapestritmo.hu\/en\/view\/who-is-coming\/entry\/212\/\">\r\n\t\t<div class=\"thumbnail\">\r\n\t\t\t<img decoding=\"async\" src=\"https:\/\/2024.budapestritmo.hu\/index.php?gf-download=2024%2F04%2FDSC_4064-2.jpg&amp;form-id=3&amp;field-id=7&amp;hash=f028f4ffe1341a9e377a9cb8c63bd301a66ab539c51360beef9e8310101a3df6\">\r\n\t\t\t<div class=\"hover\"><\/div>\r\n\t\t<\/div>\r\n\t<\/a>\r\n\t<a href=\"https:\/\/2024.budapestritmo.hu\/en\/view\/who-is-coming\/entry\/212\/\">\r\n\t\t<div class=\"name\">\r\n\t\t\t \u00c1ron Czupi<br>\r\n\t\t\t<span class=\"country\">\r\n\t\t\tG\u00f3b\u00e9 Cultural Association<br>\r\n\t\t\tHungary\r\n\t\t\t<\/span>\r\n\t\t<\/div>\r\n\t<\/a>\r\n<\/div><\/h3>\t\t\t<\/div>\n\t\t\t\n\t\t<\/div>\n\n\t\t\t\t<div id=\"gv_list_91\" class=\"gv-list-view\">\n\n\t\t\n\t\t\t<div class=\"gv-list-view-title\">\n\t\t\t\t<h3 class=\"gv-field-3-custom\"><div class=\"speaker-small speaker-small-wic\">\r\n\t<a href=\"https:\/\/2024.budapestritmo.hu\/en\/view\/who-is-coming\/entry\/91\/\">\r\n\t\t<div class=\"thumbnail\">\r\n\t\t\t<img decoding=\"async\" src=\"https:\/\/2024.budapestritmo.hu\/index.php?gf-download=2024%2F02%2FWeyer-Balazs-029-feher-PS.jpg&amp;form-id=3&amp;field-id=7&amp;hash=ad302dfc6804971dcda84323db0f167d793324b2d32c181e7466042b777d17d0\">\r\n\t\t\t<div class=\"hover\"><\/div>\r\n\t\t<\/div>\r\n\t<\/a>\r\n\t<a href=\"https:\/\/2024.budapestritmo.hu\/en\/view\/who-is-coming\/entry\/91\/\">\r\n\t\t<div class=\"name\">\r\n\t\t\t Bal\u00e1zs Weyer<br>\r\n\t\t\t<span class=\"country\">\r\n\t\t\tHangvet\u0151<br>\r\n\t\t\tHungary\r\n\t\t\t<\/span>\r\n\t\t<\/div>\r\n\t<\/a>\r\n<\/div><\/h3>\t\t\t<\/div>\n\t\t\t\n\t\t<\/div>\n\n\t\t\t\t<div id=\"gv_list_141\" class=\"gv-list-view\">\n\n\t\t\n\t\t\t<div class=\"gv-list-view-title\">\n\t\t\t\t<h3 class=\"gv-field-3-custom\"><div class=\"speaker-small speaker-small-wic\">\r\n\t<a href=\"https:\/\/2024.budapestritmo.hu\/en\/view\/who-is-coming\/entry\/141\/\">\r\n\t\t<div class=\"thumbnail\">\r\n\t\t\t<img decoding=\"async\" src=\"https:\/\/2024.budapestritmo.hu\/index.php?gf-download=2024%2F04%2FIMG_7135.jpg&amp;form-id=3&amp;field-id=7&amp;hash=7b7f237b102f7d7b750fbf4913dbbc8808bd54bf268286a1577c737cb7511509\">\r\n\t\t\t<div class=\"hover\"><\/div>\r\n\t\t<\/div>\r\n\t<\/a>\r\n\t<a href=\"https:\/\/2024.budapestritmo.hu\/en\/view\/who-is-coming\/entry\/141\/\">\r\n\t\t<div class=\"name\">\r\n\t\t\t Belinda Rasnerova<br>\r\n\t\t\t<span class=\"country\">\r\n\t\t\tWorld Music Festival Bratislava<br>\r\n\t\t\tSlovakia\r\n\t\t\t<\/span>\r\n\t\t<\/div>\r\n\t<\/a>\r\n<\/div><\/h3>\t\t\t<\/div>\n\t\t\t\n\t\t<\/div>\n\n\t\t\t\t<div id=\"gv_list_194\" class=\"gv-list-view\">\n\n\t\t\n\t\t\t<div class=\"gv-list-view-title\">\n\t\t\t\t<h3 class=\"gv-field-3-custom\"><div class=\"speaker-small speaker-small-wic\">\r\n\t<a href=\"https:\/\/2024.budapestritmo.hu\/en\/view\/who-is-coming\/entry\/194\/\">\r\n\t\t<div class=\"thumbnail\">\r\n\t\t\t<img decoding=\"async\" src=\"https:\/\/2024.budapestritmo.hu\/index.php?gf-download=2024%2F03%2FBianca-in-Sines-2.JPG&amp;form-id=3&amp;field-id=7&amp;hash=1bfd1c8c670eee73a60378aedefdd379fa1f255d7974a95bc5f52336918c0cde\">\r\n\t\t\t<div class=\"hover\"><\/div>\r\n\t\t<\/div>\r\n\t<\/a>\r\n\t<a href=\"https:\/\/2024.budapestritmo.hu\/en\/view\/who-is-coming\/entry\/194\/\">\r\n\t\t<div class=\"name\">\r\n\t\t\t Bianca Amaducci<br>\r\n\t\t\t<span class=\"country\">\r\n\t\t\tTOURBILION<br>\r\n\t\t\tItaly\r\n\t\t\t<\/span>\r\n\t\t<\/div>\r\n\t<\/a>\r\n<\/div><\/h3>\t\t\t<\/div>\n\t\t\t\n\t\t<\/div>\n\n\t\t\t\t<div id=\"gv_list_95\" class=\"gv-list-view\">\n\n\t\t\n\t\t\t<div class=\"gv-list-view-title\">\n\t\t\t\t<h3 class=\"gv-field-3-custom\"><div class=\"speaker-small speaker-small-wic\">\r\n\t<a href=\"https:\/\/2024.budapestritmo.hu\/en\/view\/who-is-coming\/entry\/95\/\">\r\n\t\t<div class=\"thumbnail\">\r\n\t\t\t<img decoding=\"async\" src=\"https:\/\/2024.budapestritmo.hu\/index.php?gf-download=2023%2F04%2F001BojanMarija.jpg&amp;form-id=3&amp;field-id=7&amp;hash=7b63eb8e936461f6965cee1c5cd94df71c8b06ba10ff9ae7c9a407eb35a32088\">\r\n\t\t\t<div class=\"hover\"><\/div>\r\n\t\t<\/div>\r\n\t<\/a>\r\n\t<a href=\"https:\/\/2024.budapestritmo.hu\/en\/view\/who-is-coming\/entry\/95\/\">\r\n\t\t<div class=\"name\">\r\n\t\t\t Bojan Djordjevic<br>\r\n\t\t\t<span class=\"country\">\r\n\t\t\tRing Ring Bojan Djordjevic<br>\r\n\t\t\tSerbia\r\n\t\t\t<\/span>\r\n\t\t<\/div>\r\n\t<\/a>\r\n<\/div><\/h3>\t\t\t<\/div>\n\t\t\t\n\t\t<\/div>\n\n\t\t\t\t<div id=\"gv_list_211\" class=\"gv-list-view\">\n\n\t\t\n\t\t\t<div class=\"gv-list-view-title\">\n\t\t\t\t<h3 class=\"gv-field-3-custom\"><div class=\"speaker-small speaker-small-wic\">\r\n\t<a href=\"https:\/\/2024.budapestritmo.hu\/en\/view\/who-is-coming\/entry\/211\/\">\r\n\t\t<div class=\"thumbnail\">\r\n\t\t\t<img decoding=\"async\" src=\"https:\/\/2024.budapestritmo.hu\/index.php?gf-download=2024%2F04%2FBR-.jpg&amp;form-id=3&amp;field-id=7&amp;hash=be73fafc601e5cec01030054dfb04fc8f3e62f530419be0b982246e473f361dc\">\r\n\t\t\t<div class=\"hover\"><\/div>\r\n\t\t<\/div>\r\n\t<\/a>\r\n\t<a href=\"https:\/\/2024.budapestritmo.hu\/en\/view\/who-is-coming\/entry\/211\/\">\r\n\t\t<div class=\"name\">\r\n\t\t\t Branislav Radojkovic<br>\r\n\t\t\t<span class=\"country\">\r\n\t\t\tNaked<br>\r\n\t\t\tSerbia\r\n\t\t\t<\/span>\r\n\t\t<\/div>\r\n\t<\/a>\r\n<\/div><\/h3>\t\t\t<\/div>\n\t\t\t\n\t\t<\/div>\n\n\t\t\t\t<div id=\"gv_list_202\" class=\"gv-list-view\">\n\n\t\t\n\t\t\t<div class=\"gv-list-view-title\">\n\t\t\t\t<h3 class=\"gv-field-3-custom\"><div class=\"speaker-small speaker-small-wic\">\r\n\t<a href=\"https:\/\/2024.budapestritmo.hu\/en\/view\/who-is-coming\/entry\/202\/\">\r\n\t\t<div class=\"thumbnail\">\r\n\t\t\t<img decoding=\"async\" src=\"https:\/\/2024.budapestritmo.hu\/index.php?gf-download=2024%2F04%2FKepernyofoto-2023-01-12-15.15.45.png&amp;form-id=3&amp;field-id=7&amp;hash=3a330457a4592d55a177a7c88238d75814fd9b8913e58a719cf6856b70818461\">\r\n\t\t\t<div class=\"hover\"><\/div>\r\n\t\t<\/div>\r\n\t<\/a>\r\n\t<a href=\"https:\/\/2024.budapestritmo.hu\/en\/view\/who-is-coming\/entry\/202\/\">\r\n\t\t<div class=\"name\">\r\n\t\t\t Brigitta P\u00e1lfi-Szab\u00f3<br>\r\n\t\t\t<span class=\"country\">\r\n\t\t\tHangvet\u0151<br>\r\n\t\t\tHungary\r\n\t\t\t<\/span>\r\n\t\t<\/div>\r\n\t<\/a>\r\n<\/div><\/h3>\t\t\t<\/div>\n\t\t\t\n\t\t<\/div>\n\n\t\t\t\t<div id=\"gv_list_139\" class=\"gv-list-view\">\n\n\t\t\n\t\t\t<div class=\"gv-list-view-title\">\n\t\t\t\t<h3 class=\"gv-field-3-custom\"><div class=\"speaker-small speaker-small-wic\">\r\n\t<a href=\"https:\/\/2024.budapestritmo.hu\/en\/view\/who-is-coming\/entry\/139\/\">\r\n\t\t<div class=\"thumbnail\">\r\n\t\t\t<img decoding=\"async\" src=\"https:\/\/2024.budapestritmo.hu\/index.php?gf-download=2024%2F02%2F0223283A-6523-4C70-B2DE-62FC28252FA1.jpeg&amp;form-id=3&amp;field-id=7&amp;hash=4559d208a8e990a8c0159d0a0099f27ac3877633362022674880323dfae890ee\">\r\n\t\t\t<div class=\"hover\"><\/div>\r\n\t\t<\/div>\r\n\t<\/a>\r\n\t<a href=\"https:\/\/2024.budapestritmo.hu\/en\/view\/who-is-coming\/entry\/139\/\">\r\n\t\t<div class=\"name\">\r\n\t\t\t Caroline Berchotteau<br>\r\n\t\t\t<span class=\"country\">\r\n\t\t\tSargfabrik<br>\r\n\t\t\tAustria\r\n\t\t\t<\/span>\r\n\t\t<\/div>\r\n\t<\/a>\r\n<\/div><\/h3>\t\t\t<\/div>\n\t\t\t\n\t\t<\/div>\n\n\t\t\t\t<div id=\"gv_list_126\" class=\"gv-list-view\">\n\n\t\t\n\t\t\t<div class=\"gv-list-view-title\">\n\t\t\t\t<h3 class=\"gv-field-3-custom\"><div class=\"speaker-small speaker-small-wic\">\r\n\t<a href=\"https:\/\/2024.budapestritmo.hu\/en\/view\/who-is-coming\/entry\/126\/\">\r\n\t\t<div class=\"thumbnail\">\r\n\t\t\t<img decoding=\"async\" src=\"https:\/\/2024.budapestritmo.hu\/index.php?gf-download=2024%2F02%2FChris.jpg&amp;form-id=3&amp;field-id=7&amp;hash=6b807e799cd9c5e44511ffb896d93f4dd541f811c9c24ccddad5f38221bb2fb4\">\r\n\t\t\t<div class=\"hover\"><\/div>\r\n\t\t<\/div>\r\n\t<\/a>\r\n\t<a href=\"https:\/\/2024.budapestritmo.hu\/en\/view\/who-is-coming\/entry\/126\/\">\r\n\t\t<div class=\"name\">\r\n\t\t\t Chris Eckman<br>\r\n\t\t\t<span class=\"country\">\r\n\t\t\tGlitterbeat Records<br>\r\n\t\t\tSlovenia\r\n\t\t\t<\/span>\r\n\t\t<\/div>\r\n\t<\/a>\r\n<\/div><\/h3>\t\t\t<\/div>\n\t\t\t\n\t\t<\/div>\n\n\t\t\t\t<div id=\"gv_list_165\" class=\"gv-list-view\">\n\n\t\t\n\t\t\t<div class=\"gv-list-view-title\">\n\t\t\t\t<h3 class=\"gv-field-3-custom\"><div class=\"speaker-small speaker-small-wic\">\r\n\t<a href=\"https:\/\/2024.budapestritmo.hu\/en\/view\/who-is-coming\/entry\/165\/\">\r\n\t\t<div class=\"thumbnail\">\r\n\t\t\t<img decoding=\"async\" src=\"https:\/\/2024.budapestritmo.hu\/index.php?gf-download=2024%2F02%2Fchristina-diverted-music.png&amp;form-id=3&amp;field-id=7&amp;hash=e645e788637710e641d0792200e4653b0f4e99fd308610a08c534819d428bf37\">\r\n\t\t\t<div class=\"hover\"><\/div>\r\n\t\t<\/div>\r\n\t<\/a>\r\n\t<a href=\"https:\/\/2024.budapestritmo.hu\/en\/view\/who-is-coming\/entry\/165\/\">\r\n\t\t<div class=\"name\">\r\n\t\t\t Christina Sanoll<br>\r\n\t\t\t<span class=\"country\">\r\n\t\t\tdiverted music<br>\r\n\t\t\tAustria\r\n\t\t\t<\/span>\r\n\t\t<\/div>\r\n\t<\/a>\r\n<\/div><\/h3>\t\t\t<\/div>\n\t\t\t\n\t\t<\/div>\n\n\t\t\t\t<div id=\"gv_list_205\" class=\"gv-list-view\">\n\n\t\t\n\t\t\t<div class=\"gv-list-view-title\">\n\t\t\t\t<h3 class=\"gv-field-3-custom\"><div class=\"speaker-small speaker-small-wic\">\r\n\t<a href=\"https:\/\/2024.budapestritmo.hu\/en\/view\/who-is-coming\/entry\/205\/\">\r\n\t\t<div class=\"thumbnail\">\r\n\t\t\t<img decoding=\"async\" src=\"https:\/\/2024.budapestritmo.hu\/index.php?gf-download=2024%2F04%2FChristine-Semba_profile-square.jpg&amp;form-id=3&amp;field-id=7&amp;hash=cef41b4af399ae719597059b567f5e29bb69acedf0139c7e86c3b4d544795034\">\r\n\t\t\t<div class=\"hover\"><\/div>\r\n\t\t<\/div>\r\n\t<\/a>\r\n\t<a href=\"https:\/\/2024.budapestritmo.hu\/en\/view\/who-is-coming\/entry\/205\/\">\r\n\t\t<div class=\"name\">\r\n\t\t\t Christine Semba<br>\r\n\t\t\t<span class=\"country\">\r\n\t\t\tWOMEX - Piranha Arts<br>\r\n\t\t\tGermany\r\n\t\t\t<\/span>\r\n\t\t<\/div>\r\n\t<\/a>\r\n<\/div><\/h3>\t\t\t<\/div>\n\t\t\t\n\t\t<\/div>\n\n\t\t\t\t<div id=\"gv_list_191\" class=\"gv-list-view\">\n\n\t\t\n\t\t\t<div class=\"gv-list-view-title\">\n\t\t\t\t<h3 class=\"gv-field-3-custom\"><div class=\"speaker-small speaker-small-wic\">\r\n\t<a href=\"https:\/\/2024.budapestritmo.hu\/en\/view\/who-is-coming\/entry\/191\/\">\r\n\t\t<div class=\"thumbnail\">\r\n\t\t\t<img decoding=\"async\" src=\"https:\/\/2024.budapestritmo.hu\/index.php?gf-download=2024%2F03%2FFoto3_CAVALLO_2019.jpg&amp;form-id=3&amp;field-id=7&amp;hash=a9966da34b712ad684fdc08d8873d99f9d94e17858a07e0bd231c6ce9eaee58c\">\r\n\t\t\t<div class=\"hover\"><\/div>\r\n\t\t<\/div>\r\n\t<\/a>\r\n\t<a href=\"https:\/\/2024.budapestritmo.hu\/en\/view\/who-is-coming\/entry\/191\/\">\r\n\t\t<div class=\"name\">\r\n\t\t\t Claudio Giagnotti<br>\r\n\t\t\t<span class=\"country\">\r\n\t\t\tARRA Produzioni Mediterranee<br>\r\n\t\t\tItaly\r\n\t\t\t<\/span>\r\n\t\t<\/div>\r\n\t<\/a>\r\n<\/div><\/h3>\t\t\t<\/div>\n\t\t\t\n\t\t<\/div>\n\n\t\t\t\t<div id=\"gv_list_158\" class=\"gv-list-view\">\n\n\t\t\n\t\t\t<div class=\"gv-list-view-title\">\n\t\t\t\t<h3 class=\"gv-field-3-custom\"><div class=\"speaker-small speaker-small-wic\">\r\n\t<a href=\"https:\/\/2024.budapestritmo.hu\/en\/view\/who-is-coming\/entry\/158\/\">\r\n\t\t<div class=\"thumbnail\">\r\n\t\t\t<img decoding=\"async\" src=\"https:\/\/2024.budapestritmo.hu\/index.php?gf-download=2024%2F02%2F359160553_736675828464860_3077914355704328985_n-1.jpg&amp;form-id=3&amp;field-id=7&amp;hash=af699312e40ffd27b61cec3255f0f6ffda0ec3c3bea5a06c91f4d2ac4e630671\">\r\n\t\t\t<div class=\"hover\"><\/div>\r\n\t\t<\/div>\r\n\t<\/a>\r\n\t<a href=\"https:\/\/2024.budapestritmo.hu\/en\/view\/who-is-coming\/entry\/158\/\">\r\n\t\t<div class=\"name\">\r\n\t\t\t Daj Ognia<br>\r\n\t\t\t<span class=\"country\">\r\n\t\t\tDaj Ognia<br>\r\n\t\t\tPoland\r\n\t\t\t<\/span>\r\n\t\t<\/div>\r\n\t<\/a>\r\n<\/div><\/h3>\t\t\t<\/div>\n\t\t\t\n\t\t<\/div>\n\n\t\t\t\t<div id=\"gv_list_152\" class=\"gv-list-view\">\n\n\t\t\n\t\t\t<div class=\"gv-list-view-title\">\n\t\t\t\t<h3 class=\"gv-field-3-custom\"><div class=\"speaker-small speaker-small-wic\">\r\n\t<a href=\"https:\/\/2024.budapestritmo.hu\/en\/view\/who-is-coming\/entry\/152\/\">\r\n\t\t<div class=\"thumbnail\">\r\n\t\t\t<img decoding=\"async\" src=\"https:\/\/2024.budapestritmo.hu\/index.php?gf-download=2024%2F02%2Ffotodannybis.jpg&amp;form-id=3&amp;field-id=7&amp;hash=8a5ac684c389eef8263c4eacda6c34ddf3c205a8fff4c6d5a466989a9adbafd6\">\r\n\t\t\t<div class=\"hover\"><\/div>\r\n\t\t<\/div>\r\n\t<\/a>\r\n\t<a href=\"https:\/\/2024.budapestritmo.hu\/en\/view\/who-is-coming\/entry\/152\/\">\r\n\t\t<div class=\"name\">\r\n\t\t\t danny theuwis<br>\r\n\t\t\t<span class=\"country\">\r\n\t\t\t30CC - Toernee Mondial<br>\r\n\t\t\tBelgium\r\n\t\t\t<\/span>\r\n\t\t<\/div>\r\n\t<\/a>\r\n<\/div><\/h3>\t\t\t<\/div>\n\t\t\t\n\t\t<\/div>\n\n\t\t\t\t<div id=\"gv_list_175\" class=\"gv-list-view\">\n\n\t\t\n\t\t\t<div class=\"gv-list-view-title\">\n\t\t\t\t<h3 class=\"gv-field-3-custom\"><div class=\"speaker-small speaker-small-wic\">\r\n\t<a href=\"https:\/\/2024.budapestritmo.hu\/en\/view\/who-is-coming\/entry\/175\/\">\r\n\t\t<div class=\"thumbnail\">\r\n\t\t\t<img decoding=\"async\" src=\"https:\/\/2024.budapestritmo.hu\/index.php?gf-download=2024%2F03%2FMKM_7064.jpg&amp;form-id=3&amp;field-id=7&amp;hash=6c2f6b89881d2be1840d05f1e898f618121b0723556525d618627a07101f6c8f\">\r\n\t\t\t<div class=\"hover\"><\/div>\r\n\t\t<\/div>\r\n\t<\/a>\r\n\t<a href=\"https:\/\/2024.budapestritmo.hu\/en\/view\/who-is-coming\/entry\/175\/\">\r\n\t\t<div class=\"name\">\r\n\t\t\t Daria Butskaya<br>\r\n\t\t\t<span class=\"country\">\r\n\t\t\tDuality<br>\r\n\t\t\tPoland\r\n\t\t\t<\/span>\r\n\t\t<\/div>\r\n\t<\/a>\r\n<\/div><\/h3>\t\t\t<\/div>\n\t\t\t\n\t\t<\/div>\n\n\t\t\t\t<div id=\"gv_list_135\" class=\"gv-list-view\">\n\n\t\t\n\t\t\t<div class=\"gv-list-view-title\">\n\t\t\t\t<h3 class=\"gv-field-3-custom\"><div class=\"speaker-small speaker-small-wic\">\r\n\t<a href=\"https:\/\/2024.budapestritmo.hu\/en\/view\/who-is-coming\/entry\/135\/\">\r\n\t\t<div class=\"thumbnail\">\r\n\t\t\t<img decoding=\"async\" src=\"https:\/\/2024.budapestritmo.hu\/index.php?gf-download=2024%2F02%2Fdavy_sims.jpg&amp;form-id=3&amp;field-id=7&amp;hash=63eab5e206933f3a33ad41b9db9e86b3e6d1723d61cef98ea8672dc6f7de0e62\">\r\n\t\t\t<div class=\"hover\"><\/div>\r\n\t\t<\/div>\r\n\t<\/a>\r\n\t<a href=\"https:\/\/2024.budapestritmo.hu\/en\/view\/who-is-coming\/entry\/135\/\">\r\n\t\t<div class=\"name\">\r\n\t\t\t Davy Sims<br>\r\n\t\t\t<span class=\"country\">\r\n\t\t\tdavysims.com<br>\r\n\t\t\tIreland\r\n\t\t\t<\/span>\r\n\t\t<\/div>\r\n\t<\/a>\r\n<\/div><\/h3>\t\t\t<\/div>\n\t\t\t\n\t\t<\/div>\n\n\t\t\t\t<div id=\"gv_list_176\" class=\"gv-list-view\">\n\n\t\t\n\t\t\t<div class=\"gv-list-view-title\">\n\t\t\t\t<h3 class=\"gv-field-3-custom\"><div class=\"speaker-small speaker-small-wic\">\r\n\t<a href=\"https:\/\/2024.budapestritmo.hu\/en\/view\/who-is-coming\/entry\/176\/\">\r\n\t\t<div class=\"thumbnail\">\r\n\t\t\t<img decoding=\"async\" src=\"https:\/\/2024.budapestritmo.hu\/index.php?gf-download=2024%2F03%2FDejan-2023-1.jpg&amp;form-id=3&amp;field-id=7&amp;hash=627542eb259074ae170d307f4088b9e44a8238eb0c7269f3573409308c2e7b1c\">\r\n\t\t\t<div class=\"hover\"><\/div>\r\n\t\t<\/div>\r\n\t<\/a>\r\n\t<a href=\"https:\/\/2024.budapestritmo.hu\/en\/view\/who-is-coming\/entry\/176\/\">\r\n\t\t<div class=\"name\">\r\n\t\t\t Dejan Vujinovi\u0107<br>\r\n\t\t\t<span class=\"country\">\r\n\t\t\tEtnofest<br>\r\n\t\t\tSerbia\r\n\t\t\t<\/span>\r\n\t\t<\/div>\r\n\t<\/a>\r\n<\/div><\/h3>\t\t\t<\/div>\n\t\t\t\n\t\t<\/div>\n\n\t\t\t\t<div id=\"gv_list_188\" class=\"gv-list-view\">\n\n\t\t\n\t\t\t<div class=\"gv-list-view-title\">\n\t\t\t\t<h3 class=\"gv-field-3-custom\"><div class=\"speaker-small speaker-small-wic\">\r\n\t<a href=\"https:\/\/2024.budapestritmo.hu\/en\/view\/who-is-coming\/entry\/188\/\">\r\n\t\t<div class=\"thumbnail\">\r\n\t\t\t<img decoding=\"async\" src=\"https:\/\/2024.budapestritmo.hu\/index.php?gf-download=2024%2F03%2FDorottya-Papp.jpg&amp;form-id=3&amp;field-id=7&amp;hash=2fc1edc771f6613e4806de37cb931f438914353895441e3ed859984b02f94efd\">\r\n\t\t\t<div class=\"hover\"><\/div>\r\n\t\t<\/div>\r\n\t<\/a>\r\n\t<a href=\"https:\/\/2024.budapestritmo.hu\/en\/view\/who-is-coming\/entry\/188\/\">\r\n\t\t<div class=\"name\">\r\n\t\t\t Dorottya Papp<br>\r\n\t\t\t<span class=\"country\">\r\n\t\t\tHangvet\u0151<br>\r\n\t\t\tHungary\r\n\t\t\t<\/span>\r\n\t\t<\/div>\r\n\t<\/a>\r\n<\/div><\/h3>\t\t\t<\/div>\n\t\t\t\n\t\t<\/div>\n\n\t\t\t\t<div id=\"gv_list_136\" class=\"gv-list-view\">\n\n\t\t\n\t\t\t<div class=\"gv-list-view-title\">\n\t\t\t\t<h3 class=\"gv-field-3-custom\"><div class=\"speaker-small speaker-small-wic\">\r\n\t<a href=\"https:\/\/2024.budapestritmo.hu\/en\/view\/who-is-coming\/entry\/136\/\">\r\n\t\t<div class=\"thumbnail\">\r\n\t\t\t<img decoding=\"async\" src=\"https:\/\/2024.budapestritmo.hu\/index.php?gf-download=2024%2F02%2FIMG-3245efb9725a0c3e370684b7747a7c9b-V.jpg&amp;form-id=3&amp;field-id=7&amp;hash=42de74e7868c4f0d55b6c374adf6ce86451f60f506bc3835935603bbf3e42df1\">\r\n\t\t\t<div class=\"hover\"><\/div>\r\n\t\t<\/div>\r\n\t<\/a>\r\n\t<a href=\"https:\/\/2024.budapestritmo.hu\/en\/view\/who-is-coming\/entry\/136\/\">\r\n\t\t<div class=\"name\">\r\n\t\t\t Dragan Ristic<br>\r\n\t\t\t<span class=\"country\">\r\n\t\t\tKAL BAND<br>\r\n\t\t\tSerbia\r\n\t\t\t<\/span>\r\n\t\t<\/div>\r\n\t<\/a>\r\n<\/div><\/h3>\t\t\t<\/div>\n\t\t\t\n\t\t<\/div>\n\n\t\t\t\t<div id=\"gv_list_231\" class=\"gv-list-view\">\n\n\t\t\n\t\t\t<div class=\"gv-list-view-title\">\n\t\t\t\t<h3 class=\"gv-field-3-custom\"><div class=\"speaker-small speaker-small-wic\">\r\n\t<a href=\"https:\/\/2024.budapestritmo.hu\/en\/view\/who-is-coming\/entry\/231\/\">\r\n\t\t<div class=\"thumbnail\">\r\n\t\t\t<img decoding=\"async\" src=\"https:\/\/2024.budapestritmo.hu\/index.php?gf-download=2024%2F04%2F1000026162.jpg&amp;form-id=3&amp;field-id=7&amp;hash=13198103b6389816aaebad85ec35a9efbfcfd7dae0b23f46b7001834e8b98c17\">\r\n\t\t\t<div class=\"hover\"><\/div>\r\n\t\t<\/div>\r\n\t<\/a>\r\n\t<a href=\"https:\/\/2024.budapestritmo.hu\/en\/view\/who-is-coming\/entry\/231\/\">\r\n\t\t<div class=\"name\">\r\n\t\t\t Dragan Ristic<br>\r\n\t\t\t<span class=\"country\">\r\n\t\t\tKal<br>\r\n\t\t\tSerbia\r\n\t\t\t<\/span>\r\n\t\t<\/div>\r\n\t<\/a>\r\n<\/div><\/h3>\t\t\t<\/div>\n\t\t\t\n\t\t<\/div>\n\n\t\t\t\t<div id=\"gv_list_120\" class=\"gv-list-view\">\n\n\t\t\n\t\t\t<div class=\"gv-list-view-title\">\n\t\t\t\t<h3 class=\"gv-field-3-custom\"><div class=\"speaker-small speaker-small-wic\">\r\n\t<a href=\"https:\/\/2024.budapestritmo.hu\/en\/view\/who-is-coming\/entry\/120\/\">\r\n\t\t<div class=\"thumbnail\">\r\n\t\t\t<img decoding=\"async\" src=\"https:\/\/2024.budapestritmo.hu\/index.php?gf-download=2024%2F01%2FDusan-Sviba_TOMS0104_4-3_Foto-Tomas-Moudry.jpg&amp;form-id=3&amp;field-id=7&amp;hash=ef021b871e140390afc8d834af7d7259ccacc09433f4f8d438fc41f0b0247108\">\r\n\t\t\t<div class=\"hover\"><\/div>\r\n\t\t<\/div>\r\n\t<\/a>\r\n\t<a href=\"https:\/\/2024.budapestritmo.hu\/en\/view\/who-is-coming\/entry\/120\/\">\r\n\t\t<div class=\"name\">\r\n\t\t\t Du\u0161an Sv\u00edba<br>\r\n\t\t\t<span class=\"country\">\r\n\t\t\tEarth Music, Colour Meeting<br>\r\n\t\t\tCzech Republic\r\n\t\t\t<\/span>\r\n\t\t<\/div>\r\n\t<\/a>\r\n<\/div><\/h3>\t\t\t<\/div>\n\t\t\t\n\t\t<\/div>\n\n\t\t\t\t<div id=\"gv_list_206\" class=\"gv-list-view\">\n\n\t\t\n\t\t\t<div class=\"gv-list-view-title\">\n\t\t\t\t<h3 class=\"gv-field-3-custom\"><div class=\"speaker-small speaker-small-wic\">\r\n\t<a href=\"https:\/\/2024.budapestritmo.hu\/en\/view\/who-is-coming\/entry\/206\/\">\r\n\t\t<div class=\"thumbnail\">\r\n\t\t\t<img decoding=\"async\" src=\"https:\/\/2024.budapestritmo.hu\/index.php?gf-download=2024%2F04%2FElena-Xyda-2.JPG&amp;form-id=3&amp;field-id=7&amp;hash=37fed8a997b5a5371a4180b3164767c32c24c05a4611ca7e02b75bfb50d23690\">\r\n\t\t\t<div class=\"hover\"><\/div>\r\n\t\t<\/div>\r\n\t<\/a>\r\n\t<a href=\"https:\/\/2024.budapestritmo.hu\/en\/view\/who-is-coming\/entry\/206\/\">\r\n\t\t<div class=\"name\">\r\n\t\t\t Elena Xyda<br>\r\n\t\t\t<span class=\"country\">\r\n\t\t\tWindcraft Loud<br>\r\n\t\t\tCyprus\r\n\t\t\t<\/span>\r\n\t\t<\/div>\r\n\t<\/a>\r\n<\/div><\/h3>\t\t\t<\/div>\n\t\t\t\n\t\t<\/div>\n\n\t\t\t\t<div id=\"gv_list_145\" class=\"gv-list-view\">\n\n\t\t\n\t\t\t<div class=\"gv-list-view-title\">\n\t\t\t\t<h3 class=\"gv-field-3-custom\"><div class=\"speaker-small speaker-small-wic\">\r\n\t<a href=\"https:\/\/2024.budapestritmo.hu\/en\/view\/who-is-coming\/entry\/145\/\">\r\n\t\t<div class=\"thumbnail\">\r\n\t\t\t<img decoding=\"async\" src=\"https:\/\/2024.budapestritmo.hu\/index.php?gf-download=2024%2F02%2FEli-balkanJam-2-cropped.jpg&amp;form-id=3&amp;field-id=7&amp;hash=4ec497ef441de1860f915e8db094c3dab1aa5f322099e93984c86e6c4c325015\">\r\n\t\t\t<div class=\"hover\"><\/div>\r\n\t\t<\/div>\r\n\t<\/a>\r\n\t<a href=\"https:\/\/2024.budapestritmo.hu\/en\/view\/who-is-coming\/entry\/145\/\">\r\n\t\t<div class=\"name\">\r\n\t\t\t Eli Camilo<br>\r\n\t\t\t<span class=\"country\">\r\n\t\t\tDumai Dunai<br>\r\n\t\t\tCanada\r\n\t\t\t<\/span>\r\n\t\t<\/div>\r\n\t<\/a>\r\n<\/div><\/h3>\t\t\t<\/div>\n\t\t\t\n\t\t<\/div>\n\n\t\t\t\t<div id=\"gv_list_196\" class=\"gv-list-view\">\n\n\t\t\n\t\t\t<div class=\"gv-list-view-title\">\n\t\t\t\t<h3 class=\"gv-field-3-custom\"><div class=\"speaker-small speaker-small-wic\">\r\n\t<a href=\"https:\/\/2024.budapestritmo.hu\/en\/view\/who-is-coming\/entry\/196\/\">\r\n\t\t<div class=\"thumbnail\">\r\n\t\t\t<img decoding=\"async\" src=\"https:\/\/2024.budapestritmo.hu\/index.php?gf-download=2024%2F04%2FElli-Michael_u00a9Andreas-Loucaides-resized-sq.jpg&amp;form-id=3&amp;field-id=7&amp;hash=1e957feb9e71ec06f4a817db3d1b94b60ee965e50a10f0373c8fb8cfc1169e76\">\r\n\t\t\t<div class=\"hover\"><\/div>\r\n\t\t<\/div>\r\n\t<\/a>\r\n\t<a href=\"https:\/\/2024.budapestritmo.hu\/en\/view\/who-is-coming\/entry\/196\/\">\r\n\t\t<div class=\"name\">\r\n\t\t\t Elli Michael<br>\r\n\t\t\t<span class=\"country\">\r\n\t\t\tWindcraft Loud<br>\r\n\t\t\tCyprus\r\n\t\t\t<\/span>\r\n\t\t<\/div>\r\n\t<\/a>\r\n<\/div><\/h3>\t\t\t<\/div>\n\t\t\t\n\t\t<\/div>\n\n\t\t\t\t<div id=\"gv_list_115\" class=\"gv-list-view\">\n\n\t\t\n\t\t\t<div class=\"gv-list-view-title\">\n\t\t\t\t<h3 class=\"gv-field-3-custom\"><div class=\"speaker-small speaker-small-wic\">\r\n\t<a href=\"https:\/\/2024.budapestritmo.hu\/en\/view\/who-is-coming\/entry\/115\/\">\r\n\t\t<div class=\"thumbnail\">\r\n\t\t\t<img decoding=\"async\" src=\"https:\/\/2024.budapestritmo.hu\/index.php?gf-download=2023%2F12%2FWP_20140609_003.jpg&amp;form-id=3&amp;field-id=7&amp;hash=02f3b6b7cb0fe757ab4e7316af23d872a2450f2f1b4a09137b89ad5cf956d03c\">\r\n\t\t\t<div class=\"hover\"><\/div>\r\n\t\t<\/div>\r\n\t<\/a>\r\n\t<a href=\"https:\/\/2024.budapestritmo.hu\/en\/view\/who-is-coming\/entry\/115\/\">\r\n\t\t<div class=\"name\">\r\n\t\t\t Eric VAN MONCKHOVEN<br>\r\n\t\t\t<span class=\"country\">\r\n\t\t\tMusic4You<br>\r\n\t\t\tItaly\r\n\t\t\t<\/span>\r\n\t\t<\/div>\r\n\t<\/a>\r\n<\/div><\/h3>\t\t\t<\/div>\n\t\t\t\n\t\t<\/div>\n\n\t\t\t\t<div id=\"gv_list_72\" class=\"gv-list-view\">\n\n\t\t\n\t\t\t<div class=\"gv-list-view-title\">\n\t\t\t\t<h3 class=\"gv-field-3-custom\"><div class=\"speaker-small speaker-small-wic\">\r\n\t<a href=\"https:\/\/2024.budapestritmo.hu\/en\/view\/who-is-coming\/entry\/72\/\">\r\n\t\t<div class=\"thumbnail\">\r\n\t\t\t<img decoding=\"async\" src=\"https:\/\/2024.budapestritmo.hu\/index.php?gf-download=2023%2F03%2FLevandovsky-Erzsi-1024x1024-2.jpg&amp;form-id=3&amp;field-id=7&amp;hash=c9acce5096f94cff7024b56f992176f4ae34e9acb6affd3b2dc2386aef66a616\">\r\n\t\t\t<div class=\"hover\"><\/div>\r\n\t\t<\/div>\r\n\t<\/a>\r\n\t<a href=\"https:\/\/2024.budapestritmo.hu\/en\/view\/who-is-coming\/entry\/72\/\">\r\n\t\t<div class=\"name\">\r\n\t\t\t Erzsebet Levandovsky<br>\r\n\t\t\t<span class=\"country\">\r\n\t\t\tHangvet\u0151<br>\r\n\t\t\tHungary\r\n\t\t\t<\/span>\r\n\t\t<\/div>\r\n\t<\/a>\r\n<\/div><\/h3>\t\t\t<\/div>\n\t\t\t\n\t\t<\/div>\n\n\t\t\t\t<div id=\"gv_list_89\" class=\"gv-list-view\">\n\n\t\t\n\t\t\t<div class=\"gv-list-view-title\">\n\t\t\t\t<h3 class=\"gv-field-3-custom\"><div class=\"speaker-small speaker-small-wic\">\r\n\t<a href=\"https:\/\/2024.budapestritmo.hu\/en\/view\/who-is-coming\/entry\/89\/\">\r\n\t\t<div class=\"thumbnail\">\r\n\t\t\t<img decoding=\"async\" src=\"https:\/\/2024.budapestritmo.hu\/index.php?gf-download=2023%2F04%2FBarna-Eszter-1024x1024-1.jpg&amp;form-id=3&amp;field-id=7&amp;hash=5a9550ca91559cb616b777e8c7b0ba7aa02c643d1fbc3c5690891f019c8ba26a\">\r\n\t\t\t<div class=\"hover\"><\/div>\r\n\t\t<\/div>\r\n\t<\/a>\r\n\t<a href=\"https:\/\/2024.budapestritmo.hu\/en\/view\/who-is-coming\/entry\/89\/\">\r\n\t\t<div class=\"name\">\r\n\t\t\t Eszter Barna<br>\r\n\t\t\t<span class=\"country\">\r\n\t\t\tHangvet\u0151\/MOST<br>\r\n\t\t\tHungary\r\n\t\t\t<\/span>\r\n\t\t<\/div>\r\n\t<\/a>\r\n<\/div><\/h3>\t\t\t<\/div>\n\t\t\t\n\t\t<\/div>\n\n\t\t\t\t<div id=\"gv_list_221\" class=\"gv-list-view\">\n\n\t\t\n\t\t\t<div class=\"gv-list-view-title\">\n\t\t\t\t<h3 class=\"gv-field-3-custom\"><div class=\"speaker-small speaker-small-wic\">\r\n\t<a href=\"https:\/\/2024.budapestritmo.hu\/en\/view\/who-is-coming\/entry\/221\/\">\r\n\t\t<div class=\"thumbnail\">\r\n\t\t\t<img decoding=\"async\" src=\"https:\/\/2024.budapestritmo.hu\/index.php?gf-download=2024%2F04%2FEszter-Decsy-photo-Dia-Komroczki-5.jpg&amp;form-id=3&amp;field-id=7&amp;hash=f7a3c03eb330632e7971b2fafb2175390f43554389f38300aa445d4621b0a8d7\">\r\n\t\t\t<div class=\"hover\"><\/div>\r\n\t\t<\/div>\r\n\t<\/a>\r\n\t<a href=\"https:\/\/2024.budapestritmo.hu\/en\/view\/who-is-coming\/entry\/221\/\">\r\n\t\t<div class=\"name\">\r\n\t\t\t Eszter D\u00e9csy<br>\r\n\t\t\t<span class=\"country\">\r\n\t\t\tCharm Music Hungary<br>\r\n\t\t\tHungary\r\n\t\t\t<\/span>\r\n\t\t<\/div>\r\n\t<\/a>\r\n<\/div><\/h3>\t\t\t<\/div>\n\t\t\t\n\t\t<\/div>\n\n\t\t\t\t<div id=\"gv_list_213\" class=\"gv-list-view\">\n\n\t\t\n\t\t\t<div class=\"gv-list-view-title\">\n\t\t\t\t<h3 class=\"gv-field-3-custom\"><div class=\"speaker-small speaker-small-wic\">\r\n\t<a href=\"https:\/\/2024.budapestritmo.hu\/en\/view\/who-is-coming\/entry\/213\/\">\r\n\t\t<div class=\"thumbnail\">\r\n\t\t\t<img decoding=\"async\" src=\"https:\/\/2024.budapestritmo.hu\/index.php?gf-download=2024%2F04%2F1929748_18923105118_800_n.jpg&amp;form-id=3&amp;field-id=7&amp;hash=8f1dcf2e27c171fa656ef78272fff4af25a0991f39c5522e59c4097246083c41\">\r\n\t\t\t<div class=\"hover\"><\/div>\r\n\t\t<\/div>\r\n\t<\/a>\r\n\t<a href=\"https:\/\/2024.budapestritmo.hu\/en\/view\/who-is-coming\/entry\/213\/\">\r\n\t\t<div class=\"name\">\r\n\t\t\t Goran Milosevic<br>\r\n\t\t\t<span class=\"country\">\r\n\t\t\tNaked<br>\r\n\t\t\tSerbia\r\n\t\t\t<\/span>\r\n\t\t<\/div>\r\n\t<\/a>\r\n<\/div><\/h3>\t\t\t<\/div>\n\t\t\t\n\t\t<\/div>\n\n\t\t\t\t<div id=\"gv_list_167\" class=\"gv-list-view\">\n\n\t\t\n\t\t\t<div class=\"gv-list-view-title\">\n\t\t\t\t<h3 class=\"gv-field-3-custom\"><div class=\"speaker-small speaker-small-wic\">\r\n\t<a href=\"https:\/\/2024.budapestritmo.hu\/en\/view\/who-is-coming\/entry\/167\/\">\r\n\t\t<div class=\"thumbnail\">\r\n\t\t\t<img decoding=\"async\" src=\"https:\/\/2024.budapestritmo.hu\/index.php?gf-download=2024%2F03%2Fbalskandal_photo1.jpg&amp;form-id=3&amp;field-id=7&amp;hash=52ea081f17ab794b2de42f4db7d2df7287d7baea0b98034b84750f1637b2617b\">\r\n\t\t\t<div class=\"hover\"><\/div>\r\n\t\t<\/div>\r\n\t<\/a>\r\n\t<a href=\"https:\/\/2024.budapestritmo.hu\/en\/view\/who-is-coming\/entry\/167\/\">\r\n\t\t<div class=\"name\">\r\n\t\t\t Greta Ward\u0119ga<br>\r\n\t\t\t<span class=\"country\">\r\n\t\t\tBombalkanica Festival<br>\r\n\t\t\tPortugal\r\n\t\t\t<\/span>\r\n\t\t<\/div>\r\n\t<\/a>\r\n<\/div><\/h3>\t\t\t<\/div>\n\t\t\t\n\t\t<\/div>\n\n\t\t\t\t<div id=\"gv_list_232\" class=\"gv-list-view\">\n\n\t\t\n\t\t\t<div class=\"gv-list-view-title\">\n\t\t\t\t<h3 class=\"gv-field-3-custom\"><div class=\"speaker-small speaker-small-wic\">\r\n\t<a href=\"https:\/\/2024.budapestritmo.hu\/en\/view\/who-is-coming\/entry\/232\/\">\r\n\t\t<div class=\"thumbnail\">\r\n\t\t\t<img decoding=\"async\" src=\"https:\/\/2024.budapestritmo.hu\/index.php?gf-download=2024%2F04%2FLakvar-final_quadrat_MarkusMilckeSMALL.jpg&amp;form-id=3&amp;field-id=7&amp;hash=1ab568ad6925b09c31acdc76d09a28d7e7682a32e0ba41d9b95d6b958e3ef48c\">\r\n\t\t\t<div class=\"hover\"><\/div>\r\n\t\t<\/div>\r\n\t<\/a>\r\n\t<a href=\"https:\/\/2024.budapestritmo.hu\/en\/view\/who-is-coming\/entry\/232\/\">\r\n\t\t<div class=\"name\">\r\n\t\t\t Hajnalka P\u00e9ter<br>\r\n\t\t\t<span class=\"country\">\r\n\t\t\tLAKVAR<br>\r\n\t\t\tGermany\r\n\t\t\t<\/span>\r\n\t\t<\/div>\r\n\t<\/a>\r\n<\/div><\/h3>\t\t\t<\/div>\n\t\t\t\n\t\t<\/div>\n\n\t\t\t\t<div id=\"gv_list_123\" class=\"gv-list-view\">\n\n\t\t\n\t\t\t<div class=\"gv-list-view-title\">\n\t\t\t\t<h3 class=\"gv-field-3-custom\"><div class=\"speaker-small speaker-small-wic\">\r\n\t<a href=\"https:\/\/2024.budapestritmo.hu\/en\/view\/who-is-coming\/entry\/123\/\">\r\n\t\t<div class=\"thumbnail\">\r\n\t\t\t<img decoding=\"async\" src=\"https:\/\/2024.budapestritmo.hu\/index.php?gf-download=2024%2F01%2FHankaPodhorska.jpg&amp;form-id=3&amp;field-id=7&amp;hash=5b87e03aa67d7b7921cc27c95f78ce7f492eb5738cdff77ee71635002596fa00\">\r\n\t\t\t<div class=\"hover\"><\/div>\r\n\t\t<\/div>\r\n\t<\/a>\r\n\t<a href=\"https:\/\/2024.budapestritmo.hu\/en\/view\/who-is-coming\/entry\/123\/\">\r\n\t\t<div class=\"name\">\r\n\t\t\t Hanka Podhorsk\u00e1<br>\r\n\t\t\t<span class=\"country\">\r\n\t\t\tIndies Production<br>\r\n\t\t\tCzech Republic\r\n\t\t\t<\/span>\r\n\t\t<\/div>\r\n\t<\/a>\r\n<\/div><\/h3>\t\t\t<\/div>\n\t\t\t\n\t\t<\/div>\n\n\t\t\t\t<div id=\"gv_list_138\" class=\"gv-list-view\">\n\n\t\t\n\t\t\t<div class=\"gv-list-view-title\">\n\t\t\t\t<h3 class=\"gv-field-3-custom\"><div class=\"speaker-small speaker-small-wic\">\r\n\t<a href=\"https:\/\/2024.budapestritmo.hu\/en\/view\/who-is-coming\/entry\/138\/\">\r\n\t\t<div class=\"thumbnail\">\r\n\t\t\t<img decoding=\"async\" src=\"https:\/\/2024.budapestritmo.hu\/index.php?gf-download=2024%2F02%2Felan-banda-exp-100.jpeg&amp;form-id=3&amp;field-id=7&amp;hash=d6f96840483f82e82e6ca0e6f501f3635af36ef1e5f282c5027f93bf2b31c5da\">\r\n\t\t\t<div class=\"hover\"><\/div>\r\n\t\t<\/div>\r\n\t<\/a>\r\n\t<a href=\"https:\/\/2024.budapestritmo.hu\/en\/view\/who-is-coming\/entry\/138\/\">\r\n\t\t<div class=\"name\">\r\n\t\t\t Her\u00e9di Zsombor<br>\r\n\t\t\t<span class=\"country\">\r\n\t\t\tEL\u00c1N<br>\r\n\t\t\tHungary\r\n\t\t\t<\/span>\r\n\t\t<\/div>\r\n\t<\/a>\r\n<\/div><\/h3>\t\t\t<\/div>\n\t\t\t\n\t\t<\/div>\n\n\t\t\t\t<div id=\"gv_list_102\" class=\"gv-list-view\">\n\n\t\t\n\t\t\t<div class=\"gv-list-view-title\">\n\t\t\t\t<h3 class=\"gv-field-3-custom\"><div class=\"speaker-small speaker-small-wic\">\r\n\t<a href=\"https:\/\/2024.budapestritmo.hu\/en\/view\/who-is-coming\/entry\/102\/\">\r\n\t\t<div class=\"thumbnail\">\r\n\t\t\t<img decoding=\"async\" src=\"https:\/\/2024.budapestritmo.hu\/index.php?gf-download=2023%2F04%2FHilde-Bjorkum-_small.jpg&amp;form-id=3&amp;field-id=7&amp;hash=0388743c6dcf72958d062f904df0c56aac2a153876fbc84a5e02a9be23306ff4\">\r\n\t\t\t<div class=\"hover\"><\/div>\r\n\t\t<\/div>\r\n\t<\/a>\r\n\t<a href=\"https:\/\/2024.budapestritmo.hu\/en\/view\/who-is-coming\/entry\/102\/\">\r\n\t\t<div class=\"name\">\r\n\t\t\t Hilde Bj\u00f8rkum<br>\r\n\t\t\t<span class=\"country\">\r\n\t\t\tSunnfjord kommune<br>\r\n\t\t\tNorway\r\n\t\t\t<\/span>\r\n\t\t<\/div>\r\n\t<\/a>\r\n<\/div><\/h3>\t\t\t<\/div>\n\t\t\t\n\t\t<\/div>\n\n\t\t\t\t<div id=\"gv_list_156\" class=\"gv-list-view\">\n\n\t\t\n\t\t\t<div class=\"gv-list-view-title\">\n\t\t\t\t<h3 class=\"gv-field-3-custom\"><div class=\"speaker-small speaker-small-wic\">\r\n\t<a href=\"https:\/\/2024.budapestritmo.hu\/en\/view\/who-is-coming\/entry\/156\/\">\r\n\t\t<div class=\"thumbnail\">\r\n\t\t\t<img decoding=\"async\" src=\"https:\/\/2024.budapestritmo.hu\/index.php?gf-download=2024%2F03%2FIan-smith-jacket.jpg&amp;form-id=3&amp;field-id=7&amp;hash=693d77ad06bd6f6d17dcc7dae0a5b75676b6738f748d826b36deb4b59aa5baf2\">\r\n\t\t\t<div class=\"hover\"><\/div>\r\n\t\t<\/div>\r\n\t<\/a>\r\n\t<a href=\"https:\/\/2024.budapestritmo.hu\/en\/view\/who-is-coming\/entry\/156\/\">\r\n\t\t<div class=\"name\">\r\n\t\t\t Ian Smith<br>\r\n\t\t\t<span class=\"country\">\r\n\t\t\tWaves Vienna<br>\r\n\t\t\tAustria\r\n\t\t\t<\/span>\r\n\t\t<\/div>\r\n\t<\/a>\r\n<\/div><\/h3>\t\t\t<\/div>\n\t\t\t\n\t\t<\/div>\n\n\t\t\t\t<div id=\"gv_list_160\" class=\"gv-list-view\">\n\n\t\t\n\t\t\t<div class=\"gv-list-view-title\">\n\t\t\t\t<h3 class=\"gv-field-3-custom\"><div class=\"speaker-small speaker-small-wic\">\r\n\t<a href=\"https:\/\/2024.budapestritmo.hu\/en\/view\/who-is-coming\/entry\/160\/\">\r\n\t\t<div class=\"thumbnail\">\r\n\t\t\t<img decoding=\"async\" src=\"https:\/\/2024.budapestritmo.hu\/index.php?gf-download=2024%2F02%2FIda-Siljanovic_EXIT-Foundation.jpg&amp;form-id=3&amp;field-id=7&amp;hash=9d490d728eaff2c99e5960ef9f7767e06fc527e57a763bce5d7b34d03ca83a8e\">\r\n\t\t\t<div class=\"hover\"><\/div>\r\n\t\t<\/div>\r\n\t<\/a>\r\n\t<a href=\"https:\/\/2024.budapestritmo.hu\/en\/view\/who-is-coming\/entry\/160\/\">\r\n\t\t<div class=\"name\">\r\n\t\t\t Ida Siljanovic<br>\r\n\t\t\t<span class=\"country\">\r\n\t\t\tEXIT Foundation<br>\r\n\t\t\tSerbia\r\n\t\t\t<\/span>\r\n\t\t<\/div>\r\n\t<\/a>\r\n<\/div><\/h3>\t\t\t<\/div>\n\t\t\t\n\t\t<\/div>\n\n\t\t\t\t<div id=\"gv_list_132\" class=\"gv-list-view\">\n\n\t\t\n\t\t\t<div class=\"gv-list-view-title\">\n\t\t\t\t<h3 class=\"gv-field-3-custom\"><div class=\"speaker-small speaker-small-wic\">\r\n\t<a href=\"https:\/\/2024.budapestritmo.hu\/en\/view\/who-is-coming\/entry\/132\/\">\r\n\t\t<div class=\"thumbnail\">\r\n\t\t\t<img decoding=\"async\" src=\"https:\/\/2024.budapestritmo.hu\/index.php?gf-download=2024%2F03%2F20240304_164653.jpg&amp;form-id=3&amp;field-id=7&amp;hash=b9de8b183b1f520314f660016094e82d1fcae72e4c8762ab545f512c163ea033\">\r\n\t\t\t<div class=\"hover\"><\/div>\r\n\t\t<\/div>\r\n\t<\/a>\r\n\t<a href=\"https:\/\/2024.budapestritmo.hu\/en\/view\/who-is-coming\/entry\/132\/\">\r\n\t\t<div class=\"name\">\r\n\t\t\t Indrek Migur<br>\r\n\t\t\t<span class=\"country\">\r\n\t\t\tTallinn Music Week<br>\r\n\t\t\tEstonia\r\n\t\t\t<\/span>\r\n\t\t<\/div>\r\n\t<\/a>\r\n<\/div><\/h3>\t\t\t<\/div>\n\t\t\t\n\t\t<\/div>\n\n\t\t\t\t<div id=\"gv_list_46\" class=\"gv-list-view\">\n\n\t\t\n\t\t\t<div class=\"gv-list-view-title\">\n\t\t\t\t<h3 class=\"gv-field-3-custom\"><div class=\"speaker-small speaker-small-wic\">\r\n\t<a href=\"https:\/\/2024.budapestritmo.hu\/en\/view\/who-is-coming\/entry\/46\/\">\r\n\t\t<div class=\"thumbnail\">\r\n\t\t\t<img decoding=\"async\" src=\"https:\/\/2024.budapestritmo.hu\/index.php?gf-download=2023%2F03%2F22292249_10156100536203287_601863802_o.jpg&amp;form-id=3&amp;field-id=7&amp;hash=59f61818d0967fb9a9a7cc0ba18b835ab45fffe7cdbdb2fecc32cee38baba2ce\">\r\n\t\t\t<div class=\"hover\"><\/div>\r\n\t\t<\/div>\r\n\t<\/a>\r\n\t<a href=\"https:\/\/2024.budapestritmo.hu\/en\/view\/who-is-coming\/entry\/46\/\">\r\n\t\t<div class=\"name\">\r\n\t\t\t Ingolf Thiele<br>\r\n\t\t\t<span class=\"country\">\r\n\t\t\tSchool<br>\r\n\t\t\tGermany\r\n\t\t\t<\/span>\r\n\t\t<\/div>\r\n\t<\/a>\r\n<\/div><\/h3>\t\t\t<\/div>\n\t\t\t\n\t\t<\/div>\n\n\t\t\t\t<div id=\"gv_list_173\" class=\"gv-list-view\">\n\n\t\t\n\t\t\t<div class=\"gv-list-view-title\">\n\t\t\t\t<h3 class=\"gv-field-3-custom\"><div class=\"speaker-small speaker-small-wic\">\r\n\t<a href=\"https:\/\/2024.budapestritmo.hu\/en\/view\/who-is-coming\/entry\/173\/\">\r\n\t\t<div class=\"thumbnail\">\r\n\t\t\t<img decoding=\"async\" src=\"https:\/\/2024.budapestritmo.hu\/index.php?gf-download=2024%2F03%2FLegutobbi-fotok-megtekintese.jpeg&amp;form-id=3&amp;field-id=7&amp;hash=4cd8ffacda9b38ee9b1083bfcaa10857de60453b9f487ae10d709f209fc653f2\">\r\n\t\t\t<div class=\"hover\"><\/div>\r\n\t\t<\/div>\r\n\t<\/a>\r\n\t<a href=\"https:\/\/2024.budapestritmo.hu\/en\/view\/who-is-coming\/entry\/173\/\">\r\n\t\t<div class=\"name\">\r\n\t\t\t Istv\u00e1n Scheuring<br>\r\n\t\t\t<span class=\"country\">\r\n\t\t\tCentre for Ecological Research, Institute of Evolution<br>\r\n\t\t\tHungary\r\n\t\t\t<\/span>\r\n\t\t<\/div>\r\n\t<\/a>\r\n<\/div><\/h3>\t\t\t<\/div>\n\t\t\t\n\t\t<\/div>\n\n\t\t\t\t<div id=\"gv_list_80\" class=\"gv-list-view\">\n\n\t\t\n\t\t\t<div class=\"gv-list-view-title\">\n\t\t\t\t<h3 class=\"gv-field-3-custom\"><div class=\"speaker-small speaker-small-wic\">\r\n\t<a href=\"https:\/\/2024.budapestritmo.hu\/en\/view\/who-is-coming\/entry\/80\/\">\r\n\t\t<div class=\"thumbnail\">\r\n\t\t\t<img decoding=\"async\" src=\"https:\/\/2024.budapestritmo.hu\/index.php?gf-download=2023%2F04%2Fviber_image_2023-02-27_15-13-05-024.jpg&amp;form-id=3&amp;field-id=7&amp;hash=30cc49a9be42f92bc02a492801b0cd549cbad06cbea6430181279bd798b8f4ae\">\r\n\t\t\t<div class=\"hover\"><\/div>\r\n\t\t<\/div>\r\n\t<\/a>\r\n\t<a href=\"https:\/\/2024.budapestritmo.hu\/en\/view\/who-is-coming\/entry\/80\/\">\r\n\t\t<div class=\"name\">\r\n\t\t\t Ivana Stefanovska<br>\r\n\t\t\t<span class=\"country\">\r\n\t\t\tPassword Production<br>\r\n\t\t\tNorth Macedonia\r\n\t\t\t<\/span>\r\n\t\t<\/div>\r\n\t<\/a>\r\n<\/div><\/h3>\t\t\t<\/div>\n\t\t\t\n\t\t<\/div>\n\n\t\t\t\t<div id=\"gv_list_140\" class=\"gv-list-view\">\n\n\t\t\n\t\t\t<div class=\"gv-list-view-title\">\n\t\t\t\t<h3 class=\"gv-field-3-custom\"><div class=\"speaker-small speaker-small-wic\">\r\n\t<a href=\"https:\/\/2024.budapestritmo.hu\/en\/view\/who-is-coming\/entry\/140\/\">\r\n\t\t<div class=\"thumbnail\">\r\n\t\t\t<img decoding=\"async\" src=\"\">\r\n\t\t\t<div class=\"hover\"><\/div>\r\n\t\t<\/div>\r\n\t<\/a>\r\n\t<a href=\"https:\/\/2024.budapestritmo.hu\/en\/view\/who-is-coming\/entry\/140\/\">\r\n\t\t<div class=\"name\">\r\n\t\t\t Ivana Koste\u0161i\u0107<br>\r\n\t\t\t<span class=\"country\">\r\n\t\t\tVIDA, company for artistic creation<br>\r\n\t\t\tCroatia\r\n\t\t\t<\/span>\r\n\t\t<\/div>\r\n\t<\/a>\r\n<\/div><\/h3>\t\t\t<\/div>\n\t\t\t\n\t\t<\/div>\n\n\t\t\t\t<div id=\"gv_list_174\" class=\"gv-list-view\">\n\n\t\t\n\t\t\t<div class=\"gv-list-view-title\">\n\t\t\t\t<h3 class=\"gv-field-3-custom\"><div class=\"speaker-small speaker-small-wic\">\r\n\t<a href=\"https:\/\/2024.budapestritmo.hu\/en\/view\/who-is-coming\/entry\/174\/\">\r\n\t\t<div class=\"thumbnail\">\r\n\t\t\t<img decoding=\"async\" src=\"https:\/\/2024.budapestritmo.hu\/index.php?gf-download=2024%2F03%2Fbackstage_pass_2048px-16-of-27.jpg&amp;form-id=3&amp;field-id=7&amp;hash=8f5a99d5bbc69c638feede89d95102552db19fc27bfc4db054a94396c051c677\">\r\n\t\t\t<div class=\"hover\"><\/div>\r\n\t\t<\/div>\r\n\t<\/a>\r\n\t<a href=\"https:\/\/2024.budapestritmo.hu\/en\/view\/who-is-coming\/entry\/174\/\">\r\n\t\t<div class=\"name\">\r\n\t\t\t Jan Pol\u00e1k<br>\r\n\t\t\t<span class=\"country\">\r\n\t\t\tColours Of Ostrava<br>\r\n\t\t\tCzech Republic\r\n\t\t\t<\/span>\r\n\t\t<\/div>\r\n\t<\/a>\r\n<\/div><\/h3>\t\t\t<\/div>\n\t\t\t\n\t\t<\/div>\n\n\t\t\t\t<div id=\"gv_list_161\" class=\"gv-list-view\">\n\n\t\t\n\t\t\t<div class=\"gv-list-view-title\">\n\t\t\t\t<h3 class=\"gv-field-3-custom\"><div class=\"speaker-small speaker-small-wic\">\r\n\t<a href=\"https:\/\/2024.budapestritmo.hu\/en\/view\/who-is-coming\/entry\/161\/\">\r\n\t\t<div class=\"thumbnail\">\r\n\t\t\t<img decoding=\"async\" src=\"https:\/\/2024.budapestritmo.hu\/index.php?gf-download=2024%2F02%2F120109527_799752387503111_1724506415788459970_n.jpg&amp;form-id=3&amp;field-id=7&amp;hash=90acc59759455dc3f9f0e85add6fad7be536fadffd0e425bfaf44a7a9b892bd8\">\r\n\t\t\t<div class=\"hover\"><\/div>\r\n\t\t<\/div>\r\n\t<\/a>\r\n\t<a href=\"https:\/\/2024.budapestritmo.hu\/en\/view\/who-is-coming\/entry\/161\/\">\r\n\t\t<div class=\"name\">\r\n\t\t\t Jana Kuffov\u00e1 Popovicsov\u00e1<br>\r\n\t\t\t<span class=\"country\">\r\n\t\t\tDIS IS MARKETA<br>\r\n\t\t\tSlovakia\r\n\t\t\t<\/span>\r\n\t\t<\/div>\r\n\t<\/a>\r\n<\/div><\/h3>\t\t\t<\/div>\n\t\t\t\n\t\t<\/div>\n\n\t\t\t\t<div id=\"gv_list_164\" class=\"gv-list-view\">\n\n\t\t\n\t\t\t<div class=\"gv-list-view-title\">\n\t\t\t\t<h3 class=\"gv-field-3-custom\"><div class=\"speaker-small speaker-small-wic\">\r\n\t<a href=\"https:\/\/2024.budapestritmo.hu\/en\/view\/who-is-coming\/entry\/164\/\">\r\n\t\t<div class=\"thumbnail\">\r\n\t\t\t<img decoding=\"async\" src=\"https:\/\/2024.budapestritmo.hu\/index.php?gf-download=2024%2F02%2Fjarmila-vlckova.jpg&amp;form-id=3&amp;field-id=7&amp;hash=8820773fdd4700d4053ccb8a1c8a47fa85d580f8f2de9a79b79a105d454c157c\">\r\n\t\t\t<div class=\"hover\"><\/div>\r\n\t\t<\/div>\r\n\t<\/a>\r\n\t<a href=\"https:\/\/2024.budapestritmo.hu\/en\/view\/who-is-coming\/entry\/164\/\">\r\n\t\t<div class=\"name\">\r\n\t\t\t Jarmila Vlckova<br>\r\n\t\t\t<span class=\"country\">\r\n\t\t\tWorld Music Festival Bratislava<br>\r\n\t\t\tSlovakia\r\n\t\t\t<\/span>\r\n\t\t<\/div>\r\n\t<\/a>\r\n<\/div><\/h3>\t\t\t<\/div>\n\t\t\t\n\t\t<\/div>\n\n\t\t\t\t<div id=\"gv_list_143\" class=\"gv-list-view\">\n\n\t\t\n\t\t\t<div class=\"gv-list-view-title\">\n\t\t\t\t<h3 class=\"gv-field-3-custom\"><div class=\"speaker-small speaker-small-wic\">\r\n\t<a href=\"https:\/\/2024.budapestritmo.hu\/en\/view\/who-is-coming\/entry\/143\/\">\r\n\t\t<div class=\"thumbnail\">\r\n\t\t\t<img decoding=\"async\" src=\"https:\/\/2024.budapestritmo.hu\/index.php?gf-download=2024%2F02%2FJB-Irlande.jpg&amp;form-id=3&amp;field-id=7&amp;hash=5d03aec424bea997d267a7c1f0668d6847273bf3ef5686381b6a072f071770c7\">\r\n\t\t\t<div class=\"hover\"><\/div>\r\n\t\t<\/div>\r\n\t<\/a>\r\n\t<a href=\"https:\/\/2024.budapestritmo.hu\/en\/view\/who-is-coming\/entry\/143\/\">\r\n\t\t<div class=\"name\">\r\n\t\t\t Jean-Bernard Rauzer<br>\r\n\t\t\t<span class=\"country\">\r\n\t\t\tfreelance for RTBF<br>\r\n\t\t\tBelgium\r\n\t\t\t<\/span>\r\n\t\t<\/div>\r\n\t<\/a>\r\n<\/div><\/h3>\t\t\t<\/div>\n\t\t\t\n\t\t<\/div>\n\n\t\t\t\t<div id=\"gv_list_186\" class=\"gv-list-view\">\n\n\t\t\n\t\t\t<div class=\"gv-list-view-title\">\n\t\t\t\t<h3 class=\"gv-field-3-custom\"><div class=\"speaker-small speaker-small-wic\">\r\n\t<a href=\"https:\/\/2024.budapestritmo.hu\/en\/view\/who-is-coming\/entry\/186\/\">\r\n\t\t<div class=\"thumbnail\">\r\n\t\t\t<img decoding=\"async\" src=\"https:\/\/2024.budapestritmo.hu\/index.php?gf-download=2024%2F03%2F100-6986-tisk-orez.jpg&amp;form-id=3&amp;field-id=7&amp;hash=0af24217b55f46f1f56de2dff40809ed609330bd716f9b308dc1379345d5e05c\">\r\n\t\t\t<div class=\"hover\"><\/div>\r\n\t\t<\/div>\r\n\t<\/a>\r\n\t<a href=\"https:\/\/2024.budapestritmo.hu\/en\/view\/who-is-coming\/entry\/186\/\">\r\n\t\t<div class=\"name\">\r\n\t\t\t Ji\u0159\u00ed Vydra<br>\r\n\t\t\t<span class=\"country\">\r\n\t\t\tVald\u0161tejnsk\u00e9 imagin\u00e1rium<br>\r\n\t\t\tCzech Republic\r\n\t\t\t<\/span>\r\n\t\t<\/div>\r\n\t<\/a>\r\n<\/div><\/h3>\t\t\t<\/div>\n\t\t\t\n\t\t<\/div>\n\n\t\t\t\t<div id=\"gv_list_223\" class=\"gv-list-view\">\n\n\t\t\n\t\t\t<div class=\"gv-list-view-title\">\n\t\t\t\t<h3 class=\"gv-field-3-custom\"><div class=\"speaker-small speaker-small-wic\">\r\n\t<a href=\"https:\/\/2024.budapestritmo.hu\/en\/view\/who-is-coming\/entry\/223\/\">\r\n\t\t<div class=\"thumbnail\">\r\n\t\t\t<img decoding=\"async\" src=\"https:\/\/2024.budapestritmo.hu\/index.php?gf-download=2024%2F04%2Fpjev-ispred-hize-sa-granama-vodoravno.jpg&amp;form-id=3&amp;field-id=7&amp;hash=127af121851dcc4a721c29e1fac92b1ce7a9a8558ed0b02ab5a0f955b1062d9c\">\r\n\t\t\t<div class=\"hover\"><\/div>\r\n\t\t<\/div>\r\n\t<\/a>\r\n\t<a href=\"https:\/\/2024.budapestritmo.hu\/en\/view\/who-is-coming\/entry\/223\/\">\r\n\t\t<div class=\"name\">\r\n\t\t\t Jovana Luki\u0107 PJEV<br>\r\n\t\t\t<span class=\"country\">\r\n\t\t\tPJEV<br>\r\n\t\t\tCroatia\r\n\t\t\t<\/span>\r\n\t\t<\/div>\r\n\t<\/a>\r\n<\/div><\/h3>\t\t\t<\/div>\n\t\t\t\n\t\t<\/div>\n\n\t\t\t\t<div id=\"gv_list_56\" class=\"gv-list-view\">\n\n\t\t\n\t\t\t<div class=\"gv-list-view-title\">\n\t\t\t\t<h3 class=\"gv-field-3-custom\"><div class=\"speaker-small speaker-small-wic\">\r\n\t<a href=\"https:\/\/2024.budapestritmo.hu\/en\/view\/who-is-coming\/entry\/56\/\">\r\n\t\t<div class=\"thumbnail\">\r\n\t\t\t<img decoding=\"async\" src=\"https:\/\/2024.budapestritmo.hu\/index.php?gf-download=2023%2F03%2FJuliana-Voloz.jpg&amp;form-id=3&amp;field-id=7&amp;hash=5cdde21feaecfff29e4b79adf92f39f81ed35d5ad23f90f4cad4277f6b79fb7c\">\r\n\t\t\t<div class=\"hover\"><\/div>\r\n\t\t<\/div>\r\n\t<\/a>\r\n\t<a href=\"https:\/\/2024.budapestritmo.hu\/en\/view\/who-is-coming\/entry\/56\/\">\r\n\t\t<div class=\"name\">\r\n\t\t\t Juliana Voloz<br>\r\n\t\t\t<span class=\"country\">\r\n\t\t\tJV-Promotion<br>\r\n\t\t\tGermany\r\n\t\t\t<\/span>\r\n\t\t<\/div>\r\n\t<\/a>\r\n<\/div><\/h3>\t\t\t<\/div>\n\t\t\t\n\t\t<\/div>\n\n\t\t\t\t<div id=\"gv_list_215\" class=\"gv-list-view\">\n\n\t\t\n\t\t\t<div class=\"gv-list-view-title\">\n\t\t\t\t<h3 class=\"gv-field-3-custom\"><div class=\"speaker-small speaker-small-wic\">\r\n\t<a href=\"https:\/\/2024.budapestritmo.hu\/en\/view\/who-is-coming\/entry\/215\/\">\r\n\t\t<div class=\"thumbnail\">\r\n\t\t\t<img decoding=\"async\" src=\"https:\/\/2024.budapestritmo.hu\/index.php?gf-download=2024%2F04%2FORO5325_K.jpg&amp;form-id=3&amp;field-id=7&amp;hash=f3d29711423f9bfafb550d99363693ab419d4d894ce13a7053168580e404c73a\">\r\n\t\t\t<div class=\"hover\"><\/div>\r\n\t\t<\/div>\r\n\t<\/a>\r\n\t<a href=\"https:\/\/2024.budapestritmo.hu\/en\/view\/who-is-coming\/entry\/215\/\">\r\n\t\t<div class=\"name\">\r\n\t\t\t Kata J\u00e1vor<br>\r\n\t\t\t<span class=\"country\">\r\n\t\t\tHangvet\u0151<br>\r\n\t\t\tHungary\r\n\t\t\t<\/span>\r\n\t\t<\/div>\r\n\t<\/a>\r\n<\/div><\/h3>\t\t\t<\/div>\n\t\t\t\n\t\t<\/div>\n\n\t\t\t\t<div id=\"gv_list_193\" class=\"gv-list-view\">\n\n\t\t\n\t\t\t<div class=\"gv-list-view-title\">\n\t\t\t\t<h3 class=\"gv-field-3-custom\"><div class=\"speaker-small speaker-small-wic\">\r\n\t<a href=\"https:\/\/2024.budapestritmo.hu\/en\/view\/who-is-coming\/entry\/193\/\">\r\n\t\t<div class=\"thumbnail\">\r\n\t\t\t<img decoding=\"async\" src=\"https:\/\/2024.budapestritmo.hu\/index.php?gf-download=2024%2F03%2FmE.jpg&amp;form-id=3&amp;field-id=7&amp;hash=1bac4df22fd13b652e2e187a9b1c83a3716641ffbf55331d26e4e30a703b90ce\">\r\n\t\t\t<div class=\"hover\"><\/div>\r\n\t\t<\/div>\r\n\t<\/a>\r\n\t<a href=\"https:\/\/2024.budapestritmo.hu\/en\/view\/who-is-coming\/entry\/193\/\">\r\n\t\t<div class=\"name\">\r\n\t\t\t Katalin Gyorgy-Doczy<br>\r\n\t\t\t<span class=\"country\">\r\n\t\t\tPro Progressione<br>\r\n\t\t\tHungary\r\n\t\t\t<\/span>\r\n\t\t<\/div>\r\n\t<\/a>\r\n<\/div><\/h3>\t\t\t<\/div>\n\t\t\t\n\t\t<\/div>\n\n\t\t\t\t<div id=\"gv_list_74\" class=\"gv-list-view\">\n\n\t\t\n\t\t\t<div class=\"gv-list-view-title\">\n\t\t\t\t<h3 class=\"gv-field-3-custom\"><div class=\"speaker-small speaker-small-wic\">\r\n\t<a href=\"https:\/\/2024.budapestritmo.hu\/en\/view\/who-is-coming\/entry\/74\/\">\r\n\t\t<div class=\"thumbnail\">\r\n\t\t\t<img decoding=\"async\" src=\"https:\/\/2024.budapestritmo.hu\/index.php?gf-download=2023%2F03%2FNevtelen-terv-7.jpg&amp;form-id=3&amp;field-id=7&amp;hash=282da5682036636943eb9d1917f100cb3fda6230c1fab5cc2203b729bad91505\">\r\n\t\t\t<div class=\"hover\"><\/div>\r\n\t\t<\/div>\r\n\t<\/a>\r\n\t<a href=\"https:\/\/2024.budapestritmo.hu\/en\/view\/who-is-coming\/entry\/74\/\">\r\n\t\t<div class=\"name\">\r\n\t\t\t Katharina Weinert<br>\r\n\t\t\t<span class=\"country\">\r\n\t\t\tEuropean Music Council<br>\r\n\t\t\tGermany\r\n\t\t\t<\/span>\r\n\t\t<\/div>\r\n\t<\/a>\r\n<\/div><\/h3>\t\t\t<\/div>\n\t\t\t\n\t\t<\/div>\n\n\t\t\t\t<div id=\"gv_list_34\" class=\"gv-list-view\">\n\n\t\t\n\t\t\t<div class=\"gv-list-view-title\">\n\t\t\t\t<h3 class=\"gv-field-3-custom\"><div class=\"speaker-small speaker-small-wic\">\r\n\t<a href=\"https:\/\/2024.budapestritmo.hu\/en\/view\/who-is-coming\/entry\/34\/\">\r\n\t\t<div class=\"thumbnail\">\r\n\t\t\t<img decoding=\"async\" src=\"https:\/\/2024.budapestritmo.hu\/index.php?gf-download=2023%2F04%2FKlara-Nagy-Hangveto-MOST.jpg&amp;form-id=3&amp;field-id=7&amp;hash=101d5e2e69860fa36507dc708f5d0a202c64a646a8eeefd7a83938a4a8487c53\">\r\n\t\t\t<div class=\"hover\"><\/div>\r\n\t\t<\/div>\r\n\t<\/a>\r\n\t<a href=\"https:\/\/2024.budapestritmo.hu\/en\/view\/who-is-coming\/entry\/34\/\">\r\n\t\t<div class=\"name\">\r\n\t\t\t Kl\u00e1ra Nagy<br>\r\n\t\t\t<span class=\"country\">\r\n\t\t\tHETFA Creative Industries Lab<br>\r\n\t\t\tHungary\r\n\t\t\t<\/span>\r\n\t\t<\/div>\r\n\t<\/a>\r\n<\/div><\/h3>\t\t\t<\/div>\n\t\t\t\n\t\t<\/div>\n\n\t\t\t\t<div id=\"gv_list_229\" class=\"gv-list-view\">\n\n\t\t\n\t\t\t<div class=\"gv-list-view-title\">\n\t\t\t\t<h3 class=\"gv-field-3-custom\"><div class=\"speaker-small speaker-small-wic\">\r\n\t<a href=\"https:\/\/2024.budapestritmo.hu\/en\/view\/who-is-coming\/entry\/229\/\">\r\n\t\t<div class=\"thumbnail\">\r\n\t\t\t<img decoding=\"async\" src=\"https:\/\/2024.budapestritmo.hu\/index.php?gf-download=2024%2F04%2F20240410_172540.jpg&amp;form-id=3&amp;field-id=7&amp;hash=f51343d3281f0079fb0fdadae0e1a970d3b7b6602208708a75ac33d43094224a\">\r\n\t\t\t<div class=\"hover\"><\/div>\r\n\t\t<\/div>\r\n\t<\/a>\r\n\t<a href=\"https:\/\/2024.budapestritmo.hu\/en\/view\/who-is-coming\/entry\/229\/\">\r\n\t\t<div class=\"name\">\r\n\t\t\t Kristina Angelova<br>\r\n\t\t\t<span class=\"country\">\r\n\t\t\tFlying Nomads<br>\r\n\t\t\tBulgaria\r\n\t\t\t<\/span>\r\n\t\t<\/div>\r\n\t<\/a>\r\n<\/div><\/h3>\t\t\t<\/div>\n\t\t\t\n\t\t<\/div>\n\n\t\t\t\t<div id=\"gv_list_200\" class=\"gv-list-view\">\n\n\t\t\n\t\t\t<div class=\"gv-list-view-title\">\n\t\t\t\t<h3 class=\"gv-field-3-custom\"><div class=\"speaker-small speaker-small-wic\">\r\n\t<a href=\"https:\/\/2024.budapestritmo.hu\/en\/view\/who-is-coming\/entry\/200\/\">\r\n\t\t<div class=\"thumbnail\">\r\n\t\t\t<img decoding=\"async\" src=\"https:\/\/2024.budapestritmo.hu\/index.php?gf-download=2024%2F04%2F317864205_608397291087642_6715723392730001420_n.jpg&amp;form-id=3&amp;field-id=7&amp;hash=ee2e79009ba534839bfab03c779727cbb7018581a7b179e4f660955bb64d90a9\">\r\n\t\t\t<div class=\"hover\"><\/div>\r\n\t\t<\/div>\r\n\t<\/a>\r\n\t<a href=\"https:\/\/2024.budapestritmo.hu\/en\/view\/who-is-coming\/entry\/200\/\">\r\n\t\t<div class=\"name\">\r\n\t\t\t Lark Uldal<br>\r\n\t\t\t<span class=\"country\">\r\n\t\t\tEuropean Music Council<br>\r\n\t\t\tDenmark\r\n\t\t\t<\/span>\r\n\t\t<\/div>\r\n\t<\/a>\r\n<\/div><\/h3>\t\t\t<\/div>\n\t\t\t\n\t\t<\/div>\n\n\t\t\t\t<div id=\"gv_list_134\" class=\"gv-list-view\">\n\n\t\t\n\t\t\t<div class=\"gv-list-view-title\">\n\t\t\t\t<h3 class=\"gv-field-3-custom\"><div class=\"speaker-small speaker-small-wic\">\r\n\t<a href=\"https:\/\/2024.budapestritmo.hu\/en\/view\/who-is-coming\/entry\/134\/\">\r\n\t\t<div class=\"thumbnail\">\r\n\t\t\t<img decoding=\"async\" src=\"https:\/\/2024.budapestritmo.hu\/index.php?gf-download=2024%2F02%2Fhangveto_portre-1209r_optimized.jpg&amp;form-id=3&amp;field-id=7&amp;hash=3d4b62a08961db241ce4b8ac1828356ab85bfb5ac1445a671ed2719a0404c65f\">\r\n\t\t\t<div class=\"hover\"><\/div>\r\n\t\t<\/div>\r\n\t<\/a>\r\n\t<a href=\"https:\/\/2024.budapestritmo.hu\/en\/view\/who-is-coming\/entry\/134\/\">\r\n\t\t<div class=\"name\">\r\n\t\t\t Laura Kecskem\u00e9ti<br>\r\n\t\t\t<span class=\"country\">\r\n\t\t\tHangvet\u0151<br>\r\n\t\t\tHungary\r\n\t\t\t<\/span>\r\n\t\t<\/div>\r\n\t<\/a>\r\n<\/div><\/h3>\t\t\t<\/div>\n\t\t\t\n\t\t<\/div>\n\n\t\t\t\t<div id=\"gv_list_128\" class=\"gv-list-view\">\n\n\t\t\n\t\t\t<div class=\"gv-list-view-title\">\n\t\t\t\t<h3 class=\"gv-field-3-custom\"><div class=\"speaker-small speaker-small-wic\">\r\n\t<a href=\"https:\/\/2024.budapestritmo.hu\/en\/view\/who-is-coming\/entry\/128\/\">\r\n\t\t<div class=\"thumbnail\">\r\n\t\t\t<img decoding=\"async\" src=\"https:\/\/2024.budapestritmo.hu\/index.php?gf-download=2024%2F01%2F2018_piranha39.jpg&amp;form-id=3&amp;field-id=7&amp;hash=84006a1cd1071c258096ba1ed18489e36adc7239e7f01be547f8ade598b34765\">\r\n\t\t\t<div class=\"hover\"><\/div>\r\n\t\t<\/div>\r\n\t<\/a>\r\n\t<a href=\"https:\/\/2024.budapestritmo.hu\/en\/view\/who-is-coming\/entry\/128\/\">\r\n\t\t<div class=\"name\">\r\n\t\t\t Luca Jacob<br>\r\n\t\t\t<span class=\"country\">\r\n\t\t\tPiranha Arts<br>\r\n\t\t\tGermany\r\n\t\t\t<\/span>\r\n\t\t<\/div>\r\n\t<\/a>\r\n<\/div><\/h3>\t\t\t<\/div>\n\t\t\t\n\t\t<\/div>\n\n\t\t\t\t<div id=\"gv_list_182\" class=\"gv-list-view\">\n\n\t\t\n\t\t\t<div class=\"gv-list-view-title\">\n\t\t\t\t<h3 class=\"gv-field-3-custom\"><div class=\"speaker-small speaker-small-wic\">\r\n\t<a href=\"https:\/\/2024.budapestritmo.hu\/en\/view\/who-is-coming\/entry\/182\/\">\r\n\t\t<div class=\"thumbnail\">\r\n\t\t\t<img decoding=\"async\" src=\"https:\/\/2024.budapestritmo.hu\/index.php?gf-download=2024%2F03%2FAdam-Luca-Sara-Hangveto_portre-7753.jpg&amp;form-id=3&amp;field-id=7&amp;hash=920f59349f93f3f4d86f88f9991f38e7d1c432a1153a11fbce1f63ed5e5cd5f3\">\r\n\t\t\t<div class=\"hover\"><\/div>\r\n\t\t<\/div>\r\n\t<\/a>\r\n\t<a href=\"https:\/\/2024.budapestritmo.hu\/en\/view\/who-is-coming\/entry\/182\/\">\r\n\t\t<div class=\"name\">\r\n\t\t\t Luca S\u00e1ra \u00c1d\u00e1m<br>\r\n\t\t\t<span class=\"country\">\r\n\t\t\tHangvet\u0151<br>\r\n\t\t\tHungary\r\n\t\t\t<\/span>\r\n\t\t<\/div>\r\n\t<\/a>\r\n<\/div><\/h3>\t\t\t<\/div>\n\t\t\t\n\t\t<\/div>\n\n\t\t\t\t<div id=\"gv_list_226\" class=\"gv-list-view\">\n\n\t\t\n\t\t\t<div class=\"gv-list-view-title\">\n\t\t\t\t<h3 class=\"gv-field-3-custom\"><div class=\"speaker-small speaker-small-wic\">\r\n\t<a href=\"https:\/\/2024.budapestritmo.hu\/en\/view\/who-is-coming\/entry\/226\/\">\r\n\t\t<div class=\"thumbnail\">\r\n\t\t\t<img decoding=\"async\" src=\"https:\/\/2024.budapestritmo.hu\/index.php?gf-download=2024%2F04%2FIMG_8771-5.jpg&amp;form-id=3&amp;field-id=7&amp;hash=0e697cd325782880f60e1ffbf523c61cb79ce0d56e081cc08d137faf666de4fe\">\r\n\t\t\t<div class=\"hover\"><\/div>\r\n\t\t<\/div>\r\n\t<\/a>\r\n\t<a href=\"https:\/\/2024.budapestritmo.hu\/en\/view\/who-is-coming\/entry\/226\/\">\r\n\t\t<div class=\"name\">\r\n\t\t\t Mari P\u00e4\u00e4kk\u00f6nen<br>\r\n\t\t\t<span class=\"country\">\r\n\t\t\tGlobal Music Centre<br>\r\n\t\t\tFinland\r\n\t\t\t<\/span>\r\n\t\t<\/div>\r\n\t<\/a>\r\n<\/div><\/h3>\t\t\t<\/div>\n\t\t\t\n\t\t<\/div>\n\n\t\t\t\t<div id=\"gv_list_166\" class=\"gv-list-view\">\n\n\t\t\n\t\t\t<div class=\"gv-list-view-title\">\n\t\t\t\t<h3 class=\"gv-field-3-custom\"><div class=\"speaker-small speaker-small-wic\">\r\n\t<a href=\"https:\/\/2024.budapestritmo.hu\/en\/view\/who-is-coming\/entry\/166\/\">\r\n\t\t<div class=\"thumbnail\">\r\n\t\t\t<img decoding=\"async\" src=\"https:\/\/2024.budapestritmo.hu\/index.php?gf-download=2024%2F03%2Fphoto_2023-08-07_14-51-10.jpg&amp;form-id=3&amp;field-id=7&amp;hash=45e56b1c19dcfed780965510efe9ecfce6e53fc1ec96da93d9d8fb5a5cd0fbd7\">\r\n\t\t\t<div class=\"hover\"><\/div>\r\n\t\t<\/div>\r\n\t<\/a>\r\n\t<a href=\"https:\/\/2024.budapestritmo.hu\/en\/view\/who-is-coming\/entry\/166\/\">\r\n\t\t<div class=\"name\">\r\n\t\t\t Maria Mikhailyk<br>\r\n\t\t\t<span class=\"country\">\r\n\t\t\tNGO &quot;Local culture support&quot;<br>\r\n\t\t\tUkraine\r\n\t\t\t<\/span>\r\n\t\t<\/div>\r\n\t<\/a>\r\n<\/div><\/h3>\t\t\t<\/div>\n\t\t\t\n\t\t<\/div>\n\n\t\t\t\t<div id=\"gv_list_67\" class=\"gv-list-view\">\n\n\t\t\n\t\t\t<div class=\"gv-list-view-title\">\n\t\t\t\t<h3 class=\"gv-field-3-custom\"><div class=\"speaker-small speaker-small-wic\">\r\n\t<a href=\"https:\/\/2024.budapestritmo.hu\/en\/view\/who-is-coming\/entry\/67\/\">\r\n\t\t<div class=\"thumbnail\">\r\n\t\t\t<img decoding=\"async\" src=\"https:\/\/2024.budapestritmo.hu\/index.php?gf-download=2023%2F03%2FMarija-Vitas-PHOTO-05.jpg&amp;form-id=3&amp;field-id=7&amp;hash=024b901d7b216873090107ca031c7b8bed481fc89fedf9712f2f2db13032e71a\">\r\n\t\t\t<div class=\"hover\"><\/div>\r\n\t\t<\/div>\r\n\t<\/a>\r\n\t<a href=\"https:\/\/2024.budapestritmo.hu\/en\/view\/who-is-coming\/entry\/67\/\">\r\n\t\t<div class=\"name\">\r\n\t\t\t Marija Vitas<br>\r\n\t\t\t<span class=\"country\">\r\n\t\t\tMusic Information Centre of Serbia<br>\r\n\t\t\tSerbia\r\n\t\t\t<\/span>\r\n\t\t<\/div>\r\n\t<\/a>\r\n<\/div><\/h3>\t\t\t<\/div>\n\t\t\t\n\t\t<\/div>\n\n\t\t\t\t<div id=\"gv_list_154\" class=\"gv-list-view\">\n\n\t\t\n\t\t\t<div class=\"gv-list-view-title\">\n\t\t\t\t<h3 class=\"gv-field-3-custom\"><div class=\"speaker-small speaker-small-wic\">\r\n\t<a href=\"https:\/\/2024.budapestritmo.hu\/en\/view\/who-is-coming\/entry\/154\/\">\r\n\t\t<div class=\"thumbnail\">\r\n\t\t\t<img decoding=\"async\" src=\"https:\/\/2024.budapestritmo.hu\/index.php?gf-download=2024%2F02%2Fzmaja-profil-Gibanica.jpeg&amp;form-id=3&amp;field-id=7&amp;hash=3db4b7a8c2c4d640be5abe07421955397a1435fa945a487c22ffeb90889d07fa\">\r\n\t\t\t<div class=\"hover\"><\/div>\r\n\t\t<\/div>\r\n\t<\/a>\r\n\t<a href=\"https:\/\/2024.budapestritmo.hu\/en\/view\/who-is-coming\/entry\/154\/\">\r\n\t\t<div class=\"name\">\r\n\t\t\t Marija (Zmaja) Popovi\u0107<br>\r\n\t\t\t<span class=\"country\">\r\n\t\t\tFoundation EXIT<br>\r\n\t\t\tSerbia\r\n\t\t\t<\/span>\r\n\t\t<\/div>\r\n\t<\/a>\r\n<\/div><\/h3>\t\t\t<\/div>\n\t\t\t\n\t\t<\/div>\n\n\t\t\t\t<div id=\"gv_list_219\" class=\"gv-list-view\">\n\n\t\t\n\t\t\t<div class=\"gv-list-view-title\">\n\t\t\t\t<h3 class=\"gv-field-3-custom\"><div class=\"speaker-small speaker-small-wic\">\r\n\t<a href=\"https:\/\/2024.budapestritmo.hu\/en\/view\/who-is-coming\/entry\/219\/\">\r\n\t\t<div class=\"thumbnail\">\r\n\t\t\t<img decoding=\"async\" src=\"https:\/\/2024.budapestritmo.hu\/index.php?gf-download=2024%2F04%2FMarko-Dinjaski-portret-Boris-Radivojkov-sm.jpg&amp;form-id=3&amp;field-id=7&amp;hash=505857d08bcee2a37d407499a6be07ff9e70baf4bd68996653070778b9f3bf78\">\r\n\t\t\t<div class=\"hover\"><\/div>\r\n\t\t<\/div>\r\n\t<\/a>\r\n\t<a href=\"https:\/\/2024.budapestritmo.hu\/en\/view\/who-is-coming\/entry\/219\/\">\r\n\t\t<div class=\"name\">\r\n\t\t\t Marko Dinja\u0161ki<br>\r\n\t\t\t<span class=\"country\">\r\n\t\t\tAlice in WonderBand<br>\r\n\t\t\tSerbia\r\n\t\t\t<\/span>\r\n\t\t<\/div>\r\n\t<\/a>\r\n<\/div><\/h3>\t\t\t<\/div>\n\t\t\t\n\t\t<\/div>\n\n\t\t\t\t<div id=\"gv_list_197\" class=\"gv-list-view\">\n\n\t\t\n\t\t\t<div class=\"gv-list-view-title\">\n\t\t\t\t<h3 class=\"gv-field-3-custom\"><div class=\"speaker-small speaker-small-wic\">\r\n\t<a href=\"https:\/\/2024.budapestritmo.hu\/en\/view\/who-is-coming\/entry\/197\/\">\r\n\t\t<div class=\"thumbnail\">\r\n\t\t\t<img decoding=\"async\" src=\"https:\/\/2024.budapestritmo.hu\/index.php?gf-download=2024%2F03%2FML_NYC_reflection_IMG_1070.JPG&amp;form-id=3&amp;field-id=7&amp;hash=154d3081a9f88d31c45bc18c35f3f6c8933f143ef80c71d220acdcea55bf03fe\">\r\n\t\t\t<div class=\"hover\"><\/div>\r\n\t\t<\/div>\r\n\t<\/a>\r\n\t<a href=\"https:\/\/2024.budapestritmo.hu\/en\/view\/who-is-coming\/entry\/197\/\">\r\n\t\t<div class=\"name\">\r\n\t\t\t Martin Longley<br>\r\n\t\t\t<span class=\"country\">\r\n\t\t\tFreelance writer<br>\r\n\t\t\tUnited Kingdom\r\n\t\t\t<\/span>\r\n\t\t<\/div>\r\n\t<\/a>\r\n<\/div><\/h3>\t\t\t<\/div>\n\t\t\t\n\t\t<\/div>\n\n\t\t\t\t<div id=\"gv_list_27\" class=\"gv-list-view\">\n\n\t\t\n\t\t\t<div class=\"gv-list-view-title\">\n\t\t\t\t<h3 class=\"gv-field-3-custom\"><div class=\"speaker-small speaker-small-wic\">\r\n\t<a href=\"https:\/\/2024.budapestritmo.hu\/en\/view\/who-is-coming\/entry\/27\/\">\r\n\t\t<div class=\"thumbnail\">\r\n\t\t\t<img decoding=\"async\" src=\"https:\/\/2024.budapestritmo.hu\/index.php?gf-download=2023%2F04%2Fmarton-sutheo.jpg&amp;form-id=3&amp;field-id=7&amp;hash=5e097776c3cd9fd413469b4fd140cb5bca043e0c3231288a3acaa7b5633c789d\">\r\n\t\t\t<div class=\"hover\"><\/div>\r\n\t\t<\/div>\r\n\t<\/a>\r\n\t<a href=\"https:\/\/2024.budapestritmo.hu\/en\/view\/who-is-coming\/entry\/27\/\">\r\n\t\t<div class=\"name\">\r\n\t\t\t M\u00e1rton S\u00fcthe\u0151<br>\r\n\t\t\t<span class=\"country\">\r\n\t\t\tHangvet\u0151<br>\r\n\t\t\tHungary\r\n\t\t\t<\/span>\r\n\t\t<\/div>\r\n\t<\/a>\r\n<\/div><\/h3>\t\t\t<\/div>\n\t\t\t\n\t\t<\/div>\n\n\t\t\t\t<div id=\"gv_list_168\" class=\"gv-list-view\">\n\n\t\t\n\t\t\t<div class=\"gv-list-view-title\">\n\t\t\t\t<h3 class=\"gv-field-3-custom\"><div class=\"speaker-small speaker-small-wic\">\r\n\t<a href=\"https:\/\/2024.budapestritmo.hu\/en\/view\/who-is-coming\/entry\/168\/\">\r\n\t\t<div class=\"thumbnail\">\r\n\t\t\t<img decoding=\"async\" src=\"https:\/\/2024.budapestritmo.hu\/index.php?gf-download=2024%2F03%2FMKM_7183.jpg&amp;form-id=3&amp;field-id=7&amp;hash=a4afa9c89db3c89e4b01b83ab5babeb72de9a423abc8ab96a3cf4d2823753a59\">\r\n\t\t\t<div class=\"hover\"><\/div>\r\n\t\t<\/div>\r\n\t<\/a>\r\n\t<a href=\"https:\/\/2024.budapestritmo.hu\/en\/view\/who-is-coming\/entry\/168\/\">\r\n\t\t<div class=\"name\">\r\n\t\t\t Mateusz Dobrowolski<br>\r\n\t\t\t<span class=\"country\">\r\n\t\t\tHajda Banda \/ \u0413\u0430\u0439\u0434\u0430 \u0411\u0430\u043d\u0434\u0430<br>\r\n\t\t\tPoland\r\n\t\t\t<\/span>\r\n\t\t<\/div>\r\n\t<\/a>\r\n<\/div><\/h3>\t\t\t<\/div>\n\t\t\t\n\t\t<\/div>\n\n\t\t\t\t<div id=\"gv_list_159\" class=\"gv-list-view\">\n\n\t\t\n\t\t\t<div class=\"gv-list-view-title\">\n\t\t\t\t<h3 class=\"gv-field-3-custom\"><div class=\"speaker-small speaker-small-wic\">\r\n\t<a href=\"https:\/\/2024.budapestritmo.hu\/en\/view\/who-is-coming\/entry\/159\/\">\r\n\t\t<div class=\"thumbnail\">\r\n\t\t\t<img decoding=\"async\" src=\"https:\/\/2024.budapestritmo.hu\/index.php?gf-download=2024%2F02%2Fatelier_foto_2048-2-of-17.jpg&amp;form-id=3&amp;field-id=7&amp;hash=86b83b80293e5546a14678304d048b58ba8317a82d8b5642d2d497d8a942c489\">\r\n\t\t\t<div class=\"hover\"><\/div>\r\n\t\t<\/div>\r\n\t<\/a>\r\n\t<a href=\"https:\/\/2024.budapestritmo.hu\/en\/view\/who-is-coming\/entry\/159\/\">\r\n\t\t<div class=\"name\">\r\n\t\t\t Matyas Hradil<br>\r\n\t\t\t<span class=\"country\">\r\n\t\t\tColour Production, spol. s r. o.<br>\r\n\t\t\tCzech Republic\r\n\t\t\t<\/span>\r\n\t\t<\/div>\r\n\t<\/a>\r\n<\/div><\/h3>\t\t\t<\/div>\n\t\t\t\n\t\t<\/div>\n\n\t\t\t\t<div id=\"gv_list_137\" class=\"gv-list-view\">\n\n\t\t\n\t\t\t<div class=\"gv-list-view-title\">\n\t\t\t\t<h3 class=\"gv-field-3-custom\"><div class=\"speaker-small speaker-small-wic\">\r\n\t<a href=\"https:\/\/2024.budapestritmo.hu\/en\/view\/who-is-coming\/entry\/137\/\">\r\n\t\t<div class=\"thumbnail\">\r\n\t\t\t<img decoding=\"async\" src=\"https:\/\/2024.budapestritmo.hu\/index.php?gf-download=2024%2F02%2FDSC09847-2-2.jpg&amp;form-id=3&amp;field-id=7&amp;hash=a2803cdac55d9d485719a031b603bcefc8bd1717268ca2ae4a5ea34c9ec5bed0\">\r\n\t\t\t<div class=\"hover\"><\/div>\r\n\t\t<\/div>\r\n\t<\/a>\r\n\t<a href=\"https:\/\/2024.budapestritmo.hu\/en\/view\/who-is-coming\/entry\/137\/\">\r\n\t\t<div class=\"name\">\r\n\t\t\t Michal Schmidt<br>\r\n\t\t\t<span class=\"country\">\r\n\t\t\tFolk Holidays festival<br>\r\n\t\t\tCzech Republic\r\n\t\t\t<\/span>\r\n\t\t<\/div>\r\n\t<\/a>\r\n<\/div><\/h3>\t\t\t<\/div>\n\t\t\t\n\t\t<\/div>\n\n\t\t\t\t<div id=\"gv_list_195\" class=\"gv-list-view\">\n\n\t\t\n\t\t\t<div class=\"gv-list-view-title\">\n\t\t\t\t<h3 class=\"gv-field-3-custom\"><div class=\"speaker-small speaker-small-wic\">\r\n\t<a href=\"https:\/\/2024.budapestritmo.hu\/en\/view\/who-is-coming\/entry\/195\/\">\r\n\t\t<div class=\"thumbnail\">\r\n\t\t\t<img decoding=\"async\" src=\"https:\/\/2024.budapestritmo.hu\/index.php?gf-download=2024%2F03%2F267200856_4811963752187404_4503318207252289804_n.jpg&amp;form-id=3&amp;field-id=7&amp;hash=c4a32819ab5f4147ab8e64ed0f1fb8398cf09e99e2ed7d93803e0e3dfab3cdc1\">\r\n\t\t\t<div class=\"hover\"><\/div>\r\n\t\t<\/div>\r\n\t<\/a>\r\n\t<a href=\"https:\/\/2024.budapestritmo.hu\/en\/view\/who-is-coming\/entry\/195\/\">\r\n\t\t<div class=\"name\">\r\n\t\t\t Michiel Kiebooms<br>\r\n\t\t\t<span class=\"country\">\r\n\t\t\tCultural Centre Evergem\/Toernee Mondial<br>\r\n\t\t\tBelgium\r\n\t\t\t<\/span>\r\n\t\t<\/div>\r\n\t<\/a>\r\n<\/div><\/h3>\t\t\t<\/div>\n\t\t\t\n\t\t<\/div>\n\n\t\t\t\t<div id=\"gv_list_118\" class=\"gv-list-view\">\n\n\t\t\n\t\t\t<div class=\"gv-list-view-title\">\n\t\t\t\t<h3 class=\"gv-field-3-custom\"><div class=\"speaker-small speaker-small-wic\">\r\n\t<a href=\"https:\/\/2024.budapestritmo.hu\/en\/view\/who-is-coming\/entry\/118\/\">\r\n\t\t<div class=\"thumbnail\">\r\n\t\t\t<img decoding=\"async\" src=\"https:\/\/2024.budapestritmo.hu\/index.php?gf-download=2024%2F01%2FMilanTesar2_autor-of-the-picture-PavelSanek.jpg&amp;form-id=3&amp;field-id=7&amp;hash=493bff1c31770f4e9dcf10151b4919c421582df84e99bf4dc6ddc3ede9c19dce\">\r\n\t\t\t<div class=\"hover\"><\/div>\r\n\t\t<\/div>\r\n\t<\/a>\r\n\t<a href=\"https:\/\/2024.budapestritmo.hu\/en\/view\/who-is-coming\/entry\/118\/\">\r\n\t\t<div class=\"name\">\r\n\t\t\t Milan Tesa\u0159<br>\r\n\t\t\t<span class=\"country\">\r\n\t\t\tRadio Proglas \/ WMCE<br>\r\n\t\t\tCzech Republic\r\n\t\t\t<\/span>\r\n\t\t<\/div>\r\n\t<\/a>\r\n<\/div><\/h3>\t\t\t<\/div>\n\t\t\t\n\t\t<\/div>\n\n\t\t\t\t<div id=\"gv_list_163\" class=\"gv-list-view\">\n\n\t\t\n\t\t\t<div class=\"gv-list-view-title\">\n\t\t\t\t<h3 class=\"gv-field-3-custom\"><div class=\"speaker-small speaker-small-wic\">\r\n\t<a href=\"https:\/\/2024.budapestritmo.hu\/en\/view\/who-is-coming\/entry\/163\/\">\r\n\t\t<div class=\"thumbnail\">\r\n\t\t\t<img decoding=\"async\" src=\"https:\/\/2024.budapestritmo.hu\/index.php?gf-download=2024%2F02%2Fviber_image_2023-12-14_14-14-43-403.jpg&amp;form-id=3&amp;field-id=7&amp;hash=b89733c9b851fb87b3e6805061935d0e294c52cb168860eed13b94f68980e5f9\">\r\n\t\t\t<div class=\"hover\"><\/div>\r\n\t\t<\/div>\r\n\t<\/a>\r\n\t<a href=\"https:\/\/2024.budapestritmo.hu\/en\/view\/who-is-coming\/entry\/163\/\">\r\n\t\t<div class=\"name\">\r\n\t\t\t Milos Milosevic<br>\r\n\t\t\t<span class=\"country\">\r\n\t\t\tEXIT Foundation<br>\r\n\t\t\tSerbia\r\n\t\t\t<\/span>\r\n\t\t<\/div>\r\n\t<\/a>\r\n<\/div><\/h3>\t\t\t<\/div>\n\t\t\t\n\t\t<\/div>\n\n\t\t\t\t<div id=\"gv_list_39\" class=\"gv-list-view\">\n\n\t\t\n\t\t\t<div class=\"gv-list-view-title\">\n\t\t\t\t<h3 class=\"gv-field-3-custom\"><div class=\"speaker-small speaker-small-wic\">\r\n\t<a href=\"https:\/\/2024.budapestritmo.hu\/en\/view\/who-is-coming\/entry\/39\/\">\r\n\t\t<div class=\"thumbnail\">\r\n\t\t\t<img decoding=\"async\" src=\"https:\/\/2024.budapestritmo.hu\/index.php?gf-download=2023%2F03%2FNadja_11.JPG&amp;form-id=3&amp;field-id=7&amp;hash=11cd297785bfac5648f9fcd3f1acce9973cd6add26b1dc9ec5b15b8f67fe873d\">\r\n\t\t\t<div class=\"hover\"><\/div>\r\n\t\t<\/div>\r\n\t<\/a>\r\n\t<a href=\"https:\/\/2024.budapestritmo.hu\/en\/view\/who-is-coming\/entry\/39\/\">\r\n\t\t<div class=\"name\">\r\n\t\t\t Nadja Grizzo<br>\r\n\t\t\t<span class=\"country\">\r\n\t\t\tFreelancer<br>\r\n\t\t\tGermany\r\n\t\t\t<\/span>\r\n\t\t<\/div>\r\n\t<\/a>\r\n<\/div><\/h3>\t\t\t<\/div>\n\t\t\t\n\t\t<\/div>\n\n\t\t\t\t<div id=\"gv_list_225\" class=\"gv-list-view\">\n\n\t\t\n\t\t\t<div class=\"gv-list-view-title\">\n\t\t\t\t<h3 class=\"gv-field-3-custom\"><div class=\"speaker-small speaker-small-wic\">\r\n\t<a href=\"https:\/\/2024.budapestritmo.hu\/en\/view\/who-is-coming\/entry\/225\/\">\r\n\t\t<div class=\"thumbnail\">\r\n\t\t\t<img decoding=\"async\" src=\"https:\/\/2024.budapestritmo.hu\/index.php?gf-download=2024%2F04%2FNick_Sept-2019_2.JPG&amp;form-id=3&amp;field-id=7&amp;hash=df3f27bb4f875f970f4047430ffe1dd82462c82b27723f9924b02dbd3aaf6e1f\">\r\n\t\t\t<div class=\"hover\"><\/div>\r\n\t\t<\/div>\r\n\t<\/a>\r\n\t<a href=\"https:\/\/2024.budapestritmo.hu\/en\/view\/who-is-coming\/entry\/225\/\">\r\n\t\t<div class=\"name\">\r\n\t\t\t Nick Thorpe<br>\r\n\t\t\t<span class=\"country\">\r\n\t\t\tBBC<br>\r\n\t\t\tHungary\r\n\t\t\t<\/span>\r\n\t\t<\/div>\r\n\t<\/a>\r\n<\/div><\/h3>\t\t\t<\/div>\n\t\t\t\n\t\t<\/div>\n\n\t\t\t\t<div id=\"gv_list_171\" class=\"gv-list-view\">\n\n\t\t\n\t\t\t<div class=\"gv-list-view-title\">\n\t\t\t\t<h3 class=\"gv-field-3-custom\"><div class=\"speaker-small speaker-small-wic\">\r\n\t<a href=\"https:\/\/2024.budapestritmo.hu\/en\/view\/who-is-coming\/entry\/171\/\">\r\n\t\t<div class=\"thumbnail\">\r\n\t\t\t<img decoding=\"async\" src=\"https:\/\/2024.budapestritmo.hu\/index.php?gf-download=2024%2F03%2FJoanna-Krukowska.JPG&amp;form-id=3&amp;field-id=7&amp;hash=1259db1cb756a70cb7c6ad8bfcd942823d735274fe8696b0b889bfc4f16e0be9\">\r\n\t\t\t<div class=\"hover\"><\/div>\r\n\t\t<\/div>\r\n\t<\/a>\r\n\t<a href=\"https:\/\/2024.budapestritmo.hu\/en\/view\/who-is-coming\/entry\/171\/\">\r\n\t\t<div class=\"name\">\r\n\t\t\t Nika Jurczuk<br>\r\n\t\t\t<span class=\"country\">\r\n\t\t\tNiczos<br>\r\n\t\t\tPoland\r\n\t\t\t<\/span>\r\n\t\t<\/div>\r\n\t<\/a>\r\n<\/div><\/h3>\t\t\t<\/div>\n\t\t\t\n\t\t<\/div>\n\n\t\t\t\t<div id=\"gv_list_199\" class=\"gv-list-view\">\n\n\t\t\n\t\t\t<div class=\"gv-list-view-title\">\n\t\t\t\t<h3 class=\"gv-field-3-custom\"><div class=\"speaker-small speaker-small-wic\">\r\n\t<a href=\"https:\/\/2024.budapestritmo.hu\/en\/view\/who-is-coming\/entry\/199\/\">\r\n\t\t<div class=\"thumbnail\">\r\n\t\t\t<img decoding=\"async\" src=\"https:\/\/2024.budapestritmo.hu\/index.php?gf-download=2024%2F04%2FOlivier-Rey-3%C2%A9-Jean-de-Pena.jpg&amp;form-id=3&amp;field-id=7&amp;hash=10616d5a8d5402e87ccc9bbae5b30fff437ccff9311cfc013f8b2cf0c18dee2b\">\r\n\t\t\t<div class=\"hover\"><\/div>\r\n\t\t<\/div>\r\n\t<\/a>\r\n\t<a href=\"https:\/\/2024.budapestritmo.hu\/en\/view\/who-is-coming\/entry\/199\/\">\r\n\t\t<div class=\"name\">\r\n\t\t\t Olivier Rey<br>\r\n\t\t\t<span class=\"country\">\r\n\t\t\tBabel Music XP<br>\r\n\t\t\tFrance\r\n\t\t\t<\/span>\r\n\t\t<\/div>\r\n\t<\/a>\r\n<\/div><\/h3>\t\t\t<\/div>\n\t\t\t\n\t\t<\/div>\n\n\t\t\t\t<div id=\"gv_list_144\" class=\"gv-list-view\">\n\n\t\t\n\t\t\t<div class=\"gv-list-view-title\">\n\t\t\t\t<h3 class=\"gv-field-3-custom\"><div class=\"speaker-small speaker-small-wic\">\r\n\t<a href=\"https:\/\/2024.budapestritmo.hu\/en\/view\/who-is-coming\/entry\/144\/\">\r\n\t\t<div class=\"thumbnail\">\r\n\t\t\t<img decoding=\"async\" src=\"https:\/\/2024.budapestritmo.hu\/index.php?gf-download=2024%2F02%2Foriol-foto-acreditacions.png&amp;form-id=3&amp;field-id=7&amp;hash=e7d6aa081f42496378312fc2e502a4216a8c9e7049d8777be08b2331a565e9bc\">\r\n\t\t\t<div class=\"hover\"><\/div>\r\n\t\t<\/div>\r\n\t<\/a>\r\n\t<a href=\"https:\/\/2024.budapestritmo.hu\/en\/view\/who-is-coming\/entry\/144\/\">\r\n\t\t<div class=\"name\">\r\n\t\t\t Oriol Roca<br>\r\n\t\t\t<span class=\"country\">\r\n\t\t\tMMVV<br>\r\n\t\t\tSpain\r\n\t\t\t<\/span>\r\n\t\t<\/div>\r\n\t<\/a>\r\n<\/div><\/h3>\t\t\t<\/div>\n\t\t\t\n\t\t<\/div>\n\n\t\t\t\t<div id=\"gv_list_210\" class=\"gv-list-view\">\n\n\t\t\n\t\t\t<div class=\"gv-list-view-title\">\n\t\t\t\t<h3 class=\"gv-field-3-custom\"><div class=\"speaker-small speaker-small-wic\">\r\n\t<a href=\"https:\/\/2024.budapestritmo.hu\/en\/view\/who-is-coming\/entry\/210\/\">\r\n\t\t<div class=\"thumbnail\">\r\n\t\t\t<img decoding=\"async\" src=\"https:\/\/2024.budapestritmo.hu\/index.php?gf-download=2024%2F04%2FHV_webre_Panka.jpg&amp;form-id=3&amp;field-id=7&amp;hash=3884faf27cf1f08f0bb9f379782612251a60ce56f6ff56e8ae5855872dbd2174\">\r\n\t\t\t<div class=\"hover\"><\/div>\r\n\t\t<\/div>\r\n\t<\/a>\r\n\t<a href=\"https:\/\/2024.budapestritmo.hu\/en\/view\/who-is-coming\/entry\/210\/\">\r\n\t\t<div class=\"name\">\r\n\t\t\t Panka Unger<br>\r\n\t\t\t<span class=\"country\">\r\n\t\t\tHangvet\u0151<br>\r\n\t\t\tHungary\r\n\t\t\t<\/span>\r\n\t\t<\/div>\r\n\t<\/a>\r\n<\/div><\/h3>\t\t\t<\/div>\n\t\t\t\n\t\t<\/div>\n\n\t\t\t\t<div id=\"gv_list_119\" class=\"gv-list-view\">\n\n\t\t\n\t\t\t<div class=\"gv-list-view-title\">\n\t\t\t\t<h3 class=\"gv-field-3-custom\"><div class=\"speaker-small speaker-small-wic\">\r\n\t<a href=\"https:\/\/2024.budapestritmo.hu\/en\/view\/who-is-coming\/entry\/119\/\">\r\n\t\t<div class=\"thumbnail\">\r\n\t\t\t<img decoding=\"async\" src=\"https:\/\/2024.budapestritmo.hu\/index.php?gf-download=2024%2F01%2FPatryk-Galuszka-480x480-1.jpg&amp;form-id=3&amp;field-id=7&amp;hash=d8e0dff14a4ba23b2e3517fcdf903acee1e97fba9c580a41d3200478ffd8293b\">\r\n\t\t\t<div class=\"hover\"><\/div>\r\n\t\t<\/div>\r\n\t<\/a>\r\n\t<a href=\"https:\/\/2024.budapestritmo.hu\/en\/view\/who-is-coming\/entry\/119\/\">\r\n\t\t<div class=\"name\">\r\n\t\t\t Patryk Galuszka<br>\r\n\t\t\t<span class=\"country\">\r\n\t\t\tUniversity of Lodz<br>\r\n\t\t\tPoland\r\n\t\t\t<\/span>\r\n\t\t<\/div>\r\n\t<\/a>\r\n<\/div><\/h3>\t\t\t<\/div>\n\t\t\t\n\t\t<\/div>\n\n\t\t\t\t<div id=\"gv_list_107\" class=\"gv-list-view\">\n\n\t\t\n\t\t\t<div class=\"gv-list-view-title\">\n\t\t\t\t<h3 class=\"gv-field-3-custom\"><div class=\"speaker-small speaker-small-wic\">\r\n\t<a href=\"https:\/\/2024.budapestritmo.hu\/en\/view\/who-is-coming\/entry\/107\/\">\r\n\t\t<div class=\"thumbnail\">\r\n\t\t\t<img decoding=\"async\" src=\"https:\/\/2024.budapestritmo.hu\/index.php?gf-download=2023%2F04%2F0.jpg&amp;form-id=3&amp;field-id=7&amp;hash=393b4ef8fc3172a597cc864bdd5dafdb682085926e837f60919835badaec40ad\">\r\n\t\t\t<div class=\"hover\"><\/div>\r\n\t\t<\/div>\r\n\t<\/a>\r\n\t<a href=\"https:\/\/2024.budapestritmo.hu\/en\/view\/who-is-coming\/entry\/107\/\">\r\n\t\t<div class=\"name\">\r\n\t\t\t Peter Dimitrov<br>\r\n\t\t\t<span class=\"country\">\r\n\t\t\tA to JazZ Festival<br>\r\n\t\t\tBulgaria\r\n\t\t\t<\/span>\r\n\t\t<\/div>\r\n\t<\/a>\r\n<\/div><\/h3>\t\t\t<\/div>\n\t\t\t\n\t\t<\/div>\n\n\t\t\t\t<div id=\"gv_list_224\" class=\"gv-list-view\">\n\n\t\t\n\t\t\t<div class=\"gv-list-view-title\">\n\t\t\t\t<h3 class=\"gv-field-3-custom\"><div class=\"speaker-small speaker-small-wic\">\r\n\t<a href=\"https:\/\/2024.budapestritmo.hu\/en\/view\/who-is-coming\/entry\/224\/\">\r\n\t\t<div class=\"thumbnail\">\r\n\t\t\t<img decoding=\"async\" src=\"https:\/\/2024.budapestritmo.hu\/index.php?gf-download=2024%2F04%2FPeter-Van-Rompaeyklein.jpg&amp;form-id=3&amp;field-id=7&amp;hash=6a90c536ec34eae19f8165e4def7a3d31dcb530a0e038a9d31b214fb316c18d5\">\r\n\t\t\t<div class=\"hover\"><\/div>\r\n\t\t<\/div>\r\n\t<\/a>\r\n\t<a href=\"https:\/\/2024.budapestritmo.hu\/en\/view\/who-is-coming\/entry\/224\/\">\r\n\t\t<div class=\"name\">\r\n\t\t\t Peter Van Rompaey<br>\r\n\t\t\t<span class=\"country\">\r\n\t\t\tMuziekpublique<br>\r\n\t\t\tBelgium\r\n\t\t\t<\/span>\r\n\t\t<\/div>\r\n\t<\/a>\r\n<\/div><\/h3>\t\t\t<\/div>\n\t\t\t\n\t\t<\/div>\n\n\t\t\t\t<div id=\"gv_list_142\" class=\"gv-list-view\">\n\n\t\t\n\t\t\t<div class=\"gv-list-view-title\">\n\t\t\t\t<h3 class=\"gv-field-3-custom\"><div class=\"speaker-small speaker-small-wic\">\r\n\t<a href=\"https:\/\/2024.budapestritmo.hu\/en\/view\/who-is-coming\/entry\/142\/\">\r\n\t\t<div class=\"thumbnail\">\r\n\t\t\t<img decoding=\"async\" src=\"https:\/\/2024.budapestritmo.hu\/index.php?gf-download=2024%2F02%2FPD-2021.jpg&amp;form-id=3&amp;field-id=7&amp;hash=498fec02279dfe7c8f49a672e4bc582a0d38211853417e63516095138a84a1cb\">\r\n\t\t\t<div class=\"hover\"><\/div>\r\n\t\t<\/div>\r\n\t<\/a>\r\n\t<a href=\"https:\/\/2024.budapestritmo.hu\/en\/view\/who-is-coming\/entry\/142\/\">\r\n\t\t<div class=\"name\">\r\n\t\t\t Petr Doruzka<br>\r\n\t\t\t<span class=\"country\">\r\n\t\t\tCzech National Radio freelance<br>\r\n\t\t\tCzech Republic\r\n\t\t\t<\/span>\r\n\t\t<\/div>\r\n\t<\/a>\r\n<\/div><\/h3>\t\t\t<\/div>\n\t\t\t\n\t\t<\/div>\n\n\t\t\t\t<div id=\"gv_list_122\" class=\"gv-list-view\">\n\n\t\t\n\t\t\t<div class=\"gv-list-view-title\">\n\t\t\t\t<h3 class=\"gv-field-3-custom\"><div class=\"speaker-small speaker-small-wic\">\r\n\t<a href=\"https:\/\/2024.budapestritmo.hu\/en\/view\/who-is-coming\/entry\/122\/\">\r\n\t\t<div class=\"thumbnail\">\r\n\t\t\t<img decoding=\"async\" src=\"https:\/\/2024.budapestritmo.hu\/index.php?gf-download=2024%2F01%2FPetra-Burthey_foto.jpg&amp;form-id=3&amp;field-id=7&amp;hash=28d86c90b675fbc5e55e541ce7f15794c6aea5d4c0c4fbcc0acf1e347c84385a\">\r\n\t\t\t<div class=\"hover\"><\/div>\r\n\t\t<\/div>\r\n\t<\/a>\r\n\t<a href=\"https:\/\/2024.budapestritmo.hu\/en\/view\/who-is-coming\/entry\/122\/\">\r\n\t\t<div class=\"name\">\r\n\t\t\t Petra Burthey<br>\r\n\t\t\t<span class=\"country\">\r\n\t\t\tClarinet Factory<br>\r\n\t\t\tCzech Republic\r\n\t\t\t<\/span>\r\n\t\t<\/div>\r\n\t<\/a>\r\n<\/div><\/h3>\t\t\t<\/div>\n\t\t\t\n\t\t<\/div>\n\n\t\t\t\t<div id=\"gv_list_150\" class=\"gv-list-view\">\n\n\t\t\n\t\t\t<div class=\"gv-list-view-title\">\n\t\t\t\t<h3 class=\"gv-field-3-custom\"><div class=\"speaker-small speaker-small-wic\">\r\n\t<a href=\"https:\/\/2024.budapestritmo.hu\/en\/view\/who-is-coming\/entry\/150\/\">\r\n\t\t<div class=\"thumbnail\">\r\n\t\t\t<img decoding=\"async\" src=\"https:\/\/2024.budapestritmo.hu\/index.php?gf-download=2024%2F02%2FPetra-H._YFoto.jpg&amp;form-id=3&amp;field-id=7&amp;hash=8340d25de43da1bf11d738e69271812815ecf247c1ff80806ec6d61ef8e38f1f\">\r\n\t\t\t<div class=\"hover\"><\/div>\r\n\t\t<\/div>\r\n\t<\/a>\r\n\t<a href=\"https:\/\/2024.budapestritmo.hu\/en\/view\/who-is-coming\/entry\/150\/\">\r\n\t\t<div class=\"name\">\r\n\t\t\t Petra Hradilova<br>\r\n\t\t\t<span class=\"country\">\r\n\t\t\tColour Production, spol. s r.o.<br>\r\n\t\t\tCzech Republic\r\n\t\t\t<\/span>\r\n\t\t<\/div>\r\n\t<\/a>\r\n<\/div><\/h3>\t\t\t<\/div>\n\t\t\t\n\t\t<\/div>\n\n\t\t\t\t<div id=\"gv_list_187\" class=\"gv-list-view\">\n\n\t\t\n\t\t\t<div class=\"gv-list-view-title\">\n\t\t\t\t<h3 class=\"gv-field-3-custom\"><div class=\"speaker-small speaker-small-wic\">\r\n\t<a href=\"https:\/\/2024.budapestritmo.hu\/en\/view\/who-is-coming\/entry\/187\/\">\r\n\t\t<div class=\"thumbnail\">\r\n\t\t\t<img decoding=\"async\" src=\"https:\/\/2024.budapestritmo.hu\/index.php?gf-download=2024%2F03%2F417818901_699400448946439_6230761662390475442_n.jpg&amp;form-id=3&amp;field-id=7&amp;hash=8fd4ab32e7f68566080f2cb3a2c2056c272ee5aca87e276756dba7c90605c82a\">\r\n\t\t\t<div class=\"hover\"><\/div>\r\n\t\t<\/div>\r\n\t<\/a>\r\n\t<a href=\"https:\/\/2024.budapestritmo.hu\/en\/view\/who-is-coming\/entry\/187\/\">\r\n\t\t<div class=\"name\">\r\n\t\t\t Petra Korosa<br>\r\n\t\t\t<span class=\"country\">\r\n\t\t\tHangvet\u0151<br>\r\n\t\t\tHungary\r\n\t\t\t<\/span>\r\n\t\t<\/div>\r\n\t<\/a>\r\n<\/div><\/h3>\t\t\t<\/div>\n\t\t\t\n\t\t<\/div>\n\n\t\t\t\t<div id=\"gv_list_189\" class=\"gv-list-view\">\n\n\t\t\n\t\t\t<div class=\"gv-list-view-title\">\n\t\t\t\t<h3 class=\"gv-field-3-custom\"><div class=\"speaker-small speaker-small-wic\">\r\n\t<a href=\"https:\/\/2024.budapestritmo.hu\/en\/view\/who-is-coming\/entry\/189\/\">\r\n\t\t<div class=\"thumbnail\">\r\n\t\t\t<img decoding=\"async\" src=\"https:\/\/2024.budapestritmo.hu\/index.php?gf-download=2024%2F03%2FIMG_7051.jpeg&amp;form-id=3&amp;field-id=7&amp;hash=0a064195806ff74f8b0acacf7ff32348a454330805fd906662519b1c4a2a0d50\">\r\n\t\t\t<div class=\"hover\"><\/div>\r\n\t\t<\/div>\r\n\t<\/a>\r\n\t<a href=\"https:\/\/2024.budapestritmo.hu\/en\/view\/who-is-coming\/entry\/189\/\">\r\n\t\t<div class=\"name\">\r\n\t\t\t Piero Cremaschi<br>\r\n\t\t\t<span class=\"country\">\r\n\t\t\tFolkest<br>\r\n\t\t\tItaly\r\n\t\t\t<\/span>\r\n\t\t<\/div>\r\n\t<\/a>\r\n<\/div><\/h3>\t\t\t<\/div>\n\t\t\t\n\t\t<\/div>\n\n\t\t\t\t<div id=\"gv_list_169\" class=\"gv-list-view\">\n\n\t\t\n\t\t\t<div class=\"gv-list-view-title\">\n\t\t\t\t<h3 class=\"gv-field-3-custom\"><div class=\"speaker-small speaker-small-wic\">\r\n\t<a href=\"https:\/\/2024.budapestritmo.hu\/en\/view\/who-is-coming\/entry\/169\/\">\r\n\t\t<div class=\"thumbnail\">\r\n\t\t\t<img decoding=\"async\" src=\"https:\/\/2024.budapestritmo.hu\/index.php?gf-download=2024%2F03%2F1547132924844.jpeg&amp;form-id=3&amp;field-id=7&amp;hash=fde8cb926ae8b9d3aa99949626465622e63bd474d46b86c2fc8604aa76e6b86c\">\r\n\t\t\t<div class=\"hover\"><\/div>\r\n\t\t<\/div>\r\n\t<\/a>\r\n\t<a href=\"https:\/\/2024.budapestritmo.hu\/en\/view\/who-is-coming\/entry\/169\/\">\r\n\t\t<div class=\"name\">\r\n\t\t\t Premysl Koudela<br>\r\n\t\t\t<span class=\"country\">\r\n\t\t\tGet Moments<br>\r\n\t\t\tCzech Republic\r\n\t\t\t<\/span>\r\n\t\t<\/div>\r\n\t<\/a>\r\n<\/div><\/h3>\t\t\t<\/div>\n\t\t\t\n\t\t<\/div>\n\n\t\t\t\t<div id=\"gv_list_201\" class=\"gv-list-view\">\n\n\t\t\n\t\t\t<div class=\"gv-list-view-title\">\n\t\t\t\t<h3 class=\"gv-field-3-custom\"><div class=\"speaker-small speaker-small-wic\">\r\n\t<a href=\"https:\/\/2024.budapestritmo.hu\/en\/view\/who-is-coming\/entry\/201\/\">\r\n\t\t<div class=\"thumbnail\">\r\n\t\t\t<img decoding=\"async\" src=\"https:\/\/2024.budapestritmo.hu\/index.php?gf-download=2024%2F04%2FKMA_BY_%40ALXCONNOR_PHOTO_-_-.jpg&amp;form-id=3&amp;field-id=7&amp;hash=60d16dd80b2cf64e31ca9bb3c9caad5d042fe198c62fd5f8c4e72ae70d79ebbe\">\r\n\t\t\t<div class=\"hover\"><\/div>\r\n\t\t<\/div>\r\n\t<\/a>\r\n\t<a href=\"https:\/\/2024.budapestritmo.hu\/en\/view\/who-is-coming\/entry\/201\/\">\r\n\t\t<div class=\"name\">\r\n\t\t\t Rafael Garnica<br>\r\n\t\t\t<span class=\"country\">\r\n\t\t\tRafael Garnica<br>\r\n\t\t\tSpain\r\n\t\t\t<\/span>\r\n\t\t<\/div>\r\n\t<\/a>\r\n<\/div><\/h3>\t\t\t<\/div>\n\t\t\t\n\t\t<\/div>\n\n\t\t\t\t<div id=\"gv_list_214\" class=\"gv-list-view\">\n\n\t\t\n\t\t\t<div class=\"gv-list-view-title\">\n\t\t\t\t<h3 class=\"gv-field-3-custom\"><div class=\"speaker-small speaker-small-wic\">\r\n\t<a href=\"https:\/\/2024.budapestritmo.hu\/en\/view\/who-is-coming\/entry\/214\/\">\r\n\t\t<div class=\"thumbnail\">\r\n\t\t\t<img decoding=\"async\" src=\"https:\/\/2024.budapestritmo.hu\/index.php?gf-download=2024%2F04%2FSignaturbilde-mail.png&amp;form-id=3&amp;field-id=7&amp;hash=5664507630778979268a30db321a1f88f9a2db1c127cc54c80b51ce64caf38fb\">\r\n\t\t\t<div class=\"hover\"><\/div>\r\n\t\t<\/div>\r\n\t<\/a>\r\n\t<a href=\"https:\/\/2024.budapestritmo.hu\/en\/view\/who-is-coming\/entry\/214\/\">\r\n\t\t<div class=\"name\">\r\n\t\t\t Ragnhild Vassbotn<br>\r\n\t\t\t<span class=\"country\">\r\n\t\t\tThe Norwegian Children and Youth Council<br>\r\n\t\t\tNorway\r\n\t\t\t<\/span>\r\n\t\t<\/div>\r\n\t<\/a>\r\n<\/div><\/h3>\t\t\t<\/div>\n\t\t\t\n\t\t<\/div>\n\n\t\t\t\t<div id=\"gv_list_198\" class=\"gv-list-view\">\n\n\t\t\n\t\t\t<div class=\"gv-list-view-title\">\n\t\t\t\t<h3 class=\"gv-field-3-custom\"><div class=\"speaker-small speaker-small-wic\">\r\n\t<a href=\"https:\/\/2024.budapestritmo.hu\/en\/view\/who-is-coming\/entry\/198\/\">\r\n\t\t<div class=\"thumbnail\">\r\n\t\t\t<img decoding=\"async\" src=\"https:\/\/2024.budapestritmo.hu\/index.php?gf-download=2024%2F03%2F1000010908.jpg&amp;form-id=3&amp;field-id=7&amp;hash=782f787a56c961911bd5d163707b155ccca1ecd5300986dca1d4515cc0127546\">\r\n\t\t\t<div class=\"hover\"><\/div>\r\n\t\t<\/div>\r\n\t<\/a>\r\n\t<a href=\"https:\/\/2024.budapestritmo.hu\/en\/view\/who-is-coming\/entry\/198\/\">\r\n\t\t<div class=\"name\">\r\n\t\t\t Robert Singerman<br>\r\n\t\t\t<span class=\"country\">\r\n\t\t\tLyricFind\/.MUSIC\/POLYGLOT\/Mondo\/CMW...<br>\r\n\t\t\tUnited States\r\n\t\t\t<\/span>\r\n\t\t<\/div>\r\n\t<\/a>\r\n<\/div><\/h3>\t\t\t<\/div>\n\t\t\t\n\t\t<\/div>\n\n\t\t\t\t<div id=\"gv_list_153\" class=\"gv-list-view\">\n\n\t\t\n\t\t\t<div class=\"gv-list-view-title\">\n\t\t\t\t<h3 class=\"gv-field-3-custom\"><div class=\"speaker-small speaker-small-wic\">\r\n\t<a href=\"https:\/\/2024.budapestritmo.hu\/en\/view\/who-is-coming\/entry\/153\/\">\r\n\t\t<div class=\"thumbnail\">\r\n\t\t\t<img decoding=\"async\" src=\"https:\/\/2024.budapestritmo.hu\/index.php?gf-download=2024%2F02%2Fpasfoto-roger.jpg&amp;form-id=3&amp;field-id=7&amp;hash=6965d5be79bb8a55467f47e01e9074b0222b3aec8aacf7d7c957562d609bb2e5\">\r\n\t\t\t<div class=\"hover\"><\/div>\r\n\t\t<\/div>\r\n\t<\/a>\r\n\t<a href=\"https:\/\/2024.budapestritmo.hu\/en\/view\/who-is-coming\/entry\/153\/\">\r\n\t\t<div class=\"name\">\r\n\t\t\t Roger Bouwens<br>\r\n\t\t\t<span class=\"country\">\r\n\t\t\tToernee Mondial<br>\r\n\t\t\tBelgium\r\n\t\t\t<\/span>\r\n\t\t<\/div>\r\n\t<\/a>\r\n<\/div><\/h3>\t\t\t<\/div>\n\t\t\t\n\t\t<\/div>\n\n\t\t\t\t<div id=\"gv_list_64\" class=\"gv-list-view\">\n\n\t\t\n\t\t\t<div class=\"gv-list-view-title\">\n\t\t\t\t<h3 class=\"gv-field-3-custom\"><div class=\"speaker-small speaker-small-wic\">\r\n\t<a href=\"https:\/\/2024.budapestritmo.hu\/en\/view\/who-is-coming\/entry\/64\/\">\r\n\t\t<div class=\"thumbnail\">\r\n\t\t\t<img decoding=\"async\" src=\"https:\/\/2024.budapestritmo.hu\/index.php?gf-download=2024%2F01%2FRok-Kosir_01-by-Roman-Sipic.jpg&amp;form-id=3&amp;field-id=7&amp;hash=814c8a8fb3c4308c9610adff71462ddd12c34f88a429006e7f8980dea05a0274\">\r\n\t\t\t<div class=\"hover\"><\/div>\r\n\t\t<\/div>\r\n\t<\/a>\r\n\t<a href=\"https:\/\/2024.budapestritmo.hu\/en\/view\/who-is-coming\/entry\/64\/\">\r\n\t\t<div class=\"name\">\r\n\t\t\t Rok Ko\u0161ir<br>\r\n\t\t\t<span class=\"country\">\r\n\t\t\tR.O.K. Booking &amp; Management<br>\r\n\t\t\tSlovenia\r\n\t\t\t<\/span>\r\n\t\t<\/div>\r\n\t<\/a>\r\n<\/div><\/h3>\t\t\t<\/div>\n\t\t\t\n\t\t<\/div>\n\n\t\t\t\t<div id=\"gv_list_157\" class=\"gv-list-view\">\n\n\t\t\n\t\t\t<div class=\"gv-list-view-title\">\n\t\t\t\t<h3 class=\"gv-field-3-custom\"><div class=\"speaker-small speaker-small-wic\">\r\n\t<a href=\"https:\/\/2024.budapestritmo.hu\/en\/view\/who-is-coming\/entry\/157\/\">\r\n\t\t<div class=\"thumbnail\">\r\n\t\t\t<img decoding=\"async\" src=\"https:\/\/2024.budapestritmo.hu\/index.php?gf-download=2024%2F02%2Fancona_0920_filter.jpg&amp;form-id=3&amp;field-id=7&amp;hash=0a9fe6fc502672a16473df140ebedc7f51d984123d279fe24684722bdb9388ee\">\r\n\t\t\t<div class=\"hover\"><\/div>\r\n\t\t<\/div>\r\n\t<\/a>\r\n\t<a href=\"https:\/\/2024.budapestritmo.hu\/en\/view\/who-is-coming\/entry\/157\/\">\r\n\t\t<div class=\"name\">\r\n\t\t\t Sabina Schebrak<br>\r\n\t\t\t<span class=\"country\">\r\n\t\t\tCultureWorks<br>\r\n\t\t\tAustria\r\n\t\t\t<\/span>\r\n\t\t<\/div>\r\n\t<\/a>\r\n<\/div><\/h3>\t\t\t<\/div>\n\t\t\t\n\t\t<\/div>\n\n\t\t\t\t<div id=\"gv_list_162\" class=\"gv-list-view\">\n\n\t\t\n\t\t\t<div class=\"gv-list-view-title\">\n\t\t\t\t<h3 class=\"gv-field-3-custom\"><div class=\"speaker-small speaker-small-wic\">\r\n\t<a href=\"https:\/\/2024.budapestritmo.hu\/en\/view\/who-is-coming\/entry\/162\/\">\r\n\t\t<div class=\"thumbnail\">\r\n\t\t\t<img decoding=\"async\" src=\"https:\/\/2024.budapestritmo.hu\/index.php?gf-download=2024%2F02%2FBalkan-Most-Festival-Hungary-23-.jpeg&amp;form-id=3&amp;field-id=7&amp;hash=989d0a7083366134753a000c0fa3925f3a089d2b39ff994e7e40fe24af3aa25b\">\r\n\t\t\t<div class=\"hover\"><\/div>\r\n\t\t<\/div>\r\n\t<\/a>\r\n\t<a href=\"https:\/\/2024.budapestritmo.hu\/en\/view\/who-is-coming\/entry\/162\/\">\r\n\t\t<div class=\"name\">\r\n\t\t\t Sabina Smailagic<br>\r\n\t\t\t<span class=\"country\">\r\n\t\t\tDJ Sabs<br>\r\n\t\t\tDenmark\r\n\t\t\t<\/span>\r\n\t\t<\/div>\r\n\t<\/a>\r\n<\/div><\/h3>\t\t\t<\/div>\n\t\t\t\n\t\t<\/div>\n\n\t\t\t\t<div id=\"gv_list_20\" class=\"gv-list-view\">\n\n\t\t\n\t\t\t<div class=\"gv-list-view-title\">\n\t\t\t\t<h3 class=\"gv-field-3-custom\"><div class=\"speaker-small speaker-small-wic\">\r\n\t<a href=\"https:\/\/2024.budapestritmo.hu\/en\/view\/who-is-coming\/entry\/20\/\">\r\n\t\t<div class=\"thumbnail\">\r\n\t\t\t<img decoding=\"async\" src=\"https:\/\/2024.budapestritmo.hu\/index.php?gf-download=2023%2F03%2Fsara-rimor2.jpg&amp;form-id=3&amp;field-id=7&amp;hash=1f22ae896c9e530ab8ad16ea3476a2225a02a9642ae5191cd958d21365968c74\">\r\n\t\t\t<div class=\"hover\"><\/div>\r\n\t\t<\/div>\r\n\t<\/a>\r\n\t<a href=\"https:\/\/2024.budapestritmo.hu\/en\/view\/who-is-coming\/entry\/20\/\">\r\n\t\t<div class=\"name\">\r\n\t\t\t Sara Venczel<br>\r\n\t\t\t<span class=\"country\">\r\n\t\t\tHangvet\u0151<br>\r\n\t\t\tHungary\r\n\t\t\t<\/span>\r\n\t\t<\/div>\r\n\t<\/a>\r\n<\/div><\/h3>\t\t\t<\/div>\n\t\t\t\n\t\t<\/div>\n\n\t\t\t\t<div id=\"gv_list_183\" class=\"gv-list-view\">\n\n\t\t\n\t\t\t<div class=\"gv-list-view-title\">\n\t\t\t\t<h3 class=\"gv-field-3-custom\"><div class=\"speaker-small speaker-small-wic\">\r\n\t<a href=\"https:\/\/2024.budapestritmo.hu\/en\/view\/who-is-coming\/entry\/183\/\">\r\n\t\t<div class=\"thumbnail\">\r\n\t\t\t<img decoding=\"async\" src=\"https:\/\/2024.budapestritmo.hu\/index.php?gf-download=2024%2F03%2F384341886_1358407521448603_4126440379038211394_n.jpg&amp;form-id=3&amp;field-id=7&amp;hash=8deec0d9fc7339fd0e3f813a44da6027056b735c2d546692237e12be11d48964\">\r\n\t\t\t<div class=\"hover\"><\/div>\r\n\t\t<\/div>\r\n\t<\/a>\r\n\t<a href=\"https:\/\/2024.budapestritmo.hu\/en\/view\/who-is-coming\/entry\/183\/\">\r\n\t\t<div class=\"name\">\r\n\t\t\t S\u00e1ra Ozorai<br>\r\n\t\t\t<span class=\"country\">\r\n\t\t\tHangvet\u0151<br>\r\n\t\t\tHungary\r\n\t\t\t<\/span>\r\n\t\t<\/div>\r\n\t<\/a>\r\n<\/div><\/h3>\t\t\t<\/div>\n\t\t\t\n\t\t<\/div>\n\n\t\t\t\t<div id=\"gv_list_209\" class=\"gv-list-view\">\n\n\t\t\n\t\t\t<div class=\"gv-list-view-title\">\n\t\t\t\t<h3 class=\"gv-field-3-custom\"><div class=\"speaker-small speaker-small-wic\">\r\n\t<a href=\"https:\/\/2024.budapestritmo.hu\/en\/view\/who-is-coming\/entry\/209\/\">\r\n\t\t<div class=\"thumbnail\">\r\n\t\t\t<img decoding=\"async\" src=\"https:\/\/2024.budapestritmo.hu\/index.php?gf-download=2024%2F04%2FFoto-Saul-Presa.jpg&amp;form-id=3&amp;field-id=7&amp;hash=4425009f0dff5ab4d19c2b43ff2df50cee56f7924d098cd278b5c6344a996176\">\r\n\t\t\t<div class=\"hover\"><\/div>\r\n\t\t<\/div>\r\n\t<\/a>\r\n\t<a href=\"https:\/\/2024.budapestritmo.hu\/en\/view\/who-is-coming\/entry\/209\/\">\r\n\t\t<div class=\"name\">\r\n\t\t\t Sa\u00fal Presa<br>\r\n\t\t\t<span class=\"country\">\r\n\t\t\tMetric Productions<br>\r\n\t\t\tSpain\r\n\t\t\t<\/span>\r\n\t\t<\/div>\r\n\t<\/a>\r\n<\/div><\/h3>\t\t\t<\/div>\n\t\t\t\n\t\t<\/div>\n\n\t\t\t\t<div id=\"gv_list_127\" class=\"gv-list-view\">\n\n\t\t\n\t\t\t<div class=\"gv-list-view-title\">\n\t\t\t\t<h3 class=\"gv-field-3-custom\"><div class=\"speaker-small speaker-small-wic\">\r\n\t<a href=\"https:\/\/2024.budapestritmo.hu\/en\/view\/who-is-coming\/entry\/127\/\">\r\n\t\t<div class=\"thumbnail\">\r\n\t\t\t<img decoding=\"async\" src=\"https:\/\/2024.budapestritmo.hu\/index.php?gf-download=2024%2F01%2FWhatsApp-Image-2021-05-17-at-21.58.39.jpeg&amp;form-id=3&amp;field-id=7&amp;hash=5f50d4e72821338102fc0c1214bc047e799e45185fb2d6ae60735c047bb65dd0\">\r\n\t\t\t<div class=\"hover\"><\/div>\r\n\t\t<\/div>\r\n\t<\/a>\r\n\t<a href=\"https:\/\/2024.budapestritmo.hu\/en\/view\/who-is-coming\/entry\/127\/\">\r\n\t\t<div class=\"name\">\r\n\t\t\t Silvia Calogiuri<br>\r\n\t\t\t<span class=\"country\">\r\n\t\t\tZero Nove Nove<br>\r\n\t\t\tItaly\r\n\t\t\t<\/span>\r\n\t\t<\/div>\r\n\t<\/a>\r\n<\/div><\/h3>\t\t\t<\/div>\n\t\t\t\n\t\t<\/div>\n\n\t\t\t\t<div id=\"gv_list_121\" class=\"gv-list-view\">\n\n\t\t\n\t\t\t<div class=\"gv-list-view-title\">\n\t\t\t\t<h3 class=\"gv-field-3-custom\"><div class=\"speaker-small speaker-small-wic\">\r\n\t<a href=\"https:\/\/2024.budapestritmo.hu\/en\/view\/who-is-coming\/entry\/121\/\">\r\n\t\t<div class=\"thumbnail\">\r\n\t\t\t<img decoding=\"async\" src=\"https:\/\/2024.budapestritmo.hu\/index.php?gf-download=2024%2F01%2FSimon-Broughton-2017-Pic-Portrait-DSC_9193-1.jpeg&amp;form-id=3&amp;field-id=7&amp;hash=65ff1b2b72b98d22bd83377047336ef71aa47e1f98a84e120d36f4e0cbcd580e\">\r\n\t\t\t<div class=\"hover\"><\/div>\r\n\t\t<\/div>\r\n\t<\/a>\r\n\t<a href=\"https:\/\/2024.budapestritmo.hu\/en\/view\/who-is-coming\/entry\/121\/\">\r\n\t\t<div class=\"name\">\r\n\t\t\t Simon Broughton<br>\r\n\t\t\t<span class=\"country\">\r\n\t\t\tFreelancer<br>\r\n\t\t\tUnited Kingdom\r\n\t\t\t<\/span>\r\n\t\t<\/div>\r\n\t<\/a>\r\n<\/div><\/h3>\t\t\t<\/div>\n\t\t\t\n\t\t<\/div>\n\n\t\t\t\t<div id=\"gv_list_203\" class=\"gv-list-view\">\n\n\t\t\n\t\t\t<div class=\"gv-list-view-title\">\n\t\t\t\t<h3 class=\"gv-field-3-custom\"><div class=\"speaker-small speaker-small-wic\">\r\n\t<a href=\"https:\/\/2024.budapestritmo.hu\/en\/view\/who-is-coming\/entry\/203\/\">\r\n\t\t<div class=\"thumbnail\">\r\n\t\t\t<img decoding=\"async\" src=\"https:\/\/2024.budapestritmo.hu\/index.php?gf-download=2024%2F04%2Fsomafoto.jpg&amp;form-id=3&amp;field-id=7&amp;hash=4bc8f96d988b5c69bdb3f365781e087d716e3654e02fdfab16a8a6040dc91944\">\r\n\t\t\t<div class=\"hover\"><\/div>\r\n\t\t<\/div>\r\n\t<\/a>\r\n\t<a href=\"https:\/\/2024.budapestritmo.hu\/en\/view\/who-is-coming\/entry\/203\/\">\r\n\t\t<div class=\"name\">\r\n\t\t\t Soma Salamon<br>\r\n\t\t\t<span class=\"country\">\r\n\t\t\tHouse of Music, Hungary, HUN-REN RCH Institute of Musicology<br>\r\n\t\t\tHungary\r\n\t\t\t<\/span>\r\n\t\t<\/div>\r\n\t<\/a>\r\n<\/div><\/h3>\t\t\t<\/div>\n\t\t\t\n\t\t<\/div>\n\n\t\t\t\t<div id=\"gv_list_19\" class=\"gv-list-view\">\n\n\t\t\n\t\t\t<div class=\"gv-list-view-title\">\n\t\t\t\t<h3 class=\"gv-field-3-custom\"><div class=\"speaker-small speaker-small-wic\">\r\n\t<a href=\"https:\/\/2024.budapestritmo.hu\/en\/view\/who-is-coming\/entry\/19\/\">\r\n\t\t<div class=\"thumbnail\">\r\n\t\t\t<img decoding=\"async\" src=\"https:\/\/2024.budapestritmo.hu\/index.php?gf-download=2023%2F03%2FIMG_2628-21.jpeg&amp;form-id=3&amp;field-id=7&amp;hash=785a4d20594e229bed71f5a3eef44f25988795f3aaa98eb3dd7943d11b383d83\">\r\n\t\t\t<div class=\"hover\"><\/div>\r\n\t\t<\/div>\r\n\t<\/a>\r\n\t<a href=\"https:\/\/2024.budapestritmo.hu\/en\/view\/who-is-coming\/entry\/19\/\">\r\n\t\t<div class=\"name\">\r\n\t\t\t Szilvia Bellay<br>\r\n\t\t\t<span class=\"country\">\r\n\t\t\tHangvet\u0151<br>\r\n\t\t\tHungary\r\n\t\t\t<\/span>\r\n\t\t<\/div>\r\n\t<\/a>\r\n<\/div><\/h3>\t\t\t<\/div>\n\t\t\t\n\t\t<\/div>\n\n\t\t\t\t<div id=\"gv_list_88\" class=\"gv-list-view\">\n\n\t\t\n\t\t\t<div class=\"gv-list-view-title\">\n\t\t\t\t<h3 class=\"gv-field-3-custom\"><div class=\"speaker-small speaker-small-wic\">\r\n\t<a href=\"https:\/\/2024.budapestritmo.hu\/en\/view\/who-is-coming\/entry\/88\/\">\r\n\t\t<div class=\"thumbnail\">\r\n\t\t\t<img decoding=\"async\" src=\"https:\/\/2024.budapestritmo.hu\/index.php?gf-download=2024%2F04%2FGTfoto1.jpg&amp;form-id=3&amp;field-id=7&amp;hash=637db9f68451e1f0f4c8c1d2edd3857f7555ad3f5536bc0c0ee9eda92f3c540e\">\r\n\t\t\t<div class=\"hover\"><\/div>\r\n\t\t<\/div>\r\n\t<\/a>\r\n\t<a href=\"https:\/\/2024.budapestritmo.hu\/en\/view\/who-is-coming\/entry\/88\/\">\r\n\t\t<div class=\"name\">\r\n\t\t\t Tam\u00e1s Galg\u00f3czi<br>\r\n\t\t\t<span class=\"country\">\r\n\t\t\tekultura.hu<br>\r\n\t\t\tHungary\r\n\t\t\t<\/span>\r\n\t\t<\/div>\r\n\t<\/a>\r\n<\/div><\/h3>\t\t\t<\/div>\n\t\t\t\n\t\t<\/div>\n\n\t\t\t\t<div id=\"gv_list_180\" class=\"gv-list-view\">\n\n\t\t\n\t\t\t<div class=\"gv-list-view-title\">\n\t\t\t\t<h3 class=\"gv-field-3-custom\"><div class=\"speaker-small speaker-small-wic\">\r\n\t<a href=\"https:\/\/2024.budapestritmo.hu\/en\/view\/who-is-coming\/entry\/180\/\">\r\n\t\t<div class=\"thumbnail\">\r\n\t\t\t<img decoding=\"async\" src=\"https:\/\/2024.budapestritmo.hu\/index.php?gf-download=2024%2F03%2F356154336_6064899426952440_4894177578049643215_n.jpg&amp;form-id=3&amp;field-id=7&amp;hash=7c38bcaa206ab6ce2a72cbda268036b81588a9467c4b53028d852a524211a3dd\">\r\n\t\t\t<div class=\"hover\"><\/div>\r\n\t\t<\/div>\r\n\t<\/a>\r\n\t<a href=\"https:\/\/2024.budapestritmo.hu\/en\/view\/who-is-coming\/entry\/180\/\">\r\n\t\t<div class=\"name\">\r\n\t\t\t Theodora Niforou<br>\r\n\t\t\t<span class=\"country\">\r\n\t\t\tA to JazZ Festival<br>\r\n\t\t\tBulgaria\r\n\t\t\t<\/span>\r\n\t\t<\/div>\r\n\t<\/a>\r\n<\/div><\/h3>\t\t\t<\/div>\n\t\t\t\n\t\t<\/div>\n\n\t\t\t\t<div id=\"gv_list_208\" class=\"gv-list-view\">\n\n\t\t\n\t\t\t<div class=\"gv-list-view-title\">\n\t\t\t\t<h3 class=\"gv-field-3-custom\"><div class=\"speaker-small speaker-small-wic\">\r\n\t<a href=\"https:\/\/2024.budapestritmo.hu\/en\/view\/who-is-coming\/entry\/208\/\">\r\n\t\t<div class=\"thumbnail\">\r\n\t\t\t<img decoding=\"async\" src=\"https:\/\/2024.budapestritmo.hu\/index.php?gf-download=2024%2F04%2Ftibi-portre.jpeg&amp;form-id=3&amp;field-id=7&amp;hash=278877466e9786f38e072cf071a5920c0d7e0b785cd34dc75eefc06ba967da4f\">\r\n\t\t\t<div class=\"hover\"><\/div>\r\n\t\t<\/div>\r\n\t<\/a>\r\n\t<a href=\"https:\/\/2024.budapestritmo.hu\/en\/view\/who-is-coming\/entry\/208\/\">\r\n\t\t<div class=\"name\">\r\n\t\t\t Tibor Mozsik<br>\r\n\t\t\t<span class=\"country\">\r\n\t\t\tDecolonize Your Mind Society \/ Keyser Music \/ Tilos R\u00e1di\u00f3<br>\r\n\t\t\tHungary\r\n\t\t\t<\/span>\r\n\t\t<\/div>\r\n\t<\/a>\r\n<\/div><\/h3>\t\t\t<\/div>\n\t\t\t\n\t\t<\/div>\n\n\t\t\t\t<div id=\"gv_list_148\" class=\"gv-list-view\">\n\n\t\t\n\t\t\t<div class=\"gv-list-view-title\">\n\t\t\t\t<h3 class=\"gv-field-3-custom\"><div class=\"speaker-small speaker-small-wic\">\r\n\t<a href=\"https:\/\/2024.budapestritmo.hu\/en\/view\/who-is-coming\/entry\/148\/\">\r\n\t\t<div class=\"thumbnail\">\r\n\t\t\t<img decoding=\"async\" src=\"https:\/\/2024.budapestritmo.hu\/index.php?gf-download=2024%2F02%2F364149945_10228543635070399_1024476840138927484_n.jpg&amp;form-id=3&amp;field-id=7&amp;hash=13fe2964593b7c51199fa8a73edd2e6c70fd3439705ebbf408afcab6558f0f9c\">\r\n\t\t\t<div class=\"hover\"><\/div>\r\n\t\t<\/div>\r\n\t<\/a>\r\n\t<a href=\"https:\/\/2024.budapestritmo.hu\/en\/view\/who-is-coming\/entry\/148\/\">\r\n\t\t<div class=\"name\">\r\n\t\t\t Tino Grasselt<br>\r\n\t\t\t<span class=\"country\">\r\n\t\t\tTomato Production<br>\r\n\t\t\tGermany\r\n\t\t\t<\/span>\r\n\t\t<\/div>\r\n\t<\/a>\r\n<\/div><\/h3>\t\t\t<\/div>\n\t\t\t\n\t\t<\/div>\n\n\t\t\t\t<div id=\"gv_list_38\" class=\"gv-list-view\">\n\n\t\t\n\t\t\t<div class=\"gv-list-view-title\">\n\t\t\t\t<h3 class=\"gv-field-3-custom\"><div class=\"speaker-small speaker-small-wic\">\r\n\t<a href=\"https:\/\/2024.budapestritmo.hu\/en\/view\/who-is-coming\/entry\/38\/\">\r\n\t\t<div class=\"thumbnail\">\r\n\t\t\t<img decoding=\"async\" src=\"https:\/\/2024.budapestritmo.hu\/index.php?gf-download=2023%2F03%2FDSC_1951.png&amp;form-id=3&amp;field-id=7&amp;hash=996139ac8f94df1c51d51c3623b9202997275093eee4a517b8e4f36af343bd81\">\r\n\t\t\t<div class=\"hover\"><\/div>\r\n\t\t<\/div>\r\n\t<\/a>\r\n\t<a href=\"https:\/\/2024.budapestritmo.hu\/en\/view\/who-is-coming\/entry\/38\/\">\r\n\t\t<div class=\"name\">\r\n\t\t\t Ula Nowak<br>\r\n\t\t\t<span class=\"country\">\r\n\t\t\tMosaic Beats<br>\r\n\t\t\tPoland\r\n\t\t\t<\/span>\r\n\t\t<\/div>\r\n\t<\/a>\r\n<\/div><\/h3>\t\t\t<\/div>\n\t\t\t\n\t\t<\/div>\n\n\t\t\t\t<div id=\"gv_list_207\" class=\"gv-list-view\">\n\n\t\t\n\t\t\t<div class=\"gv-list-view-title\">\n\t\t\t\t<h3 class=\"gv-field-3-custom\"><div class=\"speaker-small speaker-small-wic\">\r\n\t<a href=\"https:\/\/2024.budapestritmo.hu\/en\/view\/who-is-coming\/entry\/207\/\">\r\n\t\t<div class=\"thumbnail\">\r\n\t\t\t<img decoding=\"async\" src=\"https:\/\/2024.budapestritmo.hu\/index.php?gf-download=2024%2F04%2Fprofil.jpg&amp;form-id=3&amp;field-id=7&amp;hash=93c0800dca3e0287e249775e736b70c3db1b3511089ecece7b3976dead84cfd9\">\r\n\t\t\t<div class=\"hover\"><\/div>\r\n\t\t<\/div>\r\n\t<\/a>\r\n\t<a href=\"https:\/\/2024.budapestritmo.hu\/en\/view\/who-is-coming\/entry\/207\/\">\r\n\t\t<div class=\"name\">\r\n\t\t\t Vera Szabadkai<br>\r\n\t\t\t<span class=\"country\">\r\n\t\t\tHangvet\u0151<br>\r\n\t\t\tHungary\r\n\t\t\t<\/span>\r\n\t\t<\/div>\r\n\t<\/a>\r\n<\/div><\/h3>\t\t\t<\/div>\n\t\t\t\n\t\t<\/div>\n\n\t\t\t\t<div id=\"gv_list_69\" class=\"gv-list-view\">\n\n\t\t\n\t\t\t<div class=\"gv-list-view-title\">\n\t\t\t\t<h3 class=\"gv-field-3-custom\"><div class=\"speaker-small speaker-small-wic\">\r\n\t<a href=\"https:\/\/2024.budapestritmo.hu\/en\/view\/who-is-coming\/entry\/69\/\">\r\n\t\t<div class=\"thumbnail\">\r\n\t\t\t<img decoding=\"async\" src=\"https:\/\/2024.budapestritmo.hu\/index.php?gf-download=2023%2F03%2F67232296_2603324789678059_7770471509281210368_n.jpg&amp;form-id=3&amp;field-id=7&amp;hash=fa762022d71a79650d839d5f610477cb4c2e3ddebd08b804e1324e6bd8a92879\">\r\n\t\t\t<div class=\"hover\"><\/div>\r\n\t\t<\/div>\r\n\t<\/a>\r\n\t<a href=\"https:\/\/2024.budapestritmo.hu\/en\/view\/who-is-coming\/entry\/69\/\">\r\n\t\t<div class=\"name\">\r\n\t\t\t Veronika Vajda<br>\r\n\t\t\t<span class=\"country\">\r\n\t\t\tHangvet\u0151<br>\r\n\t\t\tHungary\r\n\t\t\t<\/span>\r\n\t\t<\/div>\r\n\t<\/a>\r\n<\/div><\/h3>\t\t\t<\/div>\n\t\t\t\n\t\t<\/div>\n\n\t\t\t\t<div id=\"gv_list_185\" class=\"gv-list-view\">\n\n\t\t\n\t\t\t<div class=\"gv-list-view-title\">\n\t\t\t\t<h3 class=\"gv-field-3-custom\"><div class=\"speaker-small speaker-small-wic\">\r\n\t<a href=\"https:\/\/2024.budapestritmo.hu\/en\/view\/who-is-coming\/entry\/185\/\">\r\n\t\t<div class=\"thumbnail\">\r\n\t\t\t<img decoding=\"async\" src=\"https:\/\/2024.budapestritmo.hu\/index.php?gf-download=2024%2F03%2FNikon_F100_test_S_P_Kotryna_APX400_1600_HC-B_12min_23_12_22_F00_043-5-min.jpg&amp;form-id=3&amp;field-id=7&amp;hash=5e8681d44e46c2a63ab801ee349bae7aaae7b9f913c33c7d6feaaa66e6acabfe\">\r\n\t\t\t<div class=\"hover\"><\/div>\r\n\t\t<\/div>\r\n\t<\/a>\r\n\t<a href=\"https:\/\/2024.budapestritmo.hu\/en\/view\/who-is-coming\/entry\/185\/\">\r\n\t\t<div class=\"name\">\r\n\t\t\t Vilius Arlauskas<br>\r\n\t\t\t<span class=\"country\">\r\n\t\t\tSaul\u0117s muzika (Sun music festival)<br>\r\n\t\t\tLithuania\r\n\t\t\t<\/span>\r\n\t\t<\/div>\r\n\t<\/a>\r\n<\/div><\/h3>\t\t\t<\/div>\n\t\t\t\n\t\t<\/div>\n\n\t\t\t\t<div id=\"gv_list_222\" class=\"gv-list-view\">\n\n\t\t\n\t\t\t<div class=\"gv-list-view-title\">\n\t\t\t\t<h3 class=\"gv-field-3-custom\"><div class=\"speaker-small speaker-small-wic\">\r\n\t<a href=\"https:\/\/2024.budapestritmo.hu\/en\/view\/who-is-coming\/entry\/222\/\">\r\n\t\t<div class=\"thumbnail\">\r\n\t\t\t<img decoding=\"async\" src=\"https:\/\/2024.budapestritmo.hu\/index.php?gf-download=2024%2F04%2FVitor-Belho.jpeg&amp;form-id=3&amp;field-id=7&amp;hash=647f87754ada46eaa9deae6fd1a09029ecce691b54b6688b8ed4ade069e92876\">\r\n\t\t\t<div class=\"hover\"><\/div>\r\n\t\t<\/div>\r\n\t<\/a>\r\n\t<a href=\"https:\/\/2024.budapestritmo.hu\/en\/view\/who-is-coming\/entry\/222\/\">\r\n\t\t<div class=\"name\">\r\n\t\t\t V\u00edtor Belho<br>\r\n\t\t\t<span class=\"country\">\r\n\t\t\tNordes\u00eda Producci\u00f3ns<br>\r\n\t\t\tSpain\r\n\t\t\t<\/span>\r\n\t\t<\/div>\r\n\t<\/a>\r\n<\/div><\/h3>\t\t\t<\/div>\n\t\t\t\n\t\t<\/div>\n\n\t\t\t\t<div id=\"gv_list_147\" class=\"gv-list-view\">\n\n\t\t\n\t\t\t<div class=\"gv-list-view-title\">\n\t\t\t\t<h3 class=\"gv-field-3-custom\"><div class=\"speaker-small speaker-small-wic\">\r\n\t<a href=\"https:\/\/2024.budapestritmo.hu\/en\/view\/who-is-coming\/entry\/147\/\">\r\n\t\t<div class=\"thumbnail\">\r\n\t\t\t<img decoding=\"async\" src=\"https:\/\/2024.budapestritmo.hu\/index.php?gf-download=2024%2F02%2FVladimir-Potancok.png&amp;form-id=3&amp;field-id=7&amp;hash=604f5166f5502864cdab7262e1330b4a4430f91ac909d5318f3ad61f2c8307be\">\r\n\t\t\t<div class=\"hover\"><\/div>\r\n\t\t<\/div>\r\n\t<\/a>\r\n\t<a href=\"https:\/\/2024.budapestritmo.hu\/en\/view\/who-is-coming\/entry\/147\/\">\r\n\t\t<div class=\"name\">\r\n\t\t\t Vladim\u00edr Potan\u010dok<br>\r\n\t\t\t<span class=\"country\">\r\n\t\t\tWorld Music from Slovakia, R\u00e1dio_FM<br>\r\n\t\t\tSlovakia\r\n\t\t\t<\/span>\r\n\t\t<\/div>\r\n\t<\/a>\r\n<\/div><\/h3>\t\t\t<\/div>\n\t\t\t\n\t\t<\/div>\n\n\t\t\t\t<div id=\"gv_list_190\" class=\"gv-list-view\">\n\n\t\t\n\t\t\t<div class=\"gv-list-view-title\">\n\t\t\t\t<h3 class=\"gv-field-3-custom\"><div class=\"speaker-small speaker-small-wic\">\r\n\t<a href=\"https:\/\/2024.budapestritmo.hu\/en\/view\/who-is-coming\/entry\/190\/\">\r\n\t\t<div class=\"thumbnail\">\r\n\t\t\t<img decoding=\"async\" src=\"https:\/\/2024.budapestritmo.hu\/index.php?gf-download=2024%2F03%2Fbatysta_ritmo_alt.jpg&amp;form-id=3&amp;field-id=7&amp;hash=3aea51ac95fd36fa74a87723cda5484df8a38114c03b3870d81ab56038d7d666\">\r\n\t\t\t<div class=\"hover\"><\/div>\r\n\t\t<\/div>\r\n\t<\/a>\r\n\t<a href=\"https:\/\/2024.budapestritmo.hu\/en\/view\/who-is-coming\/entry\/190\/\">\r\n\t\t<div class=\"name\">\r\n\t\t\t Vladim\u00edr Batysta<br>\r\n\t\t\t<span class=\"country\">\r\n\t\t\t\u010cesk\u00e9 Bud\u011bjovice 2028<br>\r\n\t\t\tCzech Republic\r\n\t\t\t<\/span>\r\n\t\t<\/div>\r\n\t<\/a>\r\n<\/div><\/h3>\t\t\t<\/div>\n\t\t\t\n\t\t<\/div>\n\n\t\t\t\t<div id=\"gv_list_184\" class=\"gv-list-view\">\n\n\t\t\n\t\t\t<div class=\"gv-list-view-title\">\n\t\t\t\t<h3 class=\"gv-field-3-custom\"><div class=\"speaker-small speaker-small-wic\">\r\n\t<a href=\"https:\/\/2024.budapestritmo.hu\/en\/view\/who-is-coming\/entry\/184\/\">\r\n\t\t<div class=\"thumbnail\">\r\n\t\t\t<img decoding=\"async\" src=\"https:\/\/2024.budapestritmo.hu\/index.php?gf-download=2024%2F03%2F20210719_115633.jpg&amp;form-id=3&amp;field-id=7&amp;hash=18ecd637aa26853f9cfcbeae159dfef6a551ba8a2f6fe302eadfc27df5db3bf5\">\r\n\t\t\t<div class=\"hover\"><\/div>\r\n\t\t<\/div>\r\n\t<\/a>\r\n\t<a href=\"https:\/\/2024.budapestritmo.hu\/en\/view\/who-is-coming\/entry\/184\/\">\r\n\t\t<div class=\"name\">\r\n\t\t\t Willi Klopottek<br>\r\n\t\t\t<span class=\"country\">\r\n\t\t\tRadio ARA, WOXX newspaper<br>\r\n\t\t\tLuxembourg\r\n\t\t\t<\/span>\r\n\t\t<\/div>\r\n\t<\/a>\r\n<\/div><\/h3>\t\t\t<\/div>\n\t\t\t\n\t\t<\/div>\n\n\t\t\t\t<div id=\"gv_list_181\" class=\"gv-list-view\">\n\n\t\t\n\t\t\t<div class=\"gv-list-view-title\">\n\t\t\t\t<h3 class=\"gv-field-3-custom\"><div class=\"speaker-small speaker-small-wic\">\r\n\t<a href=\"https:\/\/2024.budapestritmo.hu\/en\/view\/who-is-coming\/entry\/181\/\">\r\n\t\t<div class=\"thumbnail\">\r\n\t\t\t<img decoding=\"async\" src=\"https:\/\/2024.budapestritmo.hu\/index.php?gf-download=2024%2F03%2Favatar-W.Knapik.jpg&amp;form-id=3&amp;field-id=7&amp;hash=10b3782b583c3975ad30a242d2f69133c09cff09ae39154db433e2828bcbd630\">\r\n\t\t\t<div class=\"hover\"><\/div>\r\n\t\t<\/div>\r\n\t<\/a>\r\n\t<a href=\"https:\/\/2024.budapestritmo.hu\/en\/view\/who-is-coming\/entry\/181\/\">\r\n\t\t<div class=\"name\">\r\n\t\t\t Wojciech Knapik<br>\r\n\t\t\t<span class=\"country\">\r\n\t\t\tPannonica Festival<br>\r\n\t\t\tPoland\r\n\t\t\t<\/span>\r\n\t\t<\/div>\r\n\t<\/a>\r\n<\/div><\/h3>\t\t\t<\/div>\n\t\t\t\n\t\t<\/div>\n\n\t\t\t\t<div id=\"gv_list_151\" class=\"gv-list-view\">\n\n\t\t\n\t\t\t<div class=\"gv-list-view-title\">\n\t\t\t\t<h3 class=\"gv-field-3-custom\"><div class=\"speaker-small speaker-small-wic\">\r\n\t<a href=\"https:\/\/2024.budapestritmo.hu\/en\/view\/who-is-coming\/entry\/151\/\">\r\n\t\t<div class=\"thumbnail\">\r\n\t\t\t<img decoding=\"async\" src=\"https:\/\/2024.budapestritmo.hu\/index.php?gf-download=2024%2F02%2F326714253_729459818488356_4826183386562374472_n.jpg&amp;form-id=3&amp;field-id=7&amp;hash=1b4607cc4093e384fd7ded330bc4e66b783157b0bedd2b2b98617a1da244c1c8\">\r\n\t\t\t<div class=\"hover\"><\/div>\r\n\t\t<\/div>\r\n\t<\/a>\r\n\t<a href=\"https:\/\/2024.budapestritmo.hu\/en\/view\/who-is-coming\/entry\/151\/\">\r\n\t\t<div class=\"name\">\r\n\t\t\t Zolt\u00e1n L\u00e1szl\u00f3 Varga<br>\r\n\t\t\t<span class=\"country\">\r\n\t\t\tM\u00e9ra World Music Festival<br>\r\n\t\t\tRomania\r\n\t\t\t<\/span>\r\n\t\t<\/div>\r\n\t<\/a>\r\n<\/div><\/h3>\t\t\t<\/div>\n\t\t\t\n\t\t<\/div>\n\n\t\t\t\t<div id=\"gv_list_112\" class=\"gv-list-view\">\n\n\t\t\n\t\t\t<div class=\"gv-list-view-title\">\n\t\t\t\t<h3 class=\"gv-field-3-custom\"><div class=\"speaker-small speaker-small-wic\">\r\n\t<a href=\"https:\/\/2024.budapestritmo.hu\/en\/view\/who-is-coming\/entry\/112\/\">\r\n\t\t<div class=\"thumbnail\">\r\n\t\t\t<img decoding=\"async\" src=\"https:\/\/2024.budapestritmo.hu\/index.php?gf-download=2023%2F04%2Fprofil_backstage_png.png&amp;form-id=3&amp;field-id=7&amp;hash=8b907f15aa8b9d54b167dbdcfe582b22af428a58dfbc49425fe8df586a902513\">\r\n\t\t\t<div class=\"hover\"><\/div>\r\n\t\t<\/div>\r\n\t<\/a>\r\n\t<a href=\"https:\/\/2024.budapestritmo.hu\/en\/view\/who-is-coming\/entry\/112\/\">\r\n\t\t<div class=\"name\">\r\n\t\t\t Zsolt F\u0151z\u0151<br>\r\n\t\t\t<span class=\"country\">\r\n\t\t\tHangvet\u0151<br>\r\n\t\t\tHungary\r\n\t\t\t<\/span>\r\n\t\t<\/div>\r\n\t<\/a>\r\n<\/div><\/h3>\t\t\t<\/div>\n\t\t\t\n\t\t<\/div>\n\n\t\t\t<\/div>\n<input type=\"hidden\" class=\"gravityview-view-id\" value=\"4051\"><\/div>\n<\/div>\n<\/div>\n<\/div><\/section>\n\n\n\n<section class=\"wp-block-group alignfull text-black bg-white\"><div class=\"wp-block-group__inner-container is-layout-flow wp-block-group-is-layout-flow\">\n<div class=\"wp-block-columns is-layout-flex wp-container-core-columns-is-layout-9d6595d7 wp-block-columns-is-layout-flex\">\n<div class=\"wp-block-column is-layout-flow wp-block-column-is-layout-flow\" style=\"flex-basis:40%\">\n<h2 class=\"wp-block-heading\"><strong>House of Music Hungary<\/strong><\/h2>\n\n\n\n<p class=\"has-small-font-size\"><strong>Venue of Budapest Ritmo Conference<\/strong><\/p>\n\n\n\n<p>The center planned by Japanese star architect Sou Fujimoto is an iconic contemporary architectural masterpiece. The diverse range of events in House of Music Hungary provides a plethora of musical experiences, including exhibitions, concerts, playing music together, singing, dance, exciting music education workshops and lecture courses. The mission of House of Music is to promote music, the values of Hungarian folk, classical, popular music and other global genres.<\/p>\n\n\n\n<figure class=\"wp-block-image size-full is-resized\"><img loading=\"lazy\" decoding=\"async\" width=\"512\" height=\"512\" src=\"https:\/\/2023.budapestritmo.hu\/wp-content\/uploads\/2023\/02\/image-2.png\" alt=\"\" class=\"wp-image-3439\" style=\"width:32px;height:32px\" srcset=\"https:\/\/2024.budapestritmo.hu\/wp-content\/uploads\/2023\/02\/image-2.png 512w, https:\/\/2024.budapestritmo.hu\/wp-content\/uploads\/2023\/02\/image-2-300x300.png 300w, https:\/\/2024.budapestritmo.hu\/wp-content\/uploads\/2023\/02\/image-2-150x150.png 150w, https:\/\/2024.budapestritmo.hu\/wp-content\/uploads\/2023\/02\/image-2-320x320.png 320w\" sizes=\"auto, (max-width: 512px) 100vw, 512px\" \/><\/figure>\n\n\n\n<p class=\"has-small-font-size\"><a href=\"https:\/\/www.google.com\/maps\/place\/House+of+Music,+Hungary\/data=!4m2!3m1!19sChIJS6NslUbdQUcRIDaPb1o2sAE\" target=\"_blank\" rel=\"noopener\">House of Music Hungary<\/a><\/p>\n<\/div>\n\n\n\n<div class=\"wp-block-column is-layout-flow wp-block-column-is-layout-flow\" style=\"flex-basis:60%\">\n<figure class=\"wp-block-image size-large is-style-default\"><img loading=\"lazy\" decoding=\"async\" width=\"1024\" height=\"580\" src=\"https:\/\/2023.budapestritmo.hu\/wp-content\/uploads\/2023\/02\/MZH-1024x580.jpg\" alt=\"\" class=\"wp-image-3156\" srcset=\"https:\/\/2024.budapestritmo.hu\/wp-content\/uploads\/2023\/02\/MZH-1024x580.jpg 1024w, https:\/\/2024.budapestritmo.hu\/wp-content\/uploads\/2023\/02\/MZH-300x170.jpg 300w, https:\/\/2024.budapestritmo.hu\/wp-content\/uploads\/2023\/02\/MZH-768x435.jpg 768w, https:\/\/2024.budapestritmo.hu\/wp-content\/uploads\/2023\/02\/MZH.jpg 1200w\" sizes=\"auto, (max-width: 1024px) 100vw, 1024px\" \/><figcaption class=\"wp-element-caption\"><kbd><sub>\u00a9LIGET-BUDAPEST_Palk\u00f3-Gy\u00f6rgy<\/sub><\/kbd><\/figcaption><\/figure>\n<\/div>\n<\/div>\n<\/div><\/section>\n","protected":false},"excerpt":{"rendered":"<p>Budapest RitmoConference Come and connect with artists, music lovers and likeminded professionals at Budapest Ritmo\u2019s professional programme, with PRO passes easing your entry. This year we are leaning into one of Ritmo\u2019s fortes: connection and cooperation. We will discuss global and regional projects strung together by music, and give delegates a pitching platform to present [&hellip;]<\/p>\n","protected":false},"author":1,"featured_media":0,"parent":0,"menu_order":0,"comment_status":"closed","ping_status":"closed","template":"page-templates\/page-fullwidth.php","meta":{"_acf_changed":false,"pgc_sgb_lightbox_settings":"","footnotes":""},"class_list":["post-495","page","type-page","status-publish","hentry"],"acf":[],"_links":{"self":[{"href":"https:\/\/2024.budapestritmo.hu\/en\/wp-json\/wp\/v2\/pages\/495","targetHints":{"allow":["GET"]}}],"collection":[{"href":"https:\/\/2024.budapestritmo.hu\/en\/wp-json\/wp\/v2\/pages"}],"about":[{"href":"https:\/\/2024.budapestritmo.hu\/en\/wp-json\/wp\/v2\/types\/page"}],"author":[{"embeddable":true,"href":"https:\/\/2024.budapestritmo.hu\/en\/wp-json\/wp\/v2\/users\/1"}],"replies":[{"embeddable":true,"href":"https:\/\/2024.budapestritmo.hu\/en\/wp-json\/wp\/v2\/comments?post=495"}],"version-history":[{"count":22,"href":"https:\/\/2024.budapestritmo.hu\/en\/wp-json\/wp\/v2\/pages\/495\/revisions"}],"predecessor-version":[{"id":5387,"href":"https:\/\/2024.budapestritmo.hu\/en\/wp-json\/wp\/v2\/pages\/495\/revisions\/5387"}],"wp:attachment":[{"href":"https:\/\/2024.budapestritmo.hu\/en\/wp-json\/wp\/v2\/media?parent=495"}],"curies":[{"name":"wp","href":"https:\/\/api.w.org\/{rel}","templated":true}]}}