{"id":4416,"date":"2023-11-24T09:36:25","date_gmt":"2023-11-24T08:36:25","guid":{"rendered":"https:\/\/2024.budapestritmo.hu\/?page_id=4416"},"modified":"2024-04-13T10:22:33","modified_gmt":"2024-04-13T09:22:33","slug":"home","status":"publish","type":"page","link":"https:\/\/2024.budapestritmo.hu\/en\/","title":{"rendered":"Home"},"content":{"rendered":"\n<section id=\"pagehead-block_5b3977825c2780fa47c1adbffc06db54\" class=\"pagehead text-white alignfull\">\n\t\t\t<div class=\"video-background\">\n\t\t\t<video autoplay muted playsinline loop id=\"home-video\">\n\t\t\t\t<source src=\"https:\/\/2024.budapestritmo.hu\/wp-content\/uploads\/2023\/11\/Ritmo-webre-5.0.mp4\" type=\"video\/mp4\">\n\t\t\t<\/video>\n\t\t<\/div>\n\t\n\t<div class=\"container-fluid\">\n\t\t<div class=\"row\">\n\t\t\t<div class=\"col-12 col-sm-10 col-md-8 col-xl-6 \">\n\t\t\t\t<script src=\"https:\/\/unpkg.com\/@lottiefiles\/lottie-player@latest\/dist\/lottie-player.js\"><\/script>\n\t\t\t\t<lottie-player src=\"https:\/\/2024.budapestritmo.hu\/wp-content\/themes\/ritmonext\/js\/logo-animation.json\"  background=\"transparent\"  speed=\"1\"  style=\"width: 100%; height: auto;\"  loop  autoplay><\/lottie-player>\n\t\t\t\t<h4 style=\"text-align: left;\">festival | music | film | conference<\/h4>\n<h2 style=\"text-align: left;\">Wonders to hear<\/h2>\n<h4 class=\"has-text-align-right\" style=\"text-align: left;\">11\u201313 April 2024<\/h4>\n<h5 class=\"has-text-align-right\" style=\"text-align: left;\">Akv\u00e1rium Klub | Magyar Zene H\u00e1za | Szimpla Kert | Toldi mozi<\/h5>\n\t\t\t<\/div>\n\t\t<\/div>\n\t<\/div>\n<\/section>\n\n\n\n\n<section id=\"spotify-block_1dddf46d1d1876c990a3c7a8af106472\" class=\"spotify text-white bg-black alignfull\">\n\n\n\t<div class=\"container-fluid\">\n\t\t<div class=\"row\">\n\t\t\t<div class=\"col-sm-4\">\n\t\t\t\t<h2>Get a taste!<\/h2>\n<p><a class=\"button small red\" href=\"https:\/\/open.spotify.com\/playlist\/3QR1xOPuJmUfGrAj0NYymk\" target=\"_blank\" rel=\"noopener\"><i class=\"social-icon white spotify\"><\/i>\u00a0Listen on Spotify<\/a><\/p>\n\t\t\t<\/div>\n            <div class=\"col-sm-8\">\n\t\t\t\t<iframe style=\"border-radius:12px\" src=\"https:\/\/open.spotify.com\/embed\/playlist\/3QR1xOPuJmUfGrAj0NYymk?utm_source=generator&#038;theme=0\" width=\"100%\" height=\"152\" frameBorder=\"0\" allowfullscreen=\"\" allow=\"autoplay; clipboard-write; encrypted-media; fullscreen; picture-in-picture\" loading=\"lazy\"><\/iframe>\t\t\t<\/div>\n\t\t<\/div>\n\t<\/div>\n<\/section>\n\n\n\n\n<section id=\"artists-block_d3fa035e68dd3cfec22d67f3b6cbd976\" class=\"artists alignfull\">\n\n\n\t<div class=\"container-fluid\">\n\t\t<div class=\"row\">\n\t\t\t<div class=\"col-12\">\n\t\t\t\t<div style=\"text-align: center; background-color: #ec1651;padding:20px;\">\n<h4 style=\"color: #fff; font-weight:bold;\">PROGRAMME CHANGE<\/h4>\n<p style=\"color: #fff;\">We regret to inform you that Salif Keita&#8217;s concert will be canceled due to health reasons.<br \/>\nYou can tune in to H\u00e9t Hat Club on the Erzs\u00e9bet t\u00e9r stage from 18:00, and D\u017eambo Agu\u0161evi Orchestra will perform in the Akv\u00e1rium NagyHall from 20:30.<\/p>\n<\/div>\n<h2>Artists<\/h2>\n\t\t\t<\/div>\n            <div class=\"col-12\">\n\t\t\t\t<div class=\"row\">\n\t\t\t\t\t\t\t\t\t        <div class=\"col-md-6 col-xl-4 artist-small\">\n\t<a href=\"https:\/\/2024.budapestritmo.hu\/en\/performer\/almir-meskovic-daniel-lazar\/\" title=\"Almir Me\u0161kovi\u0107 &amp; Daniel Lazar\">\n\t\t<div class=\"thumbnail\">\n\t\t\t\t\t\t\t<img loading=\"lazy\" decoding=\"async\" width=\"640\" height=\"240\" src=\"https:\/\/2024.budapestritmo.hu\/wp-content\/uploads\/2024\/01\/Almir-Meskovic-Daniel-Lazar-Duo_HD-Photo-masolat-640x240.jpg\" class=\"attachment-performer_small size-performer_small wp-post-image\" alt=\"\" srcset=\"https:\/\/2024.budapestritmo.hu\/wp-content\/uploads\/2024\/01\/Almir-Meskovic-Daniel-Lazar-Duo_HD-Photo-masolat-640x240.jpg 640w, https:\/\/2024.budapestritmo.hu\/wp-content\/uploads\/2024\/01\/Almir-Meskovic-Daniel-Lazar-Duo_HD-Photo-masolat-300x113.jpg 300w, https:\/\/2024.budapestritmo.hu\/wp-content\/uploads\/2024\/01\/Almir-Meskovic-Daniel-Lazar-Duo_HD-Photo-masolat-1024x384.jpg 1024w, https:\/\/2024.budapestritmo.hu\/wp-content\/uploads\/2024\/01\/Almir-Meskovic-Daniel-Lazar-Duo_HD-Photo-masolat-768x288.jpg 768w, https:\/\/2024.budapestritmo.hu\/wp-content\/uploads\/2024\/01\/Almir-Meskovic-Daniel-Lazar-Duo_HD-Photo-masolat-1536x576.jpg 1536w, https:\/\/2024.budapestritmo.hu\/wp-content\/uploads\/2024\/01\/Almir-Meskovic-Daniel-Lazar-Duo_HD-Photo-masolat.jpg 1600w\" sizes=\"auto, (max-width: 640px) 100vw, 640px\" \/>\t\t\t\t\t\t<div class=\"hover\"><\/div>\n\t\t<\/div>\n\t<\/a>\n\t<a href=\"https:\/\/2024.budapestritmo.hu\/en\/performer\/almir-meskovic-daniel-lazar\/\" title=\"Almir Me\u0161kovi\u0107 &amp; Daniel Lazar\">\n\t\t<div class=\"name\">\n\t\t\tAlmir Me\u0161kovi\u0107 &amp; Daniel Lazar<br>\n\t\t\t<span class=\"country\">Bosnia-Herzegovina &#8211; Serbia<\/span>\n\t\t<\/div>\n\t<\/a>\n<\/div>\t\t\t\t\t\t\t\n\t\t\t\t\t        \t\t\t\t\t        <div class=\"col-md-6 col-xl-4 artist-small\">\n\t<a href=\"https:\/\/2024.budapestritmo.hu\/en\/performer\/antonis-antoniou-dj-set\/\" title=\"Antonis Antoniou DJ set\">\n\t\t<div class=\"thumbnail\">\n\t\t\t\t\t\t\t<img loading=\"lazy\" decoding=\"async\" width=\"640\" height=\"240\" src=\"https:\/\/2024.budapestritmo.hu\/wp-content\/uploads\/2024\/02\/Nevtelen-terv-12-640x240.png\" class=\"attachment-performer_small size-performer_small wp-post-image\" alt=\"\" srcset=\"https:\/\/2024.budapestritmo.hu\/wp-content\/uploads\/2024\/02\/Nevtelen-terv-12-640x240.png 640w, https:\/\/2024.budapestritmo.hu\/wp-content\/uploads\/2024\/02\/Nevtelen-terv-12-300x113.png 300w, https:\/\/2024.budapestritmo.hu\/wp-content\/uploads\/2024\/02\/Nevtelen-terv-12-1024x384.png 1024w, https:\/\/2024.budapestritmo.hu\/wp-content\/uploads\/2024\/02\/Nevtelen-terv-12-768x288.png 768w, https:\/\/2024.budapestritmo.hu\/wp-content\/uploads\/2024\/02\/Nevtelen-terv-12-1536x576.png 1536w, https:\/\/2024.budapestritmo.hu\/wp-content\/uploads\/2024\/02\/Nevtelen-terv-12.png 1600w\" sizes=\"auto, (max-width: 640px) 100vw, 640px\" \/>\t\t\t\t\t\t<div class=\"hover\"><\/div>\n\t\t<\/div>\n\t<\/a>\n\t<a href=\"https:\/\/2024.budapestritmo.hu\/en\/performer\/antonis-antoniou-dj-set\/\" title=\"Antonis Antoniou DJ set\">\n\t\t<div class=\"name\">\n\t\t\tAntonis Antoniou DJ set<br>\n\t\t\t<span class=\"country\">Cyprus<\/span>\n\t\t<\/div>\n\t<\/a>\n<\/div>\t\t\t\t\t\t\t\n\t\t\t\t\t        \t\t\t\t\t        <div class=\"col-md-6 col-xl-4 artist-small\">\n\t<a href=\"https:\/\/2024.budapestritmo.hu\/en\/performer\/bcuc\/\" title=\"BCUC\">\n\t\t<div class=\"thumbnail\">\n\t\t\t\t\t\t\t<img loading=\"lazy\" decoding=\"async\" width=\"640\" height=\"240\" src=\"https:\/\/2024.budapestritmo.hu\/wp-content\/uploads\/2024\/01\/Nevtelen-terv-3-640x240.png\" class=\"attachment-performer_small size-performer_small wp-post-image\" alt=\"\" srcset=\"https:\/\/2024.budapestritmo.hu\/wp-content\/uploads\/2024\/01\/Nevtelen-terv-3-640x240.png 640w, https:\/\/2024.budapestritmo.hu\/wp-content\/uploads\/2024\/01\/Nevtelen-terv-3-300x113.png 300w, https:\/\/2024.budapestritmo.hu\/wp-content\/uploads\/2024\/01\/Nevtelen-terv-3-1024x384.png 1024w, https:\/\/2024.budapestritmo.hu\/wp-content\/uploads\/2024\/01\/Nevtelen-terv-3-768x288.png 768w, https:\/\/2024.budapestritmo.hu\/wp-content\/uploads\/2024\/01\/Nevtelen-terv-3-1536x576.png 1536w, https:\/\/2024.budapestritmo.hu\/wp-content\/uploads\/2024\/01\/Nevtelen-terv-3.png 1600w\" sizes=\"auto, (max-width: 640px) 100vw, 640px\" \/>\t\t\t\t\t\t<div class=\"hover\"><\/div>\n\t\t<\/div>\n\t<\/a>\n\t<a href=\"https:\/\/2024.budapestritmo.hu\/en\/performer\/bcuc\/\" title=\"BCUC\">\n\t\t<div class=\"name\">\n\t\t\tBCUC<br>\n\t\t\t<span class=\"country\">South Africa<\/span>\n\t\t<\/div>\n\t<\/a>\n<\/div>\t\t\t\t\t\t\t\n\t\t\t\t\t        \t\t\t\t\t        <div class=\"col-md-6 col-xl-4 artist-small\">\n\t<a href=\"https:\/\/2024.budapestritmo.hu\/en\/performer\/cerys-hafana\/\" title=\"Cerys Hafana\">\n\t\t<div class=\"thumbnail\">\n\t\t\t\t\t\t\t<img loading=\"lazy\" decoding=\"async\" width=\"640\" height=\"240\" src=\"https:\/\/2024.budapestritmo.hu\/wp-content\/uploads\/2024\/01\/Nevtelen-terv-7-640x240.png\" class=\"attachment-performer_small size-performer_small wp-post-image\" alt=\"\" srcset=\"https:\/\/2024.budapestritmo.hu\/wp-content\/uploads\/2024\/01\/Nevtelen-terv-7-640x240.png 640w, https:\/\/2024.budapestritmo.hu\/wp-content\/uploads\/2024\/01\/Nevtelen-terv-7-300x113.png 300w, https:\/\/2024.budapestritmo.hu\/wp-content\/uploads\/2024\/01\/Nevtelen-terv-7-1024x384.png 1024w, https:\/\/2024.budapestritmo.hu\/wp-content\/uploads\/2024\/01\/Nevtelen-terv-7-768x288.png 768w, https:\/\/2024.budapestritmo.hu\/wp-content\/uploads\/2024\/01\/Nevtelen-terv-7-1536x576.png 1536w, https:\/\/2024.budapestritmo.hu\/wp-content\/uploads\/2024\/01\/Nevtelen-terv-7.png 1600w\" sizes=\"auto, (max-width: 640px) 100vw, 640px\" \/>\t\t\t\t\t\t<div class=\"hover\"><\/div>\n\t\t<\/div>\n\t<\/a>\n\t<a href=\"https:\/\/2024.budapestritmo.hu\/en\/performer\/cerys-hafana\/\" title=\"Cerys Hafana\">\n\t\t<div class=\"name\">\n\t\t\tCerys Hafana<br>\n\t\t\t<span class=\"country\">Great-Britain \/ Wales <\/span>\n\t\t<\/div>\n\t<\/a>\n<\/div>\t\t\t\t\t\t\t\n\t\t\t\t\t        \t\t\t\t\t        <div class=\"col-md-6 col-xl-4 artist-small\">\n\t<a href=\"https:\/\/2024.budapestritmo.hu\/en\/performer\/conga-heaven-bongo-hell-djs-cyborg-templar-tibsa\/\" title=\"Conga Heaven, Bongo Hell! dj&#8217;s &#8211; Cyborg Templar &amp; Tibs\u0101\">\n\t\t<div class=\"thumbnail\">\n\t\t\t\t\t\t\t<img loading=\"lazy\" decoding=\"async\" width=\"640\" height=\"240\" src=\"https:\/\/2024.budapestritmo.hu\/wp-content\/uploads\/2024\/03\/cyborg-640x240.jpg\" class=\"attachment-performer_small size-performer_small wp-post-image\" alt=\"\" srcset=\"https:\/\/2024.budapestritmo.hu\/wp-content\/uploads\/2024\/03\/cyborg-640x240.jpg 640w, https:\/\/2024.budapestritmo.hu\/wp-content\/uploads\/2024\/03\/cyborg-300x113.jpg 300w, https:\/\/2024.budapestritmo.hu\/wp-content\/uploads\/2024\/03\/cyborg-1024x384.jpg 1024w, https:\/\/2024.budapestritmo.hu\/wp-content\/uploads\/2024\/03\/cyborg-768x288.jpg 768w, https:\/\/2024.budapestritmo.hu\/wp-content\/uploads\/2024\/03\/cyborg-1536x576.jpg 1536w, https:\/\/2024.budapestritmo.hu\/wp-content\/uploads\/2024\/03\/cyborg.jpg 1600w\" sizes=\"auto, (max-width: 640px) 100vw, 640px\" \/>\t\t\t\t\t\t<div class=\"hover\"><\/div>\n\t\t<\/div>\n\t<\/a>\n\t<a href=\"https:\/\/2024.budapestritmo.hu\/en\/performer\/conga-heaven-bongo-hell-djs-cyborg-templar-tibsa\/\" title=\"Conga Heaven, Bongo Hell! dj&#8217;s &#8211; Cyborg Templar &amp; Tibs\u0101\">\n\t\t<div class=\"name\">\n\t\t\tConga Heaven, Bongo Hell! dj&#8217;s &#8211; Cyborg Templar &amp; Tibs\u0101<br>\n\t\t\t<span class=\"country\">Hungary<\/span>\n\t\t<\/div>\n\t<\/a>\n<\/div>\t\t\t\t\t\t\t\n\t\t\t\t\t        \t\t\t\t\t        <div class=\"col-md-6 col-xl-4 artist-small\">\n\t<a href=\"https:\/\/2024.budapestritmo.hu\/en\/performer\/daj-ognia\/\" title=\"Daj Ognia\">\n\t\t<div class=\"thumbnail\">\n\t\t\t\t\t\t\t<img loading=\"lazy\" decoding=\"async\" width=\"640\" height=\"240\" src=\"https:\/\/2024.budapestritmo.hu\/wp-content\/uploads\/2024\/01\/Nevtelen-terv-640x240.png\" class=\"attachment-performer_small size-performer_small wp-post-image\" alt=\"\" srcset=\"https:\/\/2024.budapestritmo.hu\/wp-content\/uploads\/2024\/01\/Nevtelen-terv-640x240.png 640w, https:\/\/2024.budapestritmo.hu\/wp-content\/uploads\/2024\/01\/Nevtelen-terv-300x113.png 300w, https:\/\/2024.budapestritmo.hu\/wp-content\/uploads\/2024\/01\/Nevtelen-terv-1024x384.png 1024w, https:\/\/2024.budapestritmo.hu\/wp-content\/uploads\/2024\/01\/Nevtelen-terv-768x288.png 768w, https:\/\/2024.budapestritmo.hu\/wp-content\/uploads\/2024\/01\/Nevtelen-terv-1536x576.png 1536w, https:\/\/2024.budapestritmo.hu\/wp-content\/uploads\/2024\/01\/Nevtelen-terv.png 1600w\" sizes=\"auto, (max-width: 640px) 100vw, 640px\" \/>\t\t\t\t\t\t<div class=\"hover\"><\/div>\n\t\t<\/div>\n\t<\/a>\n\t<a href=\"https:\/\/2024.budapestritmo.hu\/en\/performer\/daj-ognia\/\" title=\"Daj Ognia\">\n\t\t<div class=\"name\">\n\t\t\tDaj Ognia<br>\n\t\t\t<span class=\"country\">Poland<\/span>\n\t\t<\/div>\n\t<\/a>\n<\/div>\t\t\t\t\t\t\t\n\t\t\t\t\t        \t\t\t\t\t        <div class=\"col-md-6 col-xl-4 artist-small\">\n\t<a href=\"https:\/\/2024.budapestritmo.hu\/en\/performer\/decolonize-your-mind-society\/\" title=\"Decolonize Your Mind Society\">\n\t\t<div class=\"thumbnail\">\n\t\t\t\t\t\t\t<img loading=\"lazy\" decoding=\"async\" width=\"640\" height=\"240\" src=\"https:\/\/2024.budapestritmo.hu\/wp-content\/uploads\/2024\/01\/Karancsi-Rudolf-640x240.png\" class=\"attachment-performer_small size-performer_small wp-post-image\" alt=\"\" srcset=\"https:\/\/2024.budapestritmo.hu\/wp-content\/uploads\/2024\/01\/Karancsi-Rudolf-640x240.png 640w, https:\/\/2024.budapestritmo.hu\/wp-content\/uploads\/2024\/01\/Karancsi-Rudolf-300x113.png 300w, https:\/\/2024.budapestritmo.hu\/wp-content\/uploads\/2024\/01\/Karancsi-Rudolf-1024x384.png 1024w, https:\/\/2024.budapestritmo.hu\/wp-content\/uploads\/2024\/01\/Karancsi-Rudolf-768x288.png 768w, https:\/\/2024.budapestritmo.hu\/wp-content\/uploads\/2024\/01\/Karancsi-Rudolf-1536x576.png 1536w, https:\/\/2024.budapestritmo.hu\/wp-content\/uploads\/2024\/01\/Karancsi-Rudolf.png 1600w\" sizes=\"auto, (max-width: 640px) 100vw, 640px\" \/>\t\t\t\t\t\t<div class=\"hover\"><\/div>\n\t\t<\/div>\n\t<\/a>\n\t<a href=\"https:\/\/2024.budapestritmo.hu\/en\/performer\/decolonize-your-mind-society\/\" title=\"Decolonize Your Mind Society\">\n\t\t<div class=\"name\">\n\t\t\tDecolonize Your Mind Society<br>\n\t\t\t<span class=\"country\">Hungary<\/span>\n\t\t<\/div>\n\t<\/a>\n<\/div>\t\t\t\t\t\t\t\n\t\t\t\t\t        \t\t\t\t\t        <div class=\"col-md-6 col-xl-4 artist-small\">\n\t<a href=\"https:\/\/2024.budapestritmo.hu\/en\/performer\/dis-is-marketa\/\" title=\"DIS IS MARK\u0112TA\">\n\t\t<div class=\"thumbnail\">\n\t\t\t\t\t\t\t<img loading=\"lazy\" decoding=\"async\" width=\"640\" height=\"240\" src=\"https:\/\/2024.budapestritmo.hu\/wp-content\/uploads\/2024\/01\/Nevtelen-terv-1-640x240.png\" class=\"attachment-performer_small size-performer_small wp-post-image\" alt=\"\" srcset=\"https:\/\/2024.budapestritmo.hu\/wp-content\/uploads\/2024\/01\/Nevtelen-terv-1-640x240.png 640w, https:\/\/2024.budapestritmo.hu\/wp-content\/uploads\/2024\/01\/Nevtelen-terv-1-300x113.png 300w, https:\/\/2024.budapestritmo.hu\/wp-content\/uploads\/2024\/01\/Nevtelen-terv-1-1024x384.png 1024w, https:\/\/2024.budapestritmo.hu\/wp-content\/uploads\/2024\/01\/Nevtelen-terv-1-768x288.png 768w, https:\/\/2024.budapestritmo.hu\/wp-content\/uploads\/2024\/01\/Nevtelen-terv-1-1536x576.png 1536w, https:\/\/2024.budapestritmo.hu\/wp-content\/uploads\/2024\/01\/Nevtelen-terv-1.png 1600w\" sizes=\"auto, (max-width: 640px) 100vw, 640px\" \/>\t\t\t\t\t\t<div class=\"hover\"><\/div>\n\t\t<\/div>\n\t<\/a>\n\t<a href=\"https:\/\/2024.budapestritmo.hu\/en\/performer\/dis-is-marketa\/\" title=\"DIS IS MARK\u0112TA\">\n\t\t<div class=\"name\">\n\t\t\tDIS IS MARK\u0112TA<br>\n\t\t\t<span class=\"country\">Slovakia<\/span>\n\t\t<\/div>\n\t<\/a>\n<\/div>\t\t\t\t\t\t\t\n\t\t\t\t\t        \t\t\t\t\t        <div class=\"col-md-6 col-xl-4 artist-small\">\n\t<a href=\"https:\/\/2024.budapestritmo.hu\/en\/performer\/dj-sabs\/\" title=\"DJ Sabs\">\n\t\t<div class=\"thumbnail\">\n\t\t\t\t\t\t\t<img loading=\"lazy\" decoding=\"async\" width=\"640\" height=\"240\" src=\"https:\/\/2024.budapestritmo.hu\/wp-content\/uploads\/2024\/01\/Nevtelen-terv-9-640x240.png\" class=\"attachment-performer_small size-performer_small wp-post-image\" alt=\"\" srcset=\"https:\/\/2024.budapestritmo.hu\/wp-content\/uploads\/2024\/01\/Nevtelen-terv-9-640x240.png 640w, https:\/\/2024.budapestritmo.hu\/wp-content\/uploads\/2024\/01\/Nevtelen-terv-9-300x113.png 300w, https:\/\/2024.budapestritmo.hu\/wp-content\/uploads\/2024\/01\/Nevtelen-terv-9-1024x384.png 1024w, https:\/\/2024.budapestritmo.hu\/wp-content\/uploads\/2024\/01\/Nevtelen-terv-9-768x288.png 768w, https:\/\/2024.budapestritmo.hu\/wp-content\/uploads\/2024\/01\/Nevtelen-terv-9-1536x576.png 1536w, https:\/\/2024.budapestritmo.hu\/wp-content\/uploads\/2024\/01\/Nevtelen-terv-9.png 1600w\" sizes=\"auto, (max-width: 640px) 100vw, 640px\" \/>\t\t\t\t\t\t<div class=\"hover\"><\/div>\n\t\t<\/div>\n\t<\/a>\n\t<a href=\"https:\/\/2024.budapestritmo.hu\/en\/performer\/dj-sabs\/\" title=\"DJ Sabs\">\n\t\t<div class=\"name\">\n\t\t\tDJ Sabs<br>\n\t\t\t<span class=\"country\">Bosnia-Herzegovina <\/span>\n\t\t<\/div>\n\t<\/a>\n<\/div>\t\t\t\t\t\t\t\n\t\t\t\t\t        \t\t\t\t\t        <div class=\"col-md-6 col-xl-4 artist-small\">\n\t<a href=\"https:\/\/2024.budapestritmo.hu\/en\/performer\/duckshell\/\" title=\"Duckshell\">\n\t\t<div class=\"thumbnail\">\n\t\t\t\t\t\t\t<img loading=\"lazy\" decoding=\"async\" width=\"640\" height=\"240\" src=\"https:\/\/2024.budapestritmo.hu\/wp-content\/uploads\/2024\/01\/Duckshell_BP.Park_credit_-Bodis-Krisztian.jpg-1-640x240.jpg\" class=\"attachment-performer_small size-performer_small wp-post-image\" alt=\"\" srcset=\"https:\/\/2024.budapestritmo.hu\/wp-content\/uploads\/2024\/01\/Duckshell_BP.Park_credit_-Bodis-Krisztian.jpg-1-640x240.jpg 640w, https:\/\/2024.budapestritmo.hu\/wp-content\/uploads\/2024\/01\/Duckshell_BP.Park_credit_-Bodis-Krisztian.jpg-1-300x113.jpg 300w, https:\/\/2024.budapestritmo.hu\/wp-content\/uploads\/2024\/01\/Duckshell_BP.Park_credit_-Bodis-Krisztian.jpg-1-1024x384.jpg 1024w, https:\/\/2024.budapestritmo.hu\/wp-content\/uploads\/2024\/01\/Duckshell_BP.Park_credit_-Bodis-Krisztian.jpg-1-768x288.jpg 768w, https:\/\/2024.budapestritmo.hu\/wp-content\/uploads\/2024\/01\/Duckshell_BP.Park_credit_-Bodis-Krisztian.jpg-1-1536x576.jpg 1536w, https:\/\/2024.budapestritmo.hu\/wp-content\/uploads\/2024\/01\/Duckshell_BP.Park_credit_-Bodis-Krisztian.jpg-1.jpg 1600w\" sizes=\"auto, (max-width: 640px) 100vw, 640px\" \/>\t\t\t\t\t\t<div class=\"hover\"><\/div>\n\t\t<\/div>\n\t<\/a>\n\t<a href=\"https:\/\/2024.budapestritmo.hu\/en\/performer\/duckshell\/\" title=\"Duckshell\">\n\t\t<div class=\"name\">\n\t\t\tDuckshell<br>\n\t\t\t<span class=\"country\">Hungary<\/span>\n\t\t<\/div>\n\t<\/a>\n<\/div>\t\t\t\t\t\t\t\n\t\t\t\t\t        \t\t\t\t\t        <div class=\"col-md-6 col-xl-4 artist-small\">\n\t<a href=\"https:\/\/2024.budapestritmo.hu\/en\/performer\/dzambo-agusevi-orchestra\/\" title=\"D\u017eambo Agu\u0161evi Orchestra\">\n\t\t<div class=\"thumbnail\">\n\t\t\t\t\t\t\t<img loading=\"lazy\" decoding=\"async\" width=\"640\" height=\"240\" src=\"https:\/\/2024.budapestritmo.hu\/wp-content\/uploads\/2024\/01\/Dusan-Sviba-640x240.png\" class=\"attachment-performer_small size-performer_small wp-post-image\" alt=\"\" srcset=\"https:\/\/2024.budapestritmo.hu\/wp-content\/uploads\/2024\/01\/Dusan-Sviba-640x240.png 640w, https:\/\/2024.budapestritmo.hu\/wp-content\/uploads\/2024\/01\/Dusan-Sviba-300x113.png 300w, https:\/\/2024.budapestritmo.hu\/wp-content\/uploads\/2024\/01\/Dusan-Sviba-1024x384.png 1024w, https:\/\/2024.budapestritmo.hu\/wp-content\/uploads\/2024\/01\/Dusan-Sviba-768x288.png 768w, https:\/\/2024.budapestritmo.hu\/wp-content\/uploads\/2024\/01\/Dusan-Sviba-1536x576.png 1536w, https:\/\/2024.budapestritmo.hu\/wp-content\/uploads\/2024\/01\/Dusan-Sviba.png 1600w\" sizes=\"auto, (max-width: 640px) 100vw, 640px\" \/>\t\t\t\t\t\t<div class=\"hover\"><\/div>\n\t\t<\/div>\n\t<\/a>\n\t<a href=\"https:\/\/2024.budapestritmo.hu\/en\/performer\/dzambo-agusevi-orchestra\/\" title=\"D\u017eambo Agu\u0161evi Orchestra\">\n\t\t<div class=\"name\">\n\t\t\tD\u017eambo Agu\u0161evi Orchestra<br>\n\t\t\t<span class=\"country\">North-Macedonia<\/span>\n\t\t<\/div>\n\t<\/a>\n<\/div>\t\t\t\t\t\t\t\n\t\t\t\t\t        \t\t\t\t\t        <div class=\"col-md-6 col-xl-4 artist-small\">\n\t<a href=\"https:\/\/2024.budapestritmo.hu\/en\/performer\/elan\/\" title=\"El\u00e1n\">\n\t\t<div class=\"thumbnail\">\n\t\t\t\t\t\t\t<img loading=\"lazy\" decoding=\"async\" width=\"640\" height=\"240\" src=\"https:\/\/2024.budapestritmo.hu\/wp-content\/uploads\/2024\/01\/Photo2_ELAN_Viola-Moricz-Zsombor-Heredi-640x240.jpg\" class=\"attachment-performer_small size-performer_small wp-post-image\" alt=\"\" srcset=\"https:\/\/2024.budapestritmo.hu\/wp-content\/uploads\/2024\/01\/Photo2_ELAN_Viola-Moricz-Zsombor-Heredi-640x240.jpg 640w, https:\/\/2024.budapestritmo.hu\/wp-content\/uploads\/2024\/01\/Photo2_ELAN_Viola-Moricz-Zsombor-Heredi-1600x600.jpg 1600w\" sizes=\"auto, (max-width: 640px) 100vw, 640px\" \/>\t\t\t\t\t\t<div class=\"hover\"><\/div>\n\t\t<\/div>\n\t<\/a>\n\t<a href=\"https:\/\/2024.budapestritmo.hu\/en\/performer\/elan\/\" title=\"El\u00e1n\">\n\t\t<div class=\"name\">\n\t\t\tEl\u00e1n<br>\n\t\t\t<span class=\"country\">Hungary<\/span>\n\t\t<\/div>\n\t<\/a>\n<\/div>\t\t\t\t\t\t\t\n\t\t\t\t\t        \t\t\t\t\t        <div class=\"col-md-6 col-xl-4 artist-small\">\n\t<a href=\"https:\/\/2024.budapestritmo.hu\/en\/performer\/gaye-su-akyol\/\" title=\"Gaye Su Akyol\">\n\t\t<div class=\"thumbnail\">\n\t\t\t\t\t\t\t<img loading=\"lazy\" decoding=\"async\" width=\"640\" height=\"240\" src=\"https:\/\/2024.budapestritmo.hu\/wp-content\/uploads\/2024\/01\/Nevtelen-terv-8-640x240.png\" class=\"attachment-performer_small size-performer_small wp-post-image\" alt=\"\" srcset=\"https:\/\/2024.budapestritmo.hu\/wp-content\/uploads\/2024\/01\/Nevtelen-terv-8-640x240.png 640w, https:\/\/2024.budapestritmo.hu\/wp-content\/uploads\/2024\/01\/Nevtelen-terv-8-300x113.png 300w, https:\/\/2024.budapestritmo.hu\/wp-content\/uploads\/2024\/01\/Nevtelen-terv-8-1024x384.png 1024w, https:\/\/2024.budapestritmo.hu\/wp-content\/uploads\/2024\/01\/Nevtelen-terv-8-768x288.png 768w, https:\/\/2024.budapestritmo.hu\/wp-content\/uploads\/2024\/01\/Nevtelen-terv-8-1536x576.png 1536w, https:\/\/2024.budapestritmo.hu\/wp-content\/uploads\/2024\/01\/Nevtelen-terv-8.png 1600w\" sizes=\"auto, (max-width: 640px) 100vw, 640px\" \/>\t\t\t\t\t\t<div class=\"hover\"><\/div>\n\t\t<\/div>\n\t<\/a>\n\t<a href=\"https:\/\/2024.budapestritmo.hu\/en\/performer\/gaye-su-akyol\/\" title=\"Gaye Su Akyol\">\n\t\t<div class=\"name\">\n\t\t\tGaye Su Akyol<br>\n\t\t\t<span class=\"country\">Turkey<\/span>\n\t\t<\/div>\n\t<\/a>\n<\/div>\t\t\t\t\t\t\t\n\t\t\t\t\t        \t\t\t\t\t        <div class=\"col-md-6 col-xl-4 artist-small\">\n\t<a href=\"https:\/\/2024.budapestritmo.hu\/en\/performer\/gerald-toto\/\" title=\"G\u00e9rald Toto\">\n\t\t<div class=\"thumbnail\">\n\t\t\t\t\t\t\t<img loading=\"lazy\" decoding=\"async\" width=\"640\" height=\"240\" src=\"https:\/\/2024.budapestritmo.hu\/wp-content\/uploads\/2024\/01\/Sandra-Mehl-640x240.png\" class=\"attachment-performer_small size-performer_small wp-post-image\" alt=\"\" srcset=\"https:\/\/2024.budapestritmo.hu\/wp-content\/uploads\/2024\/01\/Sandra-Mehl-640x240.png 640w, https:\/\/2024.budapestritmo.hu\/wp-content\/uploads\/2024\/01\/Sandra-Mehl-300x113.png 300w, https:\/\/2024.budapestritmo.hu\/wp-content\/uploads\/2024\/01\/Sandra-Mehl-1024x384.png 1024w, https:\/\/2024.budapestritmo.hu\/wp-content\/uploads\/2024\/01\/Sandra-Mehl-768x288.png 768w, https:\/\/2024.budapestritmo.hu\/wp-content\/uploads\/2024\/01\/Sandra-Mehl-1536x576.png 1536w, https:\/\/2024.budapestritmo.hu\/wp-content\/uploads\/2024\/01\/Sandra-Mehl.png 1600w\" sizes=\"auto, (max-width: 640px) 100vw, 640px\" \/>\t\t\t\t\t\t<div class=\"hover\"><\/div>\n\t\t<\/div>\n\t<\/a>\n\t<a href=\"https:\/\/2024.budapestritmo.hu\/en\/performer\/gerald-toto\/\" title=\"G\u00e9rald Toto\">\n\t\t<div class=\"name\">\n\t\t\tG\u00e9rald Toto<br>\n\t\t\t<span class=\"country\">France<\/span>\n\t\t<\/div>\n\t<\/a>\n<\/div>\t\t\t\t\t\t\t\n\t\t\t\t\t        \t\t\t\t\t        <div class=\"col-md-6 col-xl-4 artist-small\">\n\t<a href=\"https:\/\/2024.budapestritmo.hu\/en\/performer\/hajda-banda\/\" title=\"Hajda Banda\">\n\t\t<div class=\"thumbnail\">\n\t\t\t\t\t\t\t<img loading=\"lazy\" decoding=\"async\" width=\"640\" height=\"240\" src=\"https:\/\/2024.budapestritmo.hu\/wp-content\/uploads\/2024\/01\/Photo3_HajdaBanda_C_MichalKalita_MKM_7327-Mateusz-Dobrowolski-640x240.jpg\" class=\"attachment-performer_small size-performer_small wp-post-image\" alt=\"\" srcset=\"https:\/\/2024.budapestritmo.hu\/wp-content\/uploads\/2024\/01\/Photo3_HajdaBanda_C_MichalKalita_MKM_7327-Mateusz-Dobrowolski-640x240.jpg 640w, https:\/\/2024.budapestritmo.hu\/wp-content\/uploads\/2024\/01\/Photo3_HajdaBanda_C_MichalKalita_MKM_7327-Mateusz-Dobrowolski-1600x600.jpg 1600w\" sizes=\"auto, (max-width: 640px) 100vw, 640px\" \/>\t\t\t\t\t\t<div class=\"hover\"><\/div>\n\t\t<\/div>\n\t<\/a>\n\t<a href=\"https:\/\/2024.budapestritmo.hu\/en\/performer\/hajda-banda\/\" title=\"Hajda Banda\">\n\t\t<div class=\"name\">\n\t\t\tHajda Banda<br>\n\t\t\t<span class=\"country\">Belarus &#8211; Poland<\/span>\n\t\t<\/div>\n\t<\/a>\n<\/div>\t\t\t\t\t\t\t\n\t\t\t\t\t        \t\t\t\t\t        <div class=\"col-md-6 col-xl-4 artist-small\">\n\t<a href=\"https:\/\/2024.budapestritmo.hu\/en\/performer\/het-hat-club\/\" title=\"H\u00e9t Hat Club\">\n\t\t<div class=\"thumbnail\">\n\t\t\t\t\t\t\t<img loading=\"lazy\" decoding=\"async\" width=\"640\" height=\"240\" src=\"https:\/\/2024.budapestritmo.hu\/wp-content\/uploads\/2024\/04\/HET-HAT-KLUB_c_Laura-Wilhelm-1600x600.jpg-640x240.webp\" class=\"attachment-performer_small size-performer_small wp-post-image\" alt=\"\" srcset=\"https:\/\/2024.budapestritmo.hu\/wp-content\/uploads\/2024\/04\/HET-HAT-KLUB_c_Laura-Wilhelm-1600x600.jpg-640x240.webp 640w, https:\/\/2024.budapestritmo.hu\/wp-content\/uploads\/2024\/04\/HET-HAT-KLUB_c_Laura-Wilhelm-1600x600.jpg-300x113.webp 300w, https:\/\/2024.budapestritmo.hu\/wp-content\/uploads\/2024\/04\/HET-HAT-KLUB_c_Laura-Wilhelm-1600x600.jpg-1024x384.webp 1024w, https:\/\/2024.budapestritmo.hu\/wp-content\/uploads\/2024\/04\/HET-HAT-KLUB_c_Laura-Wilhelm-1600x600.jpg-768x288.webp 768w, https:\/\/2024.budapestritmo.hu\/wp-content\/uploads\/2024\/04\/HET-HAT-KLUB_c_Laura-Wilhelm-1600x600.jpg-1536x576.webp 1536w, https:\/\/2024.budapestritmo.hu\/wp-content\/uploads\/2024\/04\/HET-HAT-KLUB_c_Laura-Wilhelm-1600x600.jpg.webp 1600w\" sizes=\"auto, (max-width: 640px) 100vw, 640px\" \/>\t\t\t\t\t\t<div class=\"hover\"><\/div>\n\t\t<\/div>\n\t<\/a>\n\t<a href=\"https:\/\/2024.budapestritmo.hu\/en\/performer\/het-hat-club\/\" title=\"H\u00e9t Hat Club\">\n\t\t<div class=\"name\">\n\t\t\tH\u00e9t Hat Club<br>\n\t\t\t<span class=\"country\">Hungary<\/span>\n\t\t<\/div>\n\t<\/a>\n<\/div>\t\t\t\t\t\t\t\n\t\t\t\t\t        \t\t\t\t\t        <div class=\"col-md-6 col-xl-4 artist-small\">\n\t<a href=\"https:\/\/2024.budapestritmo.hu\/en\/performer\/hruba-hudba\/\" title=\"Hrub\u00e1 Hudba\">\n\t\t<div class=\"thumbnail\">\n\t\t\t\t\t\t\t<img loading=\"lazy\" decoding=\"async\" width=\"640\" height=\"240\" src=\"https:\/\/2024.budapestritmo.hu\/wp-content\/uploads\/2024\/01\/HrubaHudbaSpilberk2021-Hanka-Vojtechova-640x240.jpg\" class=\"attachment-performer_small size-performer_small wp-post-image\" alt=\"\" srcset=\"https:\/\/2024.budapestritmo.hu\/wp-content\/uploads\/2024\/01\/HrubaHudbaSpilberk2021-Hanka-Vojtechova-640x240.jpg 640w, https:\/\/2024.budapestritmo.hu\/wp-content\/uploads\/2024\/01\/HrubaHudbaSpilberk2021-Hanka-Vojtechova-1600x600.jpg 1600w\" sizes=\"auto, (max-width: 640px) 100vw, 640px\" \/>\t\t\t\t\t\t<div class=\"hover\"><\/div>\n\t\t<\/div>\n\t<\/a>\n\t<a href=\"https:\/\/2024.budapestritmo.hu\/en\/performer\/hruba-hudba\/\" title=\"Hrub\u00e1 Hudba\">\n\t\t<div class=\"name\">\n\t\t\tHrub\u00e1 Hudba<br>\n\t\t\t<span class=\"country\">Czech Republic<\/span>\n\t\t<\/div>\n\t<\/a>\n<\/div>\t\t\t\t\t\t\t\n\t\t\t\t\t        \t\t\t\t\t        <div class=\"col-md-6 col-xl-4 artist-small\">\n\t<a href=\"https:\/\/2024.budapestritmo.hu\/en\/performer\/jelena-poprzan\/\" title=\"Jelena Popr\u017ean\">\n\t\t<div class=\"thumbnail\">\n\t\t\t\t\t\t\t<img loading=\"lazy\" decoding=\"async\" width=\"640\" height=\"240\" src=\"https:\/\/2024.budapestritmo.hu\/wp-content\/uploads\/2024\/01\/Igor-Ripak-640x240.png\" class=\"attachment-performer_small size-performer_small wp-post-image\" alt=\"\" srcset=\"https:\/\/2024.budapestritmo.hu\/wp-content\/uploads\/2024\/01\/Igor-Ripak-640x240.png 640w, https:\/\/2024.budapestritmo.hu\/wp-content\/uploads\/2024\/01\/Igor-Ripak-300x113.png 300w, https:\/\/2024.budapestritmo.hu\/wp-content\/uploads\/2024\/01\/Igor-Ripak-1024x384.png 1024w, https:\/\/2024.budapestritmo.hu\/wp-content\/uploads\/2024\/01\/Igor-Ripak-768x288.png 768w, https:\/\/2024.budapestritmo.hu\/wp-content\/uploads\/2024\/01\/Igor-Ripak-1536x576.png 1536w, https:\/\/2024.budapestritmo.hu\/wp-content\/uploads\/2024\/01\/Igor-Ripak.png 1600w\" sizes=\"auto, (max-width: 640px) 100vw, 640px\" \/>\t\t\t\t\t\t<div class=\"hover\"><\/div>\n\t\t<\/div>\n\t<\/a>\n\t<a href=\"https:\/\/2024.budapestritmo.hu\/en\/performer\/jelena-poprzan\/\" title=\"Jelena Popr\u017ean\">\n\t\t<div class=\"name\">\n\t\t\tJelena Popr\u017ean<br>\n\t\t\t<span class=\"country\">Serbia &#8211; Austria<\/span>\n\t\t<\/div>\n\t<\/a>\n<\/div>\t\t\t\t\t\t\t\n\t\t\t\t\t        \t\t\t\t\t        <div class=\"col-md-6 col-xl-4 artist-small\">\n\t<a href=\"https:\/\/2024.budapestritmo.hu\/en\/performer\/luca-bassanese-la-piccola-orchestra-popolare\/\" title=\"Luca Bassanese &amp; La Piccola Orchestra Popolare\">\n\t\t<div class=\"thumbnail\">\n\t\t\t\t\t\t\t<img loading=\"lazy\" decoding=\"async\" width=\"640\" height=\"240\" src=\"https:\/\/2024.budapestritmo.hu\/wp-content\/uploads\/2024\/01\/MichaelPohl-640x240.png\" class=\"attachment-performer_small size-performer_small wp-post-image\" alt=\"\" srcset=\"https:\/\/2024.budapestritmo.hu\/wp-content\/uploads\/2024\/01\/MichaelPohl-640x240.png 640w, https:\/\/2024.budapestritmo.hu\/wp-content\/uploads\/2024\/01\/MichaelPohl-300x113.png 300w, https:\/\/2024.budapestritmo.hu\/wp-content\/uploads\/2024\/01\/MichaelPohl-1024x384.png 1024w, https:\/\/2024.budapestritmo.hu\/wp-content\/uploads\/2024\/01\/MichaelPohl-768x288.png 768w, https:\/\/2024.budapestritmo.hu\/wp-content\/uploads\/2024\/01\/MichaelPohl-1536x576.png 1536w, https:\/\/2024.budapestritmo.hu\/wp-content\/uploads\/2024\/01\/MichaelPohl.png 1600w\" sizes=\"auto, (max-width: 640px) 100vw, 640px\" \/>\t\t\t\t\t\t<div class=\"hover\"><\/div>\n\t\t<\/div>\n\t<\/a>\n\t<a href=\"https:\/\/2024.budapestritmo.hu\/en\/performer\/luca-bassanese-la-piccola-orchestra-popolare\/\" title=\"Luca Bassanese &amp; La Piccola Orchestra Popolare\">\n\t\t<div class=\"name\">\n\t\t\tLuca Bassanese &amp; La Piccola Orchestra Popolare<br>\n\t\t\t<span class=\"country\">Italy<\/span>\n\t\t<\/div>\n\t<\/a>\n<\/div>\t\t\t\t\t\t\t\n\t\t\t\t\t        \t\t\t\t\t        <div class=\"col-md-6 col-xl-4 artist-small\">\n\t<a href=\"https:\/\/2024.budapestritmo.hu\/en\/performer\/pjev\/\" title=\"PJEV\">\n\t\t<div class=\"thumbnail\">\n\t\t\t\t\t\t\t<img loading=\"lazy\" decoding=\"async\" width=\"640\" height=\"240\" src=\"https:\/\/2024.budapestritmo.hu\/wp-content\/uploads\/2024\/01\/Nevtelen-terv-2-640x240.png\" class=\"attachment-performer_small size-performer_small wp-post-image\" alt=\"\" srcset=\"https:\/\/2024.budapestritmo.hu\/wp-content\/uploads\/2024\/01\/Nevtelen-terv-2-640x240.png 640w, https:\/\/2024.budapestritmo.hu\/wp-content\/uploads\/2024\/01\/Nevtelen-terv-2-300x113.png 300w, https:\/\/2024.budapestritmo.hu\/wp-content\/uploads\/2024\/01\/Nevtelen-terv-2-1024x384.png 1024w, https:\/\/2024.budapestritmo.hu\/wp-content\/uploads\/2024\/01\/Nevtelen-terv-2-768x288.png 768w, https:\/\/2024.budapestritmo.hu\/wp-content\/uploads\/2024\/01\/Nevtelen-terv-2-1536x576.png 1536w, https:\/\/2024.budapestritmo.hu\/wp-content\/uploads\/2024\/01\/Nevtelen-terv-2.png 1600w\" sizes=\"auto, (max-width: 640px) 100vw, 640px\" \/>\t\t\t\t\t\t<div class=\"hover\"><\/div>\n\t\t<\/div>\n\t<\/a>\n\t<a href=\"https:\/\/2024.budapestritmo.hu\/en\/performer\/pjev\/\" title=\"PJEV\">\n\t\t<div class=\"name\">\n\t\t\tPJEV<br>\n\t\t\t<span class=\"country\">Croatia<\/span>\n\t\t<\/div>\n\t<\/a>\n<\/div>\t\t\t\t\t\t\t\n\t\t\t\t\t        \t\t\t\t\t        <div class=\"col-md-6 col-xl-4 artist-small\">\n\t<a href=\"https:\/\/2024.budapestritmo.hu\/en\/performer\/puuluup\/\" title=\"Puuluup\">\n\t\t<div class=\"thumbnail\">\n\t\t\t\t\t\t\t<img loading=\"lazy\" decoding=\"async\" width=\"640\" height=\"240\" src=\"https:\/\/2024.budapestritmo.hu\/wp-content\/uploads\/2024\/01\/Taavi-Arus-640x240.png\" class=\"attachment-performer_small size-performer_small wp-post-image\" alt=\"\" srcset=\"https:\/\/2024.budapestritmo.hu\/wp-content\/uploads\/2024\/01\/Taavi-Arus-640x240.png 640w, https:\/\/2024.budapestritmo.hu\/wp-content\/uploads\/2024\/01\/Taavi-Arus-300x113.png 300w, https:\/\/2024.budapestritmo.hu\/wp-content\/uploads\/2024\/01\/Taavi-Arus-1024x384.png 1024w, https:\/\/2024.budapestritmo.hu\/wp-content\/uploads\/2024\/01\/Taavi-Arus-768x288.png 768w, https:\/\/2024.budapestritmo.hu\/wp-content\/uploads\/2024\/01\/Taavi-Arus-1536x576.png 1536w, https:\/\/2024.budapestritmo.hu\/wp-content\/uploads\/2024\/01\/Taavi-Arus.png 1600w\" sizes=\"auto, (max-width: 640px) 100vw, 640px\" \/>\t\t\t\t\t\t<div class=\"hover\"><\/div>\n\t\t<\/div>\n\t<\/a>\n\t<a href=\"https:\/\/2024.budapestritmo.hu\/en\/performer\/puuluup\/\" title=\"Puuluup\">\n\t\t<div class=\"name\">\n\t\t\tPuuluup<br>\n\t\t\t<span class=\"country\">Estonia<\/span>\n\t\t<\/div>\n\t<\/a>\n<\/div>\t\t\t\t\t\t\t\n\t\t\t\t\t        \t\t\t\t\t        <div class=\"col-md-6 col-xl-4 artist-small\">\n\t<a href=\"https:\/\/2024.budapestritmo.hu\/en\/performer\/rafael-garnica-dj-set\/\" title=\"Rafael Garnica DJ set\">\n\t\t<div class=\"thumbnail\">\n\t\t\t\t\t\t\t<img loading=\"lazy\" decoding=\"async\" width=\"640\" height=\"240\" src=\"https:\/\/2024.budapestritmo.hu\/wp-content\/uploads\/2024\/02\/1600x600-masolat-640x240.jpg\" class=\"attachment-performer_small size-performer_small wp-post-image\" alt=\"\" srcset=\"https:\/\/2024.budapestritmo.hu\/wp-content\/uploads\/2024\/02\/1600x600-masolat-640x240.jpg 640w, https:\/\/2024.budapestritmo.hu\/wp-content\/uploads\/2024\/02\/1600x600-masolat-300x113.jpg 300w, https:\/\/2024.budapestritmo.hu\/wp-content\/uploads\/2024\/02\/1600x600-masolat-1024x384.jpg 1024w, https:\/\/2024.budapestritmo.hu\/wp-content\/uploads\/2024\/02\/1600x600-masolat-768x288.jpg 768w, https:\/\/2024.budapestritmo.hu\/wp-content\/uploads\/2024\/02\/1600x600-masolat-1536x576.jpg 1536w, https:\/\/2024.budapestritmo.hu\/wp-content\/uploads\/2024\/02\/1600x600-masolat.jpg 1600w\" sizes=\"auto, (max-width: 640px) 100vw, 640px\" \/>\t\t\t\t\t\t<div class=\"hover\"><\/div>\n\t\t<\/div>\n\t<\/a>\n\t<a href=\"https:\/\/2024.budapestritmo.hu\/en\/performer\/rafael-garnica-dj-set\/\" title=\"Rafael Garnica DJ set\">\n\t\t<div class=\"name\">\n\t\t\tRafael Garnica DJ set<br>\n\t\t\t<span class=\"country\">Venezuela <\/span>\n\t\t<\/div>\n\t<\/a>\n<\/div>\t\t\t\t\t\t\t\n\t\t\t\t\t        \t\t\t\t\t        <div class=\"col-md-6 col-xl-4 artist-small\">\n\t<a href=\"https:\/\/2024.budapestritmo.hu\/en\/performer\/terne-chave-romano-drom\/\" title=\"Terne \u010chave &#038; Romano Drom\">\n\t\t<div class=\"thumbnail\">\n\t\t\t\t\t\t\t<img loading=\"lazy\" decoding=\"async\" width=\"640\" height=\"240\" src=\"https:\/\/2024.budapestritmo.hu\/wp-content\/uploads\/2024\/02\/Untitled-design-13-640x240.png\" class=\"attachment-performer_small size-performer_small wp-post-image\" alt=\"\" srcset=\"https:\/\/2024.budapestritmo.hu\/wp-content\/uploads\/2024\/02\/Untitled-design-13-640x240.png 640w, https:\/\/2024.budapestritmo.hu\/wp-content\/uploads\/2024\/02\/Untitled-design-13-300x113.png 300w, https:\/\/2024.budapestritmo.hu\/wp-content\/uploads\/2024\/02\/Untitled-design-13-1024x384.png 1024w, https:\/\/2024.budapestritmo.hu\/wp-content\/uploads\/2024\/02\/Untitled-design-13-768x288.png 768w, https:\/\/2024.budapestritmo.hu\/wp-content\/uploads\/2024\/02\/Untitled-design-13-1536x576.png 1536w, https:\/\/2024.budapestritmo.hu\/wp-content\/uploads\/2024\/02\/Untitled-design-13.png 1600w\" sizes=\"auto, (max-width: 640px) 100vw, 640px\" \/>\t\t\t\t\t\t<div class=\"hover\"><\/div>\n\t\t<\/div>\n\t<\/a>\n\t<a href=\"https:\/\/2024.budapestritmo.hu\/en\/performer\/terne-chave-romano-drom\/\" title=\"Terne \u010chave &#038; Romano Drom\">\n\t\t<div class=\"name\">\n\t\t\tTerne \u010chave &#038; Romano Drom<br>\n\t\t\t<span class=\"country\">Czech Republic &#8211; Hungary<\/span>\n\t\t<\/div>\n\t<\/a>\n<\/div>\t\t\t\t\t\t\t\n\t\t\t\t\t        \t\t\t\t\t        <div class=\"col-md-6 col-xl-4 artist-small\">\n\t<a href=\"https:\/\/2024.budapestritmo.hu\/en\/performer\/theodosii-spassov-bela-agoston-band\/\" title=\"Theodosii Spassov &#038;  B\u00e9la \u00c1goston band\">\n\t\t<div class=\"thumbnail\">\n\t\t\t\t\t\t\t<img loading=\"lazy\" decoding=\"async\" width=\"640\" height=\"240\" src=\"https:\/\/2024.budapestritmo.hu\/wp-content\/uploads\/2024\/01\/Nevtelen-terv-5-640x240.png\" class=\"attachment-performer_small size-performer_small wp-post-image\" alt=\"\" srcset=\"https:\/\/2024.budapestritmo.hu\/wp-content\/uploads\/2024\/01\/Nevtelen-terv-5-640x240.png 640w, https:\/\/2024.budapestritmo.hu\/wp-content\/uploads\/2024\/01\/Nevtelen-terv-5-300x113.png 300w, https:\/\/2024.budapestritmo.hu\/wp-content\/uploads\/2024\/01\/Nevtelen-terv-5-1024x384.png 1024w, https:\/\/2024.budapestritmo.hu\/wp-content\/uploads\/2024\/01\/Nevtelen-terv-5-768x288.png 768w, https:\/\/2024.budapestritmo.hu\/wp-content\/uploads\/2024\/01\/Nevtelen-terv-5-1536x576.png 1536w, https:\/\/2024.budapestritmo.hu\/wp-content\/uploads\/2024\/01\/Nevtelen-terv-5.png 1600w\" sizes=\"auto, (max-width: 640px) 100vw, 640px\" \/>\t\t\t\t\t\t<div class=\"hover\"><\/div>\n\t\t<\/div>\n\t<\/a>\n\t<a href=\"https:\/\/2024.budapestritmo.hu\/en\/performer\/theodosii-spassov-bela-agoston-band\/\" title=\"Theodosii Spassov &#038;  B\u00e9la \u00c1goston band\">\n\t\t<div class=\"name\">\n\t\t\tTheodosii Spassov &#038;  B\u00e9la \u00c1goston band<br>\n\t\t\t<span class=\"country\">Bulgaria &#8211; Hungary<\/span>\n\t\t<\/div>\n\t<\/a>\n<\/div>\t\t\t\t\t\t\t\n\t\t\t\t\t        \t\t\t\t\t        <div class=\"col-md-6 col-xl-4 artist-small\">\n\t<a href=\"https:\/\/2024.budapestritmo.hu\/en\/performer\/vincent-moons-live-cinema-in-collaboration-with-dalinda\/\" title=\"Vincent Moon&#8217;s Live cinema in collaboration with Dalinda\">\n\t\t<div class=\"thumbnail\">\n\t\t\t\t\t\t\t<img loading=\"lazy\" decoding=\"async\" width=\"640\" height=\"240\" src=\"https:\/\/2024.budapestritmo.hu\/wp-content\/uploads\/2024\/02\/vincent-dalinda-3-640x240.jpg\" class=\"attachment-performer_small size-performer_small wp-post-image\" alt=\"\" srcset=\"https:\/\/2024.budapestritmo.hu\/wp-content\/uploads\/2024\/02\/vincent-dalinda-3-640x240.jpg 640w, https:\/\/2024.budapestritmo.hu\/wp-content\/uploads\/2024\/02\/vincent-dalinda-3-300x113.jpg 300w, https:\/\/2024.budapestritmo.hu\/wp-content\/uploads\/2024\/02\/vincent-dalinda-3-1024x384.jpg 1024w, https:\/\/2024.budapestritmo.hu\/wp-content\/uploads\/2024\/02\/vincent-dalinda-3-768x288.jpg 768w, https:\/\/2024.budapestritmo.hu\/wp-content\/uploads\/2024\/02\/vincent-dalinda-3-1536x576.jpg 1536w, https:\/\/2024.budapestritmo.hu\/wp-content\/uploads\/2024\/02\/vincent-dalinda-3.jpg 1600w\" sizes=\"auto, (max-width: 640px) 100vw, 640px\" \/>\t\t\t\t\t\t<div class=\"hover\"><\/div>\n\t\t<\/div>\n\t<\/a>\n\t<a href=\"https:\/\/2024.budapestritmo.hu\/en\/performer\/vincent-moons-live-cinema-in-collaboration-with-dalinda\/\" title=\"Vincent Moon&#8217;s Live cinema in collaboration with Dalinda\">\n\t\t<div class=\"name\">\n\t\t\tVincent Moon&#8217;s Live cinema in collaboration with Dalinda<br>\n\t\t\t<span class=\"country\">Hungary<\/span>\n\t\t<\/div>\n\t<\/a>\n<\/div>\t\t\t\t\t\t\t\n\t\t\t\t\t        \t\t<\/div>\n\t\t<div class=\"col-12\">\n\t\t\t\t<p><span style=\"font-size: 12px;\">The event schedule may be subject to change.<\/span><\/p>\n\t\t\t<\/div>\n\t\t\t<\/div>\n\t\t<\/div>\n\t<\/div>\n<\/section>\n\n\n\n<section class=\"wp-block-group alignfull movies\"><div class=\"wp-block-group__inner-container is-layout-flow wp-block-group-is-layout-flow\">\n<div class=\"wp-block-columns is-layout-flex wp-container-core-columns-is-layout-9d6595d7 wp-block-columns-is-layout-flex\">\n<div class=\"wp-block-column is-layout-flow wp-block-column-is-layout-flow\">\n<h2 class=\"wp-block-heading has-text-align-center has-white-color has-text-color\">Passes now available!<\/h2>\n\n\n\n<div class=\"wp-block-columns alignfull tickets-cards is-layout-flex wp-container-core-columns-is-layout-9d6595d7 wp-block-columns-is-layout-flex\">\n<div class=\"wp-block-column is-layout-flow wp-block-column-is-layout-flow\">\n\n<div id=\"ticket-block_5ebccd9d4f3e350a3d32066549ee4655\" class=\"ticket text-white\" style=\"background-image:url('https:\/\/2024.budapestritmo.hu\/wp-content\/uploads\/2023\/02\/ritmo22-napijegy-3.jpg');\">\n\n\t<p>April 11 2024<\/p>\n\t<h4><b>Thursday<\/b><\/h4>\n\t<h6>Showcase concerts<br>FREE<\/h6>\n\t\n\t\n<\/div>\n<\/div>\n\n\n\n<div class=\"wp-block-column is-layout-flow wp-block-column-is-layout-flow\">\n\n<div id=\"ticket-block_1db23313dfcfeb28787b627170f3a73a\" class=\"ticket text-white\" style=\"background-image:url('https:\/\/2024.budapestritmo.hu\/wp-content\/uploads\/2023\/02\/ritmo22-napijegy-1.jpg');\">\n\n\t<p>April 12 2024<\/p>\n\t<h4><b>Friday<\/b><\/h4>\n\t<h6>Concerts, films<br>10900 HUF<\/h6>\n\t\t\t<a class=\"button small white\" id=\"\" href=\"https:\/\/mupa.hu\/jegyvasarlas?tseid=13889&#038;lang=en&#038;auditid=15903&#038;eventid=1096853&#038;venueid=212&#038;festival=2&#038;isarrival=1\" target=\"_blank\" rel=\"noopener\">Buy now<\/a>\n\t\n\t\n<\/div>\n<\/div>\n\n\n\n<div class=\"wp-block-column is-layout-flow wp-block-column-is-layout-flow\">\n\n<div id=\"ticket-block_4b0a3d62236e0b30749c9f8628c051b8\" class=\"ticket text-black\" style=\"background-image:url('https:\/\/2024.budapestritmo.hu\/wp-content\/uploads\/2023\/02\/ritmo22-napijegy-4.jpg');\">\n\n\t<p>April 13 2024<\/p>\n\t<h4><b>Saturday<\/b><\/h4>\n\t<h6>Concerts, films<br>10900 HUF<\/h6>\n\t\t\t<a class=\"button small white\" id=\"\" href=\"https:\/\/mupa.hu\/jegyvasarlas?tseid=13890&#038;lang=en&#038;auditid=15903&#038;eventid=1096856&#038;venueid=212&#038;festival=2&#038;isarrival=1\" target=\"_blank\" rel=\"noopener\">Buy now<\/a>\n\t\n\t\n<\/div>\n<\/div>\n\n\n\n<div class=\"wp-block-column is-layout-flow wp-block-column-is-layout-flow\">\n\n<div id=\"ticket-block_f864d7d21ab8dce85fbcc35cf8e70b59\" class=\"ticket text-white\" style=\"background-image:url('https:\/\/2024.budapestritmo.hu\/wp-content\/uploads\/2023\/02\/ritmo22-berlet-1.jpg');\">\n\n\t<p>12-13 April 2024<\/p>\n\t<h4><b>Budapest Ritmo Pass<\/b><\/h4>\n\t<h6>15900 HUF<\/h6>\n\t\t\t<a class=\"button small white\" id=\"\" href=\"https:\/\/mupa.hu\/jegyvasarlas?tseid=13768&#038;lang=en&#038;auditid=15903&#038;eventid=1075926&#038;venueid=212&#038;festival=2&#038;isarrival=1\" target=\"_blank\" rel=\"noopener\">Buy now<\/a>\n\t\n\t\n<\/div>\n<\/div>\n\n\n\n<div class=\"wp-block-column is-layout-flow wp-block-column-is-layout-flow\">\n\n<div id=\"ticket-block_723e0e0049bff79dc1407ab1b8ab2f38\" class=\"ticket text-white\" style=\"background-image:url('https:\/\/2024.budapestritmo.hu\/wp-content\/uploads\/2023\/02\/ritmo22-berlet-2.jpg');\">\n\n\t<p>12-13 April 2024<\/p>\n\t<h4><b>Budapest Ritmo PRO pass<\/b><\/h4>\n\t<h6>27900 HUF<\/h6>\n\t\t\t<a class=\"button small white\" id=\"\" href=\"https:\/\/mupa.hu\/jegyvasarlas?tseid=13979&#038;lang=en&#038;auditid=15903&#038;eventid=1114871&#038;venueid=212&#038;festival=2&#038;isarrival=1\" target=\"_blank\" rel=\"noopener\">Buy now<\/a>\n\t\n\t\n<\/div>\n<\/div>\n<\/div>\n\n\n\n<p class=\"has-white-color has-text-color has-link-color wp-elements-c645e628e62f8fbab9d9726851472d16\"><\/p>\n<\/div>\n<\/div>\n<\/div><\/section>\n\n\n<a name=\"timetable\"><\/a>\n<section class=\"timetable text-white\">\n\t\n\t<div class=\"container-fluid\">\n\t\t<div class=\"row\">\n\t\t\t<div class=\"col-12\">\n\t\t\t\t<h2>Concerts and films<\/h2> \n\t\t\t<\/div>\n\t\t<\/div>\n\t<\/div>\n\n\n\t\n\t<div class=\"container-fluid dates\">\n\t\t<div class=\"row\">\n\t\t\t\t\t\t\t<div class=\"col-6 col-sm\" id=\"tab-day1\">\n\t\t\t\t\t<a class=\"day-select \" href=\"#day1\">\n\t\t\t\t\t\tThursday 11.04.\t\t\t\t\t<\/a>\n\t\t\t\t\t\n\t\t\t\t<\/div>\n\t\t\t\t\t\t\t<div class=\"col-6 col-sm\" id=\"tab-day2\">\n\t\t\t\t\t<a class=\"day-select \" href=\"#day2\">\n\t\t\t\t\t\tFriday 12.04.\t\t\t\t\t<\/a>\n\t\t\t\t\t\n\t\t\t\t<\/div>\n\t\t\t\t\t\t\t<div class=\"col-6 col-sm\" id=\"tab-day3\">\n\t\t\t\t\t<a class=\"day-select current-day\" href=\"#day3\">\n\t\t\t\t\t\tSaturday 13.04.\t\t\t\t\t<\/a>\n\t\t\t\t\t\n\t\t\t\t<\/div>\n\t\t\t\t\t\t\t\t\n\t\t<\/div>\n\t<\/div>\n\t \n\n\n\t\n\t\t\t\n\t\t<div class=\"container-fluid day  \" id=\"day1\">\n\t\t\n\t\t\t<div class=\"row\">\n\n\n\t\t\t\t<div class=\"col-1 timetable-timeslots d-none d-md-flex\">\n\t\t\t\t\t<ul>\n\t\t\t\t\t\t<li class=\"full-hour\">17:00<\/li><li>17:15<\/li><li>17:30<\/li><li>17:45<\/li><li class=\"full-hour\">18:00<\/li><li>18:15<\/li><li>18:30<\/li><li>18:45<\/li><li class=\"full-hour\">19:00<\/li><li>19:15<\/li><li>19:30<\/li><li>19:45<\/li><li class=\"full-hour\">20:00<\/li><li>20:15<\/li><li>20:30<\/li><li>20:45<\/li><li class=\"full-hour\">21:00<\/li><li>21:15<\/li><li>21:30<\/li><li>21:45<\/li><li class=\"full-hour\">22:00<\/li><li>22:15<\/li><li>22:30<\/li><li>22:45<\/li>\t\t\t\t\t<\/ul>\n\t\t\t\t<\/div>\n\n\n\t\t\t\t\n\t\t\t\t\n\t\t\t\t\n\n\t\t\t\t\t\t\t<div class=\"col-12 col-sm timetable-column\">\n\t\t\t\t\t\t\t\t<div class=\"timetable-venue\">\n\t\t\t\t\t\t\t\t\tSzimpla Kert\t\t\t\t\t\t\t\t<\/div>\n\n\n\t\t\t\t\t\t\t\t\n\t\t\t\t\t\t\t\t\t\t\t\t\t\t\t\t\t\t\t\t\t\t\t\t\n\t\t\n\n\t\t\t\t\t\t\t\t\t\t\t\t\n\t\t\t\t\t\t\t\t\t\t\t\t<a href=\"https:\/\/2024.budapestritmo.hu\/en\/performer\/pjev\/\">\t\t\t\t\t\t\t\t\t\t\t\t\t<div class=\"timetable-event \" style=\"top:0px; min-height:51.3333333333px;\">\n\t\t\t\t\t\t\t\t\t\t\t\t\t\t<div class=\"timetable-event-time\">17:00-17:40<\/div>\n\t\t\t\t\t\t\t\t\t\t\t\t\t\t<div class=\"timetable-event-performer\">PJEV (HR)<\/div>\n\t\t\t\t\t\t\t\t\t\t\t\t\t\t<span class=\"timetable-event-country\"> <\/span>\n\t\t\t\t\t\t\t\t\t\t\t\t\t<\/div>\n\t\t\t\t\t\t\t\t\t\t\t\t<\/a>\t\t\t\t\t\t\t\t\t\t\t\n\n\n\t\t\t\t\t\t\t\t\t\t\t\n\t\t\t\t\t\t\t\t\t\t\t\t\t\t\t\t\t\t\t\t\t\t\t\t\n\t\t\n\n\t\t\t\t\t\t\t\t\t\t\t\t\n\t\t\t\t\t\t\t\t\t\t\t\t<a href=\"https:\/\/2024.budapestritmo.hu\/en\/performer\/daj-ognia\/\">\t\t\t\t\t\t\t\t\t\t\t\t\t<div class=\"timetable-event \" style=\"top:80px; min-height:51.3333333333px;\">\n\t\t\t\t\t\t\t\t\t\t\t\t\t\t<div class=\"timetable-event-time\">18:00-18:40<\/div>\n\t\t\t\t\t\t\t\t\t\t\t\t\t\t<div class=\"timetable-event-performer\">Daj Ognia (PL)<\/div>\n\t\t\t\t\t\t\t\t\t\t\t\t\t\t<span class=\"timetable-event-country\"> <\/span>\n\t\t\t\t\t\t\t\t\t\t\t\t\t<\/div>\n\t\t\t\t\t\t\t\t\t\t\t\t<\/a>\t\t\t\t\t\t\t\t\t\t\t\n\n\n\t\t\t\t\t\t\t\t\t\t\t\n\t\t\t\t\t\t\t\t\t\t\t\t\t\t\t\t\t\t\t\t\t\t\t\t\n\t\t\n\n\t\t\t\t\t\t\t\t\t\t\t\t\n\t\t\t\t\t\t\t\t\t\t\t\t<a href=\"https:\/\/2024.budapestritmo.hu\/en\/performer\/dis-is-marketa\/\">\t\t\t\t\t\t\t\t\t\t\t\t\t<div class=\"timetable-event \" style=\"top:160px; min-height:51.3333333333px;\">\n\t\t\t\t\t\t\t\t\t\t\t\t\t\t<div class=\"timetable-event-time\">19:00-19:40<\/div>\n\t\t\t\t\t\t\t\t\t\t\t\t\t\t<div class=\"timetable-event-performer\">DIS IS MARK\u00c9TA (SK)<\/div>\n\t\t\t\t\t\t\t\t\t\t\t\t\t\t<span class=\"timetable-event-country\"> <\/span>\n\t\t\t\t\t\t\t\t\t\t\t\t\t<\/div>\n\t\t\t\t\t\t\t\t\t\t\t\t<\/a>\t\t\t\t\t\t\t\t\t\t\t\n\n\n\t\t\t\t\t\t\t\t\t\t\t\n\t\t\t\t\t\t\t\t\t\t\t\t\t\t\t\t\t\t\t\t\t\t\t\t\n\t\t\n\n\t\t\t\t\t\t\t\t\t\t\t\t\n\t\t\t\t\t\t\t\t\t\t\t\t<a href=\"https:\/\/2024.budapestritmo.hu\/en\/performer\/hruba-hudba\/\">\t\t\t\t\t\t\t\t\t\t\t\t\t<div class=\"timetable-event \" style=\"top:240px; min-height:51.3333333333px;\">\n\t\t\t\t\t\t\t\t\t\t\t\t\t\t<div class=\"timetable-event-time\">20:00-20:40<\/div>\n\t\t\t\t\t\t\t\t\t\t\t\t\t\t<div class=\"timetable-event-performer\">Hrub\u00e1 Hudba (CZ)<\/div>\n\t\t\t\t\t\t\t\t\t\t\t\t\t\t<span class=\"timetable-event-country\"> <\/span>\n\t\t\t\t\t\t\t\t\t\t\t\t\t<\/div>\n\t\t\t\t\t\t\t\t\t\t\t\t<\/a>\t\t\t\t\t\t\t\t\t\t\t\n\n\n\t\t\t\t\t\t\t\t\t\t\t\n\t\t\t\t\t\t\t\t\t\t\t\t\t\t\t\t\t\t\t\t\t\t\t\t\n\t\t\n\n\t\t\t\t\t\t\t\t\t\t\t\t\n\t\t\t\t\t\t\t\t\t\t\t\t<a href=\"https:\/\/2024.budapestritmo.hu\/en\/performer\/elan\/\">\t\t\t\t\t\t\t\t\t\t\t\t\t<div class=\"timetable-event \" style=\"top:320px; min-height:51.3333333333px;\">\n\t\t\t\t\t\t\t\t\t\t\t\t\t\t<div class=\"timetable-event-time\">21:00-21:40<\/div>\n\t\t\t\t\t\t\t\t\t\t\t\t\t\t<div class=\"timetable-event-performer\">El\u00e1n (HU)<\/div>\n\t\t\t\t\t\t\t\t\t\t\t\t\t\t<span class=\"timetable-event-country\"> <\/span>\n\t\t\t\t\t\t\t\t\t\t\t\t\t<\/div>\n\t\t\t\t\t\t\t\t\t\t\t\t<\/a>\t\t\t\t\t\t\t\t\t\t\t\n\n\n\t\t\t\t\t\t\t\t\t\t\t\n\t\t\t\t\t\t\t\t\t\t\t\t\t\t\t\t\t\t\t\t\t\t\t\t\n\t\t\n\n\t\t\t\t\t\t\t\t\t\t\t\t\n\t\t\t\t\t\t\t\t\t\t\t\t<a href=\"https:\/\/2024.budapestritmo.hu\/en\/performer\/hajda-banda\/\">\t\t\t\t\t\t\t\t\t\t\t\t\t<div class=\"timetable-event \" style=\"top:400px; min-height:51.3333333333px;\">\n\t\t\t\t\t\t\t\t\t\t\t\t\t\t<div class=\"timetable-event-time\">22:00-22:40<\/div>\n\t\t\t\t\t\t\t\t\t\t\t\t\t\t<div class=\"timetable-event-performer\">Hajda Banda (BY\/PL)<\/div>\n\t\t\t\t\t\t\t\t\t\t\t\t\t\t<span class=\"timetable-event-country\"> <\/span>\n\t\t\t\t\t\t\t\t\t\t\t\t\t<\/div>\n\t\t\t\t\t\t\t\t\t\t\t\t<\/a>\t\t\t\t\t\t\t\t\t\t\t\n\n\n\t\t\t\t\t\t\t\t\t\t\t\t\t\t\t\t\t\t\t\t\t    \n\n\t\t\t\t\t\t\t\t\t\t\t\n\n\t\t\t\t\t\t\t\t\t\t\t\t\t\t\n\n\t\t\t\t\t\t\t<\/div>\n\n\t\t\t\t\t\t\t\n\n\t\t\t\t\n\n\t\t\t\t\n\t\t\t\n\t\t\t<\/div> <!-- \/row -->\n\t\t<\/div>  <!-- \/container.day -->\n\t\t\n\t\t\t\n\t\t<div class=\"container-fluid day  \" id=\"day2\">\n\t\t\n\t\t\t<div class=\"row\">\n\n\n\t\t\t\t<div class=\"col-1 timetable-timeslots d-none d-md-flex\">\n\t\t\t\t\t<ul>\n\t\t\t\t\t\t<li class=\"full-hour\">15:00<\/li><li>15:15<\/li><li>15:30<\/li><li>15:45<\/li><li class=\"full-hour\">16:00<\/li><li>16:15<\/li><li>16:30<\/li><li>16:45<\/li><li class=\"full-hour\">17:00<\/li><li>17:15<\/li><li>17:30<\/li><li>17:45<\/li><li class=\"full-hour\">18:00<\/li><li>18:15<\/li><li>18:30<\/li><li>18:45<\/li><li class=\"full-hour\">19:00<\/li><li>19:15<\/li><li>19:30<\/li><li>19:45<\/li><li class=\"full-hour\">20:00<\/li><li>20:15<\/li><li>20:30<\/li><li>20:45<\/li><li class=\"full-hour\">21:00<\/li><li>21:15<\/li><li>21:30<\/li><li>21:45<\/li><li class=\"full-hour\">22:00<\/li><li>22:15<\/li><li>22:30<\/li><li>22:45<\/li><li class=\"full-hour\">23:00<\/li><li>23:15<\/li><li>23:30<\/li><li>23:45<\/li><li class=\"full-hour\">0:00<\/li><li>0:15<\/li><li>0:30<\/li><li>0:45<\/li><li class=\"full-hour\">1:00<\/li><li>1:15<\/li><li>1:30<\/li><li>1:45<\/li>\t\t\t\t\t<\/ul>\n\t\t\t\t<\/div>\n\n\n\t\t\t\t\n\t\t\t\t\n\t\t\t\t\n\n\t\t\t\t\t\t\t<div class=\"col-12 col-sm timetable-column\">\n\t\t\t\t\t\t\t\t<div class=\"timetable-venue\">\n\t\t\t\t\t\t\t\t\tToldi mozi, Kisterem\t\t\t\t\t\t\t\t<\/div>\n\n\n\t\t\t\t\t\t\t\t\n\t\t\t\t\t\t\t\t\t\t\t\t\t\t\t\t\t\t\t\t\t\t\t\t\n\t\t\n\n\t\t\t\t\t\t\t\t\t\t\t\t\n\t\t\t\t\t\t\t\t\t\t\t\t<a href=\"https:\/\/2024.budapestritmo.hu\/en\/movie\/elis-tom\/\">\t\t\t\t\t\t\t\t\t\t\t\t\t<div class=\"timetable-event \" style=\"top:40px; min-height:158px;\">\n\t\t\t\t\t\t\t\t\t\t\t\t\t\t<div class=\"timetable-event-time\">15:30-17:30<\/div>\n\t\t\t\t\t\t\t\t\t\t\t\t\t\t<div class=\"timetable-event-performer\">Elis &#038; Tom<\/div>\n\t\t\t\t\t\t\t\t\t\t\t\t\t\t<span class=\"timetable-event-country\"><p><span data-sheets-root=\"1\" data-sheets-value=\"{&quot;1&quot;:2,&quot;2&quot;:&quot;Brazilian documentary, sub. eng (100')&quot;}\" data-sheets-userformat=\"{&quot;2&quot;:707,&quot;3&quot;:{&quot;1&quot;:0},&quot;4&quot;:{&quot;1&quot;:2,&quot;2&quot;:15987699},&quot;9&quot;:0,&quot;10&quot;:1,&quot;12&quot;:0}\">Brazilian documentary, sub. eng (100&#8242;)<\/span><\/p>\n <\/span>\n\t\t\t\t\t\t\t\t\t\t\t\t\t<\/div>\n\t\t\t\t\t\t\t\t\t\t\t\t<\/a>\t\t\t\t\t\t\t\t\t\t\t\n\n\n\t\t\t\t\t\t\t\t\t\t\t\n\t\t\t\t\t\t\t\t\t\t\t\t\t\t\t\t\t\t\t\t\t\t\t\t\n\t\t\n\n\t\t\t\t\t\t\t\t\t\t\t\t\n\t\t\t\t\t\t\t\t\t\t\t\t<a href=\"https:\/\/2024.budapestritmo.hu\/en\/movie\/ritmo-films-2-again-and-again-mordai\/\">\t\t\t\t\t\t\t\t\t\t\t\t\t<div class=\"timetable-event \" style=\"top:240px; min-height:78px;\">\n\t\t\t\t\t\t\t\t\t\t\t\t\t\t<div class=\"timetable-event-time\">18:00-19:00<\/div>\n\t\t\t\t\t\t\t\t\t\t\t\t\t\t<div class=\"timetable-event-performer\">Ritmo films (2): Again and again + Mord\u00e1i<\/div>\n\t\t\t\t\t\t\t\t\t\t\t\t\t\t<span class=\"timetable-event-country\"><p><span data-sheets-root=\"1\" data-sheets-value=\"{&quot;1&quot;:2,&quot;2&quot;:&quot;Hungarian music short (22\\&quot;)&quot;}\" data-sheets-userformat=\"{&quot;2&quot;:707,&quot;3&quot;:{&quot;1&quot;:0},&quot;4&quot;:{&quot;1&quot;:2,&quot;2&quot;:15987699},&quot;9&quot;:0,&quot;10&quot;:1,&quot;12&quot;:0}\">Hungarian music short (22&#8243;)<\/span><\/p>\n<p>&nbsp;<\/p>\n <\/span>\n\t\t\t\t\t\t\t\t\t\t\t\t\t<\/div>\n\t\t\t\t\t\t\t\t\t\t\t\t<\/a>\t\t\t\t\t\t\t\t\t\t\t\n\n\n\t\t\t\t\t\t\t\t\t\t\t\n\t\t\t\t\t\t\t\t\t\t\t\t\t\t\t\t\t\t\t\t\t\t\t\t\n\t\t\n\n\t\t\t\t\t\t\t\t\t\t\t\t\n\t\t\t\t\t\t\t\t\t\t\t\t<a href=\"https:\/\/2024.budapestritmo.hu\/en\/movie\/idas-idea\/\">\t\t\t\t\t\t\t\t\t\t\t\t\t<div class=\"timetable-event \" style=\"top:340px; min-height:98px;\">\n\t\t\t\t\t\t\t\t\t\t\t\t\t\t<div class=\"timetable-event-time\">19:15-20:30<\/div>\n\t\t\t\t\t\t\t\t\t\t\t\t\t\t<div class=\"timetable-event-performer\">Ida&#8217;s Idea<\/div>\n\t\t\t\t\t\t\t\t\t\t\t\t\t\t<span class=\"timetable-event-country\"><p><span data-sheets-root=\"1\" data-sheets-value=\"{&quot;1&quot;:2,&quot;2&quot;:&quot;Czech - Slovak documentary, sub. eng (67')&quot;}\" data-sheets-userformat=\"{&quot;2&quot;:707,&quot;3&quot;:{&quot;1&quot;:0},&quot;4&quot;:{&quot;1&quot;:2,&quot;2&quot;:15987699},&quot;9&quot;:0,&quot;10&quot;:1,&quot;12&quot;:0}\">Czech &#8211; Slovak documentary, sub. eng (67&#8242;)<\/span><\/p>\n <\/span>\n\t\t\t\t\t\t\t\t\t\t\t\t\t<\/div>\n\t\t\t\t\t\t\t\t\t\t\t\t<\/a>\t\t\t\t\t\t\t\t\t\t\t\n\n\n\t\t\t\t\t\t\t\t\t\t\t\t\t\t\t\t\t\t\t\t\t    \n\n\t\t\t\t\t\t\t\t\t\t\t\n\n\t\t\t\t\t\t\t\t\t\t\t\t\t\t\n\n\t\t\t\t\t\t\t<\/div>\n\n\t\t\t\t\n\n\t\t\t\t\t\t\t<div class=\"col-12 col-sm timetable-column\">\n\t\t\t\t\t\t\t\t<div class=\"timetable-venue\">\n\t\t\t\t\t\t\t\t\tToldi mozi, Nagyterem\t\t\t\t\t\t\t\t<\/div>\n\n\n\t\t\t\t\t\t\t\t\n\t\t\t\t\t\t\t\t\t\t\t\t\t\t\t\t\t\t\t\t\t\t\t\t\n\t\t\n\n\t\t\t\t\t\t\t\t\t\t\t\t\n\t\t\t\t\t\t\t\t\t\t\t\t<a href=\"https:\/\/2024.budapestritmo.hu\/en\/movie\/omara\/\">\t\t\t\t\t\t\t\t\t\t\t\t\t<div class=\"timetable-event \" style=\"top:160px; min-height:118px;\">\n\t\t\t\t\t\t\t\t\t\t\t\t\t\t<div class=\"timetable-event-time\">17:00-18:30<\/div>\n\t\t\t\t\t\t\t\t\t\t\t\t\t\t<div class=\"timetable-event-performer\">Omara<\/div>\n\t\t\t\t\t\t\t\t\t\t\t\t\t\t<span class=\"timetable-event-country\"><p><span data-sheets-root=\"1\" data-sheets-value=\"{&quot;1&quot;:2,&quot;2&quot;:&quot;Cuban documentary, sub. eng (76')&quot;}\" data-sheets-userformat=\"{&quot;2&quot;:707,&quot;3&quot;:{&quot;1&quot;:0},&quot;4&quot;:{&quot;1&quot;:2,&quot;2&quot;:15987699},&quot;9&quot;:0,&quot;10&quot;:1,&quot;12&quot;:0}\">Cuban documentary, sub. eng (76&#8242;)<\/span><\/p>\n <\/span>\n\t\t\t\t\t\t\t\t\t\t\t\t\t<\/div>\n\t\t\t\t\t\t\t\t\t\t\t\t<\/a>\t\t\t\t\t\t\t\t\t\t\t\n\n\n\t\t\t\t\t\t\t\t\t\t\t\n\t\t\t\t\t\t\t\t\t\t\t\t\t\t\t\t\t\t\t\t\t\t\t\t\n\t\t\n\n\t\t\t\t\t\t\t\t\t\t\t\t\n\t\t\t\t\t\t\t\t\t\t\t\t<a href=\"https:\/\/2024.budapestritmo.hu\/en\/movie\/the-last-hope-of-vera-bila\/\">\t\t\t\t\t\t\t\t\t\t\t\t\t<div class=\"timetable-event \" style=\"top:300px; min-height:84.6666666667px;\">\n\t\t\t\t\t\t\t\t\t\t\t\t\t\t<div class=\"timetable-event-time\">18:45-19:50<\/div>\n\t\t\t\t\t\t\t\t\t\t\t\t\t\t<div class=\"timetable-event-performer\">The Last Hope of V\u011bra B\u00edl\u00e1<\/div>\n\t\t\t\t\t\t\t\t\t\t\t\t\t\t<span class=\"timetable-event-country\"><p><span data-sheets-root=\"1\" data-sheets-value=\"{&quot;1&quot;:2,&quot;2&quot;:&quot;Czech documentary, sub. eng (52')&quot;}\" data-sheets-userformat=\"{&quot;2&quot;:707,&quot;3&quot;:{&quot;1&quot;:0},&quot;4&quot;:{&quot;1&quot;:2,&quot;2&quot;:15987699},&quot;9&quot;:0,&quot;10&quot;:1,&quot;12&quot;:0}\">Czech documentary, sub. eng (52&#8242;)<\/span><\/p>\n <\/span>\n\t\t\t\t\t\t\t\t\t\t\t\t\t<\/div>\n\t\t\t\t\t\t\t\t\t\t\t\t<\/a>\t\t\t\t\t\t\t\t\t\t\t\n\n\n\t\t\t\t\t\t\t\t\t\t\t\t\t\t\t\t\t\t\t\t\t    \n\n\t\t\t\t\t\t\t\t\t\t\t\n\n\t\t\t\t\t\t\t\t\t\t\t\t\t\t\n\n\t\t\t\t\t\t\t<\/div>\n\n\t\t\t\t\n\n\t\t\t\t\t\t\t<div class=\"col-12 col-sm timetable-column\">\n\t\t\t\t\t\t\t\t<div class=\"timetable-venue\">\n\t\t\t\t\t\t\t\t\tAkv\u00e1rium Klub, KisHall\t\t\t\t\t\t\t\t<\/div>\n\n\n\t\t\t\t\t\t\t\t\n\t\t\t\t\t\t\t\t\t\t\t\t\t\t\t\t\t\t\t\t\t\t\t\t\n\t\t\n\n\t\t\t\t\t\t\t\t\t\t\t\t\n\t\t\t\t\t\t\t\t\t\t\t\t<a href=\"https:\/\/2024.budapestritmo.hu\/en\/performer\/vincent-moons-live-cinema-in-collaboration-with-dalinda\/\">\t\t\t\t\t\t\t\t\t\t\t\t\t<div class=\"timetable-event \" style=\"top:320px; min-height:78px;\">\n\t\t\t\t\t\t\t\t\t\t\t\t\t\t<div class=\"timetable-event-time\">19:00-20:00<\/div>\n\t\t\t\t\t\t\t\t\t\t\t\t\t\t<div class=\"timetable-event-performer\">Vincent Moon&#8217;s Live cinema in collaboration with Dalinda (HU)<\/div>\n\t\t\t\t\t\t\t\t\t\t\t\t\t\t<span class=\"timetable-event-country\"> <\/span>\n\t\t\t\t\t\t\t\t\t\t\t\t\t<\/div>\n\t\t\t\t\t\t\t\t\t\t\t\t<\/a>\t\t\t\t\t\t\t\t\t\t\t\n\n\n\t\t\t\t\t\t\t\t\t\t\t\n\t\t\t\t\t\t\t\t\t\t\t\t\t\t\t\t\t\t\t\t\t\t\t\t\n\t\t\n\n\t\t\t\t\t\t\t\t\t\t\t\t\n\t\t\t\t\t\t\t\t\t\t\t\t<a href=\"https:\/\/2024.budapestritmo.hu\/en\/performer\/decolonize-your-mind-society\/\">\t\t\t\t\t\t\t\t\t\t\t\t\t<div class=\"timetable-event \" style=\"top:480px; min-height:78px;\">\n\t\t\t\t\t\t\t\t\t\t\t\t\t\t<div class=\"timetable-event-time\">21:00-22:00<\/div>\n\t\t\t\t\t\t\t\t\t\t\t\t\t\t<div class=\"timetable-event-performer\">Decolonize Your Mind Society (HU)<\/div>\n\t\t\t\t\t\t\t\t\t\t\t\t\t\t<span class=\"timetable-event-country\"> <\/span>\n\t\t\t\t\t\t\t\t\t\t\t\t\t<\/div>\n\t\t\t\t\t\t\t\t\t\t\t\t<\/a>\t\t\t\t\t\t\t\t\t\t\t\n\n\n\t\t\t\t\t\t\t\t\t\t\t\n\t\t\t\t\t\t\t\t\t\t\t\t\t\t\t\t\t\t\t\t\t\t\t\t\n\t\t\n\n\t\t\t\t\t\t\t\t\t\t\t\t\n\t\t\t\t\t\t\t\t\t\t\t\t<a href=\"https:\/\/2024.budapestritmo.hu\/en\/performer\/theodosii-spassov-bela-agoston-band\/\">\t\t\t\t\t\t\t\t\t\t\t\t\t<div class=\"timetable-event \" style=\"top:600px; min-height:78px;\">\n\t\t\t\t\t\t\t\t\t\t\t\t\t\t<div class=\"timetable-event-time\">22:30-23:30<\/div>\n\t\t\t\t\t\t\t\t\t\t\t\t\t\t<div class=\"timetable-event-performer\">Theodosii Spassov &#038;  B\u00e9la \u00c1goston Band (BG\/HU)<\/div>\n\t\t\t\t\t\t\t\t\t\t\t\t\t\t<span class=\"timetable-event-country\"> <\/span>\n\t\t\t\t\t\t\t\t\t\t\t\t\t<\/div>\n\t\t\t\t\t\t\t\t\t\t\t\t<\/a>\t\t\t\t\t\t\t\t\t\t\t\n\n\n\t\t\t\t\t\t\t\t\t\t\t\t\t\t\t\t\t\t\t\t\t    \n\n\t\t\t\t\t\t\t\t\t\t\t\n\n\t\t\t\t\t\t\t\t\t\t\t\t\t\t\n\n\t\t\t\t\t\t\t<\/div>\n\n\t\t\t\t\n\n\t\t\t\t\t\t\t<div class=\"col-12 col-sm timetable-column\">\n\t\t\t\t\t\t\t\t<div class=\"timetable-venue\">\n\t\t\t\t\t\t\t\t\tAkv\u00e1rium Klub, NagyHall\t\t\t\t\t\t\t\t<\/div>\n\n\n\t\t\t\t\t\t\t\t\n\t\t\t\t\t\t\t\t\t\t\t\t\t\t\t\t\t\t\t\t\t\t\t\t\n\t\t\n\n\t\t\t\t\t\t\t\t\t\t\t\t\n\t\t\t\t\t\t\t\t\t\t\t\t<a href=\"https:\/\/2024.budapestritmo.hu\/en\/performer\/gaye-su-akyol\/\">\t\t\t\t\t\t\t\t\t\t\t\t\t<div class=\"timetable-event \" style=\"top:400px; min-height:78px;\">\n\t\t\t\t\t\t\t\t\t\t\t\t\t\t<div class=\"timetable-event-time\">20:00-21:00<\/div>\n\t\t\t\t\t\t\t\t\t\t\t\t\t\t<div class=\"timetable-event-performer\">Gaye Su Akyol (TR)<\/div>\n\t\t\t\t\t\t\t\t\t\t\t\t\t\t<span class=\"timetable-event-country\"> <\/span>\n\t\t\t\t\t\t\t\t\t\t\t\t\t<\/div>\n\t\t\t\t\t\t\t\t\t\t\t\t<\/a>\t\t\t\t\t\t\t\t\t\t\t\n\n\n\t\t\t\t\t\t\t\t\t\t\t\n\t\t\t\t\t\t\t\t\t\t\t\t\t\t\t\t\t\t\t\t\t\t\t\t\n\t\t\n\n\t\t\t\t\t\t\t\t\t\t\t\t\n\t\t\t\t\t\t\t\t\t\t\t\t<a href=\"https:\/\/2024.budapestritmo.hu\/en\/performer\/bcuc\/\">\t\t\t\t\t\t\t\t\t\t\t\t\t<div class=\"timetable-event \" style=\"top:560px; min-height:78px;\">\n\t\t\t\t\t\t\t\t\t\t\t\t\t\t<div class=\"timetable-event-time\">22:00-23:00<\/div>\n\t\t\t\t\t\t\t\t\t\t\t\t\t\t<div class=\"timetable-event-performer\">BCUC (ZA)<\/div>\n\t\t\t\t\t\t\t\t\t\t\t\t\t\t<span class=\"timetable-event-country\"> <\/span>\n\t\t\t\t\t\t\t\t\t\t\t\t\t<\/div>\n\t\t\t\t\t\t\t\t\t\t\t\t<\/a>\t\t\t\t\t\t\t\t\t\t\t\n\n\n\t\t\t\t\t\t\t\t\t\t\t\t\t\t\t\t\t\t\t\t\t    \n\n\t\t\t\t\t\t\t\t\t\t\t\n\n\t\t\t\t\t\t\t\t\t\t\t\t\t\t\n\n\t\t\t\t\t\t\t<\/div>\n\n\t\t\t\t\n\n\t\t\t\t\t\t\t<div class=\"col-12 col-sm timetable-column\">\n\t\t\t\t\t\t\t\t<div class=\"timetable-venue\">\n\t\t\t\t\t\t\t\t\tAkv\u00e1rium Klub, Lok\u00e1l\t\t\t\t\t\t\t\t<\/div>\n\n\n\t\t\t\t\t\t\t\t\n\t\t\t\t\t\t\t\t\t\t\t\t\t\t\t\t\t\t\t\t\t\t\t\t\n\t\t\n\n\t\t\t\t\t\t\t\t\t\t\t\t\n\t\t\t\t\t\t\t\t\t\t\t\t<a href=\"https:\/\/2024.budapestritmo.hu\/en\/performer\/jelena-poprzan\/\">\t\t\t\t\t\t\t\t\t\t\t\t\t<div class=\"timetable-event \" style=\"top:520px; min-height:78px;\">\n\t\t\t\t\t\t\t\t\t\t\t\t\t\t<div class=\"timetable-event-time\">21:30-22:30<\/div>\n\t\t\t\t\t\t\t\t\t\t\t\t\t\t<div class=\"timetable-event-performer\">Jelena Popr\u017ean (RS\/AT)<\/div>\n\t\t\t\t\t\t\t\t\t\t\t\t\t\t<span class=\"timetable-event-country\"> <\/span>\n\t\t\t\t\t\t\t\t\t\t\t\t\t<\/div>\n\t\t\t\t\t\t\t\t\t\t\t\t<\/a>\t\t\t\t\t\t\t\t\t\t\t\n\n\n\t\t\t\t\t\t\t\t\t\t\t\n\t\t\t\t\t\t\t\t\t\t\t\t\t\t\t\t\t\t\t\t\t\t\t\t\n\t\t\n\n\t\t\t\t\t\t\t\t\t\t\t\t\n\t\t\t\t\t\t\t\t\t\t\t\t<a href=\"https:\/\/2024.budapestritmo.hu\/en\/performer\/gerald-toto\/\">\t\t\t\t\t\t\t\t\t\t\t\t\t<div class=\"timetable-event \" style=\"top:640px; min-height:78px;\">\n\t\t\t\t\t\t\t\t\t\t\t\t\t\t<div class=\"timetable-event-time\">23:00-00:00<\/div>\n\t\t\t\t\t\t\t\t\t\t\t\t\t\t<div class=\"timetable-event-performer\">G\u00e9rald Toto (FR)<\/div>\n\t\t\t\t\t\t\t\t\t\t\t\t\t\t<span class=\"timetable-event-country\"> <\/span>\n\t\t\t\t\t\t\t\t\t\t\t\t\t<\/div>\n\t\t\t\t\t\t\t\t\t\t\t\t<\/a>\t\t\t\t\t\t\t\t\t\t\t\n\n\n\t\t\t\t\t\t\t\t\t\t\t\n\t\t\t\t\t\t\t\t\t\t\t\t\t\t\t\t\t\t\t\t\t\t\t\t\n\t\t\n\n\t\t\t\t\t\t\t\t\t\t\t\t\n\t\t\t\t\t\t\t\t\t\t\t\t<a href=\"https:\/\/2024.budapestritmo.hu\/en\/performer\/rafael-garnica-dj-set\/\">\t\t\t\t\t\t\t\t\t\t\t\t\t<div class=\"timetable-event \" style=\"top:720px; min-height:118px;\">\n\t\t\t\t\t\t\t\t\t\t\t\t\t\t<div class=\"timetable-event-time\">00:00-01:30<\/div>\n\t\t\t\t\t\t\t\t\t\t\t\t\t\t<div class=\"timetable-event-performer\">Rafael Garnica DJ set (VE)<\/div>\n\t\t\t\t\t\t\t\t\t\t\t\t\t\t<span class=\"timetable-event-country\"> <\/span>\n\t\t\t\t\t\t\t\t\t\t\t\t\t<\/div>\n\t\t\t\t\t\t\t\t\t\t\t\t<\/a>\t\t\t\t\t\t\t\t\t\t\t\n\n\n\t\t\t\t\t\t\t\t\t\t\t\t\t\t\t\t\t\t\t\t\t    \n\n\t\t\t\t\t\t\t\t\t\t\t\n\n\t\t\t\t\t\t\t\t\t\t\t\t\t\t\n\n\t\t\t\t\t\t\t<\/div>\n\n\t\t\t\t\t\t\t\n\n\t\t\t\t\n\n\t\t\t\t\n\t\t\t\n\t\t\t<\/div> <!-- \/row -->\n\t\t<\/div>  <!-- \/container.day -->\n\t\t\n\t\t\t\n\t\t<div class=\"container-fluid day  current-day\" id=\"day3\">\n\t\t\n\t\t\t<div class=\"row\">\n\n\n\t\t\t\t<div class=\"col-1 timetable-timeslots d-none d-md-flex\">\n\t\t\t\t\t<ul>\n\t\t\t\t\t\t<li>15:30<\/li><li>15:45<\/li><li class=\"full-hour\">16:00<\/li><li>16:15<\/li><li>16:30<\/li><li>16:45<\/li><li class=\"full-hour\">17:00<\/li><li>17:15<\/li><li>17:30<\/li><li>17:45<\/li><li class=\"full-hour\">18:00<\/li><li>18:15<\/li><li>18:30<\/li><li>18:45<\/li><li class=\"full-hour\">19:00<\/li><li>19:15<\/li><li>19:30<\/li><li>19:45<\/li><li class=\"full-hour\">20:00<\/li><li>20:15<\/li><li>20:30<\/li><li>20:45<\/li><li class=\"full-hour\">21:00<\/li><li>21:15<\/li><li>21:30<\/li><li>21:45<\/li><li class=\"full-hour\">22:00<\/li><li>22:15<\/li><li>22:30<\/li><li>22:45<\/li><li class=\"full-hour\">23:00<\/li><li>23:15<\/li><li>23:30<\/li><li>23:45<\/li><li class=\"full-hour\">0:00<\/li><li>0:15<\/li><li>0:30<\/li><li>0:45<\/li><li class=\"full-hour\">1:00<\/li><li>1:15<\/li><li>1:30<\/li><li>1:45<\/li>\t\t\t\t\t<\/ul>\n\t\t\t\t<\/div>\n\n\n\t\t\t\t\n\t\t\t\t\n\t\t\t\t\n\n\t\t\t\t\t\t\t<div class=\"col-12 col-sm timetable-column\">\n\t\t\t\t\t\t\t\t<div class=\"timetable-venue\">\n\t\t\t\t\t\t\t\t\tToldi mozi, Kisterem\t\t\t\t\t\t\t\t<\/div>\n\n\n\t\t\t\t\t\t\t\t\n\t\t\t\t\t\t\t\t\t\t\t\t\t\t\t\t\t\t\t\t\t\t\t\t\n\t\t\n\n\t\t\t\t\t\t\t\t\t\t\t\t\n\t\t\t\t\t\t\t\t\t\t\t\t<a href=\"https:\/\/2024.budapestritmo.hu\/en\/movie\/the-last-hope-of-vera-bila\/\">\t\t\t\t\t\t\t\t\t\t\t\t\t<div class=\"timetable-event \" style=\"top:0px; min-height:78px;\">\n\t\t\t\t\t\t\t\t\t\t\t\t\t\t<div class=\"timetable-event-time\">15:30-16:30<\/div>\n\t\t\t\t\t\t\t\t\t\t\t\t\t\t<div class=\"timetable-event-performer\">The Last Hope of V\u011bra B\u00edl\u00e1<\/div>\n\t\t\t\t\t\t\t\t\t\t\t\t\t\t<span class=\"timetable-event-country\"><p><span data-sheets-root=\"1\" data-sheets-value=\"{&quot;1&quot;:2,&quot;2&quot;:&quot;Czech documentary, sub. eng (52')&quot;}\" data-sheets-userformat=\"{&quot;2&quot;:707,&quot;3&quot;:{&quot;1&quot;:0},&quot;4&quot;:{&quot;1&quot;:2,&quot;2&quot;:15987699},&quot;9&quot;:0,&quot;10&quot;:1,&quot;12&quot;:0}\">Czech documentary, sub. eng (52&#8242;)<\/span><\/p>\n <\/span>\n\t\t\t\t\t\t\t\t\t\t\t\t\t<\/div>\n\t\t\t\t\t\t\t\t\t\t\t\t<\/a>\t\t\t\t\t\t\t\t\t\t\t\n\n\n\t\t\t\t\t\t\t\t\t\t\t\n\t\t\t\t\t\t\t\t\t\t\t\t\t\t\t\t\t\t\t\t\t\t\t\t\n\t\t\n\n\t\t\t\t\t\t\t\t\t\t\t\t\n\t\t\t\t\t\t\t\t\t\t\t\t<a href=\"https:\/\/2024.budapestritmo.hu\/en\/movie\/the-sounds-that-made-us-hallgato\/\">\t\t\t\t\t\t\t\t\t\t\t\t\t<div class=\"timetable-event \" style=\"top:120px; min-height:38px;\">\n\t\t\t\t\t\t\t\t\t\t\t\t\t\t<div class=\"timetable-event-time\">17:00-17:30<\/div>\n\t\t\t\t\t\t\t\t\t\t\t\t\t\t<div class=\"timetable-event-performer\">The Sounds that Made Us &#8211; Hallgat\u00f3<\/div>\n\t\t\t\t\t\t\t\t\t\t\t\t\t\t<span class=\"timetable-event-country\"><p><span data-sheets-root=\"1\" data-sheets-value=\"{&quot;1&quot;:2,&quot;2&quot;:&quot;Hungarian documentary, sub. eng (25')&quot;}\" data-sheets-userformat=\"{&quot;2&quot;:707,&quot;3&quot;:{&quot;1&quot;:0},&quot;4&quot;:{&quot;1&quot;:2,&quot;2&quot;:15987699},&quot;9&quot;:0,&quot;10&quot;:1,&quot;12&quot;:0}\">Hungarian documentary, sub. eng (25&#8242;)<\/span><\/p>\n<p><strong>Private screening.<\/strong>\u00a0For invited guests only.<\/p>\n <\/span>\n\t\t\t\t\t\t\t\t\t\t\t\t\t<\/div>\n\t\t\t\t\t\t\t\t\t\t\t\t<\/a>\t\t\t\t\t\t\t\t\t\t\t\n\n\n\t\t\t\t\t\t\t\t\t\t\t\n\t\t\t\t\t\t\t\t\t\t\t\t\t\t\t\t\t\t\t\t\t\t\t\t\n\t\t\n\n\t\t\t\t\t\t\t\t\t\t\t\t\n\t\t\t\t\t\t\t\t\t\t\t\t<a href=\"https:\/\/2024.budapestritmo.hu\/en\/movie\/omara\/\">\t\t\t\t\t\t\t\t\t\t\t\t\t<div class=\"timetable-event \" style=\"top:200px; min-height:118px;\">\n\t\t\t\t\t\t\t\t\t\t\t\t\t\t<div class=\"timetable-event-time\">18:00-19:30<\/div>\n\t\t\t\t\t\t\t\t\t\t\t\t\t\t<div class=\"timetable-event-performer\">Omara<\/div>\n\t\t\t\t\t\t\t\t\t\t\t\t\t\t<span class=\"timetable-event-country\"><p><span data-sheets-root=\"1\" data-sheets-value=\"{&quot;1&quot;:2,&quot;2&quot;:&quot;Cuban documentary, sub. eng (76')&quot;}\" data-sheets-userformat=\"{&quot;2&quot;:707,&quot;3&quot;:{&quot;1&quot;:0},&quot;4&quot;:{&quot;1&quot;:2,&quot;2&quot;:15987699},&quot;9&quot;:0,&quot;10&quot;:1,&quot;12&quot;:0}\">Cuban documentary, sub. eng (76&#8242;)<\/span><\/p>\n <\/span>\n\t\t\t\t\t\t\t\t\t\t\t\t\t<\/div>\n\t\t\t\t\t\t\t\t\t\t\t\t<\/a>\t\t\t\t\t\t\t\t\t\t\t\n\n\n\t\t\t\t\t\t\t\t\t\t\t\t\t\t\t\t\t\t\t\t\t    \n\n\t\t\t\t\t\t\t\t\t\t\t\n\n\t\t\t\t\t\t\t\t\t\t\t\t\t\t\n\n\t\t\t\t\t\t\t<\/div>\n\n\t\t\t\t\n\n\t\t\t\t\t\t\t<div class=\"col-12 col-sm timetable-column\">\n\t\t\t\t\t\t\t\t<div class=\"timetable-venue\">\n\t\t\t\t\t\t\t\t\tToldi mozi, Nagyterem\t\t\t\t\t\t\t\t<\/div>\n\n\n\t\t\t\t\t\t\t\t\n\t\t\t\t\t\t\t\t\t\t\t\t\t\t\t\t\t\t\t\t\t\t\t\t\n\t\t\n\n\t\t\t\t\t\t\t\t\t\t\t\t\n\t\t\t\t\t\t\t\t\t\t\t\t<a href=\"https:\/\/2024.budapestritmo.hu\/en\/movie\/idas-idea\/\">\t\t\t\t\t\t\t\t\t\t\t\t\t<div class=\"timetable-event \" style=\"top:80px; min-height:118px;\">\n\t\t\t\t\t\t\t\t\t\t\t\t\t\t<div class=\"timetable-event-time\">16:30-18:00<\/div>\n\t\t\t\t\t\t\t\t\t\t\t\t\t\t<div class=\"timetable-event-performer\">Ida&#8217;s Idea<\/div>\n\t\t\t\t\t\t\t\t\t\t\t\t\t\t<span class=\"timetable-event-country\"><p><span data-sheets-root=\"1\" data-sheets-value=\"{&quot;1&quot;:2,&quot;2&quot;:&quot;Czech - Slovak documentary, sub. eng (67')&quot;}\" data-sheets-userformat=\"{&quot;2&quot;:707,&quot;3&quot;:{&quot;1&quot;:0},&quot;4&quot;:{&quot;1&quot;:2,&quot;2&quot;:15987699},&quot;9&quot;:0,&quot;10&quot;:1,&quot;12&quot;:0}\">Czech &#8211; Slovak documentary, sub. eng (67&#8242;)<\/span><\/p>\n <\/span>\n\t\t\t\t\t\t\t\t\t\t\t\t\t<\/div>\n\t\t\t\t\t\t\t\t\t\t\t\t<\/a>\t\t\t\t\t\t\t\t\t\t\t\n\n\n\t\t\t\t\t\t\t\t\t\t\t\n\t\t\t\t\t\t\t\t\t\t\t\t\t\t\t\t\t\t\t\t\t\t\t\t\n\t\t\n\n\t\t\t\t\t\t\t\t\t\t\t\t\n\t\t\t\t\t\t\t\t\t\t\t\t<a href=\"https:\/\/2024.budapestritmo.hu\/en\/movie\/elis-tom\/\">\t\t\t\t\t\t\t\t\t\t\t\t\t<div class=\"timetable-event \" style=\"top:240px; min-height:158px;\">\n\t\t\t\t\t\t\t\t\t\t\t\t\t\t<div class=\"timetable-event-time\">18:30-20:30<\/div>\n\t\t\t\t\t\t\t\t\t\t\t\t\t\t<div class=\"timetable-event-performer\">Elis &#038; Tom<\/div>\n\t\t\t\t\t\t\t\t\t\t\t\t\t\t<span class=\"timetable-event-country\"><p><span data-sheets-root=\"1\" data-sheets-value=\"{&quot;1&quot;:2,&quot;2&quot;:&quot;Brazilian documentary, sub. eng (100')&quot;}\" data-sheets-userformat=\"{&quot;2&quot;:707,&quot;3&quot;:{&quot;1&quot;:0},&quot;4&quot;:{&quot;1&quot;:2,&quot;2&quot;:15987699},&quot;9&quot;:0,&quot;10&quot;:1,&quot;12&quot;:0}\">Brazilian documentary, sub. eng (100&#8242;)<\/span><\/p>\n <\/span>\n\t\t\t\t\t\t\t\t\t\t\t\t\t<\/div>\n\t\t\t\t\t\t\t\t\t\t\t\t<\/a>\t\t\t\t\t\t\t\t\t\t\t\n\n\n\t\t\t\t\t\t\t\t\t\t\t\t\t\t\t\t\t\t\t\t\t    \n\n\t\t\t\t\t\t\t\t\t\t\t\n\n\t\t\t\t\t\t\t\t\t\t\t\t\t\t\n\n\t\t\t\t\t\t\t<\/div>\n\n\t\t\t\t\n\n\t\t\t\t\t\t\t<div class=\"col-12 col-sm timetable-column\">\n\t\t\t\t\t\t\t\t<div class=\"timetable-venue\">\n\t\t\t\t\t\t\t\t\tErzs\u00e9bet t\u00e9r \/ Terasz\t\t\t\t\t\t\t\t<\/div>\n\n\n\t\t\t\t\t\t\t\t\n\t\t\t\t\t\t\t\t\t\t\t\t\t\t\t\t\t\t\t\t\t\t\t\t\n\t\t\n\n\t\t\t\t\t\t\t\t\t\t\t\t\n\t\t\t\t\t\t\t\t\t\t\t\t<a href=\"https:\/\/2024.budapestritmo.hu\/en\/performer\/antonis-antoniou-dj-set\/\">\t\t\t\t\t\t\t\t\t\t\t\t\t<div class=\"timetable-event \" style=\"top:80px; min-height:118px;\">\n\t\t\t\t\t\t\t\t\t\t\t\t\t\t<div class=\"timetable-event-time\">16:30-18:00<\/div>\n\t\t\t\t\t\t\t\t\t\t\t\t\t\t<div class=\"timetable-event-performer\">Antonis Antoniou DJ set (CY)<\/div>\n\t\t\t\t\t\t\t\t\t\t\t\t\t\t<span class=\"timetable-event-country\"><p>DJ set @Terasz<\/p>\n <\/span>\n\t\t\t\t\t\t\t\t\t\t\t\t\t<\/div>\n\t\t\t\t\t\t\t\t\t\t\t\t<\/a>\t\t\t\t\t\t\t\t\t\t\t\n\n\n\t\t\t\t\t\t\t\t\t\t\t\n\t\t\t\t\t\t\t\t\t\t\t\t\t\t\t\t\t\t\t\t\t\t\t\t\n\t\t\n\n\t\t\t\t\t\t\t\t\t\t\t\t\n\t\t\t\t\t\t\t\t\t\t\t\t<a href=\"https:\/\/2024.budapestritmo.hu\/en\/performer\/het-hat-club\/\">\t\t\t\t\t\t\t\t\t\t\t\t\t<div class=\"timetable-event \" style=\"top:200px; min-height:78px;\">\n\t\t\t\t\t\t\t\t\t\t\t\t\t\t<div class=\"timetable-event-time\">18:00-19:00<\/div>\n\t\t\t\t\t\t\t\t\t\t\t\t\t\t<div class=\"timetable-event-performer\">H\u00e9t Hat Club (HU)<\/div>\n\t\t\t\t\t\t\t\t\t\t\t\t\t\t<span class=\"timetable-event-country\"> <\/span>\n\t\t\t\t\t\t\t\t\t\t\t\t\t<\/div>\n\t\t\t\t\t\t\t\t\t\t\t\t<\/a>\t\t\t\t\t\t\t\t\t\t\t\n\n\n\t\t\t\t\t\t\t\t\t\t\t\n\t\t\t\t\t\t\t\t\t\t\t\t\t\t\t\t\t\t\t\t\t\t\t\t\n\t\t\n\n\t\t\t\t\t\t\t\t\t\t\t\t\n\t\t\t\t\t\t\t\t\t\t\t\t<a href=\"https:\/\/2024.budapestritmo.hu\/en\/performer\/duckshell\/\">\t\t\t\t\t\t\t\t\t\t\t\t\t<div class=\"timetable-event \" style=\"top:340px; min-height:98px;\">\n\t\t\t\t\t\t\t\t\t\t\t\t\t\t<div class=\"timetable-event-time\">19:45-21:00<\/div>\n\t\t\t\t\t\t\t\t\t\t\t\t\t\t<div class=\"timetable-event-performer\">Duckshell (HU)<\/div>\n\t\t\t\t\t\t\t\t\t\t\t\t\t\t<span class=\"timetable-event-country\"> <\/span>\n\t\t\t\t\t\t\t\t\t\t\t\t\t<\/div>\n\t\t\t\t\t\t\t\t\t\t\t\t<\/a>\t\t\t\t\t\t\t\t\t\t\t\n\n\n\t\t\t\t\t\t\t\t\t\t\t\t\t\t\t\t\t\t\t\t\t    \n\n\t\t\t\t\t\t\t\t\t\t\t\n\n\t\t\t\t\t\t\t\t\t\t\t\t\t\t\n\n\t\t\t\t\t\t\t<\/div>\n\n\t\t\t\t\n\n\t\t\t\t\t\t\t<div class=\"col-12 col-sm timetable-column\">\n\t\t\t\t\t\t\t\t<div class=\"timetable-venue\">\n\t\t\t\t\t\t\t\t\tAkv\u00e1rium Klub, NagyHall\t\t\t\t\t\t\t\t<\/div>\n\n\n\t\t\t\t\t\t\t\t\n\t\t\t\t\t\t\t\t\t\t\t\t\t\t\t\t\t\t\t\t\t\t\t\t\n\t\t\n\n\t\t\t\t\t\t\t\t\t\t\t\t\n\t\t\t\t\t\t\t\t\t\t\t\t<a href=\"https:\/\/2024.budapestritmo.hu\/en\/performer\/dzambo-agusevi-orchestra\/\">\t\t\t\t\t\t\t\t\t\t\t\t\t<div class=\"timetable-event \" style=\"top:400px; min-height:78px;\">\n\t\t\t\t\t\t\t\t\t\t\t\t\t\t<div class=\"timetable-event-time\">20:30-21:30<\/div>\n\t\t\t\t\t\t\t\t\t\t\t\t\t\t<div class=\"timetable-event-performer\">D\u017eambo Agu\u0161evi Orchestra (MK)<\/div>\n\t\t\t\t\t\t\t\t\t\t\t\t\t\t<span class=\"timetable-event-country\"> <\/span>\n\t\t\t\t\t\t\t\t\t\t\t\t\t<\/div>\n\t\t\t\t\t\t\t\t\t\t\t\t<\/a>\t\t\t\t\t\t\t\t\t\t\t\n\n\n\t\t\t\t\t\t\t\t\t\t\t\n\t\t\t\t\t\t\t\t\t\t\t\t\t\t\t\t\t\t\t\t\t\t\t\t\n\t\t\n\n\t\t\t\t\t\t\t\t\t\t\t\t\n\t\t\t\t\t\t\t\t\t\t\t\t<a href=\"https:\/\/2024.budapestritmo.hu\/en\/performer\/luca-bassanese-la-piccola-orchestra-popolare\/\">\t\t\t\t\t\t\t\t\t\t\t\t\t<div class=\"timetable-event \" style=\"top:520px; min-height:78px;\">\n\t\t\t\t\t\t\t\t\t\t\t\t\t\t<div class=\"timetable-event-time\">22:00-23:00<\/div>\n\t\t\t\t\t\t\t\t\t\t\t\t\t\t<div class=\"timetable-event-performer\">Luca Bassanese &#038; La Piccola Orchestra Popolare (IT)<\/div>\n\t\t\t\t\t\t\t\t\t\t\t\t\t\t<span class=\"timetable-event-country\"><p>feat. Duckshell<\/p>\n <\/span>\n\t\t\t\t\t\t\t\t\t\t\t\t\t<\/div>\n\t\t\t\t\t\t\t\t\t\t\t\t<\/a>\t\t\t\t\t\t\t\t\t\t\t\n\n\n\t\t\t\t\t\t\t\t\t\t\t\t\t\t\t\t\t\t\t\t\t    \n\n\t\t\t\t\t\t\t\t\t\t\t\n\n\t\t\t\t\t\t\t\t\t\t\t\t\t\t\n\n\t\t\t\t\t\t\t<\/div>\n\n\t\t\t\t\n\n\t\t\t\t\t\t\t<div class=\"col-12 col-sm timetable-column\">\n\t\t\t\t\t\t\t\t<div class=\"timetable-venue\">\n\t\t\t\t\t\t\t\t\tAkv\u00e1rium Klub, KisHall\t\t\t\t\t\t\t\t<\/div>\n\n\n\t\t\t\t\t\t\t\t\n\t\t\t\t\t\t\t\t\t\t\t\t\t\t\t\t\t\t\t\t\t\t\t\t\n\t\t\n\n\t\t\t\t\t\t\t\t\t\t\t\t\n\t\t\t\t\t\t\t\t\t\t\t\t<a href=\"https:\/\/2024.budapestritmo.hu\/en\/performer\/terne-chave-romano-drom\/\">\t\t\t\t\t\t\t\t\t\t\t\t\t<div class=\"timetable-event \" style=\"top:440px; min-height:78px;\">\n\t\t\t\t\t\t\t\t\t\t\t\t\t\t<div class=\"timetable-event-time\">21:00-22:00<\/div>\n\t\t\t\t\t\t\t\t\t\t\t\t\t\t<div class=\"timetable-event-performer\">Terne \u010chave &#038; Romano Drom (CZ\/HU)<\/div>\n\t\t\t\t\t\t\t\t\t\t\t\t\t\t<span class=\"timetable-event-country\"> <\/span>\n\t\t\t\t\t\t\t\t\t\t\t\t\t<\/div>\n\t\t\t\t\t\t\t\t\t\t\t\t<\/a>\t\t\t\t\t\t\t\t\t\t\t\n\n\n\t\t\t\t\t\t\t\t\t\t\t\n\t\t\t\t\t\t\t\t\t\t\t\t\t\t\t\t\t\t\t\t\t\t\t\t\n\t\t\n\n\t\t\t\t\t\t\t\t\t\t\t\t\n\t\t\t\t\t\t\t\t\t\t\t\t<a href=\"https:\/\/2024.budapestritmo.hu\/en\/performer\/puuluup\/\">\t\t\t\t\t\t\t\t\t\t\t\t\t<div class=\"timetable-event \" style=\"top:560px; min-height:78px;\">\n\t\t\t\t\t\t\t\t\t\t\t\t\t\t<div class=\"timetable-event-time\">22:30-23:30<\/div>\n\t\t\t\t\t\t\t\t\t\t\t\t\t\t<div class=\"timetable-event-performer\">Puuluup (EE)<\/div>\n\t\t\t\t\t\t\t\t\t\t\t\t\t\t<span class=\"timetable-event-country\"> <\/span>\n\t\t\t\t\t\t\t\t\t\t\t\t\t<\/div>\n\t\t\t\t\t\t\t\t\t\t\t\t<\/a>\t\t\t\t\t\t\t\t\t\t\t\n\n\n\t\t\t\t\t\t\t\t\t\t\t\t\t\t\t\t\t\t\t\t\t    \n\n\t\t\t\t\t\t\t\t\t\t\t\n\n\t\t\t\t\t\t\t\t\t\t\t\t\t\t\n\n\t\t\t\t\t\t\t<\/div>\n\n\t\t\t\t\n\n\t\t\t\t\t\t\t<div class=\"col-12 col-sm timetable-column\">\n\t\t\t\t\t\t\t\t<div class=\"timetable-venue\">\n\t\t\t\t\t\t\t\t\tAkv\u00e1rium Klub, Lok\u00e1l\t\t\t\t\t\t\t\t<\/div>\n\n\n\t\t\t\t\t\t\t\t\n\t\t\t\t\t\t\t\t\t\t\t\t\t\t\t\t\t\t\t\t\t\t\t\t\n\t\t\n\n\t\t\t\t\t\t\t\t\t\t\t\t\n\t\t\t\t\t\t\t\t\t\t\t\t<a href=\"https:\/\/2024.budapestritmo.hu\/en\/performer\/cerys-hafana\/\">\t\t\t\t\t\t\t\t\t\t\t\t\t<div class=\"timetable-event \" style=\"top:480px; min-height:78px;\">\n\t\t\t\t\t\t\t\t\t\t\t\t\t\t<div class=\"timetable-event-time\">21:30-22:30<\/div>\n\t\t\t\t\t\t\t\t\t\t\t\t\t\t<div class=\"timetable-event-performer\">Cerys Hafana (GB\/WLS)<\/div>\n\t\t\t\t\t\t\t\t\t\t\t\t\t\t<span class=\"timetable-event-country\"> <\/span>\n\t\t\t\t\t\t\t\t\t\t\t\t\t<\/div>\n\t\t\t\t\t\t\t\t\t\t\t\t<\/a>\t\t\t\t\t\t\t\t\t\t\t\n\n\n\t\t\t\t\t\t\t\t\t\t\t\n\t\t\t\t\t\t\t\t\t\t\t\t\t\t\t\t\t\t\t\t\t\t\t\t\n\t\t\n\n\t\t\t\t\t\t\t\t\t\t\t\t\n\t\t\t\t\t\t\t\t\t\t\t\t<a href=\"https:\/\/2024.budapestritmo.hu\/en\/performer\/almir-meskovic-daniel-lazar\/\">\t\t\t\t\t\t\t\t\t\t\t\t\t<div class=\"timetable-event \" style=\"top:600px; min-height:78px;\">\n\t\t\t\t\t\t\t\t\t\t\t\t\t\t<div class=\"timetable-event-time\">23:00-00:00<\/div>\n\t\t\t\t\t\t\t\t\t\t\t\t\t\t<div class=\"timetable-event-performer\">Almir Me\u0161kovi\u0107 &#038; Daniel Lazar (BA\/RS)<\/div>\n\t\t\t\t\t\t\t\t\t\t\t\t\t\t<span class=\"timetable-event-country\"> <\/span>\n\t\t\t\t\t\t\t\t\t\t\t\t\t<\/div>\n\t\t\t\t\t\t\t\t\t\t\t\t<\/a>\t\t\t\t\t\t\t\t\t\t\t\n\n\n\t\t\t\t\t\t\t\t\t\t\t\n\t\t\t\t\t\t\t\t\t\t\t\t\t\t\t\t\t\t\t\t\t\t\t\t\n\t\t\n\n\t\t\t\t\t\t\t\t\t\t\t\t\n\t\t\t\t\t\t\t\t\t\t\t\t<a href=\"https:\/\/2024.budapestritmo.hu\/en\/performer\/dj-sabs\/\">\t\t\t\t\t\t\t\t\t\t\t\t\t<div class=\"timetable-event \" style=\"top:680px; min-height:118px;\">\n\t\t\t\t\t\t\t\t\t\t\t\t\t\t<div class=\"timetable-event-time\">00:00-01:30<\/div>\n\t\t\t\t\t\t\t\t\t\t\t\t\t\t<div class=\"timetable-event-performer\">DJ Sabs (BA)<\/div>\n\t\t\t\t\t\t\t\t\t\t\t\t\t\t<span class=\"timetable-event-country\"> <\/span>\n\t\t\t\t\t\t\t\t\t\t\t\t\t<\/div>\n\t\t\t\t\t\t\t\t\t\t\t\t<\/a>\t\t\t\t\t\t\t\t\t\t\t\n\n\n\t\t\t\t\t\t\t\t\t\t\t\t\t\t\t\t\t\t\t\t\t    \n\n\t\t\t\t\t\t\t\t\t\t\t\n\n\t\t\t\t\t\t\t\t\t\t\t\t\t\t\n\n\t\t\t\t\t\t\t<\/div>\n\n\t\t\t\t\t\t\t\n\n\t\t\t\t\n\n\t\t\t\t\n\t\t\t\n\t\t\t<\/div> <!-- \/row -->\n\t\t<\/div>  <!-- \/container.day -->\n\t\t\n\t\t\t\n<\/section> <!-- \/timetable.section -->\n\n\n<section class=\"wp-block-group alignfull text-black bg-white konferencia\"><div class=\"wp-block-group__inner-container is-layout-flow wp-block-group-is-layout-flow\">\n<div class=\"wp-block-columns is-layout-flex wp-container-core-columns-is-layout-9d6595d7 wp-block-columns-is-layout-flex\">\n<div class=\"wp-block-column is-layout-flow wp-block-column-is-layout-flow\">\n<h2 class=\"wp-block-heading\">Conference<\/h2>\n\n\n\n<h4 class=\"wp-block-heading\">Come and connect with artists, music lovers and likeminded professionals at Budapest Ritmo\u2019s professional programme, with PRO passes easing your entry.<\/h4>\n\n\n\n<p><\/p>\n\n\n\n<a class=\"button red\" href=\"https:\/\/2024.budapestritmo.hu\/en\/conference\/\" target=\"_blank\" rel=\"noopener\">Learn more<\/a>\n<\/div>\n\n\n\n<div class=\"wp-block-column is-layout-flow wp-block-column-is-layout-flow\">\n<figure class=\"wp-block-image size-full is-style-default\"><img loading=\"lazy\" decoding=\"async\" width=\"960\" height=\"720\" src=\"https:\/\/2024.budapestritmo.hu\/wp-content\/uploads\/2024\/01\/ritmo24-conference-home.png\" alt=\"\" class=\"wp-image-4610\" srcset=\"https:\/\/2024.budapestritmo.hu\/wp-content\/uploads\/2024\/01\/ritmo24-conference-home.png 960w, https:\/\/2024.budapestritmo.hu\/wp-content\/uploads\/2024\/01\/ritmo24-conference-home-300x225.png 300w, https:\/\/2024.budapestritmo.hu\/wp-content\/uploads\/2024\/01\/ritmo24-conference-home-768x576.png 768w\" sizes=\"auto, (max-width: 960px) 100vw, 960px\" \/><\/figure>\n<\/div>\n<\/div>\n<\/div><\/section>\n\n\n\n<section class=\"wp-block-group alignfull movies text-white\"><div class=\"wp-block-group__inner-container is-layout-flow wp-block-group-is-layout-flow\">\n\n\n\t\t\t<div class=\"col-12\">\n\t\t\t\t<h2>Films<\/h2>\n\t\t\t<\/div>\n            <div class=\"col-12\">\n\t\t\t\t<div class=\"row\">\n\t\t\t\t\t\t\t\t\t        <div class=\"col-md-4 artist-small\">\n\t<a href=\"https:\/\/2024.budapestritmo.hu\/en\/movie\/vincent-moon-filmperformansza-a-dalindaval\/\" title=\"Vincent Moon\u2019s Live cinema in collaboration with Dalinda\">\n\t\t<div class=\"thumbnail\">\n\t\t\t\t\t\t\t<img loading=\"lazy\" decoding=\"async\" width=\"640\" height=\"240\" src=\"https:\/\/2024.budapestritmo.hu\/wp-content\/uploads\/2024\/02\/vincent-dalinda-3-640x240.jpg\" class=\"attachment-performer_small size-performer_small wp-post-image\" alt=\"\" srcset=\"https:\/\/2024.budapestritmo.hu\/wp-content\/uploads\/2024\/02\/vincent-dalinda-3-640x240.jpg 640w, https:\/\/2024.budapestritmo.hu\/wp-content\/uploads\/2024\/02\/vincent-dalinda-3-300x113.jpg 300w, https:\/\/2024.budapestritmo.hu\/wp-content\/uploads\/2024\/02\/vincent-dalinda-3-1024x384.jpg 1024w, https:\/\/2024.budapestritmo.hu\/wp-content\/uploads\/2024\/02\/vincent-dalinda-3-768x288.jpg 768w, https:\/\/2024.budapestritmo.hu\/wp-content\/uploads\/2024\/02\/vincent-dalinda-3-1536x576.jpg 1536w, https:\/\/2024.budapestritmo.hu\/wp-content\/uploads\/2024\/02\/vincent-dalinda-3.jpg 1600w\" sizes=\"auto, (max-width: 640px) 100vw, 640px\" \/>\t\t\t\t\t\t<div class=\"hover\"><\/div>\n\t\t<\/div>\n\t<\/a>\n\t<a href=\"https:\/\/2024.budapestritmo.hu\/en\/movie\/vincent-moon-filmperformansza-a-dalindaval\/\" title=\"Vincent Moon\u2019s Live cinema in collaboration with Dalinda\">\n\t\t<div class=\"name\">\n\t\t\tVincent Moon\u2019s Live cinema in collaboration with Dalinda<br>\n\t\t\t\n\t\t<\/div>\n\t<\/a>\n<\/div>\t\t\t\t\t\t\t\n\t\t\t\t\t        \t\t\t\t\t        <div class=\"col-md-4 artist-small\">\n\t<a href=\"https:\/\/2024.budapestritmo.hu\/en\/movie\/the-sounds-that-made-us-hallgato\/\" title=\"The Sounds that Made Us &#8211; Hallgat\u00f3\">\n\t\t<div class=\"thumbnail\">\n\t\t\t\t\t\t\t<img loading=\"lazy\" decoding=\"async\" width=\"640\" height=\"240\" src=\"https:\/\/2024.budapestritmo.hu\/wp-content\/uploads\/2024\/02\/AF059481-4ED6-4906-9BDE-1DD224F8F0D4-640x240.jpeg\" class=\"attachment-performer_small size-performer_small wp-post-image\" alt=\"\" srcset=\"https:\/\/2024.budapestritmo.hu\/wp-content\/uploads\/2024\/02\/AF059481-4ED6-4906-9BDE-1DD224F8F0D4-640x240.jpeg 640w, https:\/\/2024.budapestritmo.hu\/wp-content\/uploads\/2024\/02\/AF059481-4ED6-4906-9BDE-1DD224F8F0D4-1600x600.jpeg 1600w\" sizes=\"auto, (max-width: 640px) 100vw, 640px\" \/>\t\t\t\t\t\t<div class=\"hover\"><\/div>\n\t\t<\/div>\n\t<\/a>\n\t<a href=\"https:\/\/2024.budapestritmo.hu\/en\/movie\/the-sounds-that-made-us-hallgato\/\" title=\"The Sounds that Made Us &#8211; Hallgat\u00f3\">\n\t\t<div class=\"name\">\n\t\t\tThe Sounds that Made Us &#8211; Hallgat\u00f3<br>\n\t\t\t\n\t\t<\/div>\n\t<\/a>\n<\/div>\t\t\t\t\t\t\t\n\t\t\t\t\t        \t\t\t\t\t        <div class=\"col-md-4 artist-small\">\n\t<a href=\"https:\/\/2024.budapestritmo.hu\/en\/movie\/idas-idea\/\" title=\"Ida&#8217;s Idea\">\n\t\t<div class=\"thumbnail\">\n\t\t\t\t\t\t\t<img loading=\"lazy\" decoding=\"async\" width=\"640\" height=\"240\" src=\"https:\/\/2024.budapestritmo.hu\/wp-content\/uploads\/2024\/02\/Nevtelen-terv-19-640x240.png\" class=\"attachment-performer_small size-performer_small wp-post-image\" alt=\"\" srcset=\"https:\/\/2024.budapestritmo.hu\/wp-content\/uploads\/2024\/02\/Nevtelen-terv-19-640x240.png 640w, https:\/\/2024.budapestritmo.hu\/wp-content\/uploads\/2024\/02\/Nevtelen-terv-19-300x113.png 300w, https:\/\/2024.budapestritmo.hu\/wp-content\/uploads\/2024\/02\/Nevtelen-terv-19-1024x384.png 1024w, https:\/\/2024.budapestritmo.hu\/wp-content\/uploads\/2024\/02\/Nevtelen-terv-19-768x288.png 768w, https:\/\/2024.budapestritmo.hu\/wp-content\/uploads\/2024\/02\/Nevtelen-terv-19-1536x576.png 1536w, https:\/\/2024.budapestritmo.hu\/wp-content\/uploads\/2024\/02\/Nevtelen-terv-19.png 1600w\" sizes=\"auto, (max-width: 640px) 100vw, 640px\" \/>\t\t\t\t\t\t<div class=\"hover\"><\/div>\n\t\t<\/div>\n\t<\/a>\n\t<a href=\"https:\/\/2024.budapestritmo.hu\/en\/movie\/idas-idea\/\" title=\"Ida&#8217;s Idea\">\n\t\t<div class=\"name\">\n\t\t\tIda&#8217;s Idea<br>\n\t\t\t\n\t\t<\/div>\n\t<\/a>\n<\/div>\t\t\t\t\t\t\t\n\t\t\t\t\t        \t\t\t\t\t        <div class=\"col-md-4 artist-small\">\n\t<a href=\"https:\/\/2024.budapestritmo.hu\/en\/movie\/elis-tom\/\" title=\"Elis &amp; Tom\">\n\t\t<div class=\"thumbnail\">\n\t\t\t\t\t\t\t<img loading=\"lazy\" decoding=\"async\" width=\"640\" height=\"240\" src=\"https:\/\/2024.budapestritmo.hu\/wp-content\/uploads\/2024\/02\/Nevtelen-terv-16-640x240.png\" class=\"attachment-performer_small size-performer_small wp-post-image\" alt=\"\" srcset=\"https:\/\/2024.budapestritmo.hu\/wp-content\/uploads\/2024\/02\/Nevtelen-terv-16-640x240.png 640w, https:\/\/2024.budapestritmo.hu\/wp-content\/uploads\/2024\/02\/Nevtelen-terv-16-300x113.png 300w, https:\/\/2024.budapestritmo.hu\/wp-content\/uploads\/2024\/02\/Nevtelen-terv-16-1024x384.png 1024w, https:\/\/2024.budapestritmo.hu\/wp-content\/uploads\/2024\/02\/Nevtelen-terv-16-768x288.png 768w, https:\/\/2024.budapestritmo.hu\/wp-content\/uploads\/2024\/02\/Nevtelen-terv-16-1536x576.png 1536w, https:\/\/2024.budapestritmo.hu\/wp-content\/uploads\/2024\/02\/Nevtelen-terv-16.png 1600w\" sizes=\"auto, (max-width: 640px) 100vw, 640px\" \/>\t\t\t\t\t\t<div class=\"hover\"><\/div>\n\t\t<\/div>\n\t<\/a>\n\t<a href=\"https:\/\/2024.budapestritmo.hu\/en\/movie\/elis-tom\/\" title=\"Elis &amp; Tom\">\n\t\t<div class=\"name\">\n\t\t\tElis &amp; Tom<br>\n\t\t\t\n\t\t<\/div>\n\t<\/a>\n<\/div>\t\t\t\t\t\t\t\n\t\t\t\t\t        \t\t\t\t\t        <div class=\"col-md-4 artist-small\">\n\t<a href=\"https:\/\/2024.budapestritmo.hu\/en\/movie\/omara\/\" title=\"Omara\">\n\t\t<div class=\"thumbnail\">\n\t\t\t\t\t\t\t<img loading=\"lazy\" decoding=\"async\" width=\"640\" height=\"240\" src=\"https:\/\/2024.budapestritmo.hu\/wp-content\/uploads\/2024\/02\/Nevtelen-terv-15-640x240.png\" class=\"attachment-performer_small size-performer_small wp-post-image\" alt=\"\" srcset=\"https:\/\/2024.budapestritmo.hu\/wp-content\/uploads\/2024\/02\/Nevtelen-terv-15-640x240.png 640w, https:\/\/2024.budapestritmo.hu\/wp-content\/uploads\/2024\/02\/Nevtelen-terv-15-300x113.png 300w, https:\/\/2024.budapestritmo.hu\/wp-content\/uploads\/2024\/02\/Nevtelen-terv-15-1024x384.png 1024w, https:\/\/2024.budapestritmo.hu\/wp-content\/uploads\/2024\/02\/Nevtelen-terv-15-768x288.png 768w, https:\/\/2024.budapestritmo.hu\/wp-content\/uploads\/2024\/02\/Nevtelen-terv-15-1536x576.png 1536w, https:\/\/2024.budapestritmo.hu\/wp-content\/uploads\/2024\/02\/Nevtelen-terv-15.png 1600w\" sizes=\"auto, (max-width: 640px) 100vw, 640px\" \/>\t\t\t\t\t\t<div class=\"hover\"><\/div>\n\t\t<\/div>\n\t<\/a>\n\t<a href=\"https:\/\/2024.budapestritmo.hu\/en\/movie\/omara\/\" title=\"Omara\">\n\t\t<div class=\"name\">\n\t\t\tOmara<br>\n\t\t\t\n\t\t<\/div>\n\t<\/a>\n<\/div>\t\t\t\t\t\t\t\n\t\t\t\t\t        \t\t\t\t\t        <div class=\"col-md-4 artist-small\">\n\t<a href=\"https:\/\/2024.budapestritmo.hu\/en\/movie\/the-last-hope-of-vera-bila\/\" title=\"The Last Hope of V\u011bra B\u00edl\u00e1\">\n\t\t<div class=\"thumbnail\">\n\t\t\t\t\t\t\t<img loading=\"lazy\" decoding=\"async\" width=\"640\" height=\"240\" src=\"https:\/\/2024.budapestritmo.hu\/wp-content\/uploads\/2024\/02\/Nevtelen-terv-17-640x240.png\" class=\"attachment-performer_small size-performer_small wp-post-image\" alt=\"\" srcset=\"https:\/\/2024.budapestritmo.hu\/wp-content\/uploads\/2024\/02\/Nevtelen-terv-17-640x240.png 640w, https:\/\/2024.budapestritmo.hu\/wp-content\/uploads\/2024\/02\/Nevtelen-terv-17-300x113.png 300w, https:\/\/2024.budapestritmo.hu\/wp-content\/uploads\/2024\/02\/Nevtelen-terv-17-1024x384.png 1024w, https:\/\/2024.budapestritmo.hu\/wp-content\/uploads\/2024\/02\/Nevtelen-terv-17-768x288.png 768w, https:\/\/2024.budapestritmo.hu\/wp-content\/uploads\/2024\/02\/Nevtelen-terv-17-1536x576.png 1536w, https:\/\/2024.budapestritmo.hu\/wp-content\/uploads\/2024\/02\/Nevtelen-terv-17.png 1600w\" sizes=\"auto, (max-width: 640px) 100vw, 640px\" \/>\t\t\t\t\t\t<div class=\"hover\"><\/div>\n\t\t<\/div>\n\t<\/a>\n\t<a href=\"https:\/\/2024.budapestritmo.hu\/en\/movie\/the-last-hope-of-vera-bila\/\" title=\"The Last Hope of V\u011bra B\u00edl\u00e1\">\n\t\t<div class=\"name\">\n\t\t\tThe Last Hope of V\u011bra B\u00edl\u00e1<br>\n\t\t\t\n\t\t<\/div>\n\t<\/a>\n<\/div>\t\t\t\t\t\t\t\n\t\t\t\t\t        \t\t\t\t\t        <div class=\"col-md-4 artist-small\">\n\t<a href=\"https:\/\/2024.budapestritmo.hu\/en\/movie\/ritmo-films-2-again-and-again-mordai\/\" title=\"Ritmo films (2): Again and again + Mord\u00e1i\">\n\t\t<div class=\"thumbnail\">\n\t\t\t\t\t\t\t<img loading=\"lazy\" decoding=\"async\" width=\"640\" height=\"240\" src=\"https:\/\/2024.budapestritmo.hu\/wp-content\/uploads\/2024\/02\/Nevtelen-terv-18-640x240.png\" class=\"attachment-performer_small size-performer_small wp-post-image\" alt=\"\" srcset=\"https:\/\/2024.budapestritmo.hu\/wp-content\/uploads\/2024\/02\/Nevtelen-terv-18-640x240.png 640w, https:\/\/2024.budapestritmo.hu\/wp-content\/uploads\/2024\/02\/Nevtelen-terv-18-300x113.png 300w, https:\/\/2024.budapestritmo.hu\/wp-content\/uploads\/2024\/02\/Nevtelen-terv-18-1024x384.png 1024w, https:\/\/2024.budapestritmo.hu\/wp-content\/uploads\/2024\/02\/Nevtelen-terv-18-768x288.png 768w, https:\/\/2024.budapestritmo.hu\/wp-content\/uploads\/2024\/02\/Nevtelen-terv-18-1536x576.png 1536w, https:\/\/2024.budapestritmo.hu\/wp-content\/uploads\/2024\/02\/Nevtelen-terv-18.png 1600w\" sizes=\"auto, (max-width: 640px) 100vw, 640px\" \/>\t\t\t\t\t\t<div class=\"hover\"><\/div>\n\t\t<\/div>\n\t<\/a>\n\t<a href=\"https:\/\/2024.budapestritmo.hu\/en\/movie\/ritmo-films-2-again-and-again-mordai\/\" title=\"Ritmo films (2): Again and again + Mord\u00e1i\">\n\t\t<div class=\"name\">\n\t\t\tRitmo films (2): Again and again + Mord\u00e1i<br>\n\t\t\t\n\t\t<\/div>\n\t<\/a>\n<\/div>\t\t\t\t\t\t\t\n\t\t\t\t\t        \t\t<\/div>\n\t\t<div class=\"col-12\">\n\t\t\t\t<p><a class=\"button large red\" href=\"https:\/\/2024.budapestritmo.hu\/en\/filmek\/#timetable\" target=\"_blank\" rel=\"noopener\">Timetable<\/a><\/p>\n\t\t\t<\/div>\n\t\t\t<\/div>\n<\/div><\/section>\n","protected":false},"excerpt":{"rendered":"<p>Passes now available! Conference Come and connect with artists, music lovers and likeminded professionals at Budapest Ritmo\u2019s professional programme, with PRO passes easing your entry. Learn more<\/p>\n","protected":false},"author":1,"featured_media":0,"parent":0,"menu_order":0,"comment_status":"closed","ping_status":"closed","template":"page-templates\/page-fullwidth.php","meta":{"_acf_changed":false,"pgc_sgb_lightbox_settings":"","footnotes":""},"class_list":["post-4416","page","type-page","status-publish","hentry"],"acf":[],"_links":{"self":[{"href":"https:\/\/2024.budapestritmo.hu\/en\/wp-json\/wp\/v2\/pages\/4416","targetHints":{"allow":["GET"]}}],"collection":[{"href":"https:\/\/2024.budapestritmo.hu\/en\/wp-json\/wp\/v2\/pages"}],"about":[{"href":"https:\/\/2024.budapestritmo.hu\/en\/wp-json\/wp\/v2\/types\/page"}],"author":[{"embeddable":true,"href":"https:\/\/2024.budapestritmo.hu\/en\/wp-json\/wp\/v2\/users\/1"}],"replies":[{"embeddable":true,"href":"https:\/\/2024.budapestritmo.hu\/en\/wp-json\/wp\/v2\/comments?post=4416"}],"version-history":[{"count":47,"href":"https:\/\/2024.budapestritmo.hu\/en\/wp-json\/wp\/v2\/pages\/4416\/revisions"}],"predecessor-version":[{"id":5797,"href":"https:\/\/2024.budapestritmo.hu\/en\/wp-json\/wp\/v2\/pages\/4416\/revisions\/5797"}],"wp:attachment":[{"href":"https:\/\/2024.budapestritmo.hu\/en\/wp-json\/wp\/v2\/media?parent=4416"}],"curies":[{"name":"wp","href":"https:\/\/api.w.org\/{rel}","templated":true}]}}